{"id":6768,"date":"2023-07-03T16:48:24","date_gmt":"2023-07-03T14:48:24","guid":{"rendered":"https:\/\/unescochair-ghe.org\/?post_type=tribe_events&#038;p=6768"},"modified":"2023-08-17T09:14:25","modified_gmt":"2023-08-17T07:14:25","slug":"xiii-congreso-internacional-de-salud-publica-educacion-en-el-campo-de-la-salud-unesco-chair-speaking","status":"publish","type":"tribe_events","link":"https:\/\/unescochair-ghe.org\/fa\/event\/xiii-congreso-internacional-de-salud-publica-educacion-en-el-campo-de-la-salud-unesco-chair-speaking\/","title":{"rendered":"XIII Congreso Internacional de Salud P\u00fablica\u00a0&#8211; Educaci\u00f3n en el Campo de la Salud &#8211; UNESCO Chair speaking"},"content":{"rendered":"<p>El XIII Congreso Internacional de Salud P\u00fablica ser\u00e1 sobre la Educaci\u00f3n en el Campo de la Salud, como una respuesta a la importancia que la educaci\u00f3n tiene para la salud p\u00fablica y a la necesidad fortalecerla. En este sentido, este evento ampliar\u00e1 la discusi\u00f3n y el debate sobre sus diferentes corrientes y perspectivas te\u00f3ricas, pedag\u00f3gicas y pol\u00edticas; por esto la pertinencia de abordarla como un campo. Asimismo, la exigencia de superar posiciones instrumentalistas para abordarla como un derecho que interviene de m\u00faltiples formas en la determinaci\u00f3n social de la salud y en la transformaci\u00f3n humana, social y planetaria, y por lo tanto, en el avance de la justicia social y ambiental.<\/p>\n\n\n\n<p>Por esta raz\u00f3n se requiere una acci\u00f3n intersectorial, con una especial participaci\u00f3n del sector educativo, la cual precisa una aproximaci\u00f3n transdisciplinar que vincule a las disciplinas del \u00e1rea de la salud y de las ciencias sociales. As\u00ed, este congreso tendr\u00e1 el siguiente objetivo general:<\/p>\n\n\n\n<p>Presentar, reconocer y analizar experiencias y aprendizajes de Educaci\u00f3n en el Campo de la Salud en los \u00e1mbitos acad\u00e9micos, gubernamentales, institucionales y comunitarios para avanzar en la discusi\u00f3n y problematizaci\u00f3n sobre su fundamentaci\u00f3n te\u00f3rica, su concreci\u00f3n en pol\u00edticas, programas y la pr\u00e1ctica educativa, desde una perspectiva transdisciplinar, intersectorial e interseccional.<\/p>\n\n\n\n<figure class=\"wp-block-image size-large\"><img decoding=\"async\" width=\"1024\" height=\"1024\" data-src=\"https:\/\/unescochair-ghe.org\/wp-content\/uploads\/2023\/08\/Conferencistas5-1024x1024.jpg\" alt=\"\" class=\"wp-image-6842 lazyload\" data-srcset=\"https:\/\/unescochair-ghe.org\/wp-content\/uploads\/2023\/08\/Conferencistas5-1024x1024.jpg 1024w, https:\/\/unescochair-ghe.org\/wp-content\/uploads\/2023\/08\/Conferencistas5-300x300.jpg 300w, https:\/\/unescochair-ghe.org\/wp-content\/uploads\/2023\/08\/Conferencistas5-150x150.jpg 150w, https:\/\/unescochair-ghe.org\/wp-content\/uploads\/2023\/08\/Conferencistas5-768x768.jpg 768w, https:\/\/unescochair-ghe.org\/wp-content\/uploads\/2023\/08\/Conferencistas5-12x12.jpg 12w, https:\/\/unescochair-ghe.org\/wp-content\/uploads\/2023\/08\/Conferencistas5-512x512.jpg 512w, https:\/\/unescochair-ghe.org\/wp-content\/uploads\/2023\/08\/Conferencistas5.jpg 1080w\" data-sizes=\"(max-width: 1024px) 100vw, 1024px\" src=\"data:image\/svg+xml;base64,PHN2ZyB3aWR0aD0iMSIgaGVpZ2h0PSIxIiB4bWxucz0iaHR0cDovL3d3dy53My5vcmcvMjAwMC9zdmciPjwvc3ZnPg==\" style=\"--smush-placeholder-width: 1024px; --smush-placeholder-aspect-ratio: 1024\/1024;\" \/><\/figure>","protected":false},"excerpt":{"rendered":"<p>El XIII Congreso Internacional de Salud P\u00fablica ser\u00e1 sobre la Educaci\u00f3n en el Campo de la Salud, como una respuesta a la importancia que la educaci\u00f3n tiene para la salud &hellip;<\/p>","protected":false},"author":3,"featured_media":6843,"template":"","meta":{"_tribe_events_status":"","_tribe_events_status_reason":"","footnotes":"","_links_to":"","_links_to_target":""},"tags":[],"tribe_events_cat":[],"class_list":["post-6768","tribe_events","type-tribe_events","status-publish","has-post-thumbnail","hentry"],"_links":{"self":[{"href":"https:\/\/unescochair-ghe.org\/fa\/wp-json\/wp\/v2\/tribe_events\/6768","targetHints":{"allow":["GET"]}}],"collection":[{"href":"https:\/\/unescochair-ghe.org\/fa\/wp-json\/wp\/v2\/tribe_events"}],"about":[{"href":"https:\/\/unescochair-ghe.org\/fa\/wp-json\/wp\/v2\/types\/tribe_events"}],"author":[{"embeddable":true,"href":"https:\/\/unescochair-ghe.org\/fa\/wp-json\/wp\/v2\/users\/3"}],"version-history":[{"count":2,"href":"https:\/\/unescochair-ghe.org\/fa\/wp-json\/wp\/v2\/tribe_events\/6768\/revisions"}],"predecessor-version":[{"id":6844,"href":"https:\/\/unescochair-ghe.org\/fa\/wp-json\/wp\/v2\/tribe_events\/6768\/revisions\/6844"}],"wp:featuredmedia":[{"embeddable":true,"href":"https:\/\/unescochair-ghe.org\/fa\/wp-json\/wp\/v2\/media\/6843"}],"wp:attachment":[{"href":"https:\/\/unescochair-ghe.org\/fa\/wp-json\/wp\/v2\/media?parent=6768"}],"wp:term":[{"taxonomy":"post_tag","embeddable":true,"href":"https:\/\/unescochair-ghe.org\/fa\/wp-json\/wp\/v2\/tags?post=6768"},{"taxonomy":"tribe_events_cat","embeddable":true,"href":"https:\/\/unescochair-ghe.org\/fa\/wp-json\/wp\/v2\/tribe_events_cat?post=6768"}],"curies":[{"name":"wp","href":"https:\/\/api.w.org\/{rel}","templated":true}]}}