{"id":8984,"date":"2025-04-01T10:53:33","date_gmt":"2025-04-01T08:53:33","guid":{"rendered":"https:\/\/unescochair-ghe.org\/?page_id=8984"},"modified":"2026-04-09T12:08:29","modified_gmt":"2026-04-09T10:08:29","slug":"8-de-abril-de-2025-educacao-popular-e-politicas-educacionais-no-campo-da-saude","status":"publish","type":"page","link":"https:\/\/unescochair-ghe.org\/fa\/8-de-abril-de-2025-educacao-popular-e-politicas-educacionais-no-campo-da-saude\/","title":{"rendered":"8 de abril de 2025 &#8211; Educa\u00e7\u00e3o popular e pol\u00edticas educacionais no campo da sa\u00fade"},"content":{"rendered":"<p>Informaci\u00f3n\u00a0en\u00a0<a href=\"https:\/\/unescochair-ghe.org\/fa\/8-de-abril-2025-la-educacion-popular-y-las-politicas-de-educacion-en-el-campo-de-la-salud\/\">espa\u00f1ol<\/a>, Information\u00a0in <a href=\"https:\/\/unescochair-ghe.org\/fa\/8-april-2025-popular-education-and-education-policies-in-the-field-of-health\/\">English<\/a><\/p>\n\n\n\n<hr class=\"wp-block-separator has-alpha-channel-opacity is-style-wide\" \/>\n\n\n\n<h3 class=\"wp-block-heading\">Palestrantes<\/h3>\n\n\n\n<div class=\"wp-block-columns is-layout-flex wp-container-core-columns-is-layout-9d6595d7 wp-block-columns-is-layout-flex\">\n<div class=\"wp-block-column is-vertically-aligned-center is-layout-flow wp-block-column-is-layout-flow\" style=\"flex-basis:33.33%\"><div class=\"wp-block-image is-style-rounded\">\n<figure class=\"aligncenter size-large is-resized\"><img decoding=\"async\" width=\"781\" height=\"781\" data-src=\"https:\/\/unescochair-ghe.org\/wp-content\/uploads\/2025\/04\/Vera-edited-1.jpg\" alt=\"\" class=\"wp-image-8975 lazyload\" style=\"--smush-placeholder-width: 781px; --smush-placeholder-aspect-ratio: 781\/781;object-fit:cover;width:225px;height:225px\" data-srcset=\"https:\/\/unescochair-ghe.org\/wp-content\/uploads\/2025\/04\/Vera-edited-1.jpg 781w, https:\/\/unescochair-ghe.org\/wp-content\/uploads\/2025\/04\/Vera-edited-1-300x300.jpg 300w, https:\/\/unescochair-ghe.org\/wp-content\/uploads\/2025\/04\/Vera-edited-1-150x150.jpg 150w, https:\/\/unescochair-ghe.org\/wp-content\/uploads\/2025\/04\/Vera-edited-1-768x768.jpg 768w, https:\/\/unescochair-ghe.org\/wp-content\/uploads\/2025\/04\/Vera-edited-1-12x12.jpg 12w, https:\/\/unescochair-ghe.org\/wp-content\/uploads\/2025\/04\/Vera-edited-1-512x512.jpg 512w\" data-sizes=\"(max-width: 781px) 100vw, 781px\" src=\"data:image\/svg+xml;base64,PHN2ZyB3aWR0aD0iMSIgaGVpZ2h0PSIxIiB4bWxucz0iaHR0cDovL3d3dy53My5vcmcvMjAwMC9zdmciPjwvc3ZnPg==\" \/><\/figure>\n<\/div><\/div>\n\n\n\n<div class=\"wp-block-column is-vertically-aligned-center is-layout-flow wp-block-column-is-layout-flow\" style=\"flex-basis:66.66%\">\n<h4 class=\"wp-block-heading\">Moderadora<\/h4>\n\n\n\n<p><strong>Vera Bornstein<\/strong>, Membro da Rede de Educa\u00e7\u00e3o Popular do Brasil<\/p>\n<\/div>\n<\/div>\n\n\n\n<div style=\"height:10px\" aria-hidden=\"true\" class=\"wp-block-spacer\"><\/div>\n\n\n\n<div class=\"wp-block-columns is-layout-flex wp-container-core-columns-is-layout-9d6595d7 wp-block-columns-is-layout-flex\">\n<div class=\"wp-block-column is-vertically-aligned-center is-layout-flow wp-block-column-is-layout-flow\" style=\"flex-basis:33.33%\"><div class=\"wp-block-image is-style-rounded\">\n<figure class=\"aligncenter size-full is-resized\"><img decoding=\"async\" width=\"474\" height=\"474\" data-src=\"https:\/\/unescochair-ghe.org\/wp-content\/uploads\/2025\/03\/Adriana-edited.jpeg\" alt=\"\" class=\"wp-image-8963 lazyload\" style=\"--smush-placeholder-width: 474px; --smush-placeholder-aspect-ratio: 474\/474;object-fit:cover;width:225px;height:225px\" data-srcset=\"https:\/\/unescochair-ghe.org\/wp-content\/uploads\/2025\/03\/Adriana-edited.jpeg 474w, https:\/\/unescochair-ghe.org\/wp-content\/uploads\/2025\/03\/Adriana-edited-300x300.jpeg 300w, https:\/\/unescochair-ghe.org\/wp-content\/uploads\/2025\/03\/Adriana-edited-150x150.jpeg 150w, https:\/\/unescochair-ghe.org\/wp-content\/uploads\/2025\/03\/Adriana-edited-12x12.jpeg 12w\" data-sizes=\"(max-width: 474px) 100vw, 474px\" src=\"data:image\/svg+xml;base64,PHN2ZyB3aWR0aD0iMSIgaGVpZ2h0PSIxIiB4bWxucz0iaHR0cDovL3d3dy53My5vcmcvMjAwMC9zdmciPjwvc3ZnPg==\" \/><\/figure>\n<\/div><\/div>\n\n\n\n<div class=\"wp-block-column is-vertically-aligned-center is-layout-flow wp-block-column-is-layout-flow\" style=\"flex-basis:66.66%\">\n<p><strong>Profa. Adriana Prestes do Nascimento Pal\u00fa <\/strong>\u00e9 graduada em Odontologia e mestre em Sa\u00fade Coletiva. Atualmente \u00e9 funcion\u00e1ria da Autarquia Municipal de Sa\u00fade de Apucarana &#8211; Paran\u00e1, onde \u00e9 diretora do Departamento de Ensino e Pesquisa em Sa\u00fade e coordenadora da Comiss\u00e3o de Resid\u00eancia Multiprofissional. \u00c9 coordenadora estadual do Programa de Forma\u00e7\u00e3o de Agentes Populares de Sa\u00fade (AgPopSUS) e do Curso de Aperfei\u00e7oamento em Educa\u00e7\u00e3o Popular em Sa\u00fade (EdPopSUS), e membro da Articula\u00e7\u00e3o Nacional de Movimentos e Pr\u00e1ticas de Educa\u00e7\u00e3o Popular e Sa\u00fade &#8211; ANEPS, da Rede de Educa\u00e7\u00e3o Popular e do Movimento Nacional de Resid\u00eancias em Sa\u00fade.<\/p>\n<\/div>\n<\/div>\n\n\n\n<div class=\"wp-block-columns is-layout-flex wp-container-core-columns-is-layout-9d6595d7 wp-block-columns-is-layout-flex\">\n<div class=\"wp-block-column is-vertically-aligned-center is-layout-flow wp-block-column-is-layout-flow\" style=\"flex-basis:33.33%\"><div class=\"wp-block-image is-style-rounded\">\n<figure class=\"aligncenter size-large is-resized\"><img decoding=\"async\" width=\"504\" height=\"504\" data-src=\"https:\/\/unescochair-ghe.org\/wp-content\/uploads\/2025\/03\/Vanderleia-edited.jpeg\" alt=\"\" class=\"wp-image-8965 lazyload\" style=\"--smush-placeholder-width: 504px; --smush-placeholder-aspect-ratio: 504\/504;object-fit:cover;width:225px;height:225px\" data-srcset=\"https:\/\/unescochair-ghe.org\/wp-content\/uploads\/2025\/03\/Vanderleia-edited.jpeg 504w, https:\/\/unescochair-ghe.org\/wp-content\/uploads\/2025\/03\/Vanderleia-edited-300x300.jpeg 300w, https:\/\/unescochair-ghe.org\/wp-content\/uploads\/2025\/03\/Vanderleia-edited-150x150.jpeg 150w, https:\/\/unescochair-ghe.org\/wp-content\/uploads\/2025\/03\/Vanderleia-edited-12x12.jpeg 12w\" data-sizes=\"(max-width: 504px) 100vw, 504px\" src=\"data:image\/svg+xml;base64,PHN2ZyB3aWR0aD0iMSIgaGVpZ2h0PSIxIiB4bWxucz0iaHR0cDovL3d3dy53My5vcmcvMjAwMC9zdmciPjwvc3ZnPg==\" \/><\/figure>\n<\/div><\/div>\n\n\n\n<div class=\"wp-block-column is-vertically-aligned-center is-layout-flow wp-block-column-is-layout-flow\" style=\"flex-basis:66.66%\">\n<p><strong>Profa. Dra. Vanderl\u00e9ia Pulga<\/strong>, Bacharel em Filosofia, Mestre e Doutora em Educa\u00e7\u00e3o, ganhadora do 1\u00ba lugar na categoria Pesquisa e Sistematiza\u00e7\u00e3o na 2\u00aa edi\u00e7\u00e3o do Pr\u00eamio Victor Valla, Professora de Sa\u00fade Coletiva da UFFS\/Campus Passo Fundo\/RS no curso de gradua\u00e7\u00e3o em Medicina. Vice-coordenador do Programa de Resid\u00eancia Multiprofissional em Sa\u00fade. Membro do Grupo de Pesquisa Inova\u00e7\u00e3o em Sa\u00fade Coletiva. Pesquisador e professor convidado da Rede Internacional de Educa\u00e7\u00e3o e Pesquisa em Educa\u00e7\u00e3o e Trabalho em Sistemas e Servi\u00e7os de Sa\u00fade (RED SALUD UNICA) e do Programa de Mestrado e Doutorado em Sa\u00fade P\u00fablica da Universidade Cat\u00f3lica Redemptoris Mater (UNICA) e da OPAS. Membro do GT de Educa\u00e7\u00e3o Popular e Sa\u00fade da ABRASCO. Membro da Associa\u00e7\u00e3o Brasileira da Rede Unida. Membro da Articula\u00e7\u00e3o Nacional de Movimentos e Pr\u00e1ticas de Educa\u00e7\u00e3o Popular e Sa\u00fade.<\/p>\n<\/div>\n<\/div>\n\n\n\n<div class=\"wp-block-columns is-layout-flex wp-container-core-columns-is-layout-9d6595d7 wp-block-columns-is-layout-flex\">\n<div class=\"wp-block-column is-vertically-aligned-center is-layout-flow wp-block-column-is-layout-flow\" style=\"flex-basis:33.33%\"><div class=\"wp-block-image is-style-rounded\">\n<figure class=\"aligncenter size-large is-resized\"><img decoding=\"async\" width=\"990\" height=\"990\" data-src=\"https:\/\/unescochair-ghe.org\/wp-content\/uploads\/2025\/03\/Monica-Genith-Castro-edited.jpeg\" alt=\"\" class=\"wp-image-8967 lazyload\" style=\"--smush-placeholder-width: 990px; --smush-placeholder-aspect-ratio: 990\/990;object-fit:cover;width:225px;height:auto\" data-srcset=\"https:\/\/unescochair-ghe.org\/wp-content\/uploads\/2025\/03\/Monica-Genith-Castro-edited.jpeg 990w, https:\/\/unescochair-ghe.org\/wp-content\/uploads\/2025\/03\/Monica-Genith-Castro-edited-300x300.jpeg 300w, https:\/\/unescochair-ghe.org\/wp-content\/uploads\/2025\/03\/Monica-Genith-Castro-edited-150x150.jpeg 150w, https:\/\/unescochair-ghe.org\/wp-content\/uploads\/2025\/03\/Monica-Genith-Castro-edited-768x768.jpeg 768w, https:\/\/unescochair-ghe.org\/wp-content\/uploads\/2025\/03\/Monica-Genith-Castro-edited-12x12.jpeg 12w, https:\/\/unescochair-ghe.org\/wp-content\/uploads\/2025\/03\/Monica-Genith-Castro-edited-512x512.jpeg 512w\" data-sizes=\"(max-width: 990px) 100vw, 990px\" src=\"data:image\/svg+xml;base64,PHN2ZyB3aWR0aD0iMSIgaGVpZ2h0PSIxIiB4bWxucz0iaHR0cDovL3d3dy53My5vcmcvMjAwMC9zdmciPjwvc3ZnPg==\" \/><\/figure>\n<\/div><\/div>\n\n\n\n<div class=\"wp-block-column is-vertically-aligned-center is-layout-flow wp-block-column-is-layout-flow\" style=\"flex-basis:66.66%\">\n<p><strong>Dra. Monica Genith Castro Hernandez<\/strong>, cirurgi\u00e3 e mestre em sa\u00fade p\u00fablica pela Universidade Nacional da Col\u00f4mbia, coordenadora do grupo de curso de vida da Diretoria de Promo\u00e7\u00e3o e Preven\u00e7\u00e3o do Minist\u00e9rio da Sa\u00fade e Prote\u00e7\u00e3o Social da Col\u00f4mbia.<\/p>\n<\/div>\n<\/div>\n\n\n\n<hr class=\"wp-block-separator has-alpha-channel-opacity is-style-wide\" \/>\n\n\n\n<h3 class=\"wp-block-heading\">Resumo<\/h3>\n\n\n\n<p>O webinar tem como objetivo analisar como a educa\u00e7\u00e3o popular ou parte de seus princ\u00edpios pedag\u00f3gicos e pol\u00edticos foram introduzidos\/assumidos nas pol\u00edticas de educa\u00e7\u00e3o em sa\u00fade em diferentes pa\u00edses da regi\u00e3o. Haver\u00e1 uma introdu\u00e7\u00e3o te\u00f3rica sobre os fundamentos e princ\u00edpios da educa\u00e7\u00e3o popular e, em seguida, dois palestrantes falar\u00e3o sobre pol\u00edticas e experi\u00eancias educacionais na Col\u00f4mbia e no Brasil. As perguntas que abordaremos durante o webinar s\u00e3o:<\/p>\n\n\n\n<ul class=\"wp-block-list\">\n<li>Como os pa\u00edses latino-americanos adotaram a perspectiva da educa\u00e7\u00e3o popular, seus princ\u00edpios pedag\u00f3gicos e pol\u00edticos, nas pol\u00edticas educacionais no campo da sa\u00fade?<\/li>\n\n\n\n<li>Que iniciativas de treinamento em educa\u00e7\u00e3o popular em sa\u00fade s\u00e3o implementadas com membros da comunidade e profissionais de sa\u00fade nos pa\u00edses latino-americanos?<\/li>\n<\/ul>\n\n\n\n<hr class=\"wp-block-separator has-alpha-channel-opacity is-style-wide\" \/>\n\n\n\n<h3 class=\"wp-block-heading\">Contribui\u00e7\u00e3o de nossos palestrantes<\/h3>\n\n\n\n<p>A grava\u00e7\u00e3o do webinar:<\/p>\n\n\n\n<div class=\"wp-block-columns is-layout-flex wp-container-core-columns-is-layout-9d6595d7 wp-block-columns-is-layout-flex\">\n<div class=\"wp-block-column is-layout-flow wp-block-column-is-layout-flow\" style=\"flex-basis:33.33%\">\n<figure class=\"wp-block-embed is-type-video is-provider-youtube wp-block-embed-youtube wp-embed-aspect-16-9 wp-has-aspect-ratio\"><div class=\"wp-block-embed__wrapper\">\n<iframe title=\"Webinario: La Educaci\u00f3n Popular y las Pol\u00edticas de Educaci\u00f3n en el campo de la salud\" width=\"1233\" height=\"694\" data-src=\"https:\/\/www.youtube.com\/embed\/zWpr4eqWqYQ?feature=oembed\" frameborder=\"0\" allow=\"accelerometer; autoplay; clipboard-write; encrypted-media; gyroscope; picture-in-picture; web-share\" referrerpolicy=\"strict-origin-when-cross-origin\" allowfullscreen src=\"data:image\/svg+xml;base64,PHN2ZyB3aWR0aD0iMSIgaGVpZ2h0PSIxIiB4bWxucz0iaHR0cDovL3d3dy53My5vcmcvMjAwMC9zdmciPjwvc3ZnPg==\" class=\"lazyload\" data-load-mode=\"1\"><\/iframe>\n<\/div><\/figure>\n<\/div>\n\n\n\n<div class=\"wp-block-column is-layout-flow wp-block-column-is-layout-flow\" style=\"flex-basis:66.66%\"><\/div>\n<\/div>\n\n\n\n<div style=\"height:10px\" aria-hidden=\"true\" class=\"wp-block-spacer\"><\/div>\n\n\n\n<div class=\"wp-block-columns is-layout-flex wp-container-core-columns-is-layout-9d6595d7 wp-block-columns-is-layout-flex\">\n<div class=\"wp-block-column is-layout-flow wp-block-column-is-layout-flow\" style=\"flex-basis:33.33%\">\n<figure class=\"wp-block-image size-large\"><img decoding=\"async\" width=\"1024\" height=\"576\" data-src=\"https:\/\/unescochair-ghe.org\/wp-content\/uploads\/2025\/03\/Adriana-ppt-1024x576.png\" alt=\"\" class=\"wp-image-9590 lazyload\" data-srcset=\"https:\/\/unescochair-ghe.org\/wp-content\/uploads\/2025\/03\/Adriana-ppt-1024x576.png 1024w, https:\/\/unescochair-ghe.org\/wp-content\/uploads\/2025\/03\/Adriana-ppt-300x169.png 300w, https:\/\/unescochair-ghe.org\/wp-content\/uploads\/2025\/03\/Adriana-ppt-768x432.png 768w, https:\/\/unescochair-ghe.org\/wp-content\/uploads\/2025\/03\/Adriana-ppt-1536x863.png 1536w, https:\/\/unescochair-ghe.org\/wp-content\/uploads\/2025\/03\/Adriana-ppt-18x10.png 18w, https:\/\/unescochair-ghe.org\/wp-content\/uploads\/2025\/03\/Adriana-ppt-494x278.png 494w, https:\/\/unescochair-ghe.org\/wp-content\/uploads\/2025\/03\/Adriana-ppt.png 1681w\" data-sizes=\"(max-width: 1024px) 100vw, 1024px\" src=\"data:image\/svg+xml;base64,PHN2ZyB3aWR0aD0iMSIgaGVpZ2h0PSIxIiB4bWxucz0iaHR0cDovL3d3dy53My5vcmcvMjAwMC9zdmciPjwvc3ZnPg==\" style=\"--smush-placeholder-width: 1024px; --smush-placeholder-aspect-ratio: 1024\/576;\" \/><\/figure>\n<\/div>\n\n\n\n<div class=\"wp-block-column is-vertically-aligned-center is-layout-flow wp-block-column-is-layout-flow\" style=\"flex-basis:66.66%\">\n<p><a href=\"https:\/\/unescochair-ghe.org\/wp-content\/uploads\/2025\/08\/Adriana-Prestes-do-Nascimento-Palu-Educacao-Popular-em-Saude.pdf\"><a href=\"https:\/\/unescochair-ghe.org\/wp-content\/uploads\/2025\/03\/Seminario-Educacion-para-la-salud-en-la-RLEPS.pdf\" target=\"_blank\" rel=\"noreferrer noopener\">Fa\u00e7a o download da apresenta\u00e7\u00e3o da<\/a> Profa. Adriana Prestes do Nascimento Pal\u00fa<\/a><\/p>\n<\/div>\n<\/div>\n\n\n\n<div style=\"height:10px\" aria-hidden=\"true\" class=\"wp-block-spacer\"><\/div>\n\n\n\n<div class=\"wp-block-columns is-layout-flex wp-container-core-columns-is-layout-9d6595d7 wp-block-columns-is-layout-flex\">\n<div class=\"wp-block-column is-layout-flow wp-block-column-is-layout-flow\" style=\"flex-basis:33.33%\">\n<figure class=\"wp-block-image size-large\"><img decoding=\"async\" width=\"1024\" height=\"574\" data-src=\"https:\/\/unescochair-ghe.org\/wp-content\/uploads\/2025\/03\/Vanderleia-Pulga-PPT-1024x574.png\" alt=\"\" class=\"wp-image-9591 lazyload\" data-srcset=\"https:\/\/unescochair-ghe.org\/wp-content\/uploads\/2025\/03\/Vanderleia-Pulga-PPT-1024x574.png 1024w, https:\/\/unescochair-ghe.org\/wp-content\/uploads\/2025\/03\/Vanderleia-Pulga-PPT-300x168.png 300w, https:\/\/unescochair-ghe.org\/wp-content\/uploads\/2025\/03\/Vanderleia-Pulga-PPT-768x430.png 768w, https:\/\/unescochair-ghe.org\/wp-content\/uploads\/2025\/03\/Vanderleia-Pulga-PPT-18x10.png 18w, https:\/\/unescochair-ghe.org\/wp-content\/uploads\/2025\/03\/Vanderleia-Pulga-PPT-494x277.png 494w, https:\/\/unescochair-ghe.org\/wp-content\/uploads\/2025\/03\/Vanderleia-Pulga-PPT.png 1499w\" data-sizes=\"(max-width: 1024px) 100vw, 1024px\" src=\"data:image\/svg+xml;base64,PHN2ZyB3aWR0aD0iMSIgaGVpZ2h0PSIxIiB4bWxucz0iaHR0cDovL3d3dy53My5vcmcvMjAwMC9zdmciPjwvc3ZnPg==\" style=\"--smush-placeholder-width: 1024px; --smush-placeholder-aspect-ratio: 1024\/574;\" \/><\/figure>\n<\/div>\n\n\n\n<div class=\"wp-block-column is-vertically-aligned-center is-layout-flow wp-block-column-is-layout-flow\" style=\"flex-basis:66.66%\">\n<p><a href=\"https:\/\/unescochair-ghe.org\/wp-content\/uploads\/2025\/08\/Profa-Vanderleia-Webnario-Estrategias-para-implementar-a-Educacao-em-Saude-em-diferentes-contextos-na-America-Latina.pdf\"><a href=\"https:\/\/unescochair-ghe.org\/wp-content\/uploads\/2025\/03\/Seminario-Educacion-para-la-salud-en-la-RLEPS.pdf\" target=\"_blank\" rel=\"noreferrer noopener\">Fa\u00e7a o download da apresenta\u00e7\u00e3o da<\/a> Profa. Dra. Vanderl\u00e9ia Pulga<\/a><\/p>\n<\/div>\n<\/div>\n\n\n\n<div style=\"height:10px\" aria-hidden=\"true\" class=\"wp-block-spacer\"><\/div>\n\n\n\n<div style=\"height:10px\" aria-hidden=\"true\" class=\"wp-block-spacer\"><\/div>\n\n\n\n<div class=\"wp-block-columns is-layout-flex wp-container-core-columns-is-layout-9d6595d7 wp-block-columns-is-layout-flex\">\n<div class=\"wp-block-column is-layout-flow wp-block-column-is-layout-flow\" style=\"flex-basis:33.33%\">\n<figure class=\"wp-block-image size-large\"><img decoding=\"async\" width=\"1024\" height=\"577\" data-src=\"https:\/\/unescochair-ghe.org\/wp-content\/uploads\/2025\/03\/Monica-Genith-Castro-Hernandez-ppt-1024x577.png\" alt=\"\" class=\"wp-image-9592 lazyload\" data-srcset=\"https:\/\/unescochair-ghe.org\/wp-content\/uploads\/2025\/03\/Monica-Genith-Castro-Hernandez-ppt-1024x577.png 1024w, https:\/\/unescochair-ghe.org\/wp-content\/uploads\/2025\/03\/Monica-Genith-Castro-Hernandez-ppt-300x169.png 300w, https:\/\/unescochair-ghe.org\/wp-content\/uploads\/2025\/03\/Monica-Genith-Castro-Hernandez-ppt-768x433.png 768w, https:\/\/unescochair-ghe.org\/wp-content\/uploads\/2025\/03\/Monica-Genith-Castro-Hernandez-ppt-18x10.png 18w, https:\/\/unescochair-ghe.org\/wp-content\/uploads\/2025\/03\/Monica-Genith-Castro-Hernandez-ppt-494x278.png 494w, https:\/\/unescochair-ghe.org\/wp-content\/uploads\/2025\/03\/Monica-Genith-Castro-Hernandez-ppt.png 1500w\" data-sizes=\"(max-width: 1024px) 100vw, 1024px\" src=\"data:image\/svg+xml;base64,PHN2ZyB3aWR0aD0iMSIgaGVpZ2h0PSIxIiB4bWxucz0iaHR0cDovL3d3dy53My5vcmcvMjAwMC9zdmciPjwvc3ZnPg==\" style=\"--smush-placeholder-width: 1024px; --smush-placeholder-aspect-ratio: 1024\/577;\" \/><\/figure>\n<\/div>\n\n\n\n<div class=\"wp-block-column is-vertically-aligned-center is-layout-flow wp-block-column-is-layout-flow\" style=\"flex-basis:66.66%\">\n<p><a href=\"https:\/\/unescochair-ghe.org\/wp-content\/uploads\/2025\/08\/Monica-Genith-Castro-Hernandez-EpS-en-la-Atencion-integral-en-salud.pdf\"><a href=\"https:\/\/unescochair-ghe.org\/wp-content\/uploads\/2025\/03\/Seminario-Educacion-para-la-salud-en-la-RLEPS.pdf\" target=\"_blank\" rel=\"noreferrer noopener\">Fa\u00e7a o download da apresenta\u00e7\u00e3o da<\/a> Dra. Monica Genith Castro Hernandez<\/a><\/p>\n<\/div>\n<\/div>\n\n\n\n<hr class=\"wp-block-separator has-alpha-channel-opacity is-style-wide\" \/>\n\n\n\n<h3 class=\"wp-block-heading\">Rede Latino-Americana para a Revitaliza\u00e7\u00e3o da Educa\u00e7\u00e3o em Sa\u00fade<\/h3>\n\n\n\n<p>Este webinar faz parte do \u201cRede Latino-Americana para a Revitaliza\u00e7\u00e3o da Educa\u00e7\u00e3o em Sa\u00fade\u201d. Esta iniciativa \u00e9 proposta com a participa\u00e7\u00e3o da C\u00e1tedra UNESCO em Educa\u00e7\u00e3o na Sa\u00fade, do Cons\u00f3rcio Interamericano de Universidades e Centros de Forma\u00e7\u00e3o para a Educa\u00e7\u00e3o em Sa\u00fade e Promo\u00e7\u00e3o da Sa\u00fade (CIUEPS), da Rede Brasileira de Educa\u00e7\u00e3o Popular em Sa\u00fade, da Rede Colombiana de Educa\u00e7\u00e3o no campo da Sa\u00fade e do Escrit\u00f3rio Regional para a Am\u00e9rica Latina da Uni\u00e3o Internacional de Promo\u00e7\u00e3o da Sa\u00fade e Educa\u00e7\u00e3o em Sa\u00fade (UIPES\/ORLA). Os seguintes objetivos foram definidos:<\/p>\n\n\n\n<ul class=\"wp-block-list\">\n<li>Promover a Educa\u00e7\u00e3o no campo da Sa\u00fade (EPS \u2013 EdPopS) a n\u00edvel nacional e internacional, como uma dimens\u00e3o fundamental das disciplinas da sa\u00fade, das ci\u00eancias da educa\u00e7\u00e3o e das ci\u00eancias sociais e humanas.<\/li>\n\n\n\n<li>Recuperar a produ\u00e7\u00e3o latino-americana e posicion\u00e1-la no \u00e2mbito regional, o que implica promover suas apostas cr\u00edticas e decoloniais. Uma ECS (EpS \u2013 EdPopS) que defenda a transforma\u00e7\u00e3o social para uma sociedade mais justa e equitativa que garanta o bem-estar e uma vida digna.<\/li>\n\n\n\n<li>Promover a articula\u00e7\u00e3o dos sectores da educa\u00e7\u00e3o e da sa\u00fade para fortalecer as ac\u00e7\u00f5es de cada um destes sectores na promo\u00e7\u00e3o da ECS (EPA \u2013 EoHPpS), reconhecendo a educa\u00e7\u00e3o e a sa\u00fade como dois direitos humanos inalien\u00e1veis, sin\u00e9rgicos e interdependentes.<\/li>\n\n\n\n<li>Fortalecer os fundamentos te\u00f3ricos, pol\u00edticos e \u00e9ticos da ECS (EPS \u2013 EdPopS) como requisito para uma pr\u00e1xis pedag\u00f3gica respons\u00e1vel, produtiva e \u00e9tica.<\/li>\n\n\n\n<li>Gerar um espa\u00e7o de articula\u00e7\u00e3o da academia e da sociedade civil que permita a integra\u00e7\u00e3o latino-americana para partilhar experi\u00eancias, conhecimentos e aspira\u00e7\u00f5es num prop\u00f3sito coletivo.<\/li>\n\n\n\n<li>Promover a integra\u00e7\u00e3o nacional e internacional em mat\u00e9ria de ECS (EPS \u2013 EdPopS) como espa\u00e7o de aprendizagem m\u00fatua e solid\u00e1ria, e facilitar ac\u00e7\u00f5es de coopera\u00e7\u00e3o no desenvolvimento de eventos acad\u00e9mico-cient\u00edficos, processos de investiga\u00e7\u00e3o e forma\u00e7\u00e3o.<\/li>\n<\/ul>\n\n\n\n<p>Os webinars, abertos a todas as partes interessadas, fazem parte do programa. S\u00e3o sess\u00f5es vivenciais, com uma dura\u00e7\u00e3o de 60 a 90 minutos, em que os oradores convidados apresentam suas reflex\u00f5es sobre duas ou tr\u00eas quest\u00f5es problem\u00e1ticas para incentivar a participa\u00e7\u00e3o do p\u00fablico. Foram programados cinco webinars para esta primeira fase do programa, com um intervalo de 2 meses entre cada um deles.<\/p>\n\n\n\n<p>Assista \u00e0s grava\u00e7\u00f5es dos webinars anteriores:<\/p>\n\n\n\n<ul class=\"wp-block-list\">\n<li><a href=\"https:\/\/unescochair-ghe.org\/fa\/11-de-fevereiro-de-2025-estrategias-para-implementar-a-educacao-em-saude-em-diferentes-contextos-na-america-latina\/\">11 de fevereiro de 2025 \u2013 Estrat\u00e9gias para implementar a educa\u00e7\u00e3o em sa\u00fade em diferentes contextos na Am\u00e9rica Latina<\/a><\/li>\n\n\n\n<li><a href=\"https:\/\/unescochair-ghe.org\/fa\/a-invisibilizacao-da-educacao-no-campo-da-saude-e-como-ela-pode-ser-revitalizada-recuperando-tambem-as-experiencias-e-producoes-latino-americanas\/\">26 de novembro 2024 \u2013 A invisibiliza\u00e7\u00e3o da educa\u00e7\u00e3o no campo da sa\u00fade e como ela pode ser revitalizada, recuperando tamb\u00e9m as experi\u00eancias e produ\u00e7\u00f5es latino-americanas<\/a><\/li>\n\n\n\n<li><a href=\"https:\/\/unescochair-ghe.org\/fa\/17-de-setembro-2024-webinar-debates-teoricos-e-politicos-sobre-educacao-no-campo-da-saude-eps-e-edpops-na-america-latina\/\">17 de setembro 2024 \u2013 Debates te\u00f3ricos e pol\u00edticos sobre Educa\u00e7\u00e3o no campo da Sa\u00fade (EPS e EdPopS) na Am\u00e9rica Latina<\/a><\/li>\n<\/ul>\n\n\n\n<hr class=\"wp-block-separator has-alpha-channel-opacity is-style-wide\" \/>\n\n\n\n<figure class=\"wp-block-image size-large\"><img decoding=\"async\" width=\"1024\" height=\"536\" data-src=\"https:\/\/unescochair-ghe.org\/wp-content\/uploads\/2025\/04\/PT-La-Educacion-Popular-y-las-Politicas-de-Educacion-en-el-campo-de-la-salud-1024x536.png\" alt=\"\" class=\"wp-image-8985 lazyload\" data-srcset=\"https:\/\/unescochair-ghe.org\/wp-content\/uploads\/2025\/04\/PT-La-Educacion-Popular-y-las-Politicas-de-Educacion-en-el-campo-de-la-salud-1024x536.png 1024w, https:\/\/unescochair-ghe.org\/wp-content\/uploads\/2025\/04\/PT-La-Educacion-Popular-y-las-Politicas-de-Educacion-en-el-campo-de-la-salud-300x157.png 300w, https:\/\/unescochair-ghe.org\/wp-content\/uploads\/2025\/04\/PT-La-Educacion-Popular-y-las-Politicas-de-Educacion-en-el-campo-de-la-salud-768x402.png 768w, https:\/\/unescochair-ghe.org\/wp-content\/uploads\/2025\/04\/PT-La-Educacion-Popular-y-las-Politicas-de-Educacion-en-el-campo-de-la-salud-18x9.png 18w, https:\/\/unescochair-ghe.org\/wp-content\/uploads\/2025\/04\/PT-La-Educacion-Popular-y-las-Politicas-de-Educacion-en-el-campo-de-la-salud-494x259.png 494w, https:\/\/unescochair-ghe.org\/wp-content\/uploads\/2025\/04\/PT-La-Educacion-Popular-y-las-Politicas-de-Educacion-en-el-campo-de-la-salud.png 1200w\" data-sizes=\"(max-width: 1024px) 100vw, 1024px\" src=\"data:image\/svg+xml;base64,PHN2ZyB3aWR0aD0iMSIgaGVpZ2h0PSIxIiB4bWxucz0iaHR0cDovL3d3dy53My5vcmcvMjAwMC9zdmciPjwvc3ZnPg==\" style=\"--smush-placeholder-width: 1024px; --smush-placeholder-aspect-ratio: 1024\/536;\" \/><\/figure>","protected":false},"excerpt":{"rendered":"<p>Informaci\u00f3n\u00a0en\u00a0espa\u00f1ol, Information\u00a0in English Palestrantes Moderadora Vera Bornstein, Membro da Rede de Educa\u00e7\u00e3o Popular do Brasil Profa. Adriana Prestes do Nascimento Pal\u00fa \u00e9 graduada em Odontologia e mestre em Sa\u00fade Coletiva. &hellip;<\/p>","protected":false},"author":3,"featured_media":0,"parent":0,"menu_order":0,"comment_status":"closed","ping_status":"closed","template":"","meta":{"footnotes":"","_links_to":"","_links_to_target":""},"class_list":["post-8984","page","type-page","status-publish","hentry"],"_links":{"self":[{"href":"https:\/\/unescochair-ghe.org\/fa\/wp-json\/wp\/v2\/pages\/8984","targetHints":{"allow":["GET"]}}],"collection":[{"href":"https:\/\/unescochair-ghe.org\/fa\/wp-json\/wp\/v2\/pages"}],"about":[{"href":"https:\/\/unescochair-ghe.org\/fa\/wp-json\/wp\/v2\/types\/page"}],"author":[{"embeddable":true,"href":"https:\/\/unescochair-ghe.org\/fa\/wp-json\/wp\/v2\/users\/3"}],"replies":[{"embeddable":true,"href":"https:\/\/unescochair-ghe.org\/fa\/wp-json\/wp\/v2\/comments?post=8984"}],"version-history":[{"count":3,"href":"https:\/\/unescochair-ghe.org\/fa\/wp-json\/wp\/v2\/pages\/8984\/revisions"}],"predecessor-version":[{"id":10198,"href":"https:\/\/unescochair-ghe.org\/fa\/wp-json\/wp\/v2\/pages\/8984\/revisions\/10198"}],"wp:attachment":[{"href":"https:\/\/unescochair-ghe.org\/fa\/wp-json\/wp\/v2\/media?parent=8984"}],"curies":[{"name":"wp","href":"https:\/\/api.w.org\/{rel}","templated":true}]}}