{"id":8748,"date":"2025-02-03T13:33:16","date_gmt":"2025-02-03T12:33:16","guid":{"rendered":"https:\/\/unescochair-ghe.org\/?p=8748"},"modified":"2026-04-09T12:14:47","modified_gmt":"2026-04-09T10:14:47","slug":"11-de-fevereiro-de-2025-estrategias-para-implementar-a-educacao-em-saude-em-diferentes-contextos-na-america-latina","status":"publish","type":"page","link":"https:\/\/unescochair-ghe.org\/fa\/11-de-fevereiro-de-2025-estrategias-para-implementar-a-educacao-em-saude-em-diferentes-contextos-na-america-latina\/","title":{"rendered":"11 de fevereiro de 2025 &#8211; Estrat\u00e9gias para implementar a educa\u00e7\u00e3o em sa\u00fade em diferentes contextos na Am\u00e9rica Latina"},"content":{"rendered":"<p>Information\u00a0<a href=\"https:\/\/unescochair-ghe.org\/fa\/11-february-2025-strategies-for-implementing-health-education-in-different-latin-american-settings\/\">in English<\/a>, Informaci\u00f3n\u00a0<a href=\"https:\/\/unescochair-ghe.org\/fa\/11-febrero-2025-estrategias-para-implementar-la-educacion-para-la-salud-en-diferentes-entornos-de-america-latina\/\">en espa\u00f1ol<\/a><\/p>\n\n\n\n<hr class=\"wp-block-separator has-alpha-channel-opacity is-style-wide\" \/>\n\n\n\n<h3 class=\"wp-block-heading\">Palestrantes<\/h3>\n\n\n\n<div class=\"wp-block-columns is-layout-flex wp-container-core-columns-is-layout-9d6595d7 wp-block-columns-is-layout-flex\">\n<div class=\"wp-block-column is-vertically-aligned-center is-layout-flow wp-block-column-is-layout-flow\" style=\"flex-basis:33.33%\"><div class=\"wp-block-image is-style-rounded\">\n<figure class=\"aligncenter size-full is-resized\"><img decoding=\"async\" width=\"376\" height=\"376\" data-src=\"https:\/\/unescochair-ghe.org\/wp-content\/uploads\/2025\/02\/Martin-Zemel-01-edited.jpg\" alt=\"\" class=\"wp-image-8737 lazyload\" style=\"--smush-placeholder-width: 376px; --smush-placeholder-aspect-ratio: 376\/376;object-fit:cover;width:225px;height:225px\" data-srcset=\"https:\/\/unescochair-ghe.org\/wp-content\/uploads\/2025\/02\/Martin-Zemel-01-edited.jpg 376w, https:\/\/unescochair-ghe.org\/wp-content\/uploads\/2025\/02\/Martin-Zemel-01-edited-300x300.jpg 300w, https:\/\/unescochair-ghe.org\/wp-content\/uploads\/2025\/02\/Martin-Zemel-01-edited-150x150.jpg 150w, https:\/\/unescochair-ghe.org\/wp-content\/uploads\/2025\/02\/Martin-Zemel-01-edited-12x12.jpg 12w\" data-sizes=\"(max-width: 376px) 100vw, 376px\" src=\"data:image\/svg+xml;base64,PHN2ZyB3aWR0aD0iMSIgaGVpZ2h0PSIxIiB4bWxucz0iaHR0cDovL3d3dy53My5vcmcvMjAwMC9zdmciPjwvc3ZnPg==\" \/><\/figure>\n<\/div><\/div>\n\n\n\n<div class=\"wp-block-column is-vertically-aligned-center is-layout-flow wp-block-column-is-layout-flow\" style=\"flex-basis:66.66%\">\n<h2 class=\"wp-block-heading\">Moderador<\/h2>\n\n\n\n<p><strong>Prof. Dr. Mart\u00edn Zemel <\/strong>\u00e9 dentista, mestre em educa\u00e7\u00e3o odontol\u00f3gica e possui doutorado e p\u00f3s-doutorado em odontologia. Sua experi\u00eancia tem se concentrado na promo\u00e7\u00e3o da sa\u00fade e na equidade da sa\u00fade a partir de uma perspectiva intercultural e intersetorial baseada nos direitos humanos.<br>Ele \u00e9 Diretor da Faculdade de Odontologia da Universidade FASTA (Mar del Plata, Argentina), onde tamb\u00e9m atua como Professor de Sa\u00fade Comunit\u00e1ria. Al\u00e9m disso, \u00e9 Professor de Bio\u00e9tica na Universidade Nacional de La Plata, Pesquisador Categoria I SICADI-UNLP, Membro Titular da Academia Nacional de Odontologia, membro de Comit\u00eas de diferentes Doutorados e Professor Visitante em diferentes Universidades na Argentina e em outros pa\u00edses.<br>Na Uni\u00e3o Internacional de Promo\u00e7\u00e3o e Educa\u00e7\u00e3o em Sa\u00fade (IUHPE), ele \u00e9 o atual vice-presidente regional para a Am\u00e9rica Latina, coordena o subcomit\u00ea espanhol da Confer\u00eancia Mundial de Promo\u00e7\u00e3o da Sa\u00fade e \u00e9 membro do Comit\u00ea Acad\u00eamico da Rede Latino-Americana de Educa\u00e7\u00e3o em Sa\u00fade. Al\u00e9m disso, ele representa a IUHPE na Comiss\u00e3o da Sociedade Civil da OMS e \u00e9 membro do Grupo de Trabalho da OMS sobre Doen\u00e7as N\u00e3o Transmiss\u00edveis.<\/p>\n<\/div>\n<\/div>\n\n\n\n<div class=\"wp-block-columns is-layout-flex wp-container-core-columns-is-layout-9d6595d7 wp-block-columns-is-layout-flex\">\n<div class=\"wp-block-column is-vertically-aligned-center is-layout-flow wp-block-column-is-layout-flow\" style=\"flex-basis:33.33%\"><div class=\"wp-block-image is-style-rounded\">\n<figure class=\"aligncenter size-full is-resized\"><img decoding=\"async\" width=\"720\" height=\"723\" data-src=\"https:\/\/unescochair-ghe.org\/wp-content\/uploads\/2021\/04\/Blanca-Patricia-Mantilla.-Perfil.jpg\" alt=\"\" class=\"wp-image-3602 lazyload\" style=\"--smush-placeholder-width: 720px; --smush-placeholder-aspect-ratio: 720\/723;object-fit:cover;width:225px;height:225px\" data-srcset=\"https:\/\/unescochair-ghe.org\/wp-content\/uploads\/2021\/04\/Blanca-Patricia-Mantilla.-Perfil.jpg 720w, https:\/\/unescochair-ghe.org\/wp-content\/uploads\/2021\/04\/Blanca-Patricia-Mantilla.-Perfil-300x300.jpg 300w, https:\/\/unescochair-ghe.org\/wp-content\/uploads\/2021\/04\/Blanca-Patricia-Mantilla.-Perfil-150x150.jpg 150w, https:\/\/unescochair-ghe.org\/wp-content\/uploads\/2021\/04\/Blanca-Patricia-Mantilla.-Perfil-12x12.jpg 12w, https:\/\/unescochair-ghe.org\/wp-content\/uploads\/2021\/04\/Blanca-Patricia-Mantilla.-Perfil-299x300.jpg 299w\" data-sizes=\"(max-width: 720px) 100vw, 720px\" src=\"data:image\/svg+xml;base64,PHN2ZyB3aWR0aD0iMSIgaGVpZ2h0PSIxIiB4bWxucz0iaHR0cDovL3d3dy53My5vcmcvMjAwMC9zdmciPjwvc3ZnPg==\" \/><\/figure>\n<\/div><\/div>\n\n\n\n<div class=\"wp-block-column is-vertically-aligned-center is-layout-flow wp-block-column-is-layout-flow\" style=\"flex-basis:66.66%\">\n<p><strong>Prof. Mgter.<\/strong> <strong>Blanca Patricia Mantilla Uribe<\/strong> tem mestrado em pedagogia e \u00e9 especialista em administra\u00e7\u00e3o de servi\u00e7os de sa\u00fade, ensino universit\u00e1rio e enfermagem. Ela tem experi\u00eancia em programas de aten\u00e7\u00e3o prim\u00e1ria \u00e0 sa\u00fade na primeira inf\u00e2ncia e na comunidade. \u00c9 especialista em programas de educa\u00e7\u00e3o e comunica\u00e7\u00e3o em sa\u00fade, tendo participado da cria\u00e7\u00e3o e consolida\u00e7\u00e3o da Rede Latino-Americana de Escolas Promotoras de Sa\u00fade.<br>\u00c9 Diretora do Instituto PROINAPSA, Centro Colaborador da Organiza\u00e7\u00e3o Mundial da Sa\u00fade em Promo\u00e7\u00e3o da Sa\u00fade e Sa\u00fade Sexual e Reprodutiva, pertencente \u00e0 Faculdade de Sa\u00fade da Universidade Industrial de Santander, Col\u00f4mbia, desde 1997 at\u00e9 a presente data.<\/p>\n<\/div>\n<\/div>\n\n\n\n<div style=\"height:10px\" aria-hidden=\"true\" class=\"wp-block-spacer\"><\/div>\n\n\n\n<div class=\"wp-block-columns is-layout-flex wp-container-core-columns-is-layout-9d6595d7 wp-block-columns-is-layout-flex\">\n<div class=\"wp-block-column is-vertically-aligned-center is-layout-flow wp-block-column-is-layout-flow\" style=\"flex-basis:33.33%\"><div class=\"wp-block-image\">\n<figure class=\"aligncenter size-full is-resized\"><img decoding=\"async\" width=\"540\" height=\"540\" data-src=\"https:\/\/unescochair-ghe.org\/wp-content\/uploads\/2025\/02\/Patricia-Zamora-Valdes-round.jpeg-1.jpg\" alt=\"\" class=\"wp-image-8787 lazyload\" style=\"--smush-placeholder-width: 540px; --smush-placeholder-aspect-ratio: 540\/540;object-fit:cover;width:225px;height:225px\" data-srcset=\"https:\/\/unescochair-ghe.org\/wp-content\/uploads\/2025\/02\/Patricia-Zamora-Valdes-round.jpeg-1.jpg 540w, https:\/\/unescochair-ghe.org\/wp-content\/uploads\/2025\/02\/Patricia-Zamora-Valdes-round.jpeg-1-300x300.jpg 300w, https:\/\/unescochair-ghe.org\/wp-content\/uploads\/2025\/02\/Patricia-Zamora-Valdes-round.jpeg-1-150x150.jpg 150w, https:\/\/unescochair-ghe.org\/wp-content\/uploads\/2025\/02\/Patricia-Zamora-Valdes-round.jpeg-1-12x12.jpg 12w, https:\/\/unescochair-ghe.org\/wp-content\/uploads\/2025\/02\/Patricia-Zamora-Valdes-round.jpeg-1-512x512.jpg 512w\" data-sizes=\"(max-width: 540px) 100vw, 540px\" src=\"data:image\/svg+xml;base64,PHN2ZyB3aWR0aD0iMSIgaGVpZ2h0PSIxIiB4bWxucz0iaHR0cDovL3d3dy53My5vcmcvMjAwMC9zdmciPjwvc3ZnPg==\" \/><\/figure>\n<\/div><\/div>\n\n\n\n<div class=\"wp-block-column is-vertically-aligned-center is-layout-flow wp-block-column-is-layout-flow\" style=\"flex-basis:66.66%\">\n<p><strong>Mgter<\/strong>. <strong>Patricia Isabel Zamora Vald\u00e9s <\/strong>\u00e9 soci\u00f3loga e mestre em gest\u00e3o e pol\u00edticas p\u00fablicas. Trabalha no Minist\u00e9rio da Sa\u00fade do Chile desde 2012. Inicialmente, trabalhou no Departamento de Nutri\u00e7\u00e3o e Alimenta\u00e7\u00e3o e, atualmente, \u00e9 chefe do Departamento de Promo\u00e7\u00e3o da Sa\u00fade e Participa\u00e7\u00e3o. Foi professora universit\u00e1ria e tem v\u00e1rias publica\u00e7\u00f5es e apresenta\u00e7\u00f5es em seu campo disciplinar.<\/p>\n<\/div>\n<\/div>\n\n\n\n<div style=\"height:10px\" aria-hidden=\"true\" class=\"wp-block-spacer\"><\/div>\n\n\n\n<div class=\"wp-block-columns is-layout-flex wp-container-core-columns-is-layout-9d6595d7 wp-block-columns-is-layout-flex\">\n<div class=\"wp-block-column is-vertically-aligned-center is-layout-flow wp-block-column-is-layout-flow\" style=\"flex-basis:33.33%\"><div class=\"wp-block-image\">\n<figure class=\"aligncenter size-full is-resized\"><img decoding=\"async\" width=\"952\" height=\"951\" data-src=\"https:\/\/unescochair-ghe.org\/wp-content\/uploads\/2025\/02\/Hayda-Alves-round.jpg\" alt=\"\" class=\"wp-image-8758 lazyload\" style=\"--smush-placeholder-width: 952px; --smush-placeholder-aspect-ratio: 952\/951;object-fit:cover;width:225px;height:225px\" data-srcset=\"https:\/\/unescochair-ghe.org\/wp-content\/uploads\/2025\/02\/Hayda-Alves-round.jpg 952w, https:\/\/unescochair-ghe.org\/wp-content\/uploads\/2025\/02\/Hayda-Alves-round-300x300.jpg 300w, https:\/\/unescochair-ghe.org\/wp-content\/uploads\/2025\/02\/Hayda-Alves-round-150x150.jpg 150w, https:\/\/unescochair-ghe.org\/wp-content\/uploads\/2025\/02\/Hayda-Alves-round-768x767.jpg 768w, https:\/\/unescochair-ghe.org\/wp-content\/uploads\/2025\/02\/Hayda-Alves-round-12x12.jpg 12w, https:\/\/unescochair-ghe.org\/wp-content\/uploads\/2025\/02\/Hayda-Alves-round-512x512.jpg 512w\" data-sizes=\"(max-width: 952px) 100vw, 952px\" src=\"data:image\/svg+xml;base64,PHN2ZyB3aWR0aD0iMSIgaGVpZ2h0PSIxIiB4bWxucz0iaHR0cDovL3d3dy53My5vcmcvMjAwMC9zdmciPjwvc3ZnPg==\" \/><\/figure>\n<\/div><\/div>\n\n\n\n<div class=\"wp-block-column is-vertically-aligned-center is-layout-flow wp-block-column-is-layout-flow\" style=\"flex-basis:66.66%\">\n<p><strong>Prof. Dra. Hayda Alves<\/strong> \u00e9 Enfermeira e Mestre em Enfermagem. Doutora em sa\u00fade publica. Pos-doutorado com orienta\u00e7\u00e3o do Educador Popular em Professor Carlos Rodrigues Brand\u00e3o. Membro da Rede de Educa\u00e7\u00e3o Popular em Sa\u00fade, Rede Edpop. Membro da Associa\u00e7\u00e3o Brasileira de Pesquisadores Negros (ABPN). Membro do International Collaboration for Participatory Health Research (ICPHR).<br>Professora Associada da Universidade Federal Fluminense (UFF) campus de Rio das Ostras; e colaboradora no Programa de P\u00f3s-gradua\u00e7\u00e3o em Sa\u00fade Coletiva do Instituto de Sa\u00fade Coletiva (ISC) da mesma Universidade.<\/p>\n<\/div>\n<\/div>\n\n\n\n<hr class=\"wp-block-separator has-alpha-channel-opacity is-style-wide\" \/>\n\n\n\n<h3 class=\"wp-block-heading\">Resumo<\/h3>\n\n\n\n<p>Nossa rede promove o fortalecimento da Educa\u00e7\u00e3o em Sa\u00fade na Am\u00e9rica Latina. Por isso, consideramos essencial revisar as estrat\u00e9gias implementadas, bem como reconhecer a perspectiva pedag\u00f3gica que as sustenta. Isso implica transcender o enfoque biom\u00e9dico e instrumental e promover uma educa\u00e7\u00e3o que n\u00e3o apenas transmita conhecimento, mas tamb\u00e9m fomente o pensamento cr\u00edtico, a participa\u00e7\u00e3o ativa e a emancipa\u00e7\u00e3o das comunidades.<\/p>\n\n\n\n<p>Propomos uma educa\u00e7\u00e3o em sa\u00fade transdisciplinar e dial\u00f3gica que integre o conhecimento acad\u00eamico, bem como o conhecimento popular e ancestral. N\u00e3o se trata apenas de fornecer informa\u00e7\u00f5es, mas tamb\u00e9m de gerar espa\u00e7os de aprendizagem que empoderem as pessoas e as capacitem a participar ativamente da transforma\u00e7\u00e3o de suas comunidades, fortemente marcadas no contexto latino-americano pela presen\u00e7a dos Determinantes Sociais da Sa\u00fade e suas consequentes iniquidades em sa\u00fade.<\/p>\n\n\n\n<p>Analisar as estrat\u00e9gias atuais na Am\u00e9rica Latina ser\u00e1 fundamental para promover uma educa\u00e7\u00e3o em sa\u00fade que atenda \u00e0s necessidades reais das comunidades e aumente sua participa\u00e7\u00e3o coletiva na sa\u00fade.<\/p>\n\n\n\n<p>As perguntas que abordaremos durante o webinar s\u00e3o:<\/p>\n\n\n\n<ol class=\"wp-block-list\">\n<li>Quais s\u00e3o as experi\u00eancias que est\u00e3o sendo realizadas no campo da educa\u00e7\u00e3o em sa\u00fade em diferentes pa\u00edses da Am\u00e9rica Latina?<\/li>\n\n\n\n<li>Quais s\u00e3o os pontos fortes e as oportunidades para a educa\u00e7\u00e3o em sa\u00fade?<\/li>\n<\/ol>\n\n\n\n<hr class=\"wp-block-separator has-alpha-channel-opacity is-style-wide\" \/>\n\n\n\n<h3 class=\"wp-block-heading\">Contribui\u00e7\u00e3o de nossos palestrantes<\/h3>\n\n\n\n<p>A grava\u00e7\u00e3o do webinar:<\/p>\n\n\n\n<div class=\"wp-block-columns is-layout-flex wp-container-core-columns-is-layout-9d6595d7 wp-block-columns-is-layout-flex\">\n<div class=\"wp-block-column is-layout-flow wp-block-column-is-layout-flow\" style=\"flex-basis:33.33%\">\n<figure class=\"wp-block-embed is-type-video is-provider-youtube wp-block-embed-youtube wp-embed-aspect-16-9 wp-has-aspect-ratio\"><div class=\"wp-block-embed__wrapper\">\n<iframe title=\"Webinario: Estrategias para implementar la Educaci\u00f3n para la Salud en diferentes entornos de\" width=\"1233\" height=\"694\" data-src=\"https:\/\/www.youtube.com\/embed\/XSfMtJId7C4?feature=oembed\" frameborder=\"0\" allow=\"accelerometer; autoplay; clipboard-write; encrypted-media; gyroscope; picture-in-picture; web-share\" referrerpolicy=\"strict-origin-when-cross-origin\" allowfullscreen src=\"data:image\/svg+xml;base64,PHN2ZyB3aWR0aD0iMSIgaGVpZ2h0PSIxIiB4bWxucz0iaHR0cDovL3d3dy53My5vcmcvMjAwMC9zdmciPjwvc3ZnPg==\" class=\"lazyload\" data-load-mode=\"1\"><\/iframe>\n<\/div><\/figure>\n<\/div>\n\n\n\n<div class=\"wp-block-column is-layout-flow wp-block-column-is-layout-flow\" style=\"flex-basis:66.66%\"><\/div>\n<\/div>\n\n\n\n<div style=\"height:10px\" aria-hidden=\"true\" class=\"wp-block-spacer\"><\/div>\n\n\n\n<div class=\"wp-block-columns is-layout-flex wp-container-core-columns-is-layout-9d6595d7 wp-block-columns-is-layout-flex\">\n<div class=\"wp-block-column is-layout-flow wp-block-column-is-layout-flow\" style=\"flex-basis:33.33%\">\n<figure class=\"wp-block-image size-large\"><a href=\"https:\/\/unescochair-ghe.org\/wp-content\/uploads\/2025\/03\/Seminario-Educacion-para-la-salud-en-la-RLEPS.pdf\" target=\"_blank\" rel=\" noreferrer noopener\"><img decoding=\"async\" width=\"1024\" height=\"576\" data-src=\"https:\/\/unescochair-ghe.org\/wp-content\/uploads\/2025\/02\/Seminario-Educacion-para-la-salud-en-la-RLEPS-002-1024x576.jpg\" alt=\"\" class=\"wp-image-8875 lazyload\" data-srcset=\"https:\/\/unescochair-ghe.org\/wp-content\/uploads\/2025\/02\/Seminario-Educacion-para-la-salud-en-la-RLEPS-002-1024x576.jpg 1024w, https:\/\/unescochair-ghe.org\/wp-content\/uploads\/2025\/02\/Seminario-Educacion-para-la-salud-en-la-RLEPS-002-300x169.jpg 300w, https:\/\/unescochair-ghe.org\/wp-content\/uploads\/2025\/02\/Seminario-Educacion-para-la-salud-en-la-RLEPS-002-768x432.jpg 768w, https:\/\/unescochair-ghe.org\/wp-content\/uploads\/2025\/02\/Seminario-Educacion-para-la-salud-en-la-RLEPS-002-18x10.jpg 18w, https:\/\/unescochair-ghe.org\/wp-content\/uploads\/2025\/02\/Seminario-Educacion-para-la-salud-en-la-RLEPS-002-494x278.jpg 494w, https:\/\/unescochair-ghe.org\/wp-content\/uploads\/2025\/02\/Seminario-Educacion-para-la-salud-en-la-RLEPS-002.jpg 1280w\" data-sizes=\"(max-width: 1024px) 100vw, 1024px\" src=\"data:image\/svg+xml;base64,PHN2ZyB3aWR0aD0iMSIgaGVpZ2h0PSIxIiB4bWxucz0iaHR0cDovL3d3dy53My5vcmcvMjAwMC9zdmciPjwvc3ZnPg==\" style=\"--smush-placeholder-width: 1024px; --smush-placeholder-aspect-ratio: 1024\/576;\" \/><\/a><\/figure>\n<\/div>\n\n\n\n<div class=\"wp-block-column is-layout-flow wp-block-column-is-layout-flow\" style=\"flex-basis:66.66%\">\n<p><a href=\"https:\/\/unescochair-ghe.org\/wp-content\/uploads\/2025\/03\/Seminario-Educacion-para-la-salud-en-la-RLEPS.pdf\" target=\"_blank\" rel=\"noreferrer noopener\">Fa\u00e7a o download da apresenta\u00e7\u00e3o da Prof. Mgter. Blanca Patricia Mantilla Uribe<\/a><\/p>\n<\/div>\n<\/div>\n\n\n\n<hr class=\"wp-block-separator has-alpha-channel-opacity is-style-wide\" \/>\n\n\n\n<h3 class=\"wp-block-heading\">Rede Latino-Americana para a Revitaliza\u00e7\u00e3o da Educa\u00e7\u00e3o em Sa\u00fade<\/h3>\n\n\n\n<p>Este webinar faz parte do \u201cRede Latino-Americana para a Revitaliza\u00e7\u00e3o da Educa\u00e7\u00e3o em Sa\u00fade\u201d. Esta iniciativa \u00e9 proposta com a participa\u00e7\u00e3o da C\u00e1tedra UNESCO em Educa\u00e7\u00e3o na Sa\u00fade, do Cons\u00f3rcio Interamericano de Universidades e Centros de Forma\u00e7\u00e3o para a Educa\u00e7\u00e3o em Sa\u00fade e Promo\u00e7\u00e3o da Sa\u00fade (CIUEPS), da Rede Brasileira de Educa\u00e7\u00e3o Popular em Sa\u00fade, da Rede Colombiana de Educa\u00e7\u00e3o no campo da Sa\u00fade e do Escrit\u00f3rio Regional para a Am\u00e9rica Latina da Uni\u00e3o Internacional de Promo\u00e7\u00e3o da Sa\u00fade e Educa\u00e7\u00e3o em Sa\u00fade (UIPES\/ORLA). Os seguintes objetivos foram definidos:<\/p>\n\n\n\n<ul class=\"wp-block-list\">\n<li>Promover a Educa\u00e7\u00e3o no campo da Sa\u00fade (EPS \u2013 EdPopS) a n\u00edvel nacional e internacional, como uma dimens\u00e3o fundamental das disciplinas da sa\u00fade, das ci\u00eancias da educa\u00e7\u00e3o e das ci\u00eancias sociais e humanas.<\/li>\n\n\n\n<li>Recuperar a produ\u00e7\u00e3o latino-americana e posicion\u00e1-la no \u00e2mbito regional, o que implica promover suas apostas cr\u00edticas e decoloniais. Uma ECS (EpS \u2013 EdPopS) que defenda a transforma\u00e7\u00e3o social para uma sociedade mais justa e equitativa que garanta o bem-estar e uma vida digna.<\/li>\n\n\n\n<li>Promover a articula\u00e7\u00e3o dos sectores da educa\u00e7\u00e3o e da sa\u00fade para fortalecer as ac\u00e7\u00f5es de cada um destes sectores na promo\u00e7\u00e3o da ECS (EPA \u2013 EoHPpS), reconhecendo a educa\u00e7\u00e3o e a sa\u00fade como dois direitos humanos inalien\u00e1veis, sin\u00e9rgicos e interdependentes.<\/li>\n\n\n\n<li>Fortalecer os fundamentos te\u00f3ricos, pol\u00edticos e \u00e9ticos da ECS (EPS \u2013 EdPopS) como requisito para uma pr\u00e1xis pedag\u00f3gica respons\u00e1vel, produtiva e \u00e9tica.<\/li>\n\n\n\n<li>Gerar um espa\u00e7o de articula\u00e7\u00e3o da academia e da sociedade civil que permita a integra\u00e7\u00e3o latino-americana para partilhar experi\u00eancias, conhecimentos e aspira\u00e7\u00f5es num prop\u00f3sito coletivo.<\/li>\n\n\n\n<li>Promover a integra\u00e7\u00e3o nacional e internacional em mat\u00e9ria de ECS (EPS \u2013 EdPopS) como espa\u00e7o de aprendizagem m\u00fatua e solid\u00e1ria, e facilitar ac\u00e7\u00f5es de coopera\u00e7\u00e3o no desenvolvimento de eventos acad\u00e9mico-cient\u00edficos, processos de investiga\u00e7\u00e3o e forma\u00e7\u00e3o.<\/li>\n<\/ul>\n\n\n\n<p>Os webinars, abertos a todas as partes interessadas, fazem parte do programa. S\u00e3o sess\u00f5es vivenciais, com uma dura\u00e7\u00e3o de 60 a 90 minutos, em que os oradores convidados apresentam suas reflex\u00f5es sobre duas ou tr\u00eas quest\u00f5es problem\u00e1ticas para incentivar a participa\u00e7\u00e3o do p\u00fablico. Foram programados cinco webinars para esta primeira fase do programa, com um intervalo de 2 meses entre cada um deles.<\/p>\n\n\n\n<p>Assista \u00e0s grava\u00e7\u00f5es dos webinars anteriores:<\/p>\n\n\n\n<ul class=\"wp-block-list\">\n<li><a href=\"https:\/\/unescochair-ghe.org\/fa\/a-invisibilizacao-da-educacao-no-campo-da-saude-e-como-ela-pode-ser-revitalizada-recuperando-tambem-as-experiencias-e-producoes-latino-americanas\/\">26 de novembro 2024 \u2013 A invisibiliza\u00e7\u00e3o da educa\u00e7\u00e3o no campo da sa\u00fade e como ela pode ser revitalizada, recuperando tamb\u00e9m as experi\u00eancias e produ\u00e7\u00f5es latino-americanas<\/a><\/li>\n\n\n\n<li><a href=\"https:\/\/unescochair-ghe.org\/fa\/17-de-setembro-2024-webinar-debates-teoricos-e-politicos-sobre-educacao-no-campo-da-saude-eps-e-edpops-na-america-latina\/\">17 de setembro 2024 \u2013 Debates te\u00f3ricos e pol\u00edticos sobre Educa\u00e7\u00e3o no campo da Sa\u00fade (EPS e EdPopS) na Am\u00e9rica Latina<\/a><\/li>\n<\/ul>\n\n\n\n<hr class=\"wp-block-separator has-alpha-channel-opacity is-style-wide\" \/>\n\n\n\n<figure class=\"wp-block-image size-large\"><img decoding=\"async\" width=\"1024\" height=\"536\" data-src=\"https:\/\/unescochair-ghe.org\/wp-content\/uploads\/2025\/02\/PT-Estrategias-para-implementar-la-Educacion-para-la-Salud-en-diferentes-entornos-de-America-Latina-2-1024x536.png\" alt=\"\" class=\"wp-image-8828 lazyload\" data-srcset=\"https:\/\/unescochair-ghe.org\/wp-content\/uploads\/2025\/02\/PT-Estrategias-para-implementar-la-Educacion-para-la-Salud-en-diferentes-entornos-de-America-Latina-2-1024x536.png 1024w, https:\/\/unescochair-ghe.org\/wp-content\/uploads\/2025\/02\/PT-Estrategias-para-implementar-la-Educacion-para-la-Salud-en-diferentes-entornos-de-America-Latina-2-300x157.png 300w, https:\/\/unescochair-ghe.org\/wp-content\/uploads\/2025\/02\/PT-Estrategias-para-implementar-la-Educacion-para-la-Salud-en-diferentes-entornos-de-America-Latina-2-768x402.png 768w, https:\/\/unescochair-ghe.org\/wp-content\/uploads\/2025\/02\/PT-Estrategias-para-implementar-la-Educacion-para-la-Salud-en-diferentes-entornos-de-America-Latina-2-18x9.png 18w, https:\/\/unescochair-ghe.org\/wp-content\/uploads\/2025\/02\/PT-Estrategias-para-implementar-la-Educacion-para-la-Salud-en-diferentes-entornos-de-America-Latina-2-494x259.png 494w, https:\/\/unescochair-ghe.org\/wp-content\/uploads\/2025\/02\/PT-Estrategias-para-implementar-la-Educacion-para-la-Salud-en-diferentes-entornos-de-America-Latina-2.png 1200w\" data-sizes=\"(max-width: 1024px) 100vw, 1024px\" src=\"data:image\/svg+xml;base64,PHN2ZyB3aWR0aD0iMSIgaGVpZ2h0PSIxIiB4bWxucz0iaHR0cDovL3d3dy53My5vcmcvMjAwMC9zdmciPjwvc3ZnPg==\" style=\"--smush-placeholder-width: 1024px; --smush-placeholder-aspect-ratio: 1024\/536;\" \/><\/figure>","protected":false},"excerpt":{"rendered":"<p>Information\u00a0in English, Informaci\u00f3n\u00a0en espa\u00f1ol Palestrantes Moderador Prof. Dr. Mart\u00edn Zemel \u00e9 dentista, mestre em educa\u00e7\u00e3o odontol\u00f3gica e possui doutorado e p\u00f3s-doutorado em odontologia. Sua experi\u00eancia tem se concentrado na promo\u00e7\u00e3o &hellip;<\/p>","protected":false},"author":3,"featured_media":8828,"parent":0,"menu_order":0,"comment_status":"closed","ping_status":"closed","template":"","meta":{"footnotes":"","_links_to":"","_links_to_target":""},"class_list":["post-8748","page","type-page","status-publish","has-post-thumbnail","hentry"],"_links":{"self":[{"href":"https:\/\/unescochair-ghe.org\/fa\/wp-json\/wp\/v2\/pages\/8748","targetHints":{"allow":["GET"]}}],"collection":[{"href":"https:\/\/unescochair-ghe.org\/fa\/wp-json\/wp\/v2\/pages"}],"about":[{"href":"https:\/\/unescochair-ghe.org\/fa\/wp-json\/wp\/v2\/types\/page"}],"author":[{"embeddable":true,"href":"https:\/\/unescochair-ghe.org\/fa\/wp-json\/wp\/v2\/users\/3"}],"replies":[{"embeddable":true,"href":"https:\/\/unescochair-ghe.org\/fa\/wp-json\/wp\/v2\/comments?post=8748"}],"version-history":[{"count":14,"href":"https:\/\/unescochair-ghe.org\/fa\/wp-json\/wp\/v2\/pages\/8748\/revisions"}],"predecessor-version":[{"id":10203,"href":"https:\/\/unescochair-ghe.org\/fa\/wp-json\/wp\/v2\/pages\/8748\/revisions\/10203"}],"wp:featuredmedia":[{"embeddable":true,"href":"https:\/\/unescochair-ghe.org\/fa\/wp-json\/wp\/v2\/media\/8828"}],"wp:attachment":[{"href":"https:\/\/unescochair-ghe.org\/fa\/wp-json\/wp\/v2\/media?parent=8748"}],"curies":[{"name":"wp","href":"https:\/\/api.w.org\/{rel}","templated":true}]}}