{"id":5407,"date":"2022-06-17T10:11:10","date_gmt":"2022-06-17T08:11:10","guid":{"rendered":"https:\/\/unescochair-ghe.org\/?page_id=5407"},"modified":"2023-12-19T14:39:49","modified_gmt":"2023-12-19T13:39:49","slug":"global-community-health-annual-workshop-second-edition","status":"publish","type":"page","link":"https:\/\/unescochair-ghe.org\/fa\/the-unesco-chair-ghe\/activities\/global-community-health-annual-workshop\/global-community-health-annual-workshop-second-edition\/","title":{"rendered":"Global Community Health Annual Workshop\u00a0&#8211; second edition 2022"},"content":{"rendered":"<p>From the&nbsp;<strong>28<sup>th<\/sup>&nbsp;to the 30<sup>th<\/sup>&nbsp;of June 2022<\/strong>, the second online edition of the Global Community Health Annual Workshop took place. The overall workshop theme is <strong>\u2018How to build resilient communities for times of crises\u2019<\/strong>. The workshop provides a space where community health and health promotion practitioners and policy makers can improve their skills and where researchers can gain in capacities to conduct community-based participatory research. Organisers are the UNESCO Chair Global Health &amp; Education,&nbsp;<a rel=\"noreferrer noopener\" href=\"https:\/\/www.ehesp.fr\/en\/\" target=\"_blank\">EHESP School of Public Health<\/a>&nbsp;and the&nbsp;<a rel=\"noreferrer noopener\" href=\"https:\/\/www.iuhpe.org\/index.php\/en\/\" target=\"_blank\">International Union for Health Promotion and Education (IUHPE)<\/a>.<\/p>\n\n\n\n<p><a href=\"https:\/\/unescochair-ghe.org\/wp-content\/uploads\/2022\/06\/Programme-CH-workshop-28-30-June-2022-1.pdf\">Download the full programme (pdf).<\/a><\/p>\n\n\n\n<p>Go directly to:<\/p>\n\n\n\n<ul class=\"wp-block-list\">\n<li><a href=\"#day1\">Day 1 \u2013 Resilience: giving voice to the voiceless<\/a><\/li>\n\n\n\n<li><a href=\"#Day2\">Day 2 \u2013 Building resilience within health systems<\/a><\/li>\n\n\n\n<li><a href=\"#day3\">Day 3 \u2013 Emergency Health<\/a><\/li>\n\n\n\n<li><a href=\"#voices\">Voices from the field<\/a><\/li>\n\n\n\n<li><a href=\"#facilitators\">Facilitators<\/a><\/li>\n\n\n\n<li><a href=\"#reading suggestions\">Reading suggestions<\/a><\/li>\n\n\n\n<li><a href=\"#organisation\">\u0633\u0627\u0632\u0645\u0627\u0646<\/a><\/li>\n<\/ul>\n\n\n\n<h3 class=\"wp-block-heading\" id=\"day1\">Day 1 \u2013 Resilience: giving voice to the voiceless<\/h3>\n\n\n\n<h4 class=\"wp-block-heading\"><strong>Welcome<\/strong><\/h4>\n\n\n\n<div class=\"wp-block-columns is-layout-flex wp-container-core-columns-is-layout-9d6595d7 wp-block-columns-is-layout-flex\">\n<div class=\"wp-block-column is-vertically-aligned-center is-layout-flow wp-block-column-is-layout-flow\" style=\"flex-basis:33.33%\"><div class=\"wp-block-image is-style-rounded\">\n<figure class=\"aligncenter size-full is-resized\"><img decoding=\"async\" data-src=\"https:\/\/unescochair-ghe.org\/wp-content\/uploads\/2021\/02\/GoofBuijs.jpg\" alt=\"\" class=\"wp-image-3279 lazyload\" width=\"200\" height=\"200\" data-srcset=\"https:\/\/unescochair-ghe.org\/wp-content\/uploads\/2021\/02\/GoofBuijs.jpg 500w, https:\/\/unescochair-ghe.org\/wp-content\/uploads\/2021\/02\/GoofBuijs-300x300.jpg 300w, https:\/\/unescochair-ghe.org\/wp-content\/uploads\/2021\/02\/GoofBuijs-150x150.jpg 150w, https:\/\/unescochair-ghe.org\/wp-content\/uploads\/2021\/02\/GoofBuijs-12x12.jpg 12w\" data-sizes=\"(max-width: 200px) 100vw, 200px\" src=\"data:image\/svg+xml;base64,PHN2ZyB3aWR0aD0iMSIgaGVpZ2h0PSIxIiB4bWxucz0iaHR0cDovL3d3dy53My5vcmcvMjAwMC9zdmciPjwvc3ZnPg==\" style=\"--smush-placeholder-width: 200px; --smush-placeholder-aspect-ratio: 200\/200;\" \/><\/figure>\n<\/div><\/div>\n\n\n\n<div class=\"wp-block-column is-vertically-aligned-top is-layout-flow wp-block-column-is-layout-flow\" style=\"flex-basis:66.67%\">\n<h5 class=\"wp-block-heading\"><strong>MODERATOR<\/strong><\/h5>\n\n\n\n<p><strong>Goof Buijs<\/strong>&nbsp;is the manager of UNESCO Chair \/ WHO Collaborating Centre Global Health &amp; Education. From 2019 he is director of Global Health &amp; Education Consultancy. His field of expertise is bringing health and education together. He is an experienced networker, expert in creating and leading international projects focused on prevention and youth, innovator, trainer and facilitator of events and conferences. He supports cooperation among people, focusing on everyone\u2019s talents and uniqueness.<\/p>\n<\/div>\n<\/div>\n\n\n\n<div class=\"wp-block-columns is-layout-flex wp-container-core-columns-is-layout-9d6595d7 wp-block-columns-is-layout-flex\">\n<div class=\"wp-block-column is-vertically-aligned-center is-layout-flow wp-block-column-is-layout-flow\" style=\"flex-basis:33.33%\"><div class=\"wp-block-image is-style-rounded\">\n<figure class=\"aligncenter size-full is-resized\"><img decoding=\"async\" data-src=\"https:\/\/unescochair-ghe.org\/wp-content\/uploads\/2021\/06\/Didier-JOURDAN-photo-edited.jpg\" alt=\"\" class=\"wp-image-4069 lazyload\" width=\"200\" height=\"200\" data-srcset=\"https:\/\/unescochair-ghe.org\/wp-content\/uploads\/2021\/06\/Didier-JOURDAN-photo-edited.jpg 268w, https:\/\/unescochair-ghe.org\/wp-content\/uploads\/2021\/06\/Didier-JOURDAN-photo-edited-150x150.jpg 150w, https:\/\/unescochair-ghe.org\/wp-content\/uploads\/2021\/06\/Didier-JOURDAN-photo-edited-12x12.jpg 12w\" data-sizes=\"(max-width: 200px) 100vw, 200px\" src=\"data:image\/svg+xml;base64,PHN2ZyB3aWR0aD0iMSIgaGVpZ2h0PSIxIiB4bWxucz0iaHR0cDovL3d3dy53My5vcmcvMjAwMC9zdmciPjwvc3ZnPg==\" style=\"--smush-placeholder-width: 200px; --smush-placeholder-aspect-ratio: 200\/200;\" \/><\/figure>\n<\/div>\n\n\n<p class=\"has-text-align-center\"><\/p>\n<\/div>\n\n\n\n<div class=\"wp-block-column is-layout-flow wp-block-column-is-layout-flow\" style=\"flex-basis:66.67%\">\n<p><strong>Didier Jourdan <\/strong>is full Professor and the Chair Holder of the UNESCO Chair \u201cGlobal Health and Education\u201d and Head of the WHO Collaborating Centre for \u201cResearch in Education and Health\u201d which are focused on knowledge production and sharing from an intersectoral perspective. He is the former Director of the Prevention and Health Promotion Division of the French National Public Health Agency. He has formally held positions as Director of the Graduate School of Teaching and Education (ESPE), Head of the Centre for lifelong learning and Vice-President of Blaise Pascal University. In addition, he held the position as President of the \u201cPrevention, Education and Health Promotion\u201d Commission of the French High Council for Public Health and President of the Network \u201cUniversities for training in health education\u201d.<\/p>\n<\/div>\n<\/div>\n\n\n\n<div class=\"wp-block-columns is-layout-flex wp-container-core-columns-is-layout-9d6595d7 wp-block-columns-is-layout-flex\">\n<div class=\"wp-block-column is-layout-flow wp-block-column-is-layout-flow\" style=\"flex-basis:33.33%\">\n<figure class=\"wp-block-embed is-type-video is-provider-youtube wp-block-embed-youtube wp-embed-aspect-16-9 wp-has-aspect-ratio\"><div class=\"wp-block-embed__wrapper\">\n<iframe title=\"Introduction Global Community Health Annual Workshop 2022 with Didier Jourdan\" width=\"1233\" height=\"694\" data-src=\"https:\/\/www.youtube.com\/embed\/m_ytNbgBtOw?feature=oembed\" frameborder=\"0\" allow=\"accelerometer; autoplay; clipboard-write; encrypted-media; gyroscope; picture-in-picture; web-share\" referrerpolicy=\"strict-origin-when-cross-origin\" allowfullscreen src=\"data:image\/svg+xml;base64,PHN2ZyB3aWR0aD0iMSIgaGVpZ2h0PSIxIiB4bWxucz0iaHR0cDovL3d3dy53My5vcmcvMjAwMC9zdmciPjwvc3ZnPg==\" class=\"lazyload\" data-load-mode=\"1\"><\/iframe>\n<\/div><\/figure>\n\n\n\n<p class=\"has-text-align-center\"><a rel=\"noreferrer noopener\" href=\"https:\/\/unescochair-ghe.org\/wp-content\/uploads\/2022\/06\/Didier-Jourdan-CH-workshop-2022.pdf\" target=\"_blank\">Download the presentation from Didier Jourdan<\/a><\/p>\n<\/div>\n\n\n\n<div class=\"wp-block-column is-layout-flow wp-block-column-is-layout-flow\" style=\"flex-basis:66.66%\"><\/div>\n<\/div>\n\n\n\n<div class=\"wp-block-columns is-layout-flex wp-container-core-columns-is-layout-9d6595d7 wp-block-columns-is-layout-flex\">\n<div class=\"wp-block-column is-vertically-aligned-center is-layout-flow wp-block-column-is-layout-flow\" style=\"flex-basis:33.33%\"><div class=\"wp-block-image is-style-rounded\">\n<figure class=\"aligncenter size-full is-resized\"><img decoding=\"async\" data-src=\"https:\/\/unescochair-ghe.org\/wp-content\/uploads\/2022\/06\/Picture-L-Chambaud-EHESP.jpg\" alt=\"\" class=\"wp-image-5496 lazyload\" width=\"200\" height=\"200\" data-srcset=\"https:\/\/unescochair-ghe.org\/wp-content\/uploads\/2022\/06\/Picture-L-Chambaud-EHESP.jpg 809w, https:\/\/unescochair-ghe.org\/wp-content\/uploads\/2022\/06\/Picture-L-Chambaud-EHESP-300x300.jpg 300w, https:\/\/unescochair-ghe.org\/wp-content\/uploads\/2022\/06\/Picture-L-Chambaud-EHESP-150x150.jpg 150w, https:\/\/unescochair-ghe.org\/wp-content\/uploads\/2022\/06\/Picture-L-Chambaud-EHESP-768x768.jpg 768w, https:\/\/unescochair-ghe.org\/wp-content\/uploads\/2022\/06\/Picture-L-Chambaud-EHESP-12x12.jpg 12w, https:\/\/unescochair-ghe.org\/wp-content\/uploads\/2022\/06\/Picture-L-Chambaud-EHESP-512x512.jpg 512w\" data-sizes=\"(max-width: 200px) 100vw, 200px\" src=\"data:image\/svg+xml;base64,PHN2ZyB3aWR0aD0iMSIgaGVpZ2h0PSIxIiB4bWxucz0iaHR0cDovL3d3dy53My5vcmcvMjAwMC9zdmciPjwvc3ZnPg==\" style=\"--smush-placeholder-width: 200px; --smush-placeholder-aspect-ratio: 200\/200;\" \/><\/figure>\n<\/div><\/div>\n\n\n\n<div class=\"wp-block-column is-vertically-aligned-top is-layout-flow wp-block-column-is-layout-flow\" style=\"flex-basis:66.67%\">\n<p><strong>Laurent Chambaud<\/strong>&nbsp;is a public health doctor and director of the \u00c9cole des hautes \u00e9tudes en sant\u00e9 publique (EHESP). He has extensive professional experience at all levels of decision-making: local, regional, national and international. He has also published books on different public health-related questions.<\/p>\n<\/div>\n<\/div>\n\n\n\n<div class=\"wp-block-columns is-layout-flex wp-container-core-columns-is-layout-9d6595d7 wp-block-columns-is-layout-flex\">\n<div class=\"wp-block-column is-vertically-aligned-center is-layout-flow wp-block-column-is-layout-flow\" style=\"flex-basis:33.33%\"><div class=\"wp-block-image is-style-rounded\">\n<figure class=\"aligncenter size-full\"><img decoding=\"async\" width=\"200\" height=\"200\" data-src=\"https:\/\/unescochair-ghe.org\/wp-content\/uploads\/2022\/06\/Liane.jpg\" alt=\"\" class=\"wp-image-5492 lazyload\" data-srcset=\"https:\/\/unescochair-ghe.org\/wp-content\/uploads\/2022\/06\/Liane.jpg 200w, https:\/\/unescochair-ghe.org\/wp-content\/uploads\/2022\/06\/Liane-150x150.jpg 150w, https:\/\/unescochair-ghe.org\/wp-content\/uploads\/2022\/06\/Liane-12x12.jpg 12w\" data-sizes=\"(max-width: 200px) 100vw, 200px\" src=\"data:image\/svg+xml;base64,PHN2ZyB3aWR0aD0iMSIgaGVpZ2h0PSIxIiB4bWxucz0iaHR0cDovL3d3dy53My5vcmcvMjAwMC9zdmciPjwvc3ZnPg==\" style=\"--smush-placeholder-width: 200px; --smush-placeholder-aspect-ratio: 200\/200;\" \/><\/figure>\n<\/div><\/div>\n\n\n\n<div class=\"wp-block-column is-vertically-aligned-top is-layout-flow wp-block-column-is-layout-flow\" style=\"flex-basis:66.67%\">\n<p><strong>Liane Comeau<\/strong>&nbsp;has been the Executive Director of the International Union for Health Promotion and Health Education since April 2018. She has worked in a pan-Canadian NGO, Invest in Kids, as Director of Research and Evaluation, and as Specialized Scientific Advisor at the \u201cInstitut national de sant\u00e9 publique du Qu\u00e9bec\u201d (INSPQ), focusing on health promotion initiatives targeting children, adolescents and families. She holds a doctorate in developmental psychology from McGill University (2004). She has published scientific papers on various topics including mental health and child development, and co-authored several reports on policy-relevant public health topics while at the INSPQ.<\/p>\n<\/div>\n<\/div>\n\n\n\n<h4 class=\"wp-block-heading\"><strong>Towards a new paradigm of unity in diversity: Building lasting resilience as one human family<\/strong><\/h4>\n\n\n\n<div class=\"wp-block-columns is-layout-flex wp-container-core-columns-is-layout-9d6595d7 wp-block-columns-is-layout-flex\">\n<div class=\"wp-block-column is-vertically-aligned-center is-layout-flow wp-block-column-is-layout-flow\" style=\"flex-basis:33.33%\"><div class=\"wp-block-image is-style-rounded\">\n<figure class=\"aligncenter size-full is-resized\"><img decoding=\"async\" data-src=\"https:\/\/unescochair-ghe.org\/wp-content\/uploads\/2022\/06\/Sione-edited.jpg\" alt=\"\" class=\"wp-image-5446 lazyload\" width=\"200\" height=\"200\" data-srcset=\"https:\/\/unescochair-ghe.org\/wp-content\/uploads\/2022\/06\/Sione-edited.jpg 598w, https:\/\/unescochair-ghe.org\/wp-content\/uploads\/2022\/06\/Sione-edited-300x300.jpg 300w, https:\/\/unescochair-ghe.org\/wp-content\/uploads\/2022\/06\/Sione-edited-150x150.jpg 150w, https:\/\/unescochair-ghe.org\/wp-content\/uploads\/2022\/06\/Sione-edited-12x12.jpg 12w, https:\/\/unescochair-ghe.org\/wp-content\/uploads\/2022\/06\/Sione-edited-512x512.jpg 512w\" data-sizes=\"(max-width: 200px) 100vw, 200px\" src=\"data:image\/svg+xml;base64,PHN2ZyB3aWR0aD0iMSIgaGVpZ2h0PSIxIiB4bWxucz0iaHR0cDovL3d3dy53My5vcmcvMjAwMC9zdmciPjwvc3ZnPg==\" style=\"--smush-placeholder-width: 200px; --smush-placeholder-aspect-ratio: 200\/200;\" \/><\/figure>\n<\/div>\n\n\n<p class=\"has-text-align-center\"><\/p>\n<\/div>\n\n\n\n<div class=\"wp-block-column is-vertically-aligned-top is-layout-flow wp-block-column-is-layout-flow\" style=\"flex-basis:66.67%\">\n<p><strong>Sione Tu\u2019itahi<\/strong><em> <\/em>is the Executive Director of the Health Promotion Forum of New Zealand, RunangaWhakapiki Ake I Te Hauora o Aotearoa (HPF). He is also the Global President of the International Union for Health Promotion and Education (IUHPE) for 2022-2025. An educator, writer, and international health promotion leader, his areas of interest in health promotion include planetary health, determinants of health, human rights, community development, public policy, and workforce development. Under his leadership, HPF successfully co-hosted the 23rd World Conference on Health Promotion in Rotorua in 2019 with IUHPE. This was the largest public health conference to be held in Aotearoa New Zealand. Sione\u2019s work is informed by his life-long learning in three broad-knowledge systems: &nbsp;indigenous, spiritual, and western education. In recognition of his significant contributions to health promotion and public health at the national and international levels, Sione was given the 2019 New Zealand Public Health Champion Award by the Public Health Association.<\/p>\n<\/div>\n<\/div>\n\n\n\n<div class=\"wp-block-columns is-layout-flex wp-container-core-columns-is-layout-9d6595d7 wp-block-columns-is-layout-flex\">\n<div class=\"wp-block-column is-vertically-aligned-top is-layout-flow wp-block-column-is-layout-flow\" style=\"flex-basis:33.33%\">\n<figure class=\"wp-block-embed is-type-video is-provider-youtube wp-block-embed-youtube wp-embed-aspect-16-9 wp-has-aspect-ratio\"><div class=\"wp-block-embed__wrapper\">\n<iframe title=\"Sione Tu&#039;itahi - Towards a new paradigm of unity in diversity - CH Workshop 2022\" width=\"1233\" height=\"694\" data-src=\"https:\/\/www.youtube.com\/embed\/BgHwb1bNJb8?feature=oembed\" frameborder=\"0\" allow=\"accelerometer; autoplay; clipboard-write; encrypted-media; gyroscope; picture-in-picture; web-share\" referrerpolicy=\"strict-origin-when-cross-origin\" allowfullscreen src=\"data:image\/svg+xml;base64,PHN2ZyB3aWR0aD0iMSIgaGVpZ2h0PSIxIiB4bWxucz0iaHR0cDovL3d3dy53My5vcmcvMjAwMC9zdmciPjwvc3ZnPg==\" class=\"lazyload\" data-load-mode=\"1\"><\/iframe>\n<\/div><\/figure>\n\n\n\n<p class=\"has-text-align-center\"><a rel=\"noreferrer noopener\" href=\"https:\/\/unescochair-ghe.org\/wp-content\/uploads\/2022\/06\/Towards-a-new-paradigm-of-unit-in-diversity-S-Tuitahi-Unesco-workshop-June-28-2022.pdf\" target=\"_blank\">Download the presentation from Sione Tu&#8217;itahi<\/a><\/p>\n<\/div>\n\n\n\n<div class=\"wp-block-column is-layout-flow wp-block-column-is-layout-flow\" style=\"flex-basis:66.66%\">\n<p><strong>\u062e\u0644\u0627\u0635\u0647<\/strong>: As one of the converging global challenges that are confronting humanity today, Covid-19 reminds us that we are inherently interdependent, and that we must collaborate across our diversity if we are to be resilient as individual communities and as a global community. I will explore the idea that effectively addressing the converging global challenges that human communities around the world are facing today lies in our ability to elevate our collective consciousness to our inter-connectedness as members of one human family on a one common home, Mother Earth. From a scientific and indigenous systems perspectives, I will discuss the notion of a new paradigm of complementarity across unity in diversity of cultures, colours, creeds, and classes that can provide a sound foundation for building lasting resilience and wellbeing at the local and global levels.<\/p>\n<\/div>\n<\/div>\n\n\n\n<h4 class=\"wp-block-heading\"><strong>Setting the scene \u2013 an introduction to community resilience<\/strong><\/h4>\n\n\n\n<div class=\"wp-block-columns is-layout-flex wp-container-core-columns-is-layout-9d6595d7 wp-block-columns-is-layout-flex\">\n<div class=\"wp-block-column is-vertically-aligned-center is-layout-flow wp-block-column-is-layout-flow\" style=\"flex-basis:33.33%\"><div class=\"wp-block-image is-style-rounded\">\n<figure class=\"aligncenter size-full is-resized\"><img decoding=\"async\" data-src=\"https:\/\/unescochair-ghe.org\/wp-content\/uploads\/2021\/07\/BRETON_Eric_web-2-edited.jpg\" alt=\"\" class=\"wp-image-4167 lazyload\" width=\"200\" height=\"200\" data-srcset=\"https:\/\/unescochair-ghe.org\/wp-content\/uploads\/2021\/07\/BRETON_Eric_web-2-edited.jpg 779w, https:\/\/unescochair-ghe.org\/wp-content\/uploads\/2021\/07\/BRETON_Eric_web-2-edited-300x300.jpg 300w, https:\/\/unescochair-ghe.org\/wp-content\/uploads\/2021\/07\/BRETON_Eric_web-2-edited-150x150.jpg 150w, https:\/\/unescochair-ghe.org\/wp-content\/uploads\/2021\/07\/BRETON_Eric_web-2-edited-768x768.jpg 768w, https:\/\/unescochair-ghe.org\/wp-content\/uploads\/2021\/07\/BRETON_Eric_web-2-edited-12x12.jpg 12w, https:\/\/unescochair-ghe.org\/wp-content\/uploads\/2021\/07\/BRETON_Eric_web-2-edited-512x512.jpg 512w\" data-sizes=\"(max-width: 200px) 100vw, 200px\" src=\"data:image\/svg+xml;base64,PHN2ZyB3aWR0aD0iMSIgaGVpZ2h0PSIxIiB4bWxucz0iaHR0cDovL3d3dy53My5vcmcvMjAwMC9zdmciPjwvc3ZnPg==\" style=\"--smush-placeholder-width: 200px; --smush-placeholder-aspect-ratio: 200\/200;\" \/><\/figure>\n<\/div><\/div>\n\n\n\n<div class=\"wp-block-column is-vertically-aligned-top is-layout-flow wp-block-column-is-layout-flow\" style=\"flex-basis:66.66%\">\n<p><strong>Eric Breton<\/strong>, a Canadian, is professor of health promotion at the EHESP School of public health. Before settling in France, he acquired a broad international experience in research in Canada, Australia and the United Arab Emirates. His main research interests focus on policy advocacy strategies in the prevention of NCDs, evaluation of complex community-based interventions, and on local capacity building strategies for health and equity. He is an affiliated researcher of the&nbsp;<em>UNESCO Chair Global Health &amp; Education<\/em>, and sits on different national and regional expert groups such as the&nbsp;<em>High Council for Public Health<\/em>&nbsp;(HCSP). In 2020, he published with three other editors the second edition of the first health promotion handbook in French, a publication that has mobilized contributions from 40 authors from 6 countries.<\/p>\n<\/div>\n<\/div>\n\n\n\n<div class=\"wp-block-columns is-layout-flex wp-container-core-columns-is-layout-9d6595d7 wp-block-columns-is-layout-flex\">\n<div class=\"wp-block-column is-layout-flow wp-block-column-is-layout-flow\" style=\"flex-basis:33.33%\">\n<figure class=\"wp-block-embed is-type-video is-provider-youtube wp-block-embed-youtube wp-embed-aspect-16-9 wp-has-aspect-ratio\"><div class=\"wp-block-embed__wrapper\">\n<iframe title=\"Eric Breton - Setting the scene: an introduction to community resilience - CH Workshop 2022\" width=\"1233\" height=\"694\" data-src=\"https:\/\/www.youtube.com\/embed\/8O_VtbfvJgU?feature=oembed\" frameborder=\"0\" allow=\"accelerometer; autoplay; clipboard-write; encrypted-media; gyroscope; picture-in-picture; web-share\" referrerpolicy=\"strict-origin-when-cross-origin\" allowfullscreen src=\"data:image\/svg+xml;base64,PHN2ZyB3aWR0aD0iMSIgaGVpZ2h0PSIxIiB4bWxucz0iaHR0cDovL3d3dy53My5vcmcvMjAwMC9zdmciPjwvc3ZnPg==\" class=\"lazyload\" data-load-mode=\"1\"><\/iframe>\n<\/div><\/figure>\n\n\n\n<p class=\"has-text-align-center\"><a rel=\"noreferrer noopener\" href=\"https:\/\/unescochair-ghe.org\/wp-content\/uploads\/2022\/06\/On-community-resilience_E_Breton.pdf\" target=\"_blank\">Download the presentation from Eric Breton<\/a><\/p>\n<\/div>\n\n\n\n<div class=\"wp-block-column is-layout-flow wp-block-column-is-layout-flow\" style=\"flex-basis:66.66%\"><\/div>\n<\/div>\n\n\n\n<h4 class=\"wp-block-heading\"><strong>Examination of risk perception, condom compliance and healthcare seeking behavior of male and transgender sex workers in India: Health disparities, structural challenges and the road ahead<\/strong><\/h4>\n\n\n\n<div class=\"wp-block-columns is-layout-flex wp-container-core-columns-is-layout-9d6595d7 wp-block-columns-is-layout-flex\">\n<div class=\"wp-block-column is-vertically-aligned-center is-layout-flow wp-block-column-is-layout-flow\" style=\"flex-basis:33.33%\"><div class=\"wp-block-image is-style-rounded\">\n<figure class=\"aligncenter size-full is-resized\"><img decoding=\"async\" data-src=\"https:\/\/unescochair-ghe.org\/wp-content\/uploads\/2022\/06\/PHOTO-SD-edited.jpg\" alt=\"\" class=\"wp-image-5412 lazyload\" width=\"200\" height=\"200\" data-srcset=\"https:\/\/unescochair-ghe.org\/wp-content\/uploads\/2022\/06\/PHOTO-SD-edited.jpg 715w, https:\/\/unescochair-ghe.org\/wp-content\/uploads\/2022\/06\/PHOTO-SD-edited-300x300.jpg 300w, https:\/\/unescochair-ghe.org\/wp-content\/uploads\/2022\/06\/PHOTO-SD-edited-150x150.jpg 150w, https:\/\/unescochair-ghe.org\/wp-content\/uploads\/2022\/06\/PHOTO-SD-edited-12x12.jpg 12w, https:\/\/unescochair-ghe.org\/wp-content\/uploads\/2022\/06\/PHOTO-SD-edited-512x512.jpg 512w\" data-sizes=\"(max-width: 200px) 100vw, 200px\" src=\"data:image\/svg+xml;base64,PHN2ZyB3aWR0aD0iMSIgaGVpZ2h0PSIxIiB4bWxucz0iaHR0cDovL3d3dy53My5vcmcvMjAwMC9zdmciPjwvc3ZnPg==\" style=\"--smush-placeholder-width: 200px; --smush-placeholder-aspect-ratio: 200\/200;\" \/><\/figure>\n<\/div>\n\n\n<p class=\"has-text-align-center\"><\/p>\n<\/div>\n\n\n\n<div class=\"wp-block-column is-vertically-aligned-top is-layout-flow wp-block-column-is-layout-flow\" style=\"flex-basis:66.66%\">\n<p><strong>Satarupa Dasgupta <\/strong>is an Assistant Professor of Applied Communication at Ramapo College of New Jersey, USA. Her research focuses on health communication program development and implementation, with her experience spanning academia and the not-for-profit sector. She has worked on HIV\/STI intervention development among commercial sex workers, on prevention of sex trafficking and rehabilitation of sex trafficking survivors in international settings, and also on intimate partner violence prevention among immigrant communities in the US. She has published her research in peer reviewed journal articles, book chapters, special issues of journals, essays and blog posts etc. and has won several awards and grants. She has also served on several national and international organizations as program chair, and she is on the editorial board for several journals.<\/p>\n<\/div>\n<\/div>\n\n\n\n<div class=\"wp-block-columns is-layout-flex wp-container-core-columns-is-layout-9d6595d7 wp-block-columns-is-layout-flex\">\n<div class=\"wp-block-column is-vertically-aligned-top is-layout-flow wp-block-column-is-layout-flow\" style=\"flex-basis:33.33%\">\n<figure class=\"wp-block-embed is-type-video is-provider-youtube wp-block-embed-youtube wp-embed-aspect-16-9 wp-has-aspect-ratio\"><div class=\"wp-block-embed__wrapper\">\n<iframe title=\"Satarupa Dasgupta - Examination of risk perception, condom compliance, health care seeking behavior\" width=\"1233\" height=\"694\" data-src=\"https:\/\/www.youtube.com\/embed\/W3kSekZV5dc?feature=oembed\" frameborder=\"0\" allow=\"accelerometer; autoplay; clipboard-write; encrypted-media; gyroscope; picture-in-picture; web-share\" referrerpolicy=\"strict-origin-when-cross-origin\" allowfullscreen src=\"data:image\/svg+xml;base64,PHN2ZyB3aWR0aD0iMSIgaGVpZ2h0PSIxIiB4bWxucz0iaHR0cDovL3d3dy53My5vcmcvMjAwMC9zdmciPjwvc3ZnPg==\" class=\"lazyload\" data-load-mode=\"1\"><\/iframe>\n<\/div><\/figure>\n\n\n\n<p class=\"has-text-align-center\"><a rel=\"noreferrer noopener\" href=\"https:\/\/unescochair-ghe.org\/wp-content\/uploads\/2022\/06\/Dasgupta-presentation-CHW.pdf\" target=\"_blank\">Download the presentation from Satarupa Dasgupta<\/a><\/p>\n<\/div>\n\n\n\n<div class=\"wp-block-column is-vertically-aligned-top is-layout-flow wp-block-column-is-layout-flow\" style=\"flex-basis:66.66%\">\n<p><strong>\u062e\u0644\u0627\u0635\u0647<\/strong>: Male and transgender sex workers comprise 15% of the sex workers\u2019 population in India, yet they are an invisible group in the commercial sex sector. Male and transgender sex workers in India have limited access to healthcare and suffer from poorer quality of care. Marginalization, discrimination, socioeconomic and institutional inequalities act as barriers in attaining health among this population. Additionally, male and transgender sex workers face pervasive and deep-seated stigma at multiple levels for their gender non-conformity and for their involvement in sex work. Such stigma intersects with factors like financial stress, housing insecurity, and employment discrimination, thus precipitating health disparities. The current study examines the sexual health belief, risk perception, and decision-making behavior of male and transgender commercial sex workers in India. The study was conducted in the red-light districts of Kolkata, and also in the rural subdivisions of West Bengal, India. The study findings hope to contribute to recommendations and best practices to reduce STI\/HIV transmission, increase adherence to screening\/testing and improve healthcare seeking behavior among this population. Much of the research on sex work has focused on the health needs and behavior of female sex workers with relatively little information available on male and transgender sex workers. This study aims to fill this gap in research by drawing attention to a hyper-marginalized population &#8212;male and transgender commercial sex workers in India.<\/p>\n<\/div>\n<\/div>\n\n\n\n<h3 class=\"wp-block-heading\" id=\"Day2\">Day 2 \u2013 Building resilience within health systems<\/h3>\n\n\n\n<h4 class=\"wp-block-heading\"><strong>Development vs. Strategic Communication in the Context of Global and Community Health<\/strong><\/h4>\n\n\n\n<div class=\"wp-block-columns is-layout-flex wp-container-core-columns-is-layout-9d6595d7 wp-block-columns-is-layout-flex\">\n<div class=\"wp-block-column is-vertically-aligned-center is-layout-flow wp-block-column-is-layout-flow\" style=\"flex-basis:33.33%\"><div class=\"wp-block-image is-style-rounded\">\n<figure class=\"aligncenter size-large is-resized\"><img decoding=\"async\" data-src=\"https:\/\/unescochair-ghe.org\/wp-content\/uploads\/2022\/06\/Nancy-Muturi_Headshot-edited-scaled.jpg\" alt=\"\" class=\"wp-image-5483 lazyload\" width=\"200\" height=\"200\" data-srcset=\"https:\/\/unescochair-ghe.org\/wp-content\/uploads\/2022\/06\/Nancy-Muturi_Headshot-edited-scaled.jpg 2554w, https:\/\/unescochair-ghe.org\/wp-content\/uploads\/2022\/06\/Nancy-Muturi_Headshot-edited-300x300.jpg 300w, https:\/\/unescochair-ghe.org\/wp-content\/uploads\/2022\/06\/Nancy-Muturi_Headshot-edited-1021x1024.jpg 1021w, https:\/\/unescochair-ghe.org\/wp-content\/uploads\/2022\/06\/Nancy-Muturi_Headshot-edited-150x150.jpg 150w, https:\/\/unescochair-ghe.org\/wp-content\/uploads\/2022\/06\/Nancy-Muturi_Headshot-edited-768x770.jpg 768w, https:\/\/unescochair-ghe.org\/wp-content\/uploads\/2022\/06\/Nancy-Muturi_Headshot-edited-1532x1536.jpg 1532w, https:\/\/unescochair-ghe.org\/wp-content\/uploads\/2022\/06\/Nancy-Muturi_Headshot-edited-2043x2048.jpg 2043w, https:\/\/unescochair-ghe.org\/wp-content\/uploads\/2022\/06\/Nancy-Muturi_Headshot-edited-12x12.jpg 12w, https:\/\/unescochair-ghe.org\/wp-content\/uploads\/2022\/06\/Nancy-Muturi_Headshot-edited-299x300.jpg 299w, https:\/\/unescochair-ghe.org\/wp-content\/uploads\/2022\/06\/Nancy-Muturi_Headshot-edited-512x512.jpg 512w, https:\/\/unescochair-ghe.org\/wp-content\/uploads\/2022\/06\/Nancy-Muturi_Headshot-edited-1024x1024.jpg 1024w\" data-sizes=\"(max-width: 200px) 100vw, 200px\" src=\"data:image\/svg+xml;base64,PHN2ZyB3aWR0aD0iMSIgaGVpZ2h0PSIxIiB4bWxucz0iaHR0cDovL3d3dy53My5vcmcvMjAwMC9zdmciPjwvc3ZnPg==\" style=\"--smush-placeholder-width: 200px; --smush-placeholder-aspect-ratio: 200\/200;\" \/><\/figure>\n<\/div>\n\n\n<p class=\"has-text-align-center\"><\/p>\n<\/div>\n\n\n\n<div class=\"wp-block-column is-vertically-aligned-top is-layout-flow wp-block-column-is-layout-flow\" style=\"flex-basis:66.66%\">\n<p><strong>Dr<\/strong>. <strong>Nancy Muturi<\/strong> is a professor at the A.Q. Miller School of Media and Communications at Kansas State University, USA, with specialization and academic training in health and development communication. She teaches health and risk\/crisis communication, communication theory, strategic communication, and gender\/diversity-related courses. Her research focus is in health and development communication specifically in Africa, Caribbean and among the rural and ethnic minorities in the United States.&nbsp;She has several years of professional experience in health and development communication in Kenya, Caribbean and in the United States. She was a health communication fellow at the Centers for Disease Control and Prevention (CDC) and has consulted with CIDA, UNESCO and several other local, international and federal agencies as a researcher, trainer, grant reviewer, program evaluator and in quality assurance assessment. Her research has appeared in several international journals.&nbsp;A full bio can be found <a href=\"https:\/\/www.k-state.edu\/media-communication\/about\/faculty\/nancy-muturi.html\">here<\/a>.<\/p>\n<\/div>\n<\/div>\n\n\n\n<div class=\"wp-block-columns is-layout-flex wp-container-core-columns-is-layout-9d6595d7 wp-block-columns-is-layout-flex\">\n<div class=\"wp-block-column is-vertically-aligned-top is-layout-flow wp-block-column-is-layout-flow\" style=\"flex-basis:33.33%\">\n<figure class=\"wp-block-embed is-type-video is-provider-youtube wp-block-embed-youtube wp-embed-aspect-16-9 wp-has-aspect-ratio\"><div class=\"wp-block-embed__wrapper\">\n<iframe title=\"Nancy Muturi - Development vs. Strategic communication in the context of global and community health\" width=\"1233\" height=\"694\" data-src=\"https:\/\/www.youtube.com\/embed\/Dc718vZTmYw?feature=oembed\" frameborder=\"0\" allow=\"accelerometer; autoplay; clipboard-write; encrypted-media; gyroscope; picture-in-picture; web-share\" referrerpolicy=\"strict-origin-when-cross-origin\" allowfullscreen src=\"data:image\/svg+xml;base64,PHN2ZyB3aWR0aD0iMSIgaGVpZ2h0PSIxIiB4bWxucz0iaHR0cDovL3d3dy53My5vcmcvMjAwMC9zdmciPjwvc3ZnPg==\" class=\"lazyload\" data-load-mode=\"1\"><\/iframe>\n<\/div><\/figure>\n\n\n\n<p class=\"has-text-align-center\"><a rel=\"noreferrer noopener\" href=\"https:\/\/unescochair-ghe.org\/wp-content\/uploads\/2022\/07\/Development-vs-Strategic-Communication-for-Global-Health.pdf\" target=\"_blank\">Download the presentation from Nancy Muturi<\/a><\/p>\n<\/div>\n\n\n\n<div class=\"wp-block-column is-layout-flow wp-block-column-is-layout-flow\" style=\"flex-basis:66.66%\">\n<p><strong>\u062e\u0644\u0627\u0635\u0647<\/strong>: This presentation will explore the application of the core principles of development communication in global health and risk communication. It will then focus on the strategic communication as the way forward in communicating about health risks and preventive measures.&nbsp; Gaps between development and health communication practice will be discussed.&nbsp;<\/p>\n<\/div>\n<\/div>\n\n\n\n<h4 class=\"wp-block-heading\"><strong>Maternal health in Morocco: time to rethink local action<\/strong><\/h4>\n\n\n\n<div class=\"wp-block-columns is-layout-flex wp-container-core-columns-is-layout-9d6595d7 wp-block-columns-is-layout-flex\">\n<div class=\"wp-block-column is-vertically-aligned-center is-layout-flow wp-block-column-is-layout-flow\" style=\"flex-basis:33.33%\"><div class=\"wp-block-image is-style-rounded\">\n<figure class=\"aligncenter size-full is-resized\"><img decoding=\"async\" data-src=\"https:\/\/unescochair-ghe.org\/wp-content\/uploads\/2022\/06\/Saloua.png\" alt=\"\" class=\"wp-image-5415 lazyload\" width=\"200\" height=\"200\" data-srcset=\"https:\/\/unescochair-ghe.org\/wp-content\/uploads\/2022\/06\/Saloua.png 450w, https:\/\/unescochair-ghe.org\/wp-content\/uploads\/2022\/06\/Saloua-300x300.png 300w, https:\/\/unescochair-ghe.org\/wp-content\/uploads\/2022\/06\/Saloua-150x150.png 150w, https:\/\/unescochair-ghe.org\/wp-content\/uploads\/2022\/06\/Saloua-12x12.png 12w\" data-sizes=\"(max-width: 200px) 100vw, 200px\" src=\"data:image\/svg+xml;base64,PHN2ZyB3aWR0aD0iMSIgaGVpZ2h0PSIxIiB4bWxucz0iaHR0cDovL3d3dy53My5vcmcvMjAwMC9zdmciPjwvc3ZnPg==\" style=\"--smush-placeholder-width: 200px; --smush-placeholder-aspect-ratio: 200\/200;\" \/><\/figure>\n<\/div>\n\n\n<p class=\"has-text-align-center\"><\/p>\n<\/div>\n\n\n\n<div class=\"wp-block-column is-layout-flow wp-block-column-is-layout-flow\"><\/div>\n\n\n\n<div class=\"wp-block-column is-vertically-aligned-top is-layout-flow wp-block-column-is-layout-flow\" style=\"flex-basis:66.66%\">\n<p><strong>Saloua Abouchadi<\/strong>, MD, MPH, PhD in Public Health Sciences (ULB, Brussels) is a lecturer-researcher at&nbsp;<a href=\"http:\/\/ensp.sante.gov.ma\/Pages\/Accueil.aspx\">National School of Public Health (ENSP), Rabat, Morocco<\/a>&nbsp;from 2013. She has over twenty years of professional experience, of which seven years as a general practitioner and in charge of the School and University Health Program in a rural district.&nbsp;She served as a health program manager for five years at the Directorate of Hospitals and Ambulatory Care, and later as head of the ambulatory care service. She was directly engaged in the implementation of the maternal and neonatal mortality reduction action plan and the maternal death surveillance system from 2009 to 2018. She has been a team research member of&nbsp;<a href=\"https:\/\/www.abdn.ac.uk\/femhealth\/\">FEMHealth<\/a>&nbsp;project (fee exemption for maternal health care) and&nbsp;<a href=\"https:\/\/moove.ares-ac.be\/maroc\/participer-lamelioration-globale-de-la-sante-maternelle-et-infantile\">PRD research project<\/a>&nbsp;on Integrated approach for the sustainable control of morbidity and mortality of infectious causes in the mother-child couple in Morocco. Her areas of interest focus are maternal and newborn health, maternal mortality surveillance, patient experience, primary health care and health promotion interventions.<\/p>\n<\/div>\n<\/div>\n\n\n\n<div class=\"wp-block-columns is-layout-flex wp-container-core-columns-is-layout-9d6595d7 wp-block-columns-is-layout-flex\">\n<div class=\"wp-block-column is-vertically-aligned-top is-layout-flow wp-block-column-is-layout-flow\" style=\"flex-basis:33.33%\">\n<figure class=\"wp-block-embed is-type-video is-provider-youtube wp-block-embed-youtube wp-embed-aspect-16-9 wp-has-aspect-ratio\"><div class=\"wp-block-embed__wrapper\">\n<iframe title=\"Saloua Abouchadi - Maternal Health in Morocco, Time to rethink local action - CH Workshop 2022\" width=\"1233\" height=\"694\" data-src=\"https:\/\/www.youtube.com\/embed\/QoZOhdzo25A?feature=oembed\" frameborder=\"0\" allow=\"accelerometer; autoplay; clipboard-write; encrypted-media; gyroscope; picture-in-picture; web-share\" referrerpolicy=\"strict-origin-when-cross-origin\" allowfullscreen src=\"data:image\/svg+xml;base64,PHN2ZyB3aWR0aD0iMSIgaGVpZ2h0PSIxIiB4bWxucz0iaHR0cDovL3d3dy53My5vcmcvMjAwMC9zdmciPjwvc3ZnPg==\" class=\"lazyload\" data-load-mode=\"1\"><\/iframe>\n<\/div><\/figure>\n\n\n\n<p class=\"has-text-align-center\"><a rel=\"noreferrer noopener\" href=\"https:\/\/unescochair-ghe.org\/wp-content\/uploads\/2022\/06\/Maternal-Health-Morocco_Saloua-Abouchadi.pdf\" target=\"_blank\">Download the presentation from Saloua Abouchadi<\/a><\/p>\n<\/div>\n\n\n\n<div class=\"wp-block-column is-layout-flow wp-block-column-is-layout-flow\" style=\"flex-basis:66.66%\"><\/div>\n<\/div>\n\n\n\n<h4 class=\"wp-block-heading\"><strong>Empowering spaces for health<\/strong><\/h4>\n\n\n\n<div class=\"wp-block-columns is-layout-flex wp-container-core-columns-is-layout-9d6595d7 wp-block-columns-is-layout-flex\">\n<div class=\"wp-block-column is-layout-flow wp-block-column-is-layout-flow\" style=\"flex-basis:33.33%\"><\/div>\n\n\n\n<div class=\"wp-block-column is-layout-flow wp-block-column-is-layout-flow\" style=\"flex-basis:66.66%\">\n<p><strong>Katie Powell <\/strong>is a sociologist with 15 years\u2019 experience in public health research. She has three major interlinked research interests: Exploring processes of inequity as they relate to health with reference to the role of place and social spaces. The implementation and evaluation of community-based health improvement interventions. Social networks and their influence on health. Katie has contributed to the development of the public health workforce through teaching in higher education, developing and delivering workforce training relating to evaluation and co-producing evaluations with community organizations to support knowledge exchange. Katie is currently developing ways to integrate sociological perspectives in public health practice to support a greater emphasis on inequality.&nbsp;<\/p>\n<\/div>\n<\/div>\n\n\n\n<div class=\"wp-block-columns is-layout-flex wp-container-core-columns-is-layout-9d6595d7 wp-block-columns-is-layout-flex\">\n<div class=\"wp-block-column is-layout-flow wp-block-column-is-layout-flow\" style=\"flex-basis:33.33%\"><\/div>\n\n\n\n<div class=\"wp-block-column is-layout-flow wp-block-column-is-layout-flow\" style=\"flex-basis:66.66%\">\n<p><strong>Amy Barnes<\/strong> has 15 years of experience in developing, leading, and evaluating a range of policy-relevant research programmes; working in close partnership with local government, voluntary sector organisations, public health specialists and other stakeholders (in the UK and internationally) to improve wider determinants of health: the conditions in which people live, grow, play, work, and age. Amy works in embedded ways to support the design and delivery of a range of policy initiatives, including producing &#8216;real-time&#8217; evaluative feedback to support learning and implementation. She has worked on a range of important policy topics, including community power and influence as a determinant of health, co-production in commissioning, public engagement in strategic local planning, neighbourhood planning, healthy food environments (including food trade) and the prevention of adult labour and sexual exploitation.<\/p>\n<\/div>\n<\/div>\n\n\n\n<div class=\"wp-block-columns is-layout-flex wp-container-core-columns-is-layout-9d6595d7 wp-block-columns-is-layout-flex\">\n<div class=\"wp-block-column is-layout-flow wp-block-column-is-layout-flow\" style=\"flex-basis:33.33%\"><\/div>\n\n\n\n<div class=\"wp-block-column is-layout-flow wp-block-column-is-layout-flow\" style=\"flex-basis:66.66%\">\n<p><strong>\u062e\u0644\u0627\u0635\u0647<\/strong>: Collective control by communities &#8211; how much influence they have over their lives &#8211; is an important determinant of health. It shapes inequalities in health. This presentation outlines an intervention designed to improve the collective control of disadvantaged communities across England. It describes a long-term research study designed to evaluate the intervention. It presents the findings on how collective control can be measured and how communities can be supported to increase their collective control.&nbsp;&nbsp;<\/p>\n<\/div>\n<\/div>\n\n\n\n<h4 class=\"wp-block-heading\"><strong>Building resilient communities through pharmacy, learning from COVID-19<\/strong><\/h4>\n\n\n\n<div class=\"wp-block-columns is-layout-flex wp-container-core-columns-is-layout-9d6595d7 wp-block-columns-is-layout-flex\">\n<div class=\"wp-block-column is-vertically-aligned-center is-layout-flow wp-block-column-is-layout-flow\" style=\"flex-basis:33.33%\"><div class=\"wp-block-image is-style-rounded\">\n<figure class=\"aligncenter size-large is-resized\"><img decoding=\"async\" data-src=\"https:\/\/unescochair-ghe.org\/wp-content\/uploads\/2022\/06\/Duggan-edited-1-scaled.jpg\" alt=\"\" class=\"wp-image-5533 lazyload\" width=\"200\" data-srcset=\"https:\/\/unescochair-ghe.org\/wp-content\/uploads\/2022\/06\/Duggan-edited-1-scaled.jpg 2556w, https:\/\/unescochair-ghe.org\/wp-content\/uploads\/2022\/06\/Duggan-edited-1-300x300.jpg 300w, https:\/\/unescochair-ghe.org\/wp-content\/uploads\/2022\/06\/Duggan-edited-1-1022x1024.jpg 1022w, https:\/\/unescochair-ghe.org\/wp-content\/uploads\/2022\/06\/Duggan-edited-1-150x150.jpg 150w, https:\/\/unescochair-ghe.org\/wp-content\/uploads\/2022\/06\/Duggan-edited-1-768x769.jpg 768w, https:\/\/unescochair-ghe.org\/wp-content\/uploads\/2022\/06\/Duggan-edited-1-1534x1536.jpg 1534w, https:\/\/unescochair-ghe.org\/wp-content\/uploads\/2022\/06\/Duggan-edited-1-2045x2048.jpg 2045w, https:\/\/unescochair-ghe.org\/wp-content\/uploads\/2022\/06\/Duggan-edited-1-12x12.jpg 12w, https:\/\/unescochair-ghe.org\/wp-content\/uploads\/2022\/06\/Duggan-edited-1-512x512.jpg 512w\" data-sizes=\"(max-width: 2556px) 100vw, 2556px\" src=\"data:image\/svg+xml;base64,PHN2ZyB3aWR0aD0iMSIgaGVpZ2h0PSIxIiB4bWxucz0iaHR0cDovL3d3dy53My5vcmcvMjAwMC9zdmciPjwvc3ZnPg==\" style=\"--smush-placeholder-width: 2556px; --smush-placeholder-aspect-ratio: 2556\/2560;\" \/><\/figure>\n<\/div>\n\n\n<p class=\"has-text-align-center\"><\/p>\n<\/div>\n\n\n\n<div class=\"wp-block-column is-vertically-aligned-center is-layout-flow wp-block-column-is-layout-flow\" style=\"flex-basis:66.66%\">\n<p><strong>Dr Catherine Duggan<\/strong> is the Chief Executive Officer of the International Pharmaceutical Federation and is responsible for visionary leadership, support, development, advocacy and growth across the 150 member organisations and the four million members FIP represents. In 2019, Catherine chaired the World Professions Health Alliance (represents 35 million health professionals across medicine, nursing, dentistry, physiotherapy and pharmacy) and signed the FIP MOU with WHO in May 2019 at the World Health Assembly meeting. The MoU builds on the formal established relationship WHO and FIP have held since 1948 and secures how pharmacy contributes globally to Primary Health Care to deliver Universal Health Coverage. Until April 2018, Dr Catherine Duggan was the Director of Professional Development at the Royal Pharmaceutical Society of Great Britain. From 2012, Catherine led the development, implementation and strategic embedding of RPS Faculty and Foundation programmes into continuing professional development. Catherine has worked in community, primary care, hospital and academia.<\/p>\n<\/div>\n<\/div>\n\n\n\n<div class=\"wp-block-columns is-layout-flex wp-container-core-columns-is-layout-9d6595d7 wp-block-columns-is-layout-flex\">\n<div class=\"wp-block-column is-layout-flow wp-block-column-is-layout-flow\" style=\"flex-basis:33.33%\">\n<figure class=\"wp-block-embed is-type-video is-provider-youtube wp-block-embed-youtube wp-embed-aspect-16-9 wp-has-aspect-ratio\"><div class=\"wp-block-embed__wrapper\">\n<iframe title=\"Catherine Duggan - Building resilient communities through pharmacy, learning from COVID-19\" width=\"1233\" height=\"694\" data-src=\"https:\/\/www.youtube.com\/embed\/GqpKM8RRfuw?feature=oembed\" frameborder=\"0\" allow=\"accelerometer; autoplay; clipboard-write; encrypted-media; gyroscope; picture-in-picture; web-share\" referrerpolicy=\"strict-origin-when-cross-origin\" allowfullscreen src=\"data:image\/svg+xml;base64,PHN2ZyB3aWR0aD0iMSIgaGVpZ2h0PSIxIiB4bWxucz0iaHR0cDovL3d3dy53My5vcmcvMjAwMC9zdmciPjwvc3ZnPg==\" class=\"lazyload\" data-load-mode=\"1\"><\/iframe>\n<\/div><\/figure>\n\n\n\n<p class=\"has-text-align-center\"><a rel=\"noreferrer noopener\" href=\"https:\/\/unescochair-ghe.org\/wp-content\/uploads\/2022\/06\/FIP-presentation-on-building-resilience-June-2022.pdf\" target=\"_blank\">Download the presentation from Catherine Duggan<\/a><\/p>\n<\/div>\n\n\n\n<div class=\"wp-block-column is-layout-flow wp-block-column-is-layout-flow\" style=\"flex-basis:66.66%\">\n<p><strong>\u062e\u0644\u0627\u0635\u0647<\/strong>: The presentation will provide an overview of FIP, the commitment we have made to universal health coverage (UHC) by mobilising community pharmacy to deliver primary health care (PHC). Then, the tests faced for the profession as we found ourselves in a pandemic of global concern will be shared. Some of the responses during the pandemic, the opportunities and challenges met and the learnings for the future will be outlined. Finally, how FIP plans to recognise the responsiveness, the resilience and the resourcefulness of the profession will be acknowledged as we move into the next phase of COVID-19.<\/p>\n<\/div>\n<\/div>\n\n\n\n<h3 class=\"wp-block-heading\" id=\"day3\">Day 3 \u2013 Emergency Health<\/h3>\n\n\n\n<h4 class=\"wp-block-heading\"><strong>Epidemic Control Toolkit. Website Presentation<\/strong><\/h4>\n\n\n\n<div class=\"wp-block-columns is-layout-flex wp-container-core-columns-is-layout-9d6595d7 wp-block-columns-is-layout-flex\">\n<div class=\"wp-block-column is-vertically-aligned-center is-layout-flow wp-block-column-is-layout-flow\" style=\"flex-basis:33.33%\"><div class=\"wp-block-image is-style-rounded\">\n<figure class=\"aligncenter size-large is-resized\"><img decoding=\"async\" data-src=\"https:\/\/unescochair-ghe.org\/wp-content\/uploads\/2022\/06\/Maya-edited.jpg\" alt=\"\" class=\"wp-image-5458 lazyload\" width=\"200\" height=\"200\" data-srcset=\"https:\/\/unescochair-ghe.org\/wp-content\/uploads\/2022\/06\/Maya-edited.jpg 1291w, https:\/\/unescochair-ghe.org\/wp-content\/uploads\/2022\/06\/Maya-edited-300x300.jpg 300w, https:\/\/unescochair-ghe.org\/wp-content\/uploads\/2022\/06\/Maya-edited-1024x1024.jpg 1024w, https:\/\/unescochair-ghe.org\/wp-content\/uploads\/2022\/06\/Maya-edited-150x150.jpg 150w, https:\/\/unescochair-ghe.org\/wp-content\/uploads\/2022\/06\/Maya-edited-768x769.jpg 768w, https:\/\/unescochair-ghe.org\/wp-content\/uploads\/2022\/06\/Maya-edited-12x12.jpg 12w, https:\/\/unescochair-ghe.org\/wp-content\/uploads\/2022\/06\/Maya-edited-512x512.jpg 512w\" data-sizes=\"(max-width: 200px) 100vw, 200px\" src=\"data:image\/svg+xml;base64,PHN2ZyB3aWR0aD0iMSIgaGVpZ2h0PSIxIiB4bWxucz0iaHR0cDovL3d3dy53My5vcmcvMjAwMC9zdmciPjwvc3ZnPg==\" style=\"--smush-placeholder-width: 200px; --smush-placeholder-aspect-ratio: 200\/200;\" \/><\/figure>\n<\/div><\/div>\n\n\n\n<div class=\"wp-block-column is-vertically-aligned-center is-layout-flow wp-block-column-is-layout-flow\" style=\"flex-basis:66.66%\">\n<p><strong>Maya Schaerer<\/strong> has worked with the International Federation of Red Cross and Red Crescent Societies (IFRC) network since 2003 to design and implement&nbsp;disaster risk reduction,&nbsp;climate change adaptation and epidemic preparedness activities.&nbsp;Since 2017, she has been involved in&nbsp;IFRC\u2019s Community Epidemic and Pandemic Preparedness Programme, supporting communities, National Societies and other partners to prevent, detect and respond to disease threats.<\/p>\n<\/div>\n<\/div>\n\n\n\n<div class=\"wp-block-columns is-layout-flex wp-container-core-columns-is-layout-9d6595d7 wp-block-columns-is-layout-flex\">\n<div class=\"wp-block-column is-vertically-aligned-center is-layout-flow wp-block-column-is-layout-flow\" style=\"flex-basis:33.33%\"><div class=\"wp-block-image is-style-rounded\">\n<figure class=\"aligncenter size-large is-resized\"><img decoding=\"async\" data-src=\"https:\/\/unescochair-ghe.org\/wp-content\/uploads\/2022\/06\/Wbeimar-edited.jpg\" alt=\"\" class=\"wp-image-5460 lazyload\" width=\"200\" height=\"200\" data-srcset=\"https:\/\/unescochair-ghe.org\/wp-content\/uploads\/2022\/06\/Wbeimar-edited.jpg 836w, https:\/\/unescochair-ghe.org\/wp-content\/uploads\/2022\/06\/Wbeimar-edited-300x300.jpg 300w, https:\/\/unescochair-ghe.org\/wp-content\/uploads\/2022\/06\/Wbeimar-edited-150x150.jpg 150w, https:\/\/unescochair-ghe.org\/wp-content\/uploads\/2022\/06\/Wbeimar-edited-768x767.jpg 768w, https:\/\/unescochair-ghe.org\/wp-content\/uploads\/2022\/06\/Wbeimar-edited-12x12.jpg 12w, https:\/\/unescochair-ghe.org\/wp-content\/uploads\/2022\/06\/Wbeimar-edited-512x512.jpg 512w\" data-sizes=\"(max-width: 200px) 100vw, 200px\" src=\"data:image\/svg+xml;base64,PHN2ZyB3aWR0aD0iMSIgaGVpZ2h0PSIxIiB4bWxucz0iaHR0cDovL3d3dy53My5vcmcvMjAwMC9zdmciPjwvc3ZnPg==\" style=\"--smush-placeholder-width: 200px; --smush-placeholder-aspect-ratio: 200\/200;\" \/><\/figure>\n<\/div>\n\n\n<p class=\"has-text-align-center\"><\/p>\n<\/div>\n\n\n\n<div class=\"wp-block-column is-vertically-aligned-center is-layout-flow wp-block-column-is-layout-flow\" style=\"flex-basis:66.66%\">\n<p><strong>Wbeimar S\u00e1nchez<\/strong> studied medicine, emergency management, and public\/environmental health. He has been involved with the Red Cross Red Crescent Movement for several years, starting with the Colombian Red Cross and subsequently with the International Federation of Red Cross and Red Crescent Societies (IFRC) in various positions. He has worked in several emergency response operations ranging from the West Africa Ebola outbreak to the current COVID-19 pandemic. Currently he works as senior officer, epidemic preparedness and readiness at the IFRC in Geneva.<\/p>\n<\/div>\n<\/div>\n\n\n\n<div class=\"wp-block-columns is-layout-flex wp-container-core-columns-is-layout-9d6595d7 wp-block-columns-is-layout-flex\">\n<div class=\"wp-block-column is-layout-flow wp-block-column-is-layout-flow\" style=\"flex-basis:33.33%\">\n<figure class=\"wp-block-embed is-type-video is-provider-youtube wp-block-embed-youtube wp-embed-aspect-16-9 wp-has-aspect-ratio\"><div class=\"wp-block-embed__wrapper\">\n<iframe title=\"Maya Schaerer, Wbeimar S\u00e1nchez - Epidemic Control Toolkit - IFRC - CH Workshop 2022\" width=\"1233\" height=\"694\" data-src=\"https:\/\/www.youtube.com\/embed\/Fv9dXpx1Iks?feature=oembed\" frameborder=\"0\" allow=\"accelerometer; autoplay; clipboard-write; encrypted-media; gyroscope; picture-in-picture; web-share\" referrerpolicy=\"strict-origin-when-cross-origin\" allowfullscreen src=\"data:image\/svg+xml;base64,PHN2ZyB3aWR0aD0iMSIgaGVpZ2h0PSIxIiB4bWxucz0iaHR0cDovL3d3dy53My5vcmcvMjAwMC9zdmciPjwvc3ZnPg==\" class=\"lazyload\" data-load-mode=\"1\"><\/iframe>\n<\/div><\/figure>\n\n\n\n<p class=\"has-text-align-center\"><a rel=\"noreferrer noopener\" href=\"https:\/\/unescochair-ghe.org\/wp-content\/uploads\/2022\/07\/IRFC.pdf\" target=\"_blank\">Download the presentation from IRFC<\/a><\/p>\n<\/div>\n\n\n\n<div class=\"wp-block-column is-layout-flow wp-block-column-is-layout-flow\" style=\"flex-basis:66.66%\">\n<p><strong>\u062e\u0644\u0627\u0635\u0647<\/strong>: Infectious diseases and the risk of epidemics and pandemics are a cause of concern to the global health community. Climate&nbsp;change and urbanization increase the risk of crises, which in turn strain health systems and widen health disparities.&nbsp;The&nbsp;IFRC recognizes that communities and individuals can play a key role in better preparing for these risks, and has developed&nbsp;epidemics.ifrc.org, a website where volunteers can easily find information to prevent and respond to different outbreaks,&nbsp;and where managers have access to evidence-based guidance for health programming<\/p>\n<\/div>\n<\/div>\n\n\n\n<h4 class=\"wp-block-heading\"><strong>S.A.L.T.  : Daring to Listen<\/strong><\/h4>\n\n\n\n<div class=\"wp-block-columns is-layout-flex wp-container-core-columns-is-layout-9d6595d7 wp-block-columns-is-layout-flex\">\n<div class=\"wp-block-column is-vertically-aligned-center is-layout-flow wp-block-column-is-layout-flow\" style=\"flex-basis:33.33%\"><div class=\"wp-block-image is-style-rounded\">\n<figure class=\"aligncenter size-full is-resized\"><img decoding=\"async\" data-src=\"https:\/\/unescochair-ghe.org\/wp-content\/uploads\/2022\/06\/JL-Lamboray-edited.png\" alt=\"\" class=\"wp-image-5545 lazyload\" width=\"200\" height=\"200\" data-srcset=\"https:\/\/unescochair-ghe.org\/wp-content\/uploads\/2022\/06\/JL-Lamboray-edited.png 430w, https:\/\/unescochair-ghe.org\/wp-content\/uploads\/2022\/06\/JL-Lamboray-edited-300x300.png 300w, https:\/\/unescochair-ghe.org\/wp-content\/uploads\/2022\/06\/JL-Lamboray-edited-150x150.png 150w, https:\/\/unescochair-ghe.org\/wp-content\/uploads\/2022\/06\/JL-Lamboray-edited-12x12.png 12w\" data-sizes=\"(max-width: 200px) 100vw, 200px\" src=\"data:image\/svg+xml;base64,PHN2ZyB3aWR0aD0iMSIgaGVpZ2h0PSIxIiB4bWxucz0iaHR0cDovL3d3dy53My5vcmcvMjAwMC9zdmciPjwvc3ZnPg==\" style=\"--smush-placeholder-width: 200px; --smush-placeholder-aspect-ratio: 200\/200;\" \/><\/figure>\n<\/div><\/div>\n\n\n\n<div class=\"wp-block-column is-layout-flow wp-block-column-is-layout-flow\" style=\"flex-basis:66.66%\">\n<p><strong>Jean-Louis Lamboray <\/strong>\u2013 For some mysterious reason, I have always felt that at their core, people were good, and that they could achieve a lot if they were engulfed with trust. If there is a red line in my life, it must be my passion for local responses, what people do to realize their dreams once they realize their potential. At the Constellation I keep being amazed by the power of a positive outlook on people and situations. That power not only transforms the situation, it has transformed me. Barriers between work and life have been shattered. I now live for a world where communities, families, individuals become aware of their potential and mobilise it fully to realise their dream. I can\u2019t call that work anymore. Nor can I say that I have become an expert at anything.<\/p>\n<\/div>\n<\/div>\n\n\n\n<div class=\"wp-block-columns is-layout-flex wp-container-core-columns-is-layout-9d6595d7 wp-block-columns-is-layout-flex\">\n<div class=\"wp-block-column is-vertically-aligned-center is-layout-flow wp-block-column-is-layout-flow\" style=\"flex-basis:33.33%\"><div class=\"wp-block-image is-style-rounded\">\n<figure class=\"aligncenter size-full is-resized\"><img decoding=\"async\" data-src=\"https:\/\/unescochair-ghe.org\/wp-content\/uploads\/2022\/06\/Luc-Barriere-Constantin-edited.png\" alt=\"\" class=\"wp-image-5547 lazyload\" width=\"200\" height=\"200\" data-srcset=\"https:\/\/unescochair-ghe.org\/wp-content\/uploads\/2022\/06\/Luc-Barriere-Constantin-edited.png 433w, https:\/\/unescochair-ghe.org\/wp-content\/uploads\/2022\/06\/Luc-Barriere-Constantin-edited-300x300.png 300w, https:\/\/unescochair-ghe.org\/wp-content\/uploads\/2022\/06\/Luc-Barriere-Constantin-edited-150x150.png 150w, https:\/\/unescochair-ghe.org\/wp-content\/uploads\/2022\/06\/Luc-Barriere-Constantin-edited-12x12.png 12w\" data-sizes=\"(max-width: 200px) 100vw, 200px\" src=\"data:image\/svg+xml;base64,PHN2ZyB3aWR0aD0iMSIgaGVpZ2h0PSIxIiB4bWxucz0iaHR0cDovL3d3dy53My5vcmcvMjAwMC9zdmciPjwvc3ZnPg==\" style=\"--smush-placeholder-width: 200px; --smush-placeholder-aspect-ratio: 200\/200;\" \/><\/figure>\n<\/div>\n\n\n<p class=\"has-text-align-center\"><\/p>\n<\/div>\n\n\n\n<div class=\"wp-block-column is-layout-flow wp-block-column-is-layout-flow\" style=\"flex-basis:66.66%\">\n<p><strong>Luc Barriere-Constantin<\/strong> was formerly a UNAIDS staff until 2014 when he retired. Currently Voting Member and Chairperson of The Constellation. He is also one of the co-funders of that organization. Luc\u2019s main focus is now the development of partnerships and projects\/programs for the dissemination of the SALT-CLCP methodology, research &amp; development of the method as well as training new facilitators. Luc is a Medical Doctor by training with an MPH in epidemiology and international Public Health from the Johns Hopkins School of Hygiene and Public Health. After field experience with MSF France, he spent most of his career with UNICEF and UNAIDS where he could share and strengthen his experience in many African countries and various situations. Before retirement, he was posted as Senior Planning &amp; Operation Adviser in UNAIDS HQ. Luc is a French\/Swiss citizen and currently living in France; he is the father of three children.<\/p>\n<\/div>\n<\/div>\n\n\n\n<div class=\"wp-block-columns is-layout-flex wp-container-core-columns-is-layout-9d6595d7 wp-block-columns-is-layout-flex\">\n<div class=\"wp-block-column is-layout-flow wp-block-column-is-layout-flow\" style=\"flex-basis:33.33%\">\n<figure class=\"wp-block-embed is-type-video is-provider-youtube wp-block-embed-youtube wp-embed-aspect-16-9 wp-has-aspect-ratio\"><div class=\"wp-block-embed__wrapper\">\n<iframe title=\"Jean-Louis Lamboray, Luc Barriere-Constantin - SALT: Daring to Listen - CH Workshop 2022\" width=\"1233\" height=\"694\" data-src=\"https:\/\/www.youtube.com\/embed\/GwpwKThi0VU?feature=oembed\" frameborder=\"0\" allow=\"accelerometer; autoplay; clipboard-write; encrypted-media; gyroscope; picture-in-picture; web-share\" referrerpolicy=\"strict-origin-when-cross-origin\" allowfullscreen src=\"data:image\/svg+xml;base64,PHN2ZyB3aWR0aD0iMSIgaGVpZ2h0PSIxIiB4bWxucz0iaHR0cDovL3d3dy53My5vcmcvMjAwMC9zdmciPjwvc3ZnPg==\" class=\"lazyload\" data-load-mode=\"1\"><\/iframe>\n<\/div><\/figure>\n\n\n\n<p class=\"has-text-align-center\"><a rel=\"noreferrer noopener\" href=\"https:\/\/unescochair-ghe.org\/wp-content\/uploads\/2022\/07\/220630-Constellation-presentation-short.pdf\" target=\"_blank\">Download the presentation from The Constellation<\/a><\/p>\n<\/div>\n\n\n\n<div class=\"wp-block-column is-layout-flow wp-block-column-is-layout-flow\" style=\"flex-basis:66.66%\">\n<p><strong>\u062e\u0644\u0627\u0635\u0647<\/strong>: For nearly 20 years the Constellation ASBL network accompanies communities using its strengths based approach called SALT. Luc will share the overall experience; Jean-Louis will emphasize the need for health and social workers to dare to listen without judgment.<\/p>\n<\/div>\n<\/div>\n\n\n\n<h4 class=\"wp-block-heading\"><strong>Building Community Resilience on COVID-19 Prevention and Control: Some Best Practices from India<\/strong><\/h4>\n\n\n\n<div class=\"wp-block-columns is-layout-flex wp-container-core-columns-is-layout-9d6595d7 wp-block-columns-is-layout-flex\">\n<div class=\"wp-block-column is-vertically-aligned-top is-layout-flow wp-block-column-is-layout-flow\" style=\"flex-basis:33.33%\"><div class=\"wp-block-image is-style-rounded\">\n<figure class=\"aligncenter size-full is-resized\"><img decoding=\"async\" data-src=\"https:\/\/unescochair-ghe.org\/wp-content\/uploads\/2022\/06\/bhavnaji-HeadSholder_02.jpg\" alt=\"\" class=\"wp-image-5417 lazyload\" width=\"200\" height=\"200\" data-srcset=\"https:\/\/unescochair-ghe.org\/wp-content\/uploads\/2022\/06\/bhavnaji-HeadSholder_02.jpg 500w, https:\/\/unescochair-ghe.org\/wp-content\/uploads\/2022\/06\/bhavnaji-HeadSholder_02-300x300.jpg 300w, https:\/\/unescochair-ghe.org\/wp-content\/uploads\/2022\/06\/bhavnaji-HeadSholder_02-150x150.jpg 150w, https:\/\/unescochair-ghe.org\/wp-content\/uploads\/2022\/06\/bhavnaji-HeadSholder_02-12x12.jpg 12w\" data-sizes=\"(max-width: 200px) 100vw, 200px\" src=\"data:image\/svg+xml;base64,PHN2ZyB3aWR0aD0iMSIgaGVpZ2h0PSIxIiB4bWxucz0iaHR0cDovL3d3dy53My5vcmcvMjAwMC9zdmciPjwvc3ZnPg==\" style=\"--smush-placeholder-width: 200px; --smush-placeholder-aspect-ratio: 200\/200;\" \/><\/figure>\n<\/div><\/div>\n\n\n\n<div class=\"wp-block-column is-layout-flow wp-block-column-is-layout-flow\" style=\"flex-basis:66.66%\">\n<p><strong>Bhavna Mukhopadhyay <\/strong>is currently working as the Chief Executive of Voluntary Health Association of India, New Delhi &amp; Executive Board Member of IUHPE. She has an experience of over 25 years of experience in non-profit sector, with many accolades to her credit and competency in several domains of public health &amp; development. She is recognized as a strategic leader and thinker, who has contributed to advance public health policy change in India by building strong technical partnerships with the Government. She has extensive experience in designing &amp; implementing large-scale programmes with a strong connect at grassroots, creating multi-sectoral coalitions, strategy formulation, policy &amp; media advocacy, managing donor relations and resource mobilization. A sought-after expert &amp; a speaker in national, international conferences &nbsp;&amp; television debates. Authored, edited &amp; contributed to several publications, research reports, policy papers &amp; articles, print and online news stories.<\/p>\n<\/div>\n<\/div>\n\n\n\n<div class=\"wp-block-columns is-layout-flex wp-container-core-columns-is-layout-9d6595d7 wp-block-columns-is-layout-flex\">\n<div class=\"wp-block-column is-layout-flow wp-block-column-is-layout-flow\" style=\"flex-basis:33.33%\">\n<figure class=\"wp-block-embed is-type-video is-provider-youtube wp-block-embed-youtube wp-embed-aspect-16-9 wp-has-aspect-ratio\"><div class=\"wp-block-embed__wrapper\">\n<iframe title=\"Bhavna Mukhopadhyay - Building Community Resilience on COVID-19 Prevention and Control - 2022\" width=\"1233\" height=\"694\" data-src=\"https:\/\/www.youtube.com\/embed\/9lsz4gXxj0c?feature=oembed\" frameborder=\"0\" allow=\"accelerometer; autoplay; clipboard-write; encrypted-media; gyroscope; picture-in-picture; web-share\" referrerpolicy=\"strict-origin-when-cross-origin\" allowfullscreen src=\"data:image\/svg+xml;base64,PHN2ZyB3aWR0aD0iMSIgaGVpZ2h0PSIxIiB4bWxucz0iaHR0cDovL3d3dy53My5vcmcvMjAwMC9zdmciPjwvc3ZnPg==\" class=\"lazyload\" data-load-mode=\"1\"><\/iframe>\n<\/div><\/figure>\n\n\n\n<p class=\"has-text-align-center\"><a href=\"https:\/\/unescochair-ghe.org\/wp-content\/uploads\/2022\/08\/Bhavna-B-Mukhopadhyay-Community-Resilience.pdf\" target=\"_blank\" rel=\"noreferrer noopener\">Download the presentation from Bhavna Mukhopadhyay<\/a><\/p>\n<\/div>\n\n\n\n<div class=\"wp-block-column is-layout-flow wp-block-column-is-layout-flow\" style=\"flex-basis:66.66%\">\n<p><strong>\u062e\u0644\u0627\u0635\u0647<\/strong>: As you are aware, the COVID-19 pandemic has exposed the fault lines in the health care systems around the world. It highlights the critical need of the hour, a \u2018health promotion linked roadmap\u2019, to boost the nation\u2019s capacity. It requires coordinated intervention, which is a collective action of the government and other stakeholders, including local communities.<\/p>\n\n\n\n<p>VHAI has implemented an innovative community-based health promotion programme with the objective of building the capacity and resilience of the local underserved communities and health systems and developing a sustainable roadmap for COVID-19 prevention. This programme focused on underserved communities in one State of India , which has 32.59% of its population below poverty line. This programme is based on a Risk Communication and Community Engagement (RCCE) approach model of WHO, UNICEF and IRC.<\/p>\n\n\n\n<p>Central to this health promotion approach is active community involvement employing a peer educator model to build public trust and collective responsibility for population health promotion and protection which will be discussed in detail in the presentation<\/p>\n<\/div>\n<\/div>\n\n\n\n<hr class=\"wp-block-separator has-css-opacity is-style-wide\" \/>\n\n\n\n<h3 class=\"wp-block-heading\" id=\"voices\">Voices from the field<\/h3>\n\n\n\n<div class=\"wp-block-columns is-layout-flex wp-container-core-columns-is-layout-9d6595d7 wp-block-columns-is-layout-flex\">\n<div class=\"wp-block-column is-vertically-aligned-top is-layout-flow wp-block-column-is-layout-flow\" style=\"flex-basis:33.33%\">\n<figure class=\"wp-block-embed is-type-video is-provider-youtube wp-block-embed-youtube wp-embed-aspect-16-9 wp-has-aspect-ratio\"><div class=\"wp-block-embed__wrapper\">\n<iframe title=\"Viola Cassetti (English) - Voices from the field - Global Community Health Annual Workshop 2022\" width=\"1233\" height=\"694\" data-src=\"https:\/\/www.youtube.com\/embed\/iGR1AmMWfdY?feature=oembed\" frameborder=\"0\" allow=\"accelerometer; autoplay; clipboard-write; encrypted-media; gyroscope; picture-in-picture; web-share\" referrerpolicy=\"strict-origin-when-cross-origin\" allowfullscreen src=\"data:image\/svg+xml;base64,PHN2ZyB3aWR0aD0iMSIgaGVpZ2h0PSIxIiB4bWxucz0iaHR0cDovL3d3dy53My5vcmcvMjAwMC9zdmciPjwvc3ZnPg==\" class=\"lazyload\" data-load-mode=\"1\"><\/iframe>\n<\/div><\/figure>\n\n\n<div class=\"wp-block-image is-style-rounded\">\n<figure class=\"aligncenter size-large is-resized\"><img decoding=\"async\" data-src=\"https:\/\/unescochair-ghe.org\/wp-content\/uploads\/2022\/06\/viola-casetti-edited.jpg\" alt=\"\" class=\"wp-image-5504 lazyload\" width=\"200\" height=\"200\" data-srcset=\"https:\/\/unescochair-ghe.org\/wp-content\/uploads\/2022\/06\/viola-casetti-edited.jpg 1162w, https:\/\/unescochair-ghe.org\/wp-content\/uploads\/2022\/06\/viola-casetti-edited-300x300.jpg 300w, https:\/\/unescochair-ghe.org\/wp-content\/uploads\/2022\/06\/viola-casetti-edited-1024x1024.jpg 1024w, https:\/\/unescochair-ghe.org\/wp-content\/uploads\/2022\/06\/viola-casetti-edited-150x150.jpg 150w, https:\/\/unescochair-ghe.org\/wp-content\/uploads\/2022\/06\/viola-casetti-edited-768x769.jpg 768w, https:\/\/unescochair-ghe.org\/wp-content\/uploads\/2022\/06\/viola-casetti-edited-12x12.jpg 12w, https:\/\/unescochair-ghe.org\/wp-content\/uploads\/2022\/06\/viola-casetti-edited-512x512.jpg 512w\" data-sizes=\"(max-width: 200px) 100vw, 200px\" src=\"data:image\/svg+xml;base64,PHN2ZyB3aWR0aD0iMSIgaGVpZ2h0PSIxIiB4bWxucz0iaHR0cDovL3d3dy53My5vcmcvMjAwMC9zdmciPjwvc3ZnPg==\" style=\"--smush-placeholder-width: 200px; --smush-placeholder-aspect-ratio: 200\/200;\" \/><\/figure>\n<\/div><\/div>\n\n\n\n<div class=\"wp-block-column is-vertically-aligned-top is-layout-flow wp-block-column-is-layout-flow\" style=\"flex-basis:66.66%\">\n<p><strong>Viola Cassetti<\/strong>&nbsp;is a public health researcher and anthropologist, specialised in community health promotion initiatives, in particular with a focus on qualitative and participatory methodologies. She has worked in community development in Latin America and in applied research in primary care and public health in the UK and Spain. She completed her PhD in Public Health at the University of Sheffield (UK) on asset-based approaches in communities. She currently works in a project to evaluate the implementation of community engagement guidelines in Spain and collaborates with local authorities to promote community action in health from a participatory and interdisciplinary approach.<\/p>\n\n\n\n<div class=\"wp-block-columns is-layout-flex wp-container-core-columns-is-layout-9d6595d7 wp-block-columns-is-layout-flex\">\n<div class=\"wp-block-column is-layout-flow wp-block-column-is-layout-flow\" style=\"flex-basis:33.33%\"><\/div>\n\n\n\n<div class=\"wp-block-column is-layout-flow wp-block-column-is-layout-flow\" style=\"flex-basis:66.66%\"><\/div>\n<\/div>\n<\/div>\n<\/div>\n\n\n\n<div class=\"wp-block-columns is-layout-flex wp-container-core-columns-is-layout-9d6595d7 wp-block-columns-is-layout-flex\">\n<div class=\"wp-block-column is-vertically-aligned-top is-layout-flow wp-block-column-is-layout-flow\" style=\"flex-basis:33.33%\">\n<figure class=\"wp-block-embed is-type-video is-provider-youtube wp-block-embed-youtube wp-embed-aspect-16-9 wp-has-aspect-ratio\"><div class=\"wp-block-embed__wrapper\">\n<iframe title=\"Maiyshla Chunwan (English) -  Voices from the field - Global Community Health Annual Workshop 2022\" width=\"1233\" height=\"694\" data-src=\"https:\/\/www.youtube.com\/embed\/tYGO3mgUGCY?feature=oembed\" frameborder=\"0\" allow=\"accelerometer; autoplay; clipboard-write; encrypted-media; gyroscope; picture-in-picture; web-share\" referrerpolicy=\"strict-origin-when-cross-origin\" allowfullscreen src=\"data:image\/svg+xml;base64,PHN2ZyB3aWR0aD0iMSIgaGVpZ2h0PSIxIiB4bWxucz0iaHR0cDovL3d3dy53My5vcmcvMjAwMC9zdmciPjwvc3ZnPg==\" class=\"lazyload\" data-load-mode=\"1\"><\/iframe>\n<\/div><\/figure>\n\n\n<div class=\"wp-block-image is-style-rounded\">\n<figure class=\"aligncenter size-full is-resized\"><img decoding=\"async\" data-src=\"https:\/\/unescochair-ghe.org\/wp-content\/uploads\/2022\/06\/Maiyshla-Photo-edited.jpg\" alt=\"\" class=\"wp-image-5584 lazyload\" width=\"200\" height=\"200\" data-srcset=\"https:\/\/unescochair-ghe.org\/wp-content\/uploads\/2022\/06\/Maiyshla-Photo-edited.jpg 683w, https:\/\/unescochair-ghe.org\/wp-content\/uploads\/2022\/06\/Maiyshla-Photo-edited-300x300.jpg 300w, https:\/\/unescochair-ghe.org\/wp-content\/uploads\/2022\/06\/Maiyshla-Photo-edited-150x150.jpg 150w, https:\/\/unescochair-ghe.org\/wp-content\/uploads\/2022\/06\/Maiyshla-Photo-edited-12x12.jpg 12w, https:\/\/unescochair-ghe.org\/wp-content\/uploads\/2022\/06\/Maiyshla-Photo-edited-512x512.jpg 512w\" data-sizes=\"(max-width: 200px) 100vw, 200px\" src=\"data:image\/svg+xml;base64,PHN2ZyB3aWR0aD0iMSIgaGVpZ2h0PSIxIiB4bWxucz0iaHR0cDovL3d3dy53My5vcmcvMjAwMC9zdmciPjwvc3ZnPg==\" style=\"--smush-placeholder-width: 200px; --smush-placeholder-aspect-ratio: 200\/200;\" \/><\/figure>\n<\/div><\/div>\n\n\n\n<div class=\"wp-block-column is-layout-flow wp-block-column-is-layout-flow\" style=\"flex-basis:66.66%\">\n<p><strong>Maiyshla&nbsp;Chunwan<\/strong> is a health promotion professional and well-being advocate from Mauritius. She is currently working as lecturer at the Open University of Mauritius. She has a BSc in Biology from the University Mauritius, a Master of Public Health from Curtin University and a Diploma of Psychology from Charles Darwin University. Maiyshla has experience working with vulnerable communities in Australia where she has worked as Drug &amp; Alcohol Prevention Officer and Project Coordinator for a well-being intervention. She has also worked in HIV\/AIDs prevention in Mauritius. As a young leader, she is the vice-curator of the Mauritian chapter of the Global Shapers Community &#8211; the Port-Louis Hub. Her research interests lies in positive psychology, youth mental health and emotional well-being.&nbsp;<\/p>\n<\/div>\n<\/div>\n\n\n\n<div class=\"wp-block-columns is-layout-flex wp-container-core-columns-is-layout-9d6595d7 wp-block-columns-is-layout-flex\">\n<div class=\"wp-block-column is-vertically-aligned-top is-layout-flow wp-block-column-is-layout-flow\" style=\"flex-basis:33.33%\">\n<figure class=\"wp-block-embed is-type-video is-provider-youtube wp-block-embed-youtube wp-embed-aspect-16-9 wp-has-aspect-ratio\"><div class=\"wp-block-embed__wrapper\">\n<iframe title=\"Steven Markham (English) - Voices from the field - Global Community Health Annual Workshop 2022\" width=\"1233\" height=\"694\" data-src=\"https:\/\/www.youtube.com\/embed\/lqpzImzcWoY?feature=oembed\" frameborder=\"0\" allow=\"accelerometer; autoplay; clipboard-write; encrypted-media; gyroscope; picture-in-picture; web-share\" referrerpolicy=\"strict-origin-when-cross-origin\" allowfullscreen src=\"data:image\/svg+xml;base64,PHN2ZyB3aWR0aD0iMSIgaGVpZ2h0PSIxIiB4bWxucz0iaHR0cDovL3d3dy53My5vcmcvMjAwMC9zdmciPjwvc3ZnPg==\" class=\"lazyload\" data-load-mode=\"1\"><\/iframe>\n<\/div><\/figure>\n\n\n<div class=\"wp-block-image is-style-rounded\">\n<figure class=\"aligncenter size-large is-resized\"><img decoding=\"async\" data-src=\"https:\/\/unescochair-ghe.org\/wp-content\/uploads\/2022\/06\/Cropped-edited.png\" alt=\"\" class=\"wp-image-5453 lazyload\" width=\"200\" height=\"200\" data-srcset=\"https:\/\/unescochair-ghe.org\/wp-content\/uploads\/2022\/06\/Cropped-edited.png 1337w, https:\/\/unescochair-ghe.org\/wp-content\/uploads\/2022\/06\/Cropped-edited-300x300.png 300w, https:\/\/unescochair-ghe.org\/wp-content\/uploads\/2022\/06\/Cropped-edited-1024x1024.png 1024w, https:\/\/unescochair-ghe.org\/wp-content\/uploads\/2022\/06\/Cropped-edited-150x150.png 150w, https:\/\/unescochair-ghe.org\/wp-content\/uploads\/2022\/06\/Cropped-edited-768x768.png 768w, https:\/\/unescochair-ghe.org\/wp-content\/uploads\/2022\/06\/Cropped-edited-12x12.png 12w, https:\/\/unescochair-ghe.org\/wp-content\/uploads\/2022\/06\/Cropped-edited-512x512.png 512w\" data-sizes=\"(max-width: 200px) 100vw, 200px\" src=\"data:image\/svg+xml;base64,PHN2ZyB3aWR0aD0iMSIgaGVpZ2h0PSIxIiB4bWxucz0iaHR0cDovL3d3dy53My5vcmcvMjAwMC9zdmciPjwvc3ZnPg==\" style=\"--smush-placeholder-width: 200px; --smush-placeholder-aspect-ratio: 200\/200;\" \/><\/figure>\n<\/div><\/div>\n\n\n\n<div class=\"wp-block-column is-layout-flow wp-block-column-is-layout-flow\" style=\"flex-basis:66.66%\">\n<p><strong>Dr Steven Markham<\/strong> <\/p>\n\n\n\n<p>is a Research Fellow at the Nuffield Department of Primary Care Health Sciences, at the University of Oxford, UK.&nbsp;He supports a&nbsp;National Institute for Health Research (NIHR) funded realist evaluation to understand the implementation of Link Workers employed to facilitate Social Prescribing in Primary Care; informing current practice and future policy. His career began in 2002 as a Community Development Worker and as a Public Health Specialist working for the UK National Health Service (NHS) and local authorities. He designed and managed (primary) prevention based, social interventions to support community-based health and wellbeing.&nbsp;<\/p>\n\n\n\n<p>In 2013, he moved into academia to train the next generation of Public Health and Health Promotion specialists and conduct research programmes and evaluation projects to support public health\/health promotion practice.&nbsp;<\/p>\n<\/div>\n<\/div>\n\n\n\n<div class=\"wp-block-columns is-layout-flex wp-container-core-columns-is-layout-9d6595d7 wp-block-columns-is-layout-flex\">\n<div class=\"wp-block-column is-layout-flow wp-block-column-is-layout-flow\" style=\"flex-basis:33.33%\">\n<figure class=\"wp-block-embed is-type-video is-provider-youtube wp-block-embed-youtube wp-embed-aspect-16-9 wp-has-aspect-ratio\"><div class=\"wp-block-embed__wrapper\">\n<iframe title=\"Mohamed Mebtoul (French) - Voices from the field - Global Community Health Annual Workshop 2022\" width=\"1233\" height=\"694\" data-src=\"https:\/\/www.youtube.com\/embed\/h_oGuX3kkd8?feature=oembed\" frameborder=\"0\" allow=\"accelerometer; autoplay; clipboard-write; encrypted-media; gyroscope; picture-in-picture; web-share\" referrerpolicy=\"strict-origin-when-cross-origin\" allowfullscreen src=\"data:image\/svg+xml;base64,PHN2ZyB3aWR0aD0iMSIgaGVpZ2h0PSIxIiB4bWxucz0iaHR0cDovL3d3dy53My5vcmcvMjAwMC9zdmciPjwvc3ZnPg==\" class=\"lazyload\" data-load-mode=\"1\"><\/iframe>\n<\/div><\/figure>\n<\/div>\n\n\n\n<div class=\"wp-block-column is-layout-flow wp-block-column-is-layout-flow\" style=\"flex-basis:66.66%\">\n<p><strong>Mohamed Mebtoul <\/strong>&#8211; Directeur de l\u2019Unit\u00e9 de Recherche en Anthropologie de la Sant\u00e9 (GRAS) Universit\u00e9 Oran 2, Algeria<\/p>\n<\/div>\n<\/div>\n\n\n\n<div class=\"wp-block-columns is-layout-flex wp-container-core-columns-is-layout-9d6595d7 wp-block-columns-is-layout-flex\">\n<div class=\"wp-block-column is-vertically-aligned-center is-layout-flow wp-block-column-is-layout-flow\" style=\"flex-basis:33.33%\">\n<figure class=\"wp-block-embed is-type-video is-provider-youtube wp-block-embed-youtube wp-embed-aspect-16-9 wp-has-aspect-ratio\"><div class=\"wp-block-embed__wrapper\">\n<iframe title=\"Sham Moodley (English) Voices from the field - Global Community Health Workshop 2022\" width=\"1233\" height=\"694\" data-src=\"https:\/\/www.youtube.com\/embed\/ygT2wYVuGEg?feature=oembed\" frameborder=\"0\" allow=\"accelerometer; autoplay; clipboard-write; encrypted-media; gyroscope; picture-in-picture; web-share\" referrerpolicy=\"strict-origin-when-cross-origin\" allowfullscreen src=\"data:image\/svg+xml;base64,PHN2ZyB3aWR0aD0iMSIgaGVpZ2h0PSIxIiB4bWxucz0iaHR0cDovL3d3dy53My5vcmcvMjAwMC9zdmciPjwvc3ZnPg==\" class=\"lazyload\" data-load-mode=\"1\"><\/iframe>\n<\/div><\/figure>\n\n\n<div class=\"wp-block-image is-style-rounded\">\n<figure class=\"aligncenter size-full is-resized\"><img decoding=\"async\" data-src=\"https:\/\/unescochair-ghe.org\/wp-content\/uploads\/2022\/06\/IMG_0642-edited.jpg\" alt=\"\" class=\"wp-image-5580 lazyload\" width=\"200\" height=\"200\" data-srcset=\"https:\/\/unescochair-ghe.org\/wp-content\/uploads\/2022\/06\/IMG_0642-edited.jpg 350w, https:\/\/unescochair-ghe.org\/wp-content\/uploads\/2022\/06\/IMG_0642-edited-300x300.jpg 300w, https:\/\/unescochair-ghe.org\/wp-content\/uploads\/2022\/06\/IMG_0642-edited-150x150.jpg 150w, https:\/\/unescochair-ghe.org\/wp-content\/uploads\/2022\/06\/IMG_0642-edited-12x12.jpg 12w\" data-sizes=\"(max-width: 200px) 100vw, 200px\" src=\"data:image\/svg+xml;base64,PHN2ZyB3aWR0aD0iMSIgaGVpZ2h0PSIxIiB4bWxucz0iaHR0cDovL3d3dy53My5vcmcvMjAwMC9zdmciPjwvc3ZnPg==\" style=\"--smush-placeholder-width: 200px; --smush-placeholder-aspect-ratio: 200\/200;\" \/><\/figure>\n<\/div><\/div>\n\n\n\n<div class=\"wp-block-column is-layout-flow wp-block-column-is-layout-flow\" style=\"flex-basis:66.66%\">\n<p><strong>Dr Sham Moodley<\/strong> has a BSc Pharmacology from University College, Dublin ,Ireland, BPharm (UKZN), a Postgraduate Diploma (HIV\/AIDS) from Stellenbosh University, a Masters Cum Laude from Stellenbosh University and a PhD at UKZN. He is recognized as the South African Pharmacy Council\u2019s National Pharmacist of the Year in 2008 and Community Pharmacist of the Year 2019. He served as elected member on the South African Pharmacy Council (2013-2018).<\/p>\n\n\n\n<p>He has a Ministerial appointment on the Forum to Promote Transparency and multi-stakeholder engagement regarding medicine availability (2022-2024). He regards himself as a dedicated healthcare professional with a passion for patientcare and believes that pharmacy has a major role to play. He is involved in many projects focused on clinical outcomes at a practice level.<\/p>\n<\/div>\n<\/div>\n\n\n\n<div class=\"wp-block-columns is-layout-flex wp-container-core-columns-is-layout-9d6595d7 wp-block-columns-is-layout-flex\">\n<div class=\"wp-block-column is-layout-flow wp-block-column-is-layout-flow\" style=\"flex-basis:33.33%\">\n<figure class=\"wp-block-embed is-type-video is-provider-youtube wp-block-embed-youtube wp-embed-aspect-16-9 wp-has-aspect-ratio\"><div class=\"wp-block-embed__wrapper\">\n<iframe title=\"Leonie Ocampo (English) - Voices from the field - Global Community Health Annual Workshop 2022\" width=\"1233\" height=\"694\" data-src=\"https:\/\/www.youtube.com\/embed\/Dg4oEzLEDOk?feature=oembed\" frameborder=\"0\" allow=\"accelerometer; autoplay; clipboard-write; encrypted-media; gyroscope; picture-in-picture; web-share\" referrerpolicy=\"strict-origin-when-cross-origin\" allowfullscreen src=\"data:image\/svg+xml;base64,PHN2ZyB3aWR0aD0iMSIgaGVpZ2h0PSIxIiB4bWxucz0iaHR0cDovL3d3dy53My5vcmcvMjAwMC9zdmciPjwvc3ZnPg==\" class=\"lazyload\" data-load-mode=\"1\"><\/iframe>\n<\/div><\/figure>\n<\/div>\n\n\n\n<div class=\"wp-block-column is-layout-flow wp-block-column-is-layout-flow\" style=\"flex-basis:66.66%\">\n<p><strong>Leonie Ocampo<\/strong>, Executive committee member of the FIP Community Pharmacy Section, Executive committee member of the Western Pacific Pharmaceutical Forum and a member of the FIP GPO Data &amp; Intelligence Commission, Philippines<\/p>\n<\/div>\n<\/div>\n\n\n\n<div class=\"wp-block-columns is-layout-flex wp-container-core-columns-is-layout-9d6595d7 wp-block-columns-is-layout-flex\">\n<div class=\"wp-block-column is-vertically-aligned-center is-layout-flow wp-block-column-is-layout-flow\" style=\"flex-basis:33.33%\">\n<figure class=\"wp-block-embed is-type-video is-provider-youtube wp-block-embed-youtube wp-embed-aspect-16-9 wp-has-aspect-ratio\"><div class=\"wp-block-embed__wrapper\">\n<iframe title=\"Sylvio Van Der Pijl (French) - Voices from the field - Global Community Health Annual Workshop 2022\" width=\"1233\" height=\"694\" data-src=\"https:\/\/www.youtube.com\/embed\/-C9L7KRGoI0?feature=oembed\" frameborder=\"0\" allow=\"accelerometer; autoplay; clipboard-write; encrypted-media; gyroscope; picture-in-picture; web-share\" referrerpolicy=\"strict-origin-when-cross-origin\" allowfullscreen src=\"data:image\/svg+xml;base64,PHN2ZyB3aWR0aD0iMSIgaGVpZ2h0PSIxIiB4bWxucz0iaHR0cDovL3d3dy53My5vcmcvMjAwMC9zdmciPjwvc3ZnPg==\" class=\"lazyload\" data-load-mode=\"1\"><\/iframe>\n<\/div><\/figure>\n\n\n<div class=\"wp-block-image is-style-rounded\">\n<figure class=\"aligncenter size-large is-resized\"><img decoding=\"async\" data-src=\"https:\/\/unescochair-ghe.org\/wp-content\/uploads\/2022\/06\/Silvio-Van-der-pijl-edited-1.jpg\" alt=\"\" class=\"wp-image-5500 lazyload\" width=\"200\" data-srcset=\"https:\/\/unescochair-ghe.org\/wp-content\/uploads\/2022\/06\/Silvio-Van-der-pijl-edited-1.jpg 775w, https:\/\/unescochair-ghe.org\/wp-content\/uploads\/2022\/06\/Silvio-Van-der-pijl-edited-1-300x300.jpg 300w, https:\/\/unescochair-ghe.org\/wp-content\/uploads\/2022\/06\/Silvio-Van-der-pijl-edited-1-150x150.jpg 150w, https:\/\/unescochair-ghe.org\/wp-content\/uploads\/2022\/06\/Silvio-Van-der-pijl-edited-1-768x766.jpg 768w, https:\/\/unescochair-ghe.org\/wp-content\/uploads\/2022\/06\/Silvio-Van-der-pijl-edited-1-12x12.jpg 12w, https:\/\/unescochair-ghe.org\/wp-content\/uploads\/2022\/06\/Silvio-Van-der-pijl-edited-1-301x300.jpg 301w, https:\/\/unescochair-ghe.org\/wp-content\/uploads\/2022\/06\/Silvio-Van-der-pijl-edited-1-512x512.jpg 512w\" data-sizes=\"(max-width: 775px) 100vw, 775px\" src=\"data:image\/svg+xml;base64,PHN2ZyB3aWR0aD0iMSIgaGVpZ2h0PSIxIiB4bWxucz0iaHR0cDovL3d3dy53My5vcmcvMjAwMC9zdmciPjwvc3ZnPg==\" style=\"--smush-placeholder-width: 775px; --smush-placeholder-aspect-ratio: 775\/773;\" \/><\/figure>\n<\/div><\/div>\n\n\n\n<div class=\"wp-block-column is-vertically-aligned-top is-layout-flow wp-block-column-is-layout-flow\" style=\"flex-basis:66.66%\">\n<p><strong>Sylvio Van Der Pijl <\/strong>is the customary chief of the village Balat\u00e9 in Saint-Laurent (French Guyana) and special advisor to the City of Saint-Laurent. He is the former president and now is vice-president of the Grand Customary Council of the Amerindian and Bushinenge populations of French Guyana.<\/p>\n<\/div>\n<\/div>\n\n\n\n<hr class=\"wp-block-separator has-css-opacity is-style-wide\" \/>\n\n\n\n<h3 class=\"wp-block-heading\" id=\"facilitators\">Facilitators<\/h3>\n\n\n\n<div class=\"wp-block-columns is-layout-flex wp-container-core-columns-is-layout-9d6595d7 wp-block-columns-is-layout-flex\">\n<div class=\"wp-block-column is-vertically-aligned-center is-layout-flow wp-block-column-is-layout-flow\" style=\"flex-basis:33.33%\"><div class=\"wp-block-image is-style-rounded\">\n<figure class=\"aligncenter size-full is-resized\"><img decoding=\"async\" data-src=\"https:\/\/unescochair-ghe.org\/wp-content\/uploads\/2022\/06\/Saloua.png\" alt=\"\" class=\"wp-image-5415 lazyload\" width=\"200\" height=\"200\" data-srcset=\"https:\/\/unescochair-ghe.org\/wp-content\/uploads\/2022\/06\/Saloua.png 450w, https:\/\/unescochair-ghe.org\/wp-content\/uploads\/2022\/06\/Saloua-300x300.png 300w, https:\/\/unescochair-ghe.org\/wp-content\/uploads\/2022\/06\/Saloua-150x150.png 150w, https:\/\/unescochair-ghe.org\/wp-content\/uploads\/2022\/06\/Saloua-12x12.png 12w\" data-sizes=\"(max-width: 200px) 100vw, 200px\" src=\"data:image\/svg+xml;base64,PHN2ZyB3aWR0aD0iMSIgaGVpZ2h0PSIxIiB4bWxucz0iaHR0cDovL3d3dy53My5vcmcvMjAwMC9zdmciPjwvc3ZnPg==\" style=\"--smush-placeholder-width: 200px; --smush-placeholder-aspect-ratio: 200\/200;\" \/><\/figure>\n<\/div><\/div>\n\n\n\n<div class=\"wp-block-column is-vertically-aligned-center is-layout-flow wp-block-column-is-layout-flow\" style=\"flex-basis:66.66%\">\n<p><strong>Saloua Abouchadi<\/strong>, MD, MPH, PhD in Public Health Sciences (ULB, Brussels) is a lecturer-researcher at <a href=\"http:\/\/ensp.sante.gov.ma\/Pages\/Accueil.aspx\">National School of Public Health (ENSP), Rabat, Morocco<\/a> from 2013. She has over twenty years of professional experience, of which seven years as a general practitioner and in charge of the School and University Health Program in a rural district.&nbsp;For more information see above, speakers Day 2.&nbsp;<\/p>\n<\/div>\n<\/div>\n\n\n\n<div class=\"wp-block-columns is-layout-flex wp-container-core-columns-is-layout-9d6595d7 wp-block-columns-is-layout-flex\">\n<div class=\"wp-block-column is-vertically-aligned-center is-layout-flow wp-block-column-is-layout-flow\" style=\"flex-basis:33.33%\"><div class=\"wp-block-image is-style-rounded\">\n<figure class=\"aligncenter size-large is-resized\"><img decoding=\"async\" data-src=\"https:\/\/unescochair-ghe.org\/wp-content\/uploads\/2021\/07\/Camila-Ait-Yala-edited-1024x1024.jpg\" alt=\"\" class=\"wp-image-4174 lazyload\" width=\"200\" height=\"200\" data-srcset=\"https:\/\/unescochair-ghe.org\/wp-content\/uploads\/2021\/07\/Camila-Ait-Yala-edited-1024x1024.jpg 1024w, https:\/\/unescochair-ghe.org\/wp-content\/uploads\/2021\/07\/Camila-Ait-Yala-edited-300x300.jpg 300w, https:\/\/unescochair-ghe.org\/wp-content\/uploads\/2021\/07\/Camila-Ait-Yala-edited-150x150.jpg 150w, https:\/\/unescochair-ghe.org\/wp-content\/uploads\/2021\/07\/Camila-Ait-Yala-edited-768x768.jpg 768w, https:\/\/unescochair-ghe.org\/wp-content\/uploads\/2021\/07\/Camila-Ait-Yala-edited-1536x1536.jpg 1536w, https:\/\/unescochair-ghe.org\/wp-content\/uploads\/2021\/07\/Camila-Ait-Yala-edited-2048x2048.jpg 2048w, https:\/\/unescochair-ghe.org\/wp-content\/uploads\/2021\/07\/Camila-Ait-Yala-edited-12x12.jpg 12w, https:\/\/unescochair-ghe.org\/wp-content\/uploads\/2021\/07\/Camila-Ait-Yala-edited-512x512.jpg 512w\" data-sizes=\"(max-width: 200px) 100vw, 200px\" src=\"data:image\/svg+xml;base64,PHN2ZyB3aWR0aD0iMSIgaGVpZ2h0PSIxIiB4bWxucz0iaHR0cDovL3d3dy53My5vcmcvMjAwMC9zdmciPjwvc3ZnPg==\" style=\"--smush-placeholder-width: 200px; --smush-placeholder-aspect-ratio: 200\/200;\" \/><\/figure>\n<\/div><\/div>\n\n\n\n<div class=\"wp-block-column is-vertically-aligned-center is-layout-flow wp-block-column-is-layout-flow\" style=\"flex-basis:66.66%\">\n<p><strong>Camila Ait-Yala<\/strong>, is the project leader of the \u201cIEC Sant\u00e9\u201d team at GRAS (Unit\u00e9 de Recherche en Anthropologie de la Sant\u00e9), located at the University of Oran 2 (Algeria). She holds a doctorate in language science from the University of Oran 2 and specialises in the analysis of verbal interactions in professional situations, particularly in hospitals. Camila is the Algerian coordinator of the UNESCO Chair in Education and Health.<\/p>\n<\/div>\n<\/div>\n\n\n\n<div class=\"wp-block-columns is-layout-flex wp-container-core-columns-is-layout-9d6595d7 wp-block-columns-is-layout-flex\">\n<div class=\"wp-block-column is-vertically-aligned-center is-layout-flow wp-block-column-is-layout-flow\" style=\"flex-basis:33.33%\"><div class=\"wp-block-image is-style-rounded\">\n<figure class=\"aligncenter size-full is-resized\"><img decoding=\"async\" data-src=\"https:\/\/unescochair-ghe.org\/wp-content\/uploads\/2022\/06\/Meriam-Bouzineb-edited.jpg\" alt=\"\" class=\"wp-image-5440 lazyload\" width=\"200\" height=\"200\" data-srcset=\"https:\/\/unescochair-ghe.org\/wp-content\/uploads\/2022\/06\/Meriam-Bouzineb-edited.jpg 239w, https:\/\/unescochair-ghe.org\/wp-content\/uploads\/2022\/06\/Meriam-Bouzineb-edited-150x150.jpg 150w, https:\/\/unescochair-ghe.org\/wp-content\/uploads\/2022\/06\/Meriam-Bouzineb-edited-12x12.jpg 12w\" data-sizes=\"(max-width: 200px) 100vw, 200px\" src=\"data:image\/svg+xml;base64,PHN2ZyB3aWR0aD0iMSIgaGVpZ2h0PSIxIiB4bWxucz0iaHR0cDovL3d3dy53My5vcmcvMjAwMC9zdmciPjwvc3ZnPg==\" style=\"--smush-placeholder-width: 200px; --smush-placeholder-aspect-ratio: 200\/200;\" \/><\/figure>\n<\/div><\/div>\n\n\n\n<div class=\"wp-block-column is-vertically-aligned-center is-layout-flow wp-block-column-is-layout-flow\" style=\"flex-basis:66.66%\">\n<p><strong>Meriam Bouzineb<\/strong> is a primary healthcare practitioner since 2002. She got graduated from the faculty of medicine and pharmacy of Rabat, in Morocco. She worked for fourteen years in rural areas and managed a medical mobile unit for seven years. Her interest in knowing more about human beings led her to study sociology; She is now doing a PhD on primary health care practitioners and the health information system, a systemic approach to the Moroccan health system.<\/p>\n<\/div>\n<\/div>\n\n\n\n<div class=\"wp-block-columns is-layout-flex wp-container-core-columns-is-layout-9d6595d7 wp-block-columns-is-layout-flex\">\n<div class=\"wp-block-column is-vertically-aligned-center is-layout-flow wp-block-column-is-layout-flow\" style=\"flex-basis:33.33%\"><div class=\"wp-block-image is-style-rounded\">\n<figure class=\"aligncenter size-large is-resized\"><img decoding=\"async\" data-src=\"https:\/\/unescochair-ghe.org\/wp-content\/uploads\/2022\/06\/Somto-edited.png\" alt=\"\" class=\"wp-image-5595 lazyload\" width=\"200\" height=\"200\" data-srcset=\"https:\/\/unescochair-ghe.org\/wp-content\/uploads\/2022\/06\/Somto-edited.png 2193w, https:\/\/unescochair-ghe.org\/wp-content\/uploads\/2022\/06\/Somto-edited-300x300.png 300w, https:\/\/unescochair-ghe.org\/wp-content\/uploads\/2022\/06\/Somto-edited-1024x1024.png 1024w, https:\/\/unescochair-ghe.org\/wp-content\/uploads\/2022\/06\/Somto-edited-150x150.png 150w, https:\/\/unescochair-ghe.org\/wp-content\/uploads\/2022\/06\/Somto-edited-768x767.png 768w, https:\/\/unescochair-ghe.org\/wp-content\/uploads\/2022\/06\/Somto-edited-1536x1536.png 1536w, https:\/\/unescochair-ghe.org\/wp-content\/uploads\/2022\/06\/Somto-edited-2048x2046.png 2048w, https:\/\/unescochair-ghe.org\/wp-content\/uploads\/2022\/06\/Somto-edited-12x12.png 12w, https:\/\/unescochair-ghe.org\/wp-content\/uploads\/2022\/06\/Somto-edited-512x512.png 512w\" data-sizes=\"(max-width: 200px) 100vw, 200px\" src=\"data:image\/svg+xml;base64,PHN2ZyB3aWR0aD0iMSIgaGVpZ2h0PSIxIiB4bWxucz0iaHR0cDovL3d3dy53My5vcmcvMjAwMC9zdmciPjwvc3ZnPg==\" style=\"--smush-placeholder-width: 200px; --smush-placeholder-aspect-ratio: 200\/200;\" \/><\/figure>\n<\/div><\/div>\n\n\n\n<div class=\"wp-block-column is-vertically-aligned-center is-layout-flow wp-block-column-is-layout-flow\" style=\"flex-basis:66.66%\">\n<p><strong>Somto Chike-Obuekwe<\/strong> is a licensed pharmacist from Nigeria, where she has practiced for over 5 years. She got her MSc degree in Advanced Pharmacy practice with Hospital Placement at University of Huddersfield, where she continued with her PhD on suicide prevention. Her research focuses on the Contribution of Community Pharmacy in Suicide Prevention in Nigeria.<\/p>\n<\/div>\n<\/div>\n\n\n\n<div class=\"wp-block-columns is-layout-flex wp-container-core-columns-is-layout-9d6595d7 wp-block-columns-is-layout-flex\">\n<div class=\"wp-block-column is-vertically-aligned-center is-layout-flow wp-block-column-is-layout-flow\" style=\"flex-basis:33.33%\"><div class=\"wp-block-image is-style-rounded\">\n<figure class=\"aligncenter size-full is-resized\"><img decoding=\"async\" data-src=\"https:\/\/unescochair-ghe.org\/wp-content\/uploads\/2021\/07\/Emmanuel.jpg\" alt=\"\" class=\"wp-image-4214 lazyload\" width=\"200\" height=\"200\" src=\"data:image\/svg+xml;base64,PHN2ZyB3aWR0aD0iMSIgaGVpZ2h0PSIxIiB4bWxucz0iaHR0cDovL3d3dy53My5vcmcvMjAwMC9zdmciPjwvc3ZnPg==\" style=\"--smush-placeholder-width: 200px; --smush-placeholder-aspect-ratio: 200\/200;\" \/><\/figure>\n<\/div><\/div>\n\n\n\n<div class=\"wp-block-column is-vertically-aligned-center is-layout-flow wp-block-column-is-layout-flow\" style=\"flex-basis:66.66%\">\n<p><strong>Emmanuel Courmaire<\/strong>, is a director of a primary school in France. He has a long working experience with active participation with children and young people. He studied Health Promotion at the Clermont-Ferrand University UCA. <\/p>\n<\/div>\n<\/div>\n\n\n\n<div class=\"wp-block-columns is-layout-flex wp-container-core-columns-is-layout-9d6595d7 wp-block-columns-is-layout-flex\">\n<div class=\"wp-block-column is-vertically-aligned-center is-layout-flow wp-block-column-is-layout-flow\" style=\"flex-basis:33.33%\"><div class=\"wp-block-image is-style-rounded\">\n<figure class=\"aligncenter size-full is-resized\"><img decoding=\"async\" data-src=\"https:\/\/unescochair-ghe.org\/wp-content\/uploads\/2022\/06\/photos-identite-HF-copie-edited.jpg\" alt=\"\" class=\"wp-image-5602 lazyload\" width=\"200\" height=\"200\" data-srcset=\"https:\/\/unescochair-ghe.org\/wp-content\/uploads\/2022\/06\/photos-identite-HF-copie-edited.jpg 199w, https:\/\/unescochair-ghe.org\/wp-content\/uploads\/2022\/06\/photos-identite-HF-copie-edited-150x150.jpg 150w, https:\/\/unescochair-ghe.org\/wp-content\/uploads\/2022\/06\/photos-identite-HF-copie-edited-12x12.jpg 12w\" data-sizes=\"(max-width: 200px) 100vw, 200px\" src=\"data:image\/svg+xml;base64,PHN2ZyB3aWR0aD0iMSIgaGVpZ2h0PSIxIiB4bWxucz0iaHR0cDovL3d3dy53My5vcmcvMjAwMC9zdmciPjwvc3ZnPg==\" style=\"--smush-placeholder-width: 200px; --smush-placeholder-aspect-ratio: 200\/200;\" \/><\/figure>\n<\/div><\/div>\n\n\n\n<div class=\"wp-block-column is-vertically-aligned-center is-layout-flow wp-block-column-is-layout-flow\" style=\"flex-basis:66.66%\">\n<p><strong>Helena Franceschini<\/strong> is an intern at the UNESCO Chair Global Health and Education. She helped organising this year\u2019s Global Community Health Workshop. She studied in a Literary High Preparatory Class (CPGE) in France before graduating in History and Geography at University College London. She aims to pursue her study in Geopolitics and further expand her knowledge about the issues related to access to care.&nbsp;<\/p>\n<\/div>\n<\/div>\n\n\n\n<div class=\"wp-block-columns is-layout-flex wp-container-core-columns-is-layout-9d6595d7 wp-block-columns-is-layout-flex\">\n<div class=\"wp-block-column is-layout-flow wp-block-column-is-layout-flow\" style=\"flex-basis:33.33%\"><div class=\"wp-block-image is-style-rounded\">\n<figure class=\"aligncenter size-large is-resized\"><img decoding=\"async\" data-src=\"https:\/\/unescochair-ghe.org\/wp-content\/uploads\/2020\/07\/Capture-d\u2019e\u0301cran-2020-07-16-a\u0300-15.54.08-971x1024.png\" alt=\"\" class=\"wp-image-1809 lazyload\" width=\"200\" height=\"200\" src=\"data:image\/svg+xml;base64,PHN2ZyB3aWR0aD0iMSIgaGVpZ2h0PSIxIiB4bWxucz0iaHR0cDovL3d3dy53My5vcmcvMjAwMC9zdmciPjwvc3ZnPg==\" style=\"--smush-placeholder-width: 200px; --smush-placeholder-aspect-ratio: 200\/200;\" \/><\/figure>\n<\/div><\/div>\n\n\n\n<div class=\"wp-block-column is-vertically-aligned-center is-layout-flow wp-block-column-is-layout-flow\" style=\"flex-basis:66.66%\">\n<p><strong>Nicola Gray<\/strong>, Affiliated researcher, UNESCO Chair Global Health &amp; Education; Vice President for Europe of the International Association for Adolescent Health (IAAH); Senior Lecturer, University of Huddersfield, UK<\/p>\n<\/div>\n<\/div>\n\n\n\n<div class=\"wp-block-columns is-layout-flex wp-container-core-columns-is-layout-9d6595d7 wp-block-columns-is-layout-flex\">\n<div class=\"wp-block-column is-vertically-aligned-center is-layout-flow wp-block-column-is-layout-flow\" style=\"flex-basis:33.33%\"><div class=\"wp-block-image is-style-rounded\">\n<figure class=\"aligncenter size-full is-resized\"><img decoding=\"async\" data-src=\"https:\/\/unescochair-ghe.org\/wp-content\/uploads\/2020\/11\/Nastaran.png\" alt=\"\" class=\"wp-image-2170 lazyload\" width=\"200\" height=\"200\" src=\"data:image\/svg+xml;base64,PHN2ZyB3aWR0aD0iMSIgaGVpZ2h0PSIxIiB4bWxucz0iaHR0cDovL3d3dy53My5vcmcvMjAwMC9zdmciPjwvc3ZnPg==\" style=\"--smush-placeholder-width: 200px; --smush-placeholder-aspect-ratio: 200\/200;\" \/><\/figure>\n<\/div><\/div>\n\n\n\n<div class=\"wp-block-column is-vertically-aligned-center is-layout-flow wp-block-column-is-layout-flow\" style=\"flex-basis:66.66%\">\n<p><strong>Nastaran Keshavarz Mohammadi<\/strong>, Professor at the School of Public Health, Shahid Beheshti University of Medical Sciences, Iran; Co-chair of the Scientific and Ethical committee, UNESCO Chair Global Health &amp; Education.<\/p>\n<\/div>\n<\/div>\n\n\n\n<div class=\"wp-block-columns is-layout-flex wp-container-core-columns-is-layout-9d6595d7 wp-block-columns-is-layout-flex\">\n<div class=\"wp-block-column is-vertically-aligned-center is-layout-flow wp-block-column-is-layout-flow\" style=\"flex-basis:33.33%\"><div class=\"wp-block-image is-style-rounded\">\n<figure class=\"aligncenter size-large is-resized\"><img decoding=\"async\" data-src=\"https:\/\/unescochair-ghe.org\/wp-content\/uploads\/2022\/06\/Speakers-edited.jpg\" alt=\"\" class=\"wp-image-5541 lazyload\" width=\"200\" height=\"200\" data-srcset=\"https:\/\/unescochair-ghe.org\/wp-content\/uploads\/2022\/06\/Speakers-edited.jpg 2448w, https:\/\/unescochair-ghe.org\/wp-content\/uploads\/2022\/06\/Speakers-edited-300x300.jpg 300w, https:\/\/unescochair-ghe.org\/wp-content\/uploads\/2022\/06\/Speakers-edited-1024x1024.jpg 1024w, https:\/\/unescochair-ghe.org\/wp-content\/uploads\/2022\/06\/Speakers-edited-150x150.jpg 150w, https:\/\/unescochair-ghe.org\/wp-content\/uploads\/2022\/06\/Speakers-edited-768x769.jpg 768w, https:\/\/unescochair-ghe.org\/wp-content\/uploads\/2022\/06\/Speakers-edited-1536x1536.jpg 1536w, https:\/\/unescochair-ghe.org\/wp-content\/uploads\/2022\/06\/Speakers-edited-2046x2048.jpg 2046w, https:\/\/unescochair-ghe.org\/wp-content\/uploads\/2022\/06\/Speakers-edited-12x12.jpg 12w, https:\/\/unescochair-ghe.org\/wp-content\/uploads\/2022\/06\/Speakers-edited-512x512.jpg 512w\" data-sizes=\"(max-width: 200px) 100vw, 200px\" src=\"data:image\/svg+xml;base64,PHN2ZyB3aWR0aD0iMSIgaGVpZ2h0PSIxIiB4bWxucz0iaHR0cDovL3d3dy53My5vcmcvMjAwMC9zdmciPjwvc3ZnPg==\" style=\"--smush-placeholder-width: 200px; --smush-placeholder-aspect-ratio: 200\/200;\" \/><\/figure>\n<\/div><\/div>\n\n\n\n<div class=\"wp-block-column is-vertically-aligned-center is-layout-flow wp-block-column-is-layout-flow\" style=\"flex-basis:66.66%\">\n<p><strong>Tenia Prokalamou<\/strong> has been working as a Biomedical Scientist for the Greek NHS in both Primary and Secondary Health Care. She has a Msc degree in Applied Dietetics and Nutrition spec in Sports and Nutrition. She is a PhD Candidate at&nbsp;Harokopio University in healthy ageing and a Research Associate at the same University working in DigiCare4You project.&nbsp;Her research interests are in the areas of Health Promotion &amp; Public Health and NCD, Diabetes &amp; Obesity&nbsp; Prevention in young children and their families.&nbsp;&nbsp;<\/p>\n<\/div>\n<\/div>\n\n\n\n<div class=\"wp-block-columns is-layout-flex wp-container-core-columns-is-layout-9d6595d7 wp-block-columns-is-layout-flex\">\n<div class=\"wp-block-column is-vertically-aligned-center is-layout-flow wp-block-column-is-layout-flow\" style=\"flex-basis:33.33%\"><div class=\"wp-block-image is-style-rounded\">\n<figure class=\"aligncenter size-full is-resized\"><img decoding=\"async\" data-src=\"https:\/\/unescochair-ghe.org\/wp-content\/uploads\/2022\/06\/Amets-Suess-Schwend-edited.jpg\" alt=\"\" class=\"wp-image-5606 lazyload\" width=\"200\" height=\"200\" data-srcset=\"https:\/\/unescochair-ghe.org\/wp-content\/uploads\/2022\/06\/Amets-Suess-Schwend-edited.jpg 734w, https:\/\/unescochair-ghe.org\/wp-content\/uploads\/2022\/06\/Amets-Suess-Schwend-edited-300x300.jpg 300w, https:\/\/unescochair-ghe.org\/wp-content\/uploads\/2022\/06\/Amets-Suess-Schwend-edited-150x150.jpg 150w, https:\/\/unescochair-ghe.org\/wp-content\/uploads\/2022\/06\/Amets-Suess-Schwend-edited-12x12.jpg 12w, https:\/\/unescochair-ghe.org\/wp-content\/uploads\/2022\/06\/Amets-Suess-Schwend-edited-512x512.jpg 512w\" data-sizes=\"(max-width: 200px) 100vw, 200px\" src=\"data:image\/svg+xml;base64,PHN2ZyB3aWR0aD0iMSIgaGVpZ2h0PSIxIiB4bWxucz0iaHR0cDovL3d3dy53My5vcmcvMjAwMC9zdmciPjwvc3ZnPg==\" style=\"--smush-placeholder-width: 200px; --smush-placeholder-aspect-ratio: 200\/200;\" \/><\/figure>\n<\/div><\/div>\n\n\n\n<div class=\"wp-block-column is-vertically-aligned-center is-layout-flow wp-block-column-is-layout-flow\" style=\"flex-basis:66.66%\">\n<p><strong>Amets Suess Schwend<\/strong>, PhD in Social Anthropology, MA Arts Therapies and BA\/MA Sociology. They work in research, teaching and consultancy at the Andalusian School of Public Health, Area of International Health, Granada, Spain, and collaborate as PhD supervisor at the University of Granada. Their recent publications focus on trans and intersex studies, human rights, depathologization and research epistemologies, methodologies and ethics.&nbsp;<\/p>\n<\/div>\n<\/div>\n\n\n\n<div class=\"wp-block-columns is-layout-flex wp-container-core-columns-is-layout-9d6595d7 wp-block-columns-is-layout-flex\">\n<div class=\"wp-block-column is-vertically-aligned-center is-layout-flow wp-block-column-is-layout-flow\" style=\"flex-basis:33.33%\"><div class=\"wp-block-image is-style-rounded\">\n<figure class=\"aligncenter size-full is-resized\"><img decoding=\"async\" data-src=\"https:\/\/unescochair-ghe.org\/wp-content\/uploads\/2022\/06\/Lene.jpeg\" alt=\"\" class=\"wp-image-5470 lazyload\" width=\"200\" height=\"200\" data-srcset=\"https:\/\/unescochair-ghe.org\/wp-content\/uploads\/2022\/06\/Lene.jpeg 190w, https:\/\/unescochair-ghe.org\/wp-content\/uploads\/2022\/06\/Lene-150x150.jpeg 150w, https:\/\/unescochair-ghe.org\/wp-content\/uploads\/2022\/06\/Lene-12x12.jpeg 12w\" data-sizes=\"(max-width: 200px) 100vw, 200px\" src=\"data:image\/svg+xml;base64,PHN2ZyB3aWR0aD0iMSIgaGVpZ2h0PSIxIiB4bWxucz0iaHR0cDovL3d3dy53My5vcmcvMjAwMC9zdmciPjwvc3ZnPg==\" style=\"--smush-placeholder-width: 200px; --smush-placeholder-aspect-ratio: 200\/200;\" \/><\/figure>\n<\/div><\/div>\n\n\n\n<div class=\"wp-block-column is-vertically-aligned-center is-layout-flow wp-block-column-is-layout-flow\" style=\"flex-basis:66.66%\">\n<p><strong>Lene S\u00f8vold<\/strong> is a clinical psychologist based in Norway, who is engaged within a broad spectra of health related issues and contexts. She advocates a person-centered and integrative approach to health and wellbeing, and is passionate about promoting mental health, interpersonal skills and empowerment; both within traditional healthcare and&nbsp;e-health contexts \u2013&nbsp;as well as within organizational and educational settings.<\/p>\n<\/div>\n<\/div>\n\n\n\n<div class=\"wp-block-columns is-layout-flex wp-container-core-columns-is-layout-9d6595d7 wp-block-columns-is-layout-flex\">\n<div class=\"wp-block-column is-vertically-aligned-center is-layout-flow wp-block-column-is-layout-flow\" style=\"flex-basis:33.33%\"><div class=\"wp-block-image is-style-rounded\">\n<figure class=\"aligncenter size-large is-resized\"><img decoding=\"async\" data-src=\"https:\/\/unescochair-ghe.org\/wp-content\/uploads\/2022\/06\/IMG_3977-edited-1.jpeg\" alt=\"\" class=\"wp-image-5473 lazyload\" width=\"200\" height=\"200\" data-srcset=\"https:\/\/unescochair-ghe.org\/wp-content\/uploads\/2022\/06\/IMG_3977-edited-1.jpeg 720w, https:\/\/unescochair-ghe.org\/wp-content\/uploads\/2022\/06\/IMG_3977-edited-1-300x300.jpeg 300w, https:\/\/unescochair-ghe.org\/wp-content\/uploads\/2022\/06\/IMG_3977-edited-1-150x150.jpeg 150w, https:\/\/unescochair-ghe.org\/wp-content\/uploads\/2022\/06\/IMG_3977-edited-1-12x12.jpeg 12w, https:\/\/unescochair-ghe.org\/wp-content\/uploads\/2022\/06\/IMG_3977-edited-1-512x512.jpeg 512w\" data-sizes=\"(max-width: 200px) 100vw, 200px\" src=\"data:image\/svg+xml;base64,PHN2ZyB3aWR0aD0iMSIgaGVpZ2h0PSIxIiB4bWxucz0iaHR0cDovL3d3dy53My5vcmcvMjAwMC9zdmciPjwvc3ZnPg==\" style=\"--smush-placeholder-width: 200px; --smush-placeholder-aspect-ratio: 200\/200;\" \/><\/figure>\n<\/div><\/div>\n\n\n\n<div class=\"wp-block-column is-vertically-aligned-center is-layout-flow wp-block-column-is-layout-flow\" style=\"flex-basis:66.66%\">\n<p><strong>MinChien Tsai<\/strong> is an&nbsp;affiliated researcher of the UNESCO Chair Global Health &amp; Education, and a PhD candidate at Fu Jen Catholic University in Taipei. Previously, she worked as a project coordinator at the Health Promoting School International Network Center for the past 10 years. Her research interests are in the areas of Health Promotion, Occupational Health and Safety, and Career Development.<\/p>\n<\/div>\n<\/div>\n\n\n\n<h3 class=\"wp-block-heading\">Host<\/h3>\n\n\n\n<div class=\"wp-block-columns is-layout-flex wp-container-core-columns-is-layout-9d6595d7 wp-block-columns-is-layout-flex\">\n<div class=\"wp-block-column is-vertically-aligned-center is-layout-flow wp-block-column-is-layout-flow\" style=\"flex-basis:33.33%\"><div class=\"wp-block-image is-style-rounded\">\n<figure class=\"aligncenter size-full is-resized\"><img decoding=\"async\" data-src=\"https:\/\/unescochair-ghe.org\/wp-content\/uploads\/2021\/02\/SilviadeRuiter.jpg\" alt=\"\" class=\"wp-image-3280 lazyload\" width=\"200\" height=\"200\" data-srcset=\"https:\/\/unescochair-ghe.org\/wp-content\/uploads\/2021\/02\/SilviadeRuiter.jpg 500w, https:\/\/unescochair-ghe.org\/wp-content\/uploads\/2021\/02\/SilviadeRuiter-300x300.jpg 300w, https:\/\/unescochair-ghe.org\/wp-content\/uploads\/2021\/02\/SilviadeRuiter-150x150.jpg 150w, https:\/\/unescochair-ghe.org\/wp-content\/uploads\/2021\/02\/SilviadeRuiter-12x12.jpg 12w\" data-sizes=\"(max-width: 200px) 100vw, 200px\" src=\"data:image\/svg+xml;base64,PHN2ZyB3aWR0aD0iMSIgaGVpZ2h0PSIxIiB4bWxucz0iaHR0cDovL3d3dy53My5vcmcvMjAwMC9zdmciPjwvc3ZnPg==\" style=\"--smush-placeholder-width: 200px; --smush-placeholder-aspect-ratio: 200\/200;\" \/><\/figure>\n<\/div><\/div>\n\n\n\n<div class=\"wp-block-column is-vertically-aligned-center is-layout-flow wp-block-column-is-layout-flow\" style=\"flex-basis:66.66%\">\n<p><strong>Silvia de Ruiter<\/strong>, project officer at the UNESCO Chair Global Health &amp; Education. She has a Master\u2019s degree in Communication Sciences from the University of Twente (Netherlands). She has worked on several European health promotion programmes, including the Schools for Health in Europe (SHE network). She has also been involved in the development and implementation of the health promoting school in the Netherlands.<\/p>\n<\/div>\n<\/div>\n\n\n\n<hr class=\"wp-block-separator has-css-opacity is-style-wide\" \/>\n\n\n\n<h3 class=\"wp-block-heading\" id=\"reading suggestions\">Reading suggestions<\/h3>\n\n\n\n<h4 class=\"wp-block-heading\"><strong>Eric Breton<\/strong><\/h4>\n\n\n\n<ul class=\"wp-block-list\">\n<li>Anna DeMello , Richard Egan &amp; Jonathan Drew (2020) <a href=\"https:\/\/www.tandfonline.com\/doi\/full\/10.1080\/03036758.2020.1772324\" target=\"_blank\" rel=\"noreferrer noopener\">Resilience-building by community health organizations: a guiding model for practice<\/a>, Journal of the Royal Society of New Zealand, 50:4, 552-571, DOI: 10.1080\/03036758.2020.1772324<\/li>\n<\/ul>\n\n\n\n<h4 class=\"wp-block-heading\"><strong>Maiyshla Chunwan<\/strong><\/h4>\n\n\n\n<ul class=\"wp-block-list\">\n<li>Global Shapers Community &#8211;&nbsp;<a href=\"https:\/\/www.globalshapers.org\/\">https:\/\/www.globalshapers.org\/<\/a><\/li>\n\n\n\n<li>Port-Louis Hub &#8211;&nbsp;<a href=\"https:\/\/www.globalshapers.org\/hubs\/port-louis-hub\">https:\/\/www.globalshapers.org\/hubs\/port-louis-hub<\/a> <\/li>\n\n\n\n<li>Emotional Well-being Institute &#8211;&nbsp;<a href=\"https:\/\/www.ewb.institute\/\">https:\/\/www.ewb.institute\/<\/a><\/li>\n<\/ul>\n\n\n\n<h4 class=\"wp-block-heading\"><strong>Satarupa Dasgupta <\/strong><\/h4>\n\n\n\n<ul class=\"wp-block-list\">\n<li>Azhar, S., Dasgupta, S., Sinha, S., &amp; Karandikar, S. (2020). Diversity in sex work in India: Challenging stereotypes regarding sex workers.&nbsp;<em>Sexuality &amp; Culture<\/em>,&nbsp;<em>24<\/em>(6), 1774-1797.<\/li>\n\n\n\n<li>Bauer, G. R., Hammond, R., Travers, R., Kaay, M., Hohenadel, K. M., &amp; Boyce, M. (2009). \u201cI don&#8217;t think this is theoretical; this is our lives\u201d: how erasure impacts health care for transgender people.&nbsp;<em>Journal of the Association of Nurses in AIDS Care<\/em>,&nbsp;<em>20<\/em>(5), 348-361.<\/li>\n\n\n\n<li>Bradford, J., Reisner, S. L., Honnold, J. A., &amp; Xavier, J. (2013). Experiences of transgender-related discrimination and implications for health: results from the Virginia Transgender Health Initiative Study.&nbsp;<em>American journal of public health<\/em>,&nbsp;<em>103<\/em>(10), 1820-1829.<\/li>\n\n\n\n<li>Dutta, A., &amp; Roy, R. (2014). Decolonizing transgender in India: Some reflections.&nbsp;<em>Transgender Studies Quarterly<\/em>,&nbsp;<em>1<\/em>(3), 320-337.<\/li>\n\n\n\n<li>Shinde, S., Setia, M. S., Row-Kavi, A., Anand, V., &amp; Jerajani, H. (2009). Male sex workers: are we ignoring a risk group in Mumbai, India?.&nbsp;<em>Indian Journal of Dermatology, Venereology, and Leprology<\/em>,&nbsp;<em>75<\/em>(1), 41.<\/li>\n<\/ul>\n\n\n\n<h4 class=\"wp-block-heading\"><strong>Jean-Louis Lamboray and Luc Barriere-Constantin<\/strong><\/h4>\n\n\n\n<ul class=\"wp-block-list\">\n<li>Ebola, Question de Confiance avec William Sherlaw, \u00ab Sant\u00e9 Publique \u00bb, Jan 2015.<\/li>\n\n\n\n<li>What makes us human ? Balboa, 2016<\/li>\n\n\n\n<li>On Dialogue David Bohm Routledge 2004<\/li>\n\n\n\n<li>Who Do We Choose To Be? Margaret Wheatley 2017<\/li>\n\n\n\n<li>Four Principles of Community-Based Primary Health Care: Support, Appreciate, Learn\/Listen, Transfer (SALT) in \u201c<a rel=\"noreferrer noopener\" href=\"https:\/\/muse.jhu.edu\/book\/77991\" target=\"_blank\">Achieving Health for All: Primary Health Care in Action<\/a>\u201d, Johns Hopkins University Press pp. 127-149 (<a rel=\"noreferrer noopener\" href=\"https:\/\/muse.jhu.edu\/chapter\/2715634\" target=\"_blank\">https:\/\/muse.jhu.edu\/chapter\/2715634<\/a>); Marlou de Rouw, Alice Kuan, Philip Forth, Rituu B. Nanda and Luc Barri\u00e8re-Constantin (2020). Chapter 6 in Achieving Health for All, Primary Health Care in Action. Edited by David Bishai PhD, MD, MPH, and Meike Schleiff,<br>MSPH, DrPH.<\/li>\n\n\n\n<li><a rel=\"noreferrer noopener\" href=\"https:\/\/drive.google.com\/file\/d\/1MuBzJDbL7oGL4Fzj4tCZCRdBb4sszJS0\/view\" target=\"_blank\">HealthRise India Transition Grant EndLine<\/a><\/li>\n\n\n\n<li><a rel=\"noreferrer noopener\" href=\"https:\/\/drive.google.com\/file\/d\/112szje0GrfXt_5OD4Fj6Y31hvyg5mNCQ\/view\" target=\"_blank\">Effectiveness of a novel community-based intervention in non-communicable disease management in rural India<\/a> (Abstract)<\/li>\n<\/ul>\n\n\n\n<h4 class=\"wp-block-heading\"><strong>Glen Laverack<\/strong><\/h4>\n\n\n\n<ul class=\"wp-block-list\">\n<li>South J, Jones R, Stansfield J, Bagnall A-M. <a rel=\"noreferrer noopener\" href=\"https:\/\/www.euro.who.int\/__data\/assets\/pdf_file\/0003\/382971\/hen-60-eng.pdf\" target=\"_blank\">What quantitative and qualitative methods have been developed<\/a> <a rel=\"noreferrer noopener\" href=\"https:\/\/www.euro.who.int\/__data\/assets\/pdf_file\/0003\/382971\/hen-60-eng.pdf\" target=\"_blank\">to measure health-related community resilience at a national and local level?<\/a> Copenhagen: WHO Regional Office for Europe; 2018 (Health Evidence Network (HEN) synthesis report 60).<\/li>\n<\/ul>\n\n\n\n<h4 class=\"wp-block-heading\"><strong>Steven Markham<\/strong><\/h4>\n\n\n\n<ul class=\"wp-block-list\">\n<li>The International Men&#8217;s Sheds Organisation&nbsp;<a href=\"https:\/\/menshed.com\/\">https:\/\/MenShed.com\/<\/a>&nbsp;has links to Men&#8217;s Sheds Associations across the world.&nbsp;<\/li>\n\n\n\n<li>Foettinger, L., Albrecht, B.M., Altgeld, .T, Gansefort, D., Recke, C., Stalling, I. and Bammann, K. (2022) The Role of Community-Based Men\u2019s Sheds in Health Promotion for Older Men: A Mixed-Methods Systematic Review. American Journal of Men\u2019s Health. doi:10.1177\/15579883221084490&nbsp;<\/li>\n\n\n\n<li>Golding, B. (2021) Shoulder to Shoulder: Broadening the Men\u2019s Shed Movement. Champaign, IL: Common Ground Research Networks. doi:10.18848\/978-1-86335-258-1\/CGP<\/li>\n\n\n\n<li>Oldenburg, R. (1999). The great good place: Cafes, coffee shops, bookstores, bars, hair salons, and other hangouts at the heart of a community. Da Capo Press.<\/li>\n<\/ul>\n\n\n\n<h4 class=\"wp-block-heading\"><strong>Sham Moodley<\/strong><\/h4>\n\n\n\n<ul class=\"wp-block-list\">\n<li>Dr. Sham Moodley. <a rel=\"noreferrer noopener\" href=\"https:\/\/unescochair-ghe.org\/wp-content\/uploads\/2022\/06\/Kamba-Ya-Shanga-SM-Opinion-Piece-FINAL.pdf\" target=\"_blank\">Launching the &#8220;Kamba Ya Shanga Project.<\/a> <\/li>\n\n\n\n<li><a rel=\"noreferrer noopener\" href=\"https:\/\/unescochair-ghe.org\/wp-content\/uploads\/2022\/06\/Pharmacy-Safe-Spaces-Media-Release-V3.0.pdf\" target=\"_blank\">\u201cPharmacy Safe Spaces\u201d Initiative<\/a>.<\/li>\n<\/ul>\n\n\n\n<h4 class=\"wp-block-heading\"><strong>Bhavna Mukhopadhyay<\/strong><\/h4>\n\n\n\n<ul class=\"wp-block-list\">\n<li><a href=\"https:\/\/www.who.int\/publications\/i\/item\/risk-communication-and-community-engagement-(rcce)-action-plan-guidance\">https:\/\/www.who.int\/publications\/i\/item\/risk-communication-and-community-engagement-(rcce)-action-plan-guidance<\/a><\/li>\n\n\n\n<li><a href=\"https:\/\/journals.sagepub.com\/doi\/abs\/10.1177\/17579759211057577\">https:\/\/journals.sagepub.com\/doi\/abs\/10.1177\/17579759211057577<\/a><\/li>\n<\/ul>\n\n\n\n<h4 class=\"wp-block-heading\"><strong>Nancy Muturi<\/strong><\/h4>\n\n\n\n<ul class=\"wp-block-list\">\n<li>Agunga RA (1997) Developing the Third world. A communication approach. Nova Science, Commack<\/li>\n\n\n\n<li>Crawford, E. C., &amp; Okigbo, C. C. (2014). Strategic communication campaigns. In <em>Strategic urban health communication<\/em> (pp. 11-23). Springer, New York, NY.<\/li>\n\n\n\n<li>Grunig, J. E. (2018). Strategic behavioral paradigm. <em>The international encyclopedia of strategic communication<\/em>, 1-6.<\/li>\n\n\n\n<li>Kreps, G. L., &amp; Sivaram, R. (2008). Strategic health communication across the continuum of breast cancer care in limited\u2010resource countries. <em>Cancer<\/em>, <em>113<\/em>(S8), 2331-2337.<\/li>\n\n\n\n<li>Kreuter, M. W., &amp; Wray, R. J. (2003). Tailored and targeted health communication: strategies for enhancing information relevance. <em>American journal of health behavior<\/em>, <em>27<\/em>(1), S227-S232.<\/li>\n\n\n\n<li>Muturi, N. W. (2005). Communication for HIV\/AIDS prevention in Kenya: Social\u2013cultural considerations. <em>Journal of health communication<\/em>, <em>10<\/em>(1), 77-98.<\/li>\n\n\n\n<li>Schiavo, R. (2013). <em>Health communication: From theory to practice <\/em>(2nd ed.). Jossey-Bass. ISBN 978-1-118-12219-8.<\/li>\n\n\n\n<li>Vraga, E. K., &amp; Jacobsen, K. H. (2020). Strategies for effective health communication during the coronavirus pandemic and future emerging infectious disease events. <em>World Medical &amp; Health Policy<\/em>, <em>12<\/em>(3), 233-241.<\/li>\n<\/ul>\n\n\n\n<h4 class=\"wp-block-heading\"><strong>Katie Powell and Amy Barnes<\/strong><\/h4>\n\n\n\n<ul class=\"wp-block-list\">\n<li>Research study website: <a href=\"https:\/\/communitiesincontrol.uk\/about\/\">https:\/\/communitiesincontrol.uk\/about\/<\/a><\/li>\n\n\n\n<li>Popay, J., Whitehead, M., Ponsford, R., Egan, M. and Mead, R., 2020. Power, control, communities and health inequalities I: theories, concepts and analytical frameworks. Health promotion international.<\/li>\n\n\n\n<li>Ponsford, R., Collins, M., Egan, M., Halliday, E., Lewis, S., Orton, L., Powell, K., Barnes, A., Salway, S., Townsend, A. and Whitehead, M., 2020. Power, control, communities and health inequalities. Part II: measuring shifts in power. Health promotion international.<\/li>\n\n\n\n<li>Powell, K., Barnes, A., Anderson de Cuevas, R., Bambra, C., Halliday, E., Lewis, S., McGill, R., Orton, L., Ponsford, R., Salway, S. and Townsend, A., 2020. Power, control, communities and health inequalities III: participatory spaces\u2014an English case. Health promotion international<\/li>\n<\/ul>\n\n\n\n<h4 class=\"wp-block-heading\"><strong>Maya Schaerer and Wbeimar S\u00e1nchez <\/strong><\/h4>\n\n\n\n<ul class=\"wp-block-list\">\n<li>Epidemic Control Toolkit Website&nbsp;<a href=\"https:\/\/epidemics.ifrc.org\/\">https:\/\/epidemics.ifrc.org\/<\/a><\/li>\n\n\n\n<li>IFRC Epidemic and Pandemic preparedness website&nbsp;<a href=\"https:\/\/www.ifrc.org\/epidemic-and-pandemic-preparedness\">https:\/\/www.ifrc.org\/epidemic-and-pandemic-preparedness<\/a><\/li>\n\n\n\n<li>Epidemic preparedness tools and resources <a href=\"https:\/\/www.ifrc.org\/epidemic-preparedness-tools-and-resources\">https:\/\/www.ifrc.org\/epidemic-preparedness-tools-and-resources<\/a><\/li>\n<\/ul>\n\n\n\n<h4 class=\"wp-block-heading\"><strong>Sione Tu\u2019itahi<\/strong><\/h4>\n\n\n\n<ul class=\"wp-block-list\">\n<li>Sione Tu\u2019itahi, Huti Watson, Richard Egan, Margot W. Parkes, Trevor Hancock (2021) Waiora: the importance of Indigenous worldviews and spirituality to inspire and inform Planetary Health Promotion in the Anthropocene <a href=\"https:\/\/journals.sagepub.com\/doi\/10.1177\/17579759211062261?icid=int.sj-full-text.similar-articles.2\">https:\/\/journals.sagepub.com\/doi\/10.1177\/17579759211062261?icid=int.sj-full-text.similar-articles.2<\/a><\/li>\n\n\n\n<li>Mihi Ratima (2019) Leadership for planetary health and sustainable development: health promotion community capacities for working with Indigenous peoples in the application of Indigenous knowledge <a href=\"https:\/\/journals.sagepub.com\/doi\/10.1177\/1757975919889250?icid=int.sj-full-text.similar-articles.1\">https:\/\/journals.sagepub.com\/doi\/10.1177\/1757975919889250?icid=int.sj-full-text.similar-articles.1<\/a><\/li>\n\n\n\n<li>Mihi Ratima, Debbie Martin, Heather Castleden, Treena Delormier (2019) Indigenous voices and knowledge systems \u2013 promoting planetary health, health equity, and sustainable development now and for future generations <a href=\"https:\/\/journals.sagepub.com\/doi\/10.1177\/1757975919838487?icid=int.sj-full-text.similar-articles.2\">https:\/\/journals.sagepub.com\/doi\/10.1177\/1757975919838487?icid=int.sj-full-text.similar-articles.2<\/a><\/li>\n<\/ul>\n\n\n\n<hr class=\"wp-block-separator has-css-opacity is-style-wide\" \/>\n\n\n\n<h3 class=\"wp-block-heading\" id=\"organisation\">\u0633\u0627\u0632\u0645\u0627\u0646<\/h3>\n\n\n\n<h4 class=\"wp-block-heading\">Coordinating group<\/h4>\n\n\n\n<ul class=\"wp-block-list\">\n<li>Eric Breton, Professor of health promotion, EHESP School of public health, Rennes, France<\/li>\n\n\n\n<li>Goof Buijs, Manager UNESCO Chair Global Health &amp; Education<\/li>\n\n\n\n<li>Helena Franceschini, Intern UNESCO Chair Global Health &amp; Education<\/li>\n\n\n\n<li>Liane Comeau, Executive Director International Union for Health Promotion and Education (IUHPE)<\/li>\n\n\n\n<li>Silvia de Ruiter, Project officer UNESCO Chair Global Health &amp; Education<\/li>\n<\/ul>\n\n\n\n<h4 class=\"wp-block-heading\">Advisory board<\/h4>\n\n\n\n<ul class=\"wp-block-list\">\n<li>Ashfaaque Bhunnoo, Public health professional, Mauritius and France<\/li>\n\n\n\n<li>Camila Ait Yala, Project leader \u201cIEC Sant\u00e9\u201d team at GRAS (Unit\u00e9 de Recherche en Anthropologie de la Sant\u00e9), University of Oran 2, Algeria<\/li>\n\n\n\n<li>Didier Jourdan, Chair holder UNESCO Chair Global Health &amp; Education, Full Professor, Clermont-Auvergne University, France<\/li>\n\n\n\n<li>Emmanuel Courmaire, Director of a primary school, France<\/li>\n\n\n\n<li>Saloua Abouchadi, Lecturer-researcher at National School of Public Health (ENSP), Rabat, Morocco<\/li>\n\n\n\n<li>Satarupa Dasgupta, assistant Professor of Applied Communication, Ramapo College of New Jersey, USA<\/li>\n\n\n\n<li>Sonia L\u00f3pez Villar, General Directorate of Public Health of Asturias, Population Health Service, Spain<\/li>\n\n\n\n<li>Viola Cassetti, Public health researcher and anthropologist, Spain<\/li>\n<\/ul>\n\n\n\n<hr class=\"wp-block-separator has-css-opacity is-style-wide\" \/>\n\n\n\n<h3 class=\"wp-block-heading\">Global Community Health Annual Workshop \u2013 first edition 2021<\/h3>\n\n\n\n<p>The first edition of the Global Community Health Annual Workshop was held online from 6 to 8 July 2021. The overal theme was to explore the diverse practices of community health worldwide, learn from them, and apply those newly acquired skills and knowledge to current\/future projects. The sub themes were:<\/p>\n\n\n\n<ul class=\"wp-block-list\">\n<li>Day 1 \u2013 Community health as a practice<\/li>\n\n\n\n<li>Day 2 \u2013 Mobilizing communities<\/li>\n\n\n\n<li>Day 3 \u2013 Promoting \/ advancing health and well-being<\/li>\n<\/ul>\n\n\n\n<p>For more information:<\/p>\n\n\n\n<ul class=\"wp-block-list\">\n<li><a href=\"https:\/\/unescochair-ghe.org\/fa\/2021\/06\/29\/global-community-health-annual-workshop-first-edition-2\/\">Recordings and presentations of the speakers of the first edition, 2021<\/a><\/li>\n\n\n\n<li><a href=\"https:\/\/unescochair-ghe.org\/fa\/the-unesco-chair-ghe\/activities\/global-community-health-annual-workshop\/review-assignments-first-edition-global-community-health-annual-workshop\/\">Review of participants assignments of the first edition, 2021<\/a><\/li>\n<\/ul>\n\n\n\n<ul class=\"wp-block-list\">\n<li><a rel=\"noreferrer noopener\" href=\"https:\/\/unescochair-ghe.org\/wp-content\/uploads\/2022\/05\/Vision-document-2nd-edition-of-the-Annual-CH-Workshop_final.pdf\" target=\"_blank\">Vision document second edition of the Global Community Health Annual Workshop<\/a>&nbsp;(pdf)<\/li>\n<\/ul>\n\n\n\n<p><\/p>","protected":false},"excerpt":{"rendered":"<p>From the&nbsp;28th&nbsp;to the 30th&nbsp;of June 2022, the second online edition of the Global Community Health Annual Workshop took place. The overall workshop theme is \u2018How to build resilient communities for &hellip;<\/p>","protected":false},"author":3,"featured_media":0,"parent":5231,"menu_order":0,"comment_status":"closed","ping_status":"closed","template":"","meta":{"footnotes":"","_links_to":"","_links_to_target":""},"class_list":["post-5407","page","type-page","status-publish","hentry"],"_links":{"self":[{"href":"https:\/\/unescochair-ghe.org\/fa\/wp-json\/wp\/v2\/pages\/5407","targetHints":{"allow":["GET"]}}],"collection":[{"href":"https:\/\/unescochair-ghe.org\/fa\/wp-json\/wp\/v2\/pages"}],"about":[{"href":"https:\/\/unescochair-ghe.org\/fa\/wp-json\/wp\/v2\/types\/page"}],"author":[{"embeddable":true,"href":"https:\/\/unescochair-ghe.org\/fa\/wp-json\/wp\/v2\/users\/3"}],"replies":[{"embeddable":true,"href":"https:\/\/unescochair-ghe.org\/fa\/wp-json\/wp\/v2\/comments?post=5407"}],"version-history":[{"count":117,"href":"https:\/\/unescochair-ghe.org\/fa\/wp-json\/wp\/v2\/pages\/5407\/revisions"}],"predecessor-version":[{"id":7211,"href":"https:\/\/unescochair-ghe.org\/fa\/wp-json\/wp\/v2\/pages\/5407\/revisions\/7211"}],"up":[{"embeddable":true,"href":"https:\/\/unescochair-ghe.org\/fa\/wp-json\/wp\/v2\/pages\/5231"}],"wp:attachment":[{"href":"https:\/\/unescochair-ghe.org\/fa\/wp-json\/wp\/v2\/media?parent=5407"}],"curies":[{"name":"wp","href":"https:\/\/api.w.org\/{rel}","templated":true}]}}