{"id":3834,"date":"2021-05-27T16:24:00","date_gmt":"2021-05-27T14:24:00","guid":{"rendered":"https:\/\/unescochair-ghe.org\/?page_id=3834"},"modified":"2021-09-30T16:54:15","modified_gmt":"2021-09-30T14:54:15","slug":"segundo-questionario-sobre-a-reabertura-segura-das-escolas","status":"publish","type":"page","link":"https:\/\/unescochair-ghe.org\/fa\/segundo-questionario-sobre-a-reabertura-segura-das-escolas\/","title":{"rendered":"Segundo question\u00e1rio sobre a reabertura segura das escolas"},"content":{"rendered":"<p><a rel=\"noreferrer noopener\" href=\"https:\/\/unescochair-ghe.org\/fa\/resources\/about-covid-19\/second-survey-on-the-safe-re-opening-of-schools\/\" target=\"_blank\">English version<\/a> &#8211; <a rel=\"noreferrer noopener\" href=\"https:\/\/unescochair-ghe.org\/fa\/zweite-umfrage-zur-sicheren-wiedereroffnung-von-schulen\/\" target=\"_blank\">Deutsche Version<\/a> &#8211; <a rel=\"noreferrer noopener\" href=\"https:\/\/chaireunesco-es.org\/ressources\/theme-covid-19\/enquete-mondiale-ecoles-et-covid-2e-phase\/\" target=\"_blank\">Version en fran\u00e7ais<\/a> &#8211; <a rel=\"noreferrer noopener\" href=\"https:\/\/unescochair-ghe.org\/fa\/resources\/about-covid-19\/segunda-encuesta-sobre-la-reapertura-segura-de-las-escuelas\/\" target=\"_blank\">Versi\u00f3n en espa\u00f1ol<\/a> &#8211; <a href=\"https:\/\/unescochair-ghe.org\/wp-content\/uploads\/2021\/09\/SEP-\u0627\u0644\u062f\u0631\u0627\u0633\u0629-\u0627\u0644\u0627\u0633\u062a\u0642\u0635\u0627\u0626\u064a\u0629-\u0627\u0644\u062b\u0627\u0646\u064a\u0629-\u062d\u0648\u0644-\u0625\u0639\u0627\u062f\u0629-\u0641\u062a\u062d-\u0627\u0644\u0645\u062f\u0627\u0631\u0633-\u0628\u0634\u0643\u0644-\u0622\u0645\u0646.pdf\" target=\"_blank\" rel=\"noreferrer noopener\">\u0627\u0644\u0646\u0633\u062e\u0629 \u0627\u0644\u0639\u0631\u0628\u064a\u0629<\/a><\/p>\n\n\n\n<p>O segundo inqu\u00e9rito sobre a reabertura segura das escolas est\u00e1 agora encerrado e os resultados est\u00e3o a ser analisados. O objetivo do question\u00e1rio \u00e9 recolher experi\u00eancias e opini\u00f5es dos profissionais de educa\u00e7\u00e3o e da sa\u00fade sobre os processos em curso no seu pa\u00eds sobre a reabertura das escolas em seguran\u00e7a durante a pandemia da COVID-19 e para as manter abertas.<\/p>\n\n\n\n<p>Queremos continuar a contruir pontes entre os dados cient\u00edficos e as necessidades das pessoas que est\u00e3o a implementar a orienta\u00e7\u00e3o nacional e a sentir o impacto da pandemia nas escolas e nas comunidades circundantes. O question\u00e1rio refletir\u00e1 sobre o trabalho intersectorial at\u00e9 \u00e0 data e as recomenda\u00e7\u00f5es para se avan\u00e7ar.<\/p>\n\n\n\n<p>O question\u00e1rio explora as medidas de sa\u00fade p\u00fablica que foram implementadas nas escolas, a comunica\u00e7\u00e3o de orienta\u00e7\u00f5es a n\u00edvel nacional e\/ou local, e os fatores facilitadores e barreiras \u00e0 reabertura segura das escolas. \u00c9 a continua\u00e7\u00e3o do question\u00e1rio que foi realizado em Maio\/Junho de 2020.<\/p>\n\n\n\n<style>\r\n\r\n#wpsm_counter_b_row_3625 .wpsm_counterbox\r\n{\r\n\ttext-align:center;\r\n\tmargin-top:50px;\r\n\tmargin-bottom:50px;\r\n}\r\n#wpsm_counter_b_row_3625 .wpsm_counterbox .wpsm_count-icon{\r\n\tdisplay:block;\r\n\tmargin-top:20px;\r\n\tpadding-top:0px;\r\n\tpadding-bottom:0px;\r\n\tmargin-bottom:0px;\r\n\tmargin:0 auto;\r\n}\r\n#wpsm_counter_b_row_3625 .wpsm_counterbox .wpsm_count-icon i{\r\n\tfont-size:20px;\r\n\tcolor:#1e73be;\r\n}\r\n#wpsm_counter_b_row_3625 .wpsm_counterbox .wpsm_number{\r\n\tfont-size:18px;\r\n\tfont-weight:400;\r\n\tcolor:#1e73be;\r\n\tfont-family:'Open Sans';\r\n\tletter-spacing:2px;\r\n\tmargin-top:20px;\r\n\tline-height: 1.3em;\r\n\tpadding-top:0px;\r\n\tpadding-bottom:0px;\r\n\tmargin-bottom:0px;\r\n}\r\n#wpsm_counter_b_row_3625 .wpsm_counterbox .wpsm_count-title{\r\n    font-size:18px;\r\n\tfont-weight:bolder;\r\n\tfont-family:'Open Sans';\r\n\tletter-spacing:2px;\r\n    color: #1e73be;\r\n\tfont-weight:400;\r\n\tmargin-top:20px;\r\n\tpadding-top:0px;\r\n\tpadding-bottom:0px;\r\n\tmargin-bottom:0px;\r\n\tline-height: 1.3em;\r\n}\r\n\r\n<\/style> \r\n\t\t \r\n\t\t\r\n\t\t<style>\r\n\t\t#wpsm_counter_b_row_3625\t\t\t{\r\n\t\t\t\t\r\n\t\t\t\tposition:relative;\r\n\t\t\t\twidth:100%;\r\n\t\t\t\toverflow:hidden;\r\n\t\t\t\ttext-align:center;\r\n\t\t\t}\r\n\t\t\t \r\n\t\t\t#wpsm_counter_b_row_3625 .wpsm_row{\r\n\t\t\toverflow:hidden;\r\n\t\t\tdisplay:block;\r\n\t\t\twidth:100%;\r\n\t\t\t} \r\n\t\t\t \r\n\t\t\t#wpsm_counter_b_row_3625 .wpsm_row{\r\n\t\t\toverflow:visible;\r\n\t\t\t} \r\n\t\t\t \r\n\t\t\t#wpsm_counter_b_row_3625 .wpsm_counterbox .wpsm_count-title{\r\n\t\t\tmin-height:56px;\r\n\t\t\t}}\r\n\t\t\t \r\n\t\t<\/style>\r\n\t\t\r\n\t\t<div class=\"wpsm_counter_b_row\" id=\"wpsm_counter_b_row_3625\">\r\n\t\t\t<div>\r\n\t\t\t\t<div class=\"wpsm_row\">\r\n\t\t\r\n\t\t\t\t\t\t<div class=\"wpsm_col-md-4 wpsm_col-sm-6\">\r\n\t\t\t\t\t<div class=\"wpsm_counterbox\">\r\n\t\t\t\t\t\t \r\n\t\t\t\t\t\t<div class=\"wpsm_count-icon\"><i #1e73be class=\"fa fa-map-o\"><\/i><\/div>\r\n\t\t\t\t\t\t\t\t\t\t\t\t<div class=\"wpsm_number\" style=\"#1e73be\" >\r\n\t\t\t\t\t\t   <span class=\"counter\">77\t\t\t\t\t\t   <\/span>\r\n\t\t\t\t\t\t    \r\n\t\t\t\t\t    <\/div>\r\n\t\t\t\t\t\t<h3 class=\"wpsm_count-title\" #1e73be> Countries<\/h3>\r\n\t\t\t\t\t\t \r\n\t\t\t\t\t<\/div>\r\n\t\t\t\t<\/div>\r\n\t\t\t\t\t\t\t\t\t<div class=\"wpsm_col-md-4 wpsm_col-sm-6\">\r\n\t\t\t\t\t<div class=\"wpsm_counterbox\">\r\n\t\t\t\t\t\t \r\n\t\t\t\t\t\t<div class=\"wpsm_count-icon\"><i #1e73be class=\"fa fa-group\"><\/i><\/div>\r\n\t\t\t\t\t\t\t\t\t\t\t\t<div class=\"wpsm_number\" style=\"#1e73be\" >\r\n\t\t\t\t\t\t   <span class=\"counter\">2302\t\t\t\t\t\t   <\/span>\r\n\t\t\t\t\t\t    \r\n\t\t\t\t\t    <\/div>\r\n\t\t\t\t\t\t<h3 class=\"wpsm_count-title\" #1e73be> Responses<\/h3>\r\n\t\t\t\t\t\t \r\n\t\t\t\t\t<\/div>\r\n\t\t\t\t<\/div>\r\n\t\t\t\t\t\t\t\t\t<div class=\"wpsm_col-md-4 wpsm_col-sm-6\">\r\n\t\t\t\t\t<div class=\"wpsm_counterbox\">\r\n\t\t\t\t\t\t \r\n\t\t\t\t\t\t<div class=\"wpsm_count-icon\"><i #1e73be class=\"fa fa-mortar-board\"><\/i><\/div>\r\n\t\t\t\t\t\t\t\t\t\t\t\t<div class=\"wpsm_number\" style=\"#1e73be\" >\r\n\t\t\t\t\t\t   <span class=\"counter\">44\t\t\t\t\t\t   <\/span>\r\n\t\t\t\t\t\t    \r\n\t\t\t\t\t    <\/div>\r\n\t\t\t\t\t\t<h3 class=\"wpsm_count-title\" #1e73be> Researchers involved <\/h3>\r\n\t\t\t\t\t\t \r\n\t\t\t\t\t<\/div>\r\n\t\t\t\t<\/div>\r\n\t\t\t\t\t\t<\/div>\r\n\t\t\t<div class=\"wpsm_row\">\r\n\t\t\t\t\t\t\r\n\t\t\t<\/div>\t\t\t\t<\/div>\r\n\t\t<\/div>\r\n\t\t\r\n\t\n\n\n\n<h3 class=\"wp-block-heading\">Parceiros do cons\u00f3rcio<\/h3>\n\n\n\n<p>O question\u00e1rio \u00e9 conduzido pela <a href=\"https:\/\/unescochair-ghe.org\/fa\/\">UNESCO Chair e pelo WHO Collaborating Center in Global Health &amp; Education<\/a> com o apoio dos seus parceiros de cons\u00f3rcio da <a href=\"http:\/\/www.ascd.org\/Default.aspx\">ASCD<\/a>, <a href=\"https:\/\/www.ntnu.edu\/chain\">CHAIN<\/a>, <a rel=\"noreferrer noopener\" href=\"https:\/\/www.ei-ie.org\/\" target=\"_blank\">Education International<\/a>,&nbsp;<a rel=\"noreferrer noopener\" href=\"https:\/\/eupha.org\/child-and-adolescent-public-health\" target=\"_blank\">EUPHA Child and Adolescent Public Health<\/a>, <a rel=\"noreferrer noopener\" href=\"https:\/\/eupha.org\/health-promotion\" target=\"_blank\">EUPHA Health Promotion<\/a>,&nbsp;<a href=\"https:\/\/www.gculondon.ac.uk\/\">GCU London<\/a>, <a href=\"https:\/\/iaah.org\/\">IAAH<\/a> e a sua <a href=\"https:\/\/iaah.org\/young-professionals-network\/\">Young Professionals&#8217; Network<\/a>, <a href=\"https:\/\/www.iuhpe.org\/index.php\/en\/\">IUHPE<\/a>, <a href=\"http:\/\/www.ncdchild.org\/\">NCD Child<\/a>, <a href=\"https:\/\/inspe.uca.fr\">UCA<\/a> e a <a href=\"https:\/\/www.schoolsforhealth.org\/\">SHE Network<\/a>.<\/p>\n\n\n\n<figure class=\"wp-block-image size-large\"><img decoding=\"async\" width=\"1024\" height=\"576\" data-src=\"https:\/\/unescochair-ghe.org\/wp-content\/uploads\/2021\/05\/Social-media-card-PT-1024x576.jpg\" alt=\"\" class=\"wp-image-3836 lazyload\" data-srcset=\"https:\/\/unescochair-ghe.org\/wp-content\/uploads\/2021\/05\/Social-media-card-PT-1024x576.jpg 1024w, https:\/\/unescochair-ghe.org\/wp-content\/uploads\/2021\/05\/Social-media-card-PT-300x169.jpg 300w, https:\/\/unescochair-ghe.org\/wp-content\/uploads\/2021\/05\/Social-media-card-PT-768x432.jpg 768w, https:\/\/unescochair-ghe.org\/wp-content\/uploads\/2021\/05\/Social-media-card-PT-16x9.jpg 16w, https:\/\/unescochair-ghe.org\/wp-content\/uploads\/2021\/05\/Social-media-card-PT-373x210.jpg 373w, https:\/\/unescochair-ghe.org\/wp-content\/uploads\/2021\/05\/Social-media-card-PT.jpg 1280w\" data-sizes=\"(max-width: 1024px) 100vw, 1024px\" src=\"data:image\/svg+xml;base64,PHN2ZyB3aWR0aD0iMSIgaGVpZ2h0PSIxIiB4bWxucz0iaHR0cDovL3d3dy53My5vcmcvMjAwMC9zdmciPjwvc3ZnPg==\" style=\"--smush-placeholder-width: 1024px; --smush-placeholder-aspect-ratio: 1024\/576;\" \/><\/figure>\n\n\n\n<p>Contribuem para esta investiga\u00e7\u00e3o investigadores das seguintes Universidades e organiza\u00e7\u00f5es:<\/p>\n\n\n\n<ul class=\"wp-block-list\"><li>Clermont Auvergne University, France<\/li><li>GCU London, UK<\/li><li>Leuphana University, Germany<\/li><li>State University of S\u00e3o Paulo (UNESP), Brazil<\/li><li>Swiss Public Health Doctors Society, Switzerland<\/li><li>University of Huddersfield, UK<\/li><li>University of Minho (CIEC research centre), Portugal<\/li><li>University of Rovuma, Nampula, Mozambique<\/li><li>Young People\u2019s Health Special Interest Group of the UK Royal College of Paediatrics and Child Health (YPHSIG) (UK)<\/li><\/ul>","protected":false},"excerpt":{"rendered":"<p>English version &#8211; Deutsche Version &#8211; Version en fran\u00e7ais &#8211; Versi\u00f3n en espa\u00f1ol &#8211; \u0627\u0644\u0646\u0633\u062e\u0629 \u0627\u0644\u0639\u0631\u0628\u064a\u0629 O segundo inqu\u00e9rito sobre a reabertura segura das escolas est\u00e1 agora encerrado e os &hellip;<\/p>","protected":false},"author":3,"featured_media":0,"parent":0,"menu_order":0,"comment_status":"closed","ping_status":"closed","template":"","meta":{"footnotes":"","_links_to":"","_links_to_target":""},"class_list":["post-3834","page","type-page","status-publish","hentry"],"_links":{"self":[{"href":"https:\/\/unescochair-ghe.org\/fa\/wp-json\/wp\/v2\/pages\/3834","targetHints":{"allow":["GET"]}}],"collection":[{"href":"https:\/\/unescochair-ghe.org\/fa\/wp-json\/wp\/v2\/pages"}],"about":[{"href":"https:\/\/unescochair-ghe.org\/fa\/wp-json\/wp\/v2\/types\/page"}],"author":[{"embeddable":true,"href":"https:\/\/unescochair-ghe.org\/fa\/wp-json\/wp\/v2\/users\/3"}],"replies":[{"embeddable":true,"href":"https:\/\/unescochair-ghe.org\/fa\/wp-json\/wp\/v2\/comments?post=3834"}],"version-history":[{"count":10,"href":"https:\/\/unescochair-ghe.org\/fa\/wp-json\/wp\/v2\/pages\/3834\/revisions"}],"predecessor-version":[{"id":4494,"href":"https:\/\/unescochair-ghe.org\/fa\/wp-json\/wp\/v2\/pages\/3834\/revisions\/4494"}],"wp:attachment":[{"href":"https:\/\/unescochair-ghe.org\/fa\/wp-json\/wp\/v2\/media?parent=3834"}],"curies":[{"name":"wp","href":"https:\/\/api.w.org\/{rel}","templated":true}]}}