{"id":3654,"date":"2021-04-15T11:25:46","date_gmt":"2021-04-15T09:25:46","guid":{"rendered":"https:\/\/unescochair-ghe.org\/?page_id=3654"},"modified":"2021-05-20T20:42:53","modified_gmt":"2021-05-20T18:42:53","slug":"11-mayo-2021-lecciones-y-desafios-de-la-promocion-de-la-salud-escolar-en-america-latina","status":"publish","type":"page","link":"https:\/\/unescochair-ghe.org\/fa\/11-mayo-2021-lecciones-y-desafios-de-la-promocion-de-la-salud-escolar-en-america-latina\/","title":{"rendered":"11 mayo 2021 &#8211; Lecciones y Desaf\u00edos de la Promoci\u00f3n de la Salud Escolar en Am\u00e9rica Latina"},"content":{"rendered":"<h3 class=\"wp-block-heading\"><a href=\"https:\/\/unescochair-ghe.org\/fa\/webinars\/\">\u0633\u0631\u06cc \u0648\u0628\u06cc\u0646\u0627\u0631 \u0647\u0627\u06cc \u06a9\u0631\u0633\u06cc \u062c\u0647\u0627\u0646\u06cc \u0633\u0644\u0627\u0645\u062a \u0648 \u0622\u0645\u0648\u0632\u0634<\/a><\/h3>\n\n\n\n<h3 class=\"wp-block-heading\"><strong>11 mayo 2021<\/strong><\/h3>\n\n\n\n<p><a href=\"https:\/\/unescochair-ghe.org\/fa\/2021\/04\/20\/11-may-2021-school-health-promotion-in-latin-america-lessons-learned\/\">English version<\/a><\/p>\n\n\n\n<h4 class=\"wp-block-heading\">Moderador<\/h4>\n\n\n\n<div class=\"wp-block-columns is-layout-flex wp-container-core-columns-is-layout-9d6595d7 wp-block-columns-is-layout-flex\">\n<div class=\"wp-block-column is-layout-flow wp-block-column-is-layout-flow\" style=\"flex-basis:33.33%\">\n<div class=\"wp-block-image is-style-rounded\"><figure class=\"aligncenter size-full is-resized\"><img decoding=\"async\" data-src=\"https:\/\/unescochair-ghe.org\/wp-content\/uploads\/2020\/10\/Foto-de-Dr.-Hiram-V.-Arroyo-cut.png\" alt=\"\" class=\"wp-image-2113 lazyload\" width=\"145\" height=\"149\" src=\"data:image\/svg+xml;base64,PHN2ZyB3aWR0aD0iMSIgaGVpZ2h0PSIxIiB4bWxucz0iaHR0cDovL3d3dy53My5vcmcvMjAwMC9zdmciPjwvc3ZnPg==\" style=\"--smush-placeholder-width: 145px; --smush-placeholder-aspect-ratio: 145\/149;\" \/><\/figure><\/div>\n<\/div>\n\n\n\n<div class=\"wp-block-column is-layout-flow wp-block-column-is-layout-flow\" style=\"flex-basis:66.66%\">\n<p><strong>Dr. Hiram V. Arroyo<\/strong>, Puerto Rico.&nbsp;Catedr\u00e1tico, Director, Departamento de Ciencias Sociales, Director, Centro Colaborador de la Organizaci\u00f3n Mundial de la Salud&nbsp;(OMS\/OPS) para la Capacitaci\u00f3n e Investigaci\u00f3n en Promoci\u00f3n de la Salud&nbsp;y Educaci\u00f3n para la Salud,&nbsp;Facultad de Ciencias Biosociales y Escuela Graduada de Salud P\u00fablica,&nbsp;Recinto de Ciencias M\u00e9dicas, Universidad de Puerto Rico<\/p>\n<\/div>\n<\/div>\n\n\n\n<h4 class=\"wp-block-heading\">Oradores<\/h4>\n\n\n\n<div class=\"wp-block-columns is-layout-flex wp-container-core-columns-is-layout-9d6595d7 wp-block-columns-is-layout-flex\">\n<div class=\"wp-block-column is-layout-flow wp-block-column-is-layout-flow\" style=\"flex-basis:33.33%\">\n<div class=\"wp-block-image is-style-rounded\"><figure class=\"aligncenter size-medium is-resized\"><img decoding=\"async\" data-src=\"https:\/\/unescochair-ghe.org\/wp-content\/uploads\/2021\/04\/Blanca-Patricia-Mantilla.-Perfil-300x300.jpg\" alt=\"\" class=\"wp-image-3602 lazyload\" width=\"150\" height=\"150\" data-srcset=\"https:\/\/unescochair-ghe.org\/wp-content\/uploads\/2021\/04\/Blanca-Patricia-Mantilla.-Perfil-300x300.jpg 300w, https:\/\/unescochair-ghe.org\/wp-content\/uploads\/2021\/04\/Blanca-Patricia-Mantilla.-Perfil-150x150.jpg 150w, https:\/\/unescochair-ghe.org\/wp-content\/uploads\/2021\/04\/Blanca-Patricia-Mantilla.-Perfil-12x12.jpg 12w, https:\/\/unescochair-ghe.org\/wp-content\/uploads\/2021\/04\/Blanca-Patricia-Mantilla.-Perfil-299x300.jpg 299w, https:\/\/unescochair-ghe.org\/wp-content\/uploads\/2021\/04\/Blanca-Patricia-Mantilla.-Perfil-512x512.jpg 512w, https:\/\/unescochair-ghe.org\/wp-content\/uploads\/2021\/04\/Blanca-Patricia-Mantilla.-Perfil.jpg 720w\" data-sizes=\"(max-width: 150px) 100vw, 150px\" src=\"data:image\/svg+xml;base64,PHN2ZyB3aWR0aD0iMSIgaGVpZ2h0PSIxIiB4bWxucz0iaHR0cDovL3d3dy53My5vcmcvMjAwMC9zdmciPjwvc3ZnPg==\" style=\"--smush-placeholder-width: 150px; --smush-placeholder-aspect-ratio: 150\/150;\" \/><\/figure><\/div>\n<\/div>\n\n\n\n<div class=\"wp-block-column is-layout-flow wp-block-column-is-layout-flow\" style=\"flex-basis:66.66%\">\n<p><strong>Prof. Blanca Patricia Mantilla Uribe<\/strong>, Directora Instituto Proinapsa, Centro Colaborador de OMS en Promoci\u00f3n de la Salud y Salud Sexual y Reproductiva, Facultad de Salud, Universidad Industrial de Santander, Colombia<\/p>\n<\/div>\n<\/div>\n\n\n\n<div class=\"wp-block-columns is-layout-flex wp-container-core-columns-is-layout-9d6595d7 wp-block-columns-is-layout-flex\">\n<div class=\"wp-block-column is-layout-flow wp-block-column-is-layout-flow\" style=\"flex-basis:33.33%\">\n<div class=\"wp-block-image is-style-rounded\"><figure class=\"aligncenter size-large\"><img decoding=\"async\" width=\"150\" height=\"150\" data-src=\"https:\/\/unescochair-ghe.org\/wp-content\/uploads\/2021\/04\/Photo-Ks.png\" alt=\"\" class=\"wp-image-3603 lazyload\" data-srcset=\"https:\/\/unescochair-ghe.org\/wp-content\/uploads\/2021\/04\/Photo-Ks.png 150w, https:\/\/unescochair-ghe.org\/wp-content\/uploads\/2021\/04\/Photo-Ks-12x12.png 12w\" data-sizes=\"(max-width: 150px) 100vw, 150px\" src=\"data:image\/svg+xml;base64,PHN2ZyB3aWR0aD0iMSIgaGVpZ2h0PSIxIiB4bWxucz0iaHR0cDovL3d3dy53My5vcmcvMjAwMC9zdmciPjwvc3ZnPg==\" style=\"--smush-placeholder-width: 150px; --smush-placeholder-aspect-ratio: 150\/150;\" \/><\/figure><\/div>\n<\/div>\n\n\n\n<div class=\"wp-block-column is-layout-flow wp-block-column-is-layout-flow\" style=\"flex-basis:66.66%\">\n<p><strong>Prof. Karina Cimmino<\/strong>, Miembro del Programa de Ciencias Sociales y Salud de FLACSO Argentina<\/p>\n<\/div>\n<\/div>\n\n\n\n<p><i class=\"fas fa-globe\"> <\/i> Espa\u00f1ol<\/p>\n\n\n\n<hr class=\"wp-block-separator is-style-wide\" \/>\n\n\n\n<div class=\"wp-block-columns is-layout-flex wp-container-core-columns-is-layout-9d6595d7 wp-block-columns-is-layout-flex\">\n<div class=\"wp-block-column is-vertically-aligned-center is-layout-flow wp-block-column-is-layout-flow\" style=\"flex-basis:33.33%\">\n<div class=\"wp-block-image\"><figure class=\"aligncenter size-medium is-resized\"><img decoding=\"async\" data-src=\"https:\/\/unescochair-ghe.org\/wp-content\/uploads\/2020\/10\/EP-logo-300x105.jpg\" alt=\"\" class=\"wp-image-2100 lazyload\" width=\"225\" height=\"79\" data-srcset=\"https:\/\/unescochair-ghe.org\/wp-content\/uploads\/2020\/10\/EP-logo-300x105.jpg 300w, https:\/\/unescochair-ghe.org\/wp-content\/uploads\/2020\/10\/EP-logo-373x130.jpg 373w, https:\/\/unescochair-ghe.org\/wp-content\/uploads\/2020\/10\/EP-logo.jpg 622w\" data-sizes=\"(max-width: 225px) 100vw, 225px\" src=\"data:image\/svg+xml;base64,PHN2ZyB3aWR0aD0iMSIgaGVpZ2h0PSIxIiB4bWxucz0iaHR0cDovL3d3dy53My5vcmcvMjAwMC9zdmciPjwvc3ZnPg==\" style=\"--smush-placeholder-width: 225px; --smush-placeholder-aspect-ratio: 225\/79;\" \/><\/figure><\/div>\n<\/div>\n\n\n\n<div class=\"wp-block-column is-layout-flow wp-block-column-is-layout-flow\" style=\"flex-basis:66.66%\"><\/div>\n<\/div>\n\n\n\n<hr class=\"wp-block-separator is-style-wide\" \/>\n\n\n\n<h3 class=\"wp-block-heading\">Resumen<\/h3>\n\n\n\n<p>Durante este seminario web, los expertos reflexionar\u00e1n sobre las lecciones aprendidas en los \u00faltimos 35 a\u00f1os en materia de promoci\u00f3n de la salud en las escuelas de Am\u00e9rica Latina.<\/p>\n\n\n\n<hr class=\"wp-block-separator is-style-wide\" \/>\n\n\n\n<h3 class=\"wp-block-heading\">Las contribuciones de nuestros oradores<\/h3>\n\n\n\n<p>Los oradores explorar\u00e1n las siguientes cuestiones:<\/p>\n\n\n\n<div class=\"wp-block-columns is-layout-flex wp-container-core-columns-is-layout-9d6595d7 wp-block-columns-is-layout-flex\">\n<div class=\"wp-block-column is-layout-flow wp-block-column-is-layout-flow\" style=\"flex-basis:33.33%\">\n<figure class=\"wp-block-embed is-type-video is-provider-youtube wp-block-embed-youtube wp-embed-aspect-16-9 wp-has-aspect-ratio\"><div class=\"wp-block-embed__wrapper\">\n<iframe title=\"Lecciones y Desaf\u00edos de la Promoci\u00f3n de la Salud Escolar en Am\u00e9rica Latina - Prof. Karina Cimmino\" width=\"1233\" height=\"694\" data-src=\"https:\/\/www.youtube.com\/embed\/8H8oBacKgMQ?feature=oembed\" frameborder=\"0\" allow=\"accelerometer; autoplay; clipboard-write; encrypted-media; gyroscope; picture-in-picture; web-share\" referrerpolicy=\"strict-origin-when-cross-origin\" allowfullscreen src=\"data:image\/svg+xml;base64,PHN2ZyB3aWR0aD0iMSIgaGVpZ2h0PSIxIiB4bWxucz0iaHR0cDovL3d3dy53My5vcmcvMjAwMC9zdmciPjwvc3ZnPg==\" class=\"lazyload\" data-load-mode=\"1\"><\/iframe>\n<\/div><\/figure>\n<\/div>\n\n\n\n<div class=\"wp-block-column is-vertically-aligned-center is-layout-flow wp-block-column-is-layout-flow\" style=\"flex-basis:66.66%\">\n<p>\u00bfCu\u00e1l ha sido el aporte de la Promoci\u00f3n de la Salud Escolar en la promoci\u00f3n del desarrollo y la equidad en salud de la ni\u00f1ez y adolescencia en Am\u00e9rica Latina? &#8211; <strong>Prof. Karina Cimmino<\/strong><\/p>\n\n\n\n<p><\/p>\n<\/div>\n<\/div>\n\n\n\n<div class=\"wp-block-columns is-layout-flex wp-container-core-columns-is-layout-9d6595d7 wp-block-columns-is-layout-flex\">\n<div class=\"wp-block-column is-layout-flow wp-block-column-is-layout-flow\" style=\"flex-basis:33.33%\">\n<figure class=\"wp-block-embed is-type-video is-provider-youtube wp-block-embed-youtube wp-embed-aspect-16-9 wp-has-aspect-ratio\"><div class=\"wp-block-embed__wrapper\">\n<iframe title=\"Lecciones y Desaf\u00edos de la Promoci\u00f3n de la Salud Escolar en Am\u00e9rica Latina - Prof. Blanca Uribe\" width=\"1233\" height=\"694\" data-src=\"https:\/\/www.youtube.com\/embed\/qMByS5Cyv6A?feature=oembed\" frameborder=\"0\" allow=\"accelerometer; autoplay; clipboard-write; encrypted-media; gyroscope; picture-in-picture; web-share\" referrerpolicy=\"strict-origin-when-cross-origin\" allowfullscreen src=\"data:image\/svg+xml;base64,PHN2ZyB3aWR0aD0iMSIgaGVpZ2h0PSIxIiB4bWxucz0iaHR0cDovL3d3dy53My5vcmcvMjAwMC9zdmciPjwvc3ZnPg==\" class=\"lazyload\" data-load-mode=\"1\"><\/iframe>\n<\/div><\/figure>\n<\/div>\n\n\n\n<div class=\"wp-block-column is-vertically-aligned-center is-layout-flow wp-block-column-is-layout-flow\" style=\"flex-basis:66.66%\">\n<p>\u00bfCu\u00e1les han sido los avances, los componentes distintivos \/ potenciales y el aporte de las redes en el trabajo del Movimiento de Promoci\u00f3n de la Salud Escolar en Am\u00e9rica Latina? &#8211; <strong>Prof. Blanca Patricia Mantilla Uribe<\/strong><\/p>\n<\/div>\n<\/div>\n\n\n\n<div class=\"wp-block-columns is-layout-flex wp-container-core-columns-is-layout-9d6595d7 wp-block-columns-is-layout-flex\">\n<div class=\"wp-block-column is-layout-flow wp-block-column-is-layout-flow\" style=\"flex-basis:33.33%\">\n<figure class=\"wp-block-embed is-type-video is-provider-youtube wp-block-embed-youtube wp-embed-aspect-16-9 wp-has-aspect-ratio\"><div class=\"wp-block-embed__wrapper\">\n<iframe title=\"Lecciones y Desaf\u00edos de la Promoci\u00f3n de la Salud Escolar en Am\u00e9rica Latina - Q3\" width=\"1233\" height=\"694\" data-src=\"https:\/\/www.youtube.com\/embed\/krG3My0dy3M?feature=oembed\" frameborder=\"0\" allow=\"accelerometer; autoplay; clipboard-write; encrypted-media; gyroscope; picture-in-picture; web-share\" referrerpolicy=\"strict-origin-when-cross-origin\" allowfullscreen src=\"data:image\/svg+xml;base64,PHN2ZyB3aWR0aD0iMSIgaGVpZ2h0PSIxIiB4bWxucz0iaHR0cDovL3d3dy53My5vcmcvMjAwMC9zdmciPjwvc3ZnPg==\" class=\"lazyload\" data-load-mode=\"1\"><\/iframe>\n<\/div><\/figure>\n<\/div>\n\n\n\n<div class=\"wp-block-column is-vertically-aligned-center is-layout-flow wp-block-column-is-layout-flow\" style=\"flex-basis:66.66%\">\n<p>\u00bfQu\u00e9 caminos pol\u00edticos, acciones program\u00e1ticas y otras oportunidades deber\u00edan dar forma a la agenda futura del Movimiento Latinoamericano de Promoci\u00f3n de la Salud Escolar? &#8211; <strong>Prof. Karina Cimmino<\/strong> <strong>y Prof. Blanca Patricia Mantilla Uribe<\/strong><\/p>\n<\/div>\n<\/div>\n\n\n\n<div class=\"wp-block-columns is-layout-flex wp-container-core-columns-is-layout-9d6595d7 wp-block-columns-is-layout-flex\">\n<div class=\"wp-block-column is-layout-flow wp-block-column-is-layout-flow\" style=\"flex-basis:33.33%\">\n<figure class=\"wp-block-embed is-type-video is-provider-youtube wp-block-embed-youtube wp-embed-aspect-16-9 wp-has-aspect-ratio\"><div class=\"wp-block-embed__wrapper\">\n<iframe title=\"Webinario Lecciones y Desaf\u00edos de la Promoci\u00f3n de la Salud Escolar en Am\u00e9rica Latina\" width=\"1233\" height=\"694\" data-src=\"https:\/\/www.youtube.com\/embed\/S4RnCA-sxY0?feature=oembed\" frameborder=\"0\" allow=\"accelerometer; autoplay; clipboard-write; encrypted-media; gyroscope; picture-in-picture; web-share\" referrerpolicy=\"strict-origin-when-cross-origin\" allowfullscreen src=\"data:image\/svg+xml;base64,PHN2ZyB3aWR0aD0iMSIgaGVpZ2h0PSIxIiB4bWxucz0iaHR0cDovL3d3dy53My5vcmcvMjAwMC9zdmciPjwvc3ZnPg==\" class=\"lazyload\" data-load-mode=\"1\"><\/iframe>\n<\/div><\/figure>\n<\/div>\n\n\n\n<div class=\"wp-block-column is-vertically-aligned-center is-layout-flow wp-block-column-is-layout-flow\" style=\"flex-basis:66.66%\">\n<p>V\u00eddeo completo del seminario web<\/p>\n<\/div>\n<\/div>\n\n\n\n<hr class=\"wp-block-separator is-style-wide\" \/>\n\n\n\n<h3 class=\"wp-block-heading\">Contribuciones de los participantes<\/h3>\n\n\n\n<figure class=\"wp-block-image size-large\"><img decoding=\"async\" width=\"986\" height=\"461\" data-src=\"https:\/\/unescochair-ghe.org\/wp-content\/uploads\/2021\/05\/Chat-en-Q.png\" alt=\"\" class=\"wp-image-3810 lazyload\" data-srcset=\"https:\/\/unescochair-ghe.org\/wp-content\/uploads\/2021\/05\/Chat-en-Q.png 986w, https:\/\/unescochair-ghe.org\/wp-content\/uploads\/2021\/05\/Chat-en-Q-300x140.png 300w, https:\/\/unescochair-ghe.org\/wp-content\/uploads\/2021\/05\/Chat-en-Q-768x359.png 768w, https:\/\/unescochair-ghe.org\/wp-content\/uploads\/2021\/05\/Chat-en-Q-16x7.png 16w, https:\/\/unescochair-ghe.org\/wp-content\/uploads\/2021\/05\/Chat-en-Q-373x174.png 373w, https:\/\/unescochair-ghe.org\/wp-content\/uploads\/2021\/05\/Chat-en-Q-640x300.png 640w\" data-sizes=\"(max-width: 986px) 100vw, 986px\" src=\"data:image\/svg+xml;base64,PHN2ZyB3aWR0aD0iMSIgaGVpZ2h0PSIxIiB4bWxucz0iaHR0cDovL3d3dy53My5vcmcvMjAwMC9zdmciPjwvc3ZnPg==\" style=\"--smush-placeholder-width: 986px; --smush-placeholder-aspect-ratio: 986\/461;\" \/><\/figure>\n\n\n\n<hr class=\"wp-block-separator is-style-wide\" \/>\n\n\n\n<h3 class=\"wp-block-heading\">Recursos<\/h3>\n\n\n\n<p>Blanca Patricia Mantilla Uribe, Jacqueline Hern\u00e1ndez S\u00e1nchez, Mar\u00eda Constanza Hakspiel Plata, Alba Yaneth Rinc\u00f3n M\u00e9ndez, Mar\u00eda del Pilar Oviedo C\u00e1ceres. <a href=\"http:\/\/proinapsa.uis.edu.co\/index.php\/top-blocks\/233-libro\" target=\"_blank\" rel=\"noreferrer noopener\">Promoci\u00f3n de la salud en la escuela. Mirada al ayer y retos en Am\u00e9rica Latina<\/a>. Instituto Proinapsa, Universidad Industrial de Santander<\/p>\n\n\n\n<hr class=\"wp-block-separator is-style-wide\" \/>\n\n\n\n<p>Este webinario est\u00e1 organizado por la C\u00e1tedra UNESCO y el Centro Colaborador OMS  Educaci\u00f3n y Salud en colaboraci\u00f3n con la <a rel=\"noreferrer noopener\" href=\"https:\/\/www.upr.edu\/\" target=\"_blank\">Universidad de Puerto Rico<\/a>, la <a rel=\"noreferrer noopener\" href=\"https:\/\/www.uis.edu.co\/webUIS\/es\/index.jsp\" target=\"_blank\">Universidad Industrial de Santander<\/a>, <a rel=\"noreferrer noopener\" href=\"https:\/\/www.flacso.org.ar\/\" target=\"_blank\">FLACSO Argentina<\/a> y con el apoyo de <a rel=\"noreferrer noopener\" href=\"https:\/\/www.emeraldgrouppublishing.com\/journal\/he\" target=\"_blank\">Emerald Publishing<\/a>.<\/p>\n\n\n\n<figure class=\"wp-block-image size-large\"><img decoding=\"async\" width=\"1024\" height=\"536\" data-src=\"https:\/\/unescochair-ghe.org\/wp-content\/uploads\/2021\/04\/Webinar-salud-escolar-en-America-Latina-2-1024x536.png\" alt=\"\" class=\"wp-image-3699 lazyload\" data-srcset=\"https:\/\/unescochair-ghe.org\/wp-content\/uploads\/2021\/04\/Webinar-salud-escolar-en-America-Latina-2-1024x536.png 1024w, https:\/\/unescochair-ghe.org\/wp-content\/uploads\/2021\/04\/Webinar-salud-escolar-en-America-Latina-2-300x157.png 300w, https:\/\/unescochair-ghe.org\/wp-content\/uploads\/2021\/04\/Webinar-salud-escolar-en-America-Latina-2-768x402.png 768w, https:\/\/unescochair-ghe.org\/wp-content\/uploads\/2021\/04\/Webinar-salud-escolar-en-America-Latina-2-16x8.png 16w, https:\/\/unescochair-ghe.org\/wp-content\/uploads\/2021\/04\/Webinar-salud-escolar-en-America-Latina-2-373x195.png 373w, https:\/\/unescochair-ghe.org\/wp-content\/uploads\/2021\/04\/Webinar-salud-escolar-en-America-Latina-2.png 1200w\" data-sizes=\"(max-width: 1024px) 100vw, 1024px\" src=\"data:image\/svg+xml;base64,PHN2ZyB3aWR0aD0iMSIgaGVpZ2h0PSIxIiB4bWxucz0iaHR0cDovL3d3dy53My5vcmcvMjAwMC9zdmciPjwvc3ZnPg==\" style=\"--smush-placeholder-width: 1024px; --smush-placeholder-aspect-ratio: 1024\/536;\" \/><\/figure>","protected":false},"excerpt":{"rendered":"<p>Global Health &amp; Education webinar series 11 mayo 2021 English version Moderador Dr. Hiram V. Arroyo, Puerto Rico.&nbsp;Catedr\u00e1tico, Director, Departamento de Ciencias Sociales, Director, Centro Colaborador de la Organizaci\u00f3n Mundial &hellip;<\/p>","protected":false},"author":3,"featured_media":0,"parent":0,"menu_order":0,"comment_status":"closed","ping_status":"closed","template":"","meta":{"footnotes":"","_links_to":"","_links_to_target":""},"class_list":["post-3654","page","type-page","status-publish","hentry"],"_links":{"self":[{"href":"https:\/\/unescochair-ghe.org\/fa\/wp-json\/wp\/v2\/pages\/3654","targetHints":{"allow":["GET"]}}],"collection":[{"href":"https:\/\/unescochair-ghe.org\/fa\/wp-json\/wp\/v2\/pages"}],"about":[{"href":"https:\/\/unescochair-ghe.org\/fa\/wp-json\/wp\/v2\/types\/page"}],"author":[{"embeddable":true,"href":"https:\/\/unescochair-ghe.org\/fa\/wp-json\/wp\/v2\/users\/3"}],"replies":[{"embeddable":true,"href":"https:\/\/unescochair-ghe.org\/fa\/wp-json\/wp\/v2\/comments?post=3654"}],"version-history":[{"count":12,"href":"https:\/\/unescochair-ghe.org\/fa\/wp-json\/wp\/v2\/pages\/3654\/revisions"}],"predecessor-version":[{"id":3811,"href":"https:\/\/unescochair-ghe.org\/fa\/wp-json\/wp\/v2\/pages\/3654\/revisions\/3811"}],"wp:attachment":[{"href":"https:\/\/unescochair-ghe.org\/fa\/wp-json\/wp\/v2\/media?parent=3654"}],"curies":[{"name":"wp","href":"https:\/\/api.w.org\/{rel}","templated":true}]}}