{"id":2500,"date":"2020-12-18T10:39:29","date_gmt":"2020-12-18T10:39:29","guid":{"rendered":"https:\/\/unescochair-ghe.org\/?page_id=2500"},"modified":"2022-11-29T14:11:11","modified_gmt":"2022-11-29T13:11:11","slug":"webinars","status":"publish","type":"page","link":"https:\/\/unescochair-ghe.org\/fa\/webinars\/","title":{"rendered":"\u0633\u0631\u06cc \u0648\u0628\u06cc\u0646\u0627\u0631 \u0647\u0627\u06cc \u06a9\u0631\u0633\u06cc \u062c\u0647\u0627\u0646\u06cc \u0633\u0644\u0627\u0645\u062a \u0648 \u0622\u0645\u0648\u0632\u0634"},"content":{"rendered":"<h4 class=\"wp-block-heading\" id=\"sharing-knowledge-to-support-the-global-community-of-everyone-with-an-interest-in-the-education-and-health-of-children-and-young-people\">&#8220;Sharing knowledge to support the global community of everyone with an interest in the education and health of children and young people.&#8221;<\/h4>\n\n\n\n<p>This is the objective of the webinar series developed by the UNESCO Chair and WHO Collaborating Centre in \u201cGlobal Health &amp; Education\u201d. We do this in partnership with major international organizations and a network of 70 universities. The content has a unique balance between contributions of the best experts and the experience of actors in the field. Together each webinar contributes to an article about the future of health promotion. The webinars can be linked to initial and continuing training.<\/p>\n\n\n\n<p>The webinar series are:<\/p>\n\n\n\n<ul class=\"wp-block-list\"><li>Innovative<\/li><li>Short and structured<\/li><li>Following a similar format<\/li><li>Focusing on specific issues related to education and health of children and young people<\/li><li>Highly interactive<\/li><li>Resulting in providing relevant resources on the topic via our website.<\/li><\/ul>\n\n\n\n<p>The webinar programme is rooted in local contexts and cultures and will be offered in different languages. The webinar series will be announced through <a href=\"https:\/\/unescochair-ghe.us19.list-manage.com\/track\/click?u=e1133a9d759122c72c859bec0&amp;id=7b567e051f&amp;e=594fc5f768\">Twitter<\/a>,&nbsp;<a href=\"https:\/\/unescochair-ghe.us19.list-manage.com\/track\/click?u=e1133a9d759122c72c859bec0&amp;id=d9a7492c6e&amp;e=594fc5f768\">LinkedIn<\/a>, our&nbsp;<a href=\"https:\/\/unescochair-ghe.us19.list-manage.com\/track\/click?u=e1133a9d759122c72c859bec0&amp;id=7d99e99b0f&amp;e=594fc5f768\">website<\/a>&nbsp;and regular&nbsp;<a href=\"https:\/\/unescochair-ghe.us19.list-manage.com\/track\/click?u=e1133a9d759122c72c859bec0&amp;id=ba2f4a0dce&amp;e=594fc5f768\">news updates<\/a>. They are broadcast live on our YouTube Channel.<\/p>\n\n\n\n<hr class=\"wp-block-separator has-css-opacity is-style-wide\" \/>\n\n\n\n<h2 class=\"wp-block-heading\" id=\"our-webinar-programme\">Our Webinar Programme<\/h2>\n\n\n<ul class=\"wp-block-latest-posts__list is-grid columns-2 wp-block-latest-posts\"><li><div class=\"wp-block-latest-posts__featured-image\"><a href=\"https:\/\/unescochair-ghe.org\/fa\/29-april-2026-health-promotion-today-social-practices-and-knowledge-sharing\/\" aria-label=\"29 April 2026 \u2013 Health promotion today: social practices and knowledge sharing\"><img decoding=\"async\" width=\"1024\" height=\"536\" data-src=\"https:\/\/unescochair-ghe.org\/wp-content\/uploads\/2026\/04\/Flyer-webinaire-La-promotion-de-la-sante-aujourdhui-1024x536.png\" class=\"attachment-large size-large wp-post-image lazyload\" alt=\"\" data-srcset=\"https:\/\/unescochair-ghe.org\/wp-content\/uploads\/2026\/04\/Flyer-webinaire-La-promotion-de-la-sante-aujourdhui-1024x536.png 1024w, https:\/\/unescochair-ghe.org\/wp-content\/uploads\/2026\/04\/Flyer-webinaire-La-promotion-de-la-sante-aujourdhui-300x157.png 300w, https:\/\/unescochair-ghe.org\/wp-content\/uploads\/2026\/04\/Flyer-webinaire-La-promotion-de-la-sante-aujourdhui-768x402.png 768w, https:\/\/unescochair-ghe.org\/wp-content\/uploads\/2026\/04\/Flyer-webinaire-La-promotion-de-la-sante-aujourdhui-18x9.png 18w, https:\/\/unescochair-ghe.org\/wp-content\/uploads\/2026\/04\/Flyer-webinaire-La-promotion-de-la-sante-aujourdhui-494x259.png 494w, https:\/\/unescochair-ghe.org\/wp-content\/uploads\/2026\/04\/Flyer-webinaire-La-promotion-de-la-sante-aujourdhui.png 1200w\" data-sizes=\"(max-width: 1024px) 100vw, 1024px\" src=\"data:image\/svg+xml;base64,PHN2ZyB3aWR0aD0iMSIgaGVpZ2h0PSIxIiB4bWxucz0iaHR0cDovL3d3dy53My5vcmcvMjAwMC9zdmciPjwvc3ZnPg==\" style=\"--smush-placeholder-width: 1024px; --smush-placeholder-aspect-ratio: 1024\/536;\" \/><\/a><\/div><a class=\"wp-block-latest-posts__post-title\" href=\"https:\/\/unescochair-ghe.org\/fa\/29-april-2026-health-promotion-today-social-practices-and-knowledge-sharing\/\">29 April 2026 \u2013 Health promotion today: social practices and knowledge sharing<\/a><div class=\"wp-block-latest-posts__post-excerpt\">Time: 15.00 &#8211; 16.00 CEST (Paris) Language: This webinar will be held in French Registration: https:\/\/y.uca.fr\/sante.communautaire Description At a time when health is emerging as a major social, political and cultural issue, health promotion calls for a fundamental rethinking of how we act, generate knowledge and transform our living environments. It operates at the intersection &hellip;<\/div><\/li>\n<li><div class=\"wp-block-latest-posts__featured-image\"><a href=\"https:\/\/unescochair-ghe.org\/fa\/15-april-2026-empowering-communities-the-experience-of-saint-louis-senegal\/\" aria-label=\"15 April 2026 \u2013 Empowering communities: the experience of Saint-Louis (Senegal)\"><img decoding=\"async\" width=\"1024\" height=\"536\" data-src=\"https:\/\/unescochair-ghe.org\/wp-content\/uploads\/2026\/04\/Flyer-webinaire-sante-communautaire-1024x536-1.png\" class=\"attachment-large size-large wp-post-image lazyload\" alt=\"\" data-srcset=\"https:\/\/unescochair-ghe.org\/wp-content\/uploads\/2026\/04\/Flyer-webinaire-sante-communautaire-1024x536-1.png 1024w, https:\/\/unescochair-ghe.org\/wp-content\/uploads\/2026\/04\/Flyer-webinaire-sante-communautaire-1024x536-1-300x157.png 300w, https:\/\/unescochair-ghe.org\/wp-content\/uploads\/2026\/04\/Flyer-webinaire-sante-communautaire-1024x536-1-768x402.png 768w, https:\/\/unescochair-ghe.org\/wp-content\/uploads\/2026\/04\/Flyer-webinaire-sante-communautaire-1024x536-1-18x9.png 18w, https:\/\/unescochair-ghe.org\/wp-content\/uploads\/2026\/04\/Flyer-webinaire-sante-communautaire-1024x536-1-494x259.png 494w\" data-sizes=\"(max-width: 1024px) 100vw, 1024px\" src=\"data:image\/svg+xml;base64,PHN2ZyB3aWR0aD0iMSIgaGVpZ2h0PSIxIiB4bWxucz0iaHR0cDovL3d3dy53My5vcmcvMjAwMC9zdmciPjwvc3ZnPg==\" style=\"--smush-placeholder-width: 1024px; --smush-placeholder-aspect-ratio: 1024\/536;\" \/><\/a><\/div><a class=\"wp-block-latest-posts__post-title\" href=\"https:\/\/unescochair-ghe.org\/fa\/15-april-2026-empowering-communities-the-experience-of-saint-louis-senegal\/\">15 April 2026 \u2013 Empowering communities: the experience of Saint-Louis (Senegal)<\/a><div class=\"wp-block-latest-posts__post-excerpt\">Time: 1.00\u20133.00 pm (Dakar) 3.00\u20134.00 pm (Paris) Language: This webinar will be held in French Registration: https:\/\/y.uca.fr\/sante.communautaire Description Public health is shaped at the local level, at the intersection of social and cultural dynamics and the practices of those working on the ground. In this context, community-based approaches play a central role in addressing the &hellip;<\/div><\/li>\n<li><div class=\"wp-block-latest-posts__featured-image\"><a href=\"https:\/\/unescochair-ghe.org\/fa\/23-february-2026-teacher-well-being-and-personality-potential-as-drivers-of-learners-development-health-and-well-being\/\" aria-label=\"23 February 2026 &#8211; Teacher well-being and personality potential as drivers of learners\u2019 development, health, and well-being\"><img decoding=\"async\" width=\"1024\" height=\"536\" data-src=\"https:\/\/unescochair-ghe.org\/wp-content\/uploads\/2026\/02\/1.-Teacher-well-being-and-personality-potential-as-drivers-of-learners-development-health-and-well-being-1024x536.png\" class=\"attachment-large size-large wp-post-image lazyload\" alt=\"Webinar Teacher well-being and personality potential as drivers of learners\u2019 development, health, and well-being\" data-srcset=\"https:\/\/unescochair-ghe.org\/wp-content\/uploads\/2026\/02\/1.-Teacher-well-being-and-personality-potential-as-drivers-of-learners-development-health-and-well-being-1024x536.png 1024w, https:\/\/unescochair-ghe.org\/wp-content\/uploads\/2026\/02\/1.-Teacher-well-being-and-personality-potential-as-drivers-of-learners-development-health-and-well-being-300x157.png 300w, https:\/\/unescochair-ghe.org\/wp-content\/uploads\/2026\/02\/1.-Teacher-well-being-and-personality-potential-as-drivers-of-learners-development-health-and-well-being-768x402.png 768w, https:\/\/unescochair-ghe.org\/wp-content\/uploads\/2026\/02\/1.-Teacher-well-being-and-personality-potential-as-drivers-of-learners-development-health-and-well-being-18x9.png 18w, https:\/\/unescochair-ghe.org\/wp-content\/uploads\/2026\/02\/1.-Teacher-well-being-and-personality-potential-as-drivers-of-learners-development-health-and-well-being-494x259.png 494w, https:\/\/unescochair-ghe.org\/wp-content\/uploads\/2026\/02\/1.-Teacher-well-being-and-personality-potential-as-drivers-of-learners-development-health-and-well-being.png 1200w\" data-sizes=\"(max-width: 1024px) 100vw, 1024px\" src=\"data:image\/svg+xml;base64,PHN2ZyB3aWR0aD0iMSIgaGVpZ2h0PSIxIiB4bWxucz0iaHR0cDovL3d3dy53My5vcmcvMjAwMC9zdmciPjwvc3ZnPg==\" style=\"--smush-placeholder-width: 1024px; --smush-placeholder-aspect-ratio: 1024\/536;\" \/><\/a><\/div><a class=\"wp-block-latest-posts__post-title\" href=\"https:\/\/unescochair-ghe.org\/fa\/23-february-2026-teacher-well-being-and-personality-potential-as-drivers-of-learners-development-health-and-well-being\/\">23 February 2026 &#8211; Teacher well-being and personality potential as drivers of learners\u2019 development, health, and well-being<\/a><div class=\"wp-block-latest-posts__post-excerpt\">UNESCO IITE and UNESCO Chair Global Health &amp; Education webinar series Summary Teacher well-being, alongside professional performance, is a key priority for education systems worldwide. This webinar will explore how personal and school-related factors influence teachers\u2019 well-being and job satisfaction, and how these factors, in turn, affect learners\u2019 development, health, and well-being. Speakers will share &hellip;<\/div><\/li>\n<li><div class=\"wp-block-latest-posts__featured-image\"><a href=\"https:\/\/unescochair-ghe.org\/fa\/28-de-octubre-2025-educacion-en-el-campo-de-la-salud-en-el-sector-educativo\/\" aria-label=\"28 de octubre 2025 &#8211; Educaci\u00f3n en el campo de la salud en el sector educativo\"><img decoding=\"async\" width=\"1024\" height=\"536\" data-src=\"https:\/\/unescochair-ghe.org\/wp-content\/uploads\/2025\/09\/ES-Educacion-en-el-campo-de-la-salud-en-el-sector-educativo-3-1024x536.png\" class=\"attachment-large size-large wp-post-image lazyload\" alt=\"\" data-srcset=\"https:\/\/unescochair-ghe.org\/wp-content\/uploads\/2025\/09\/ES-Educacion-en-el-campo-de-la-salud-en-el-sector-educativo-3-1024x536.png 1024w, https:\/\/unescochair-ghe.org\/wp-content\/uploads\/2025\/09\/ES-Educacion-en-el-campo-de-la-salud-en-el-sector-educativo-3-300x157.png 300w, https:\/\/unescochair-ghe.org\/wp-content\/uploads\/2025\/09\/ES-Educacion-en-el-campo-de-la-salud-en-el-sector-educativo-3-768x402.png 768w, https:\/\/unescochair-ghe.org\/wp-content\/uploads\/2025\/09\/ES-Educacion-en-el-campo-de-la-salud-en-el-sector-educativo-3-18x9.png 18w, https:\/\/unescochair-ghe.org\/wp-content\/uploads\/2025\/09\/ES-Educacion-en-el-campo-de-la-salud-en-el-sector-educativo-3-494x259.png 494w, https:\/\/unescochair-ghe.org\/wp-content\/uploads\/2025\/09\/ES-Educacion-en-el-campo-de-la-salud-en-el-sector-educativo-3.png 1200w\" data-sizes=\"(max-width: 1024px) 100vw, 1024px\" src=\"data:image\/svg+xml;base64,PHN2ZyB3aWR0aD0iMSIgaGVpZ2h0PSIxIiB4bWxucz0iaHR0cDovL3d3dy53My5vcmcvMjAwMC9zdmciPjwvc3ZnPg==\" style=\"--smush-placeholder-width: 1024px; --smush-placeholder-aspect-ratio: 1024\/536;\" \/><\/a><\/div><a class=\"wp-block-latest-posts__post-title\" href=\"https:\/\/unescochair-ghe.org\/fa\/28-de-octubre-2025-educacion-en-el-campo-de-la-salud-en-el-sector-educativo\/\">28 de octubre 2025 &#8211; Educaci\u00f3n en el campo de la salud en el sector educativo<\/a><div class=\"wp-block-latest-posts__post-excerpt\">Informa\u00e7\u00f5es&nbsp;em&nbsp;portugu\u00eas, Information&nbsp;in&nbsp;English Ponentes Moderador Prof. Dr. Fernando Pe\u00f1aranda Correa&nbsp;es m\u00e9dico, magister en salud p\u00fablica, magister en educaci\u00f3n y desarrollo social y doctor en Ciencias Sociales, Ni\u00f1ez y Juventud. Es profesor titular e investigador senior del grupo de Investigaci\u00f3n Salud y Sociedad de la Facultad Nacional de Salud P\u00fablica de la Universidad de Antioquia. Es el &hellip;<\/div><\/li>\n<li><div class=\"wp-block-latest-posts__featured-image\"><a href=\"https:\/\/unescochair-ghe.org\/fa\/8-de-abril-2025-la-educacion-popular-y-las-politicas-de-educacion-en-el-campo-de-la-salud\/\" aria-label=\"8 de abril 2025 &#8211; La Educaci\u00f3n Popular y las Pol\u00edticas de Educaci\u00f3n en el campo de la salud\"><img decoding=\"async\" width=\"1024\" height=\"536\" data-src=\"https:\/\/unescochair-ghe.org\/wp-content\/uploads\/2025\/03\/ES-La-Educacion-Popular-y-las-Politicas-de-Educacion-en-el-campo-de-la-salud-1-1024x536.png\" class=\"attachment-large size-large wp-post-image lazyload\" alt=\"\" data-srcset=\"https:\/\/unescochair-ghe.org\/wp-content\/uploads\/2025\/03\/ES-La-Educacion-Popular-y-las-Politicas-de-Educacion-en-el-campo-de-la-salud-1-1024x536.png 1024w, https:\/\/unescochair-ghe.org\/wp-content\/uploads\/2025\/03\/ES-La-Educacion-Popular-y-las-Politicas-de-Educacion-en-el-campo-de-la-salud-1-300x157.png 300w, https:\/\/unescochair-ghe.org\/wp-content\/uploads\/2025\/03\/ES-La-Educacion-Popular-y-las-Politicas-de-Educacion-en-el-campo-de-la-salud-1-768x402.png 768w, https:\/\/unescochair-ghe.org\/wp-content\/uploads\/2025\/03\/ES-La-Educacion-Popular-y-las-Politicas-de-Educacion-en-el-campo-de-la-salud-1-18x9.png 18w, https:\/\/unescochair-ghe.org\/wp-content\/uploads\/2025\/03\/ES-La-Educacion-Popular-y-las-Politicas-de-Educacion-en-el-campo-de-la-salud-1-494x259.png 494w, https:\/\/unescochair-ghe.org\/wp-content\/uploads\/2025\/03\/ES-La-Educacion-Popular-y-las-Politicas-de-Educacion-en-el-campo-de-la-salud-1.png 1200w\" data-sizes=\"(max-width: 1024px) 100vw, 1024px\" src=\"data:image\/svg+xml;base64,PHN2ZyB3aWR0aD0iMSIgaGVpZ2h0PSIxIiB4bWxucz0iaHR0cDovL3d3dy53My5vcmcvMjAwMC9zdmciPjwvc3ZnPg==\" style=\"--smush-placeholder-width: 1024px; --smush-placeholder-aspect-ratio: 1024\/536;\" \/><\/a><\/div><a class=\"wp-block-latest-posts__post-title\" href=\"https:\/\/unescochair-ghe.org\/fa\/8-de-abril-2025-la-educacion-popular-y-las-politicas-de-educacion-en-el-campo-de-la-salud\/\">8 de abril 2025 &#8211; La Educaci\u00f3n Popular y las Pol\u00edticas de Educaci\u00f3n en el campo de la salud<\/a><div class=\"wp-block-latest-posts__post-excerpt\">Informa\u00e7\u00f5es\u00a0em portugu\u00eas, Information\u00a0in English Oradores Moderadora Vera Bornstein, Miembro de la Red de Educaci\u00f3n Popular de Brasil Prof. Adriana Prestes do Nascimento Pal\u00fa es licenciada en Odontolog\u00eda y M\u00e1ster en Salud Colectiva. Actualmente es funcionaria de la Autoridad Sanitaria Municipal de Apucarana &#8211; Paran\u00e1, donde es directora del Departamento de Educaci\u00f3n e Investigaci\u00f3n en Salud &hellip;<\/div><\/li>\n<li><div class=\"wp-block-latest-posts__featured-image\"><a href=\"https:\/\/unescochair-ghe.org\/fa\/11-febrero-2025-estrategias-para-implementar-la-educacion-para-la-salud-en-diferentes-entornos-de-america-latina\/\" aria-label=\"11 febrero 2025 &#8211; Estrategias para implementar la Educaci\u00f3n para la Salud en diferentes entornos de Am\u00e9rica Latina\"><img decoding=\"async\" width=\"1024\" height=\"536\" data-src=\"https:\/\/unescochair-ghe.org\/wp-content\/uploads\/2025\/02\/ES-Estrategias-para-implementar-la-Educacion-para-la-Salud-en-diferentes-entornos-de-America-Latina-2-1024x536.png\" class=\"attachment-large size-large wp-post-image lazyload\" alt=\"\" data-srcset=\"https:\/\/unescochair-ghe.org\/wp-content\/uploads\/2025\/02\/ES-Estrategias-para-implementar-la-Educacion-para-la-Salud-en-diferentes-entornos-de-America-Latina-2-1024x536.png 1024w, https:\/\/unescochair-ghe.org\/wp-content\/uploads\/2025\/02\/ES-Estrategias-para-implementar-la-Educacion-para-la-Salud-en-diferentes-entornos-de-America-Latina-2-300x157.png 300w, https:\/\/unescochair-ghe.org\/wp-content\/uploads\/2025\/02\/ES-Estrategias-para-implementar-la-Educacion-para-la-Salud-en-diferentes-entornos-de-America-Latina-2-768x402.png 768w, https:\/\/unescochair-ghe.org\/wp-content\/uploads\/2025\/02\/ES-Estrategias-para-implementar-la-Educacion-para-la-Salud-en-diferentes-entornos-de-America-Latina-2-18x9.png 18w, https:\/\/unescochair-ghe.org\/wp-content\/uploads\/2025\/02\/ES-Estrategias-para-implementar-la-Educacion-para-la-Salud-en-diferentes-entornos-de-America-Latina-2-494x259.png 494w, https:\/\/unescochair-ghe.org\/wp-content\/uploads\/2025\/02\/ES-Estrategias-para-implementar-la-Educacion-para-la-Salud-en-diferentes-entornos-de-America-Latina-2.png 1200w\" data-sizes=\"(max-width: 1024px) 100vw, 1024px\" src=\"data:image\/svg+xml;base64,PHN2ZyB3aWR0aD0iMSIgaGVpZ2h0PSIxIiB4bWxucz0iaHR0cDovL3d3dy53My5vcmcvMjAwMC9zdmciPjwvc3ZnPg==\" style=\"--smush-placeholder-width: 1024px; --smush-placeholder-aspect-ratio: 1024\/536;\" \/><\/a><\/div><a class=\"wp-block-latest-posts__post-title\" href=\"https:\/\/unescochair-ghe.org\/fa\/11-febrero-2025-estrategias-para-implementar-la-educacion-para-la-salud-en-diferentes-entornos-de-america-latina\/\">11 febrero 2025 &#8211; Estrategias para implementar la Educaci\u00f3n para la Salud en diferentes entornos de Am\u00e9rica Latina<\/a><div class=\"wp-block-latest-posts__post-excerpt\">Informa\u00e7\u00f5es em portugu\u00eas, Information in English Oradores Moderador Prof. Dr. Mart\u00edn Zemel es Odont\u00f3logo, Mag\u00edster en Educaci\u00f3n Odontol\u00f3gica, y cuenta con un doctorado y un posdoctorado en Odontolog\u00eda. Su experiencia se ha centrado en la promoci\u00f3n de la salud y la equidad en la salud desde una perspectiva intercultural e intersectorial basada en los derechos &hellip;<\/div><\/li>\n<li><div class=\"wp-block-latest-posts__featured-image\"><a href=\"https:\/\/unescochair-ghe.org\/fa\/27-january-2025-positive-masculinity-and-gender-based-violence-prevention-global-context-and-findings-from-armenia\/\" aria-label=\"27 January 2025 &#8211; Positive Masculinity and Gender-Based Violence Prevention: Global Context and Findings from Armenia\"><img decoding=\"async\" width=\"1024\" height=\"536\" data-src=\"https:\/\/unescochair-ghe.org\/wp-content\/uploads\/2025\/01\/Positive-Masculinity-and-Gender-Based-Violence-Prevention-1024x536.png\" class=\"attachment-large size-large wp-post-image lazyload\" alt=\"\" data-srcset=\"https:\/\/unescochair-ghe.org\/wp-content\/uploads\/2025\/01\/Positive-Masculinity-and-Gender-Based-Violence-Prevention-1024x536.png 1024w, https:\/\/unescochair-ghe.org\/wp-content\/uploads\/2025\/01\/Positive-Masculinity-and-Gender-Based-Violence-Prevention-300x157.png 300w, https:\/\/unescochair-ghe.org\/wp-content\/uploads\/2025\/01\/Positive-Masculinity-and-Gender-Based-Violence-Prevention-768x402.png 768w, https:\/\/unescochair-ghe.org\/wp-content\/uploads\/2025\/01\/Positive-Masculinity-and-Gender-Based-Violence-Prevention-18x9.png 18w, https:\/\/unescochair-ghe.org\/wp-content\/uploads\/2025\/01\/Positive-Masculinity-and-Gender-Based-Violence-Prevention-494x259.png 494w, https:\/\/unescochair-ghe.org\/wp-content\/uploads\/2025\/01\/Positive-Masculinity-and-Gender-Based-Violence-Prevention.png 1200w\" data-sizes=\"(max-width: 1024px) 100vw, 1024px\" src=\"data:image\/svg+xml;base64,PHN2ZyB3aWR0aD0iMSIgaGVpZ2h0PSIxIiB4bWxucz0iaHR0cDovL3d3dy53My5vcmcvMjAwMC9zdmciPjwvc3ZnPg==\" style=\"--smush-placeholder-width: 1024px; --smush-placeholder-aspect-ratio: 1024\/536;\" \/><\/a><\/div><a class=\"wp-block-latest-posts__post-title\" href=\"https:\/\/unescochair-ghe.org\/fa\/27-january-2025-positive-masculinity-and-gender-based-violence-prevention-global-context-and-findings-from-armenia\/\">27 January 2025 &#8211; Positive Masculinity and Gender-Based Violence Prevention: Global Context and Findings from Armenia<\/a><div class=\"wp-block-latest-posts__post-excerpt\">UNESCO IITE and UNESCO Chair Global Health &amp; Education webinar series Speakers Didier Jourdan, is full Professor at the Univerity of Clermont Auvergne and the Co-Chair Holder of the UNESCO Chair \u201cGlobal Health and Education\u201d and Head of the WHO Collaborating Centre for \u201cResearch in Education and Health\u201d which are focused on knowledge production and &hellip;<\/div><\/li>\n<li><div class=\"wp-block-latest-posts__featured-image\"><a href=\"https:\/\/unescochair-ghe.org\/fa\/26-noviembre-2024-la-invisibilizacion-de-la-educacion-en-el-campo-de-la-salud-y-como-se-puede-realizar-su-revitalizacion-recuperando-tambien-las-experiencias-y-producciones-latinoamericanas\/\" aria-label=\"26 noviembre 2024 &#8211; La invisibilizaci\u00f3n de la educaci\u00f3n en el campo de la salud y c\u00f3mo se puede realizar su revitalizaci\u00f3n, recuperando tambi\u00e9n las experiencias y producciones latinoamericanas\"><img decoding=\"async\" width=\"1024\" height=\"536\" data-src=\"https:\/\/unescochair-ghe.org\/wp-content\/uploads\/2024\/11\/ES-La-invisibilizacion-de-la-educacion-en-el-campo-de-la-salud-y-como-se-puede-realizar-su-revitalizacion-1-1024x536.png\" class=\"attachment-large size-large wp-post-image lazyload\" alt=\"\" data-srcset=\"https:\/\/unescochair-ghe.org\/wp-content\/uploads\/2024\/11\/ES-La-invisibilizacion-de-la-educacion-en-el-campo-de-la-salud-y-como-se-puede-realizar-su-revitalizacion-1-1024x536.png 1024w, https:\/\/unescochair-ghe.org\/wp-content\/uploads\/2024\/11\/ES-La-invisibilizacion-de-la-educacion-en-el-campo-de-la-salud-y-como-se-puede-realizar-su-revitalizacion-1-300x157.png 300w, https:\/\/unescochair-ghe.org\/wp-content\/uploads\/2024\/11\/ES-La-invisibilizacion-de-la-educacion-en-el-campo-de-la-salud-y-como-se-puede-realizar-su-revitalizacion-1-768x402.png 768w, https:\/\/unescochair-ghe.org\/wp-content\/uploads\/2024\/11\/ES-La-invisibilizacion-de-la-educacion-en-el-campo-de-la-salud-y-como-se-puede-realizar-su-revitalizacion-1-18x9.png 18w, https:\/\/unescochair-ghe.org\/wp-content\/uploads\/2024\/11\/ES-La-invisibilizacion-de-la-educacion-en-el-campo-de-la-salud-y-como-se-puede-realizar-su-revitalizacion-1-494x259.png 494w, https:\/\/unescochair-ghe.org\/wp-content\/uploads\/2024\/11\/ES-La-invisibilizacion-de-la-educacion-en-el-campo-de-la-salud-y-como-se-puede-realizar-su-revitalizacion-1.png 1200w\" data-sizes=\"(max-width: 1024px) 100vw, 1024px\" src=\"data:image\/svg+xml;base64,PHN2ZyB3aWR0aD0iMSIgaGVpZ2h0PSIxIiB4bWxucz0iaHR0cDovL3d3dy53My5vcmcvMjAwMC9zdmciPjwvc3ZnPg==\" style=\"--smush-placeholder-width: 1024px; --smush-placeholder-aspect-ratio: 1024\/536;\" \/><\/a><\/div><a class=\"wp-block-latest-posts__post-title\" href=\"https:\/\/unescochair-ghe.org\/fa\/26-noviembre-2024-la-invisibilizacion-de-la-educacion-en-el-campo-de-la-salud-y-como-se-puede-realizar-su-revitalizacion-recuperando-tambien-las-experiencias-y-producciones-latinoamericanas\/\">26 noviembre 2024 &#8211; La invisibilizaci\u00f3n de la educaci\u00f3n en el campo de la salud y c\u00f3mo se puede realizar su revitalizaci\u00f3n, recuperando tambi\u00e9n las experiencias y producciones latinoamericanas<\/a><div class=\"wp-block-latest-posts__post-excerpt\">Informa\u00e7\u00f5es\u00a0em portugu\u00eas, Information\u00a0in English Oradores Moderador Prof. Dr. Fernando Pe\u00f1aranda Correa&nbsp;es m\u00e9dico, magister en salud p\u00fablica, magister en educaci\u00f3n y desarrollo social y doctor en Ciencias Sociales, Ni\u00f1ez y Juventud. Es profesor titular e investigador senior del grupo de Investigaci\u00f3n Salud y Sociedad de la Facultad Nacional de Salud P\u00fablica de la Universidad de Antioquia. &hellip;<\/div><\/li>\n<li><div class=\"wp-block-latest-posts__featured-image\"><a href=\"https:\/\/unescochair-ghe.org\/fa\/17-septiembre-2024-los-debates-teoricos-y-politicos-de-la-educacion-en-el-campo-de-la-salud-eps-y-edpopsal-en-america-latina\/\" aria-label=\"17 septiembre 2024 &#8211; Los debates te\u00f3ricos y pol\u00edticos de la Educaci\u00f3n en el Campo de la Salud (EpS y EdPopSal) en Am\u00e9rica Latina\"><img decoding=\"async\" width=\"1024\" height=\"536\" data-src=\"https:\/\/unescochair-ghe.org\/wp-content\/uploads\/2024\/09\/Theoretical-and-political-debates-on-Health-Education-in-Latin-America_ES1-1-1024x536.png\" class=\"attachment-large size-large wp-post-image lazyload\" alt=\"\" data-srcset=\"https:\/\/unescochair-ghe.org\/wp-content\/uploads\/2024\/09\/Theoretical-and-political-debates-on-Health-Education-in-Latin-America_ES1-1-1024x536.png 1024w, https:\/\/unescochair-ghe.org\/wp-content\/uploads\/2024\/09\/Theoretical-and-political-debates-on-Health-Education-in-Latin-America_ES1-1-300x157.png 300w, https:\/\/unescochair-ghe.org\/wp-content\/uploads\/2024\/09\/Theoretical-and-political-debates-on-Health-Education-in-Latin-America_ES1-1-768x402.png 768w, https:\/\/unescochair-ghe.org\/wp-content\/uploads\/2024\/09\/Theoretical-and-political-debates-on-Health-Education-in-Latin-America_ES1-1-18x9.png 18w, https:\/\/unescochair-ghe.org\/wp-content\/uploads\/2024\/09\/Theoretical-and-political-debates-on-Health-Education-in-Latin-America_ES1-1-494x259.png 494w, https:\/\/unescochair-ghe.org\/wp-content\/uploads\/2024\/09\/Theoretical-and-political-debates-on-Health-Education-in-Latin-America_ES1-1.png 1200w\" data-sizes=\"(max-width: 1024px) 100vw, 1024px\" src=\"data:image\/svg+xml;base64,PHN2ZyB3aWR0aD0iMSIgaGVpZ2h0PSIxIiB4bWxucz0iaHR0cDovL3d3dy53My5vcmcvMjAwMC9zdmciPjwvc3ZnPg==\" style=\"--smush-placeholder-width: 1024px; --smush-placeholder-aspect-ratio: 1024\/536;\" \/><\/a><\/div><a class=\"wp-block-latest-posts__post-title\" href=\"https:\/\/unescochair-ghe.org\/fa\/17-septiembre-2024-los-debates-teoricos-y-politicos-de-la-educacion-en-el-campo-de-la-salud-eps-y-edpopsal-en-america-latina\/\">17 septiembre 2024 &#8211; Los debates te\u00f3ricos y pol\u00edticos de la Educaci\u00f3n en el Campo de la Salud (EpS y EdPopSal) en Am\u00e9rica Latina<\/a><div class=\"wp-block-latest-posts__post-excerpt\">Informa\u00e7\u00f5es em portugu\u00eas, Information in English Oradores Moderador Prof. Dr. Hiram V. Arroyo &#8211; Acevedo, Docente e investigador de Promoci\u00f3n de la Salud y Educaci\u00f3n para la Salud, Director, Departamento de Ciencias Sociales, Director, Centro Colaborador de la Organizaci\u00f3n Mundial de la Salud&nbsp;(OMS\/OPS) para la Capacitaci\u00f3n e Investigaci\u00f3n en Promoci\u00f3n de la Salud&nbsp;y Educaci\u00f3n para &hellip;<\/div><\/li>\n<li><div class=\"wp-block-latest-posts__featured-image\"><a href=\"https:\/\/unescochair-ghe.org\/fa\/27-june-2024-intersectoral-working-in-schools-between-education-staff-and-primary-healthcare-professionals\/\" aria-label=\"27 June 2024 &#8211; Intersectoral working in schools between education staff and primary healthcare professionals\"><img decoding=\"async\" width=\"1024\" height=\"536\" data-src=\"https:\/\/unescochair-ghe.org\/wp-content\/uploads\/2024\/06\/2024-06-19-Webinar-Intersectoral-working-in-schools-between-education-staff-and-primary-healthcare-professionals-1024x536.png\" class=\"attachment-large size-large wp-post-image lazyload\" alt=\"\" data-srcset=\"https:\/\/unescochair-ghe.org\/wp-content\/uploads\/2024\/06\/2024-06-19-Webinar-Intersectoral-working-in-schools-between-education-staff-and-primary-healthcare-professionals-1024x536.png 1024w, https:\/\/unescochair-ghe.org\/wp-content\/uploads\/2024\/06\/2024-06-19-Webinar-Intersectoral-working-in-schools-between-education-staff-and-primary-healthcare-professionals-300x157.png 300w, https:\/\/unescochair-ghe.org\/wp-content\/uploads\/2024\/06\/2024-06-19-Webinar-Intersectoral-working-in-schools-between-education-staff-and-primary-healthcare-professionals-768x402.png 768w, https:\/\/unescochair-ghe.org\/wp-content\/uploads\/2024\/06\/2024-06-19-Webinar-Intersectoral-working-in-schools-between-education-staff-and-primary-healthcare-professionals-18x9.png 18w, https:\/\/unescochair-ghe.org\/wp-content\/uploads\/2024\/06\/2024-06-19-Webinar-Intersectoral-working-in-schools-between-education-staff-and-primary-healthcare-professionals-494x259.png 494w, https:\/\/unescochair-ghe.org\/wp-content\/uploads\/2024\/06\/2024-06-19-Webinar-Intersectoral-working-in-schools-between-education-staff-and-primary-healthcare-professionals.png 1200w\" data-sizes=\"(max-width: 1024px) 100vw, 1024px\" src=\"data:image\/svg+xml;base64,PHN2ZyB3aWR0aD0iMSIgaGVpZ2h0PSIxIiB4bWxucz0iaHR0cDovL3d3dy53My5vcmcvMjAwMC9zdmciPjwvc3ZnPg==\" style=\"--smush-placeholder-width: 1024px; --smush-placeholder-aspect-ratio: 1024\/536;\" \/><\/a><\/div><a class=\"wp-block-latest-posts__post-title\" href=\"https:\/\/unescochair-ghe.org\/fa\/27-june-2024-intersectoral-working-in-schools-between-education-staff-and-primary-healthcare-professionals\/\">27 June 2024 &#8211; Intersectoral working in schools between education staff and primary healthcare professionals<\/a><div class=\"wp-block-latest-posts__post-excerpt\">Speakers Munira Gunja (USA), is senior researcher in the Commonwealth Fund\u2019s International Program in Health Policy and Practice Innovations. Through her research, Munira has been featured in major news outlets including the New York Times, Washington Post, CNN, and U.S. News. Previously, Munira worked with the U.S. Department of Health and Human Services in the &hellip;<\/div><\/li>\n<li><div class=\"wp-block-latest-posts__featured-image\"><a href=\"https:\/\/unescochair-ghe.org\/fa\/25-june-2024-digital-tools-for-school-based-health-and-well-being-education\/\" aria-label=\"25 June 2024 &#8211; Digital tools for school-based health and well-being education\"><img decoding=\"async\" width=\"1024\" height=\"536\" data-src=\"https:\/\/unescochair-ghe.org\/wp-content\/uploads\/2024\/06\/Webinar-Digital-tools-for-school-based-health-and-well-being-education-25-June-2024-1024x536.png\" class=\"attachment-large size-large wp-post-image lazyload\" alt=\"\" data-srcset=\"https:\/\/unescochair-ghe.org\/wp-content\/uploads\/2024\/06\/Webinar-Digital-tools-for-school-based-health-and-well-being-education-25-June-2024-1024x536.png 1024w, https:\/\/unescochair-ghe.org\/wp-content\/uploads\/2024\/06\/Webinar-Digital-tools-for-school-based-health-and-well-being-education-25-June-2024-300x157.png 300w, https:\/\/unescochair-ghe.org\/wp-content\/uploads\/2024\/06\/Webinar-Digital-tools-for-school-based-health-and-well-being-education-25-June-2024-768x402.png 768w, https:\/\/unescochair-ghe.org\/wp-content\/uploads\/2024\/06\/Webinar-Digital-tools-for-school-based-health-and-well-being-education-25-June-2024-18x9.png 18w, https:\/\/unescochair-ghe.org\/wp-content\/uploads\/2024\/06\/Webinar-Digital-tools-for-school-based-health-and-well-being-education-25-June-2024-494x259.png 494w, https:\/\/unescochair-ghe.org\/wp-content\/uploads\/2024\/06\/Webinar-Digital-tools-for-school-based-health-and-well-being-education-25-June-2024.png 1200w\" data-sizes=\"(max-width: 1024px) 100vw, 1024px\" src=\"data:image\/svg+xml;base64,PHN2ZyB3aWR0aD0iMSIgaGVpZ2h0PSIxIiB4bWxucz0iaHR0cDovL3d3dy53My5vcmcvMjAwMC9zdmciPjwvc3ZnPg==\" style=\"--smush-placeholder-width: 1024px; --smush-placeholder-aspect-ratio: 1024\/536;\" \/><\/a><\/div><a class=\"wp-block-latest-posts__post-title\" href=\"https:\/\/unescochair-ghe.org\/fa\/25-june-2024-digital-tools-for-school-based-health-and-well-being-education\/\">25 June 2024 &#8211; Digital tools for school-based health and well-being education<\/a><div class=\"wp-block-latest-posts__post-excerpt\">UNESCO IITE and UNESCO Chair Global Health &amp; Education webinar series Speakers Ms. Jenelle Babb is Regional Advisor on Education for Health and Well-being, based in the UNESCO Multisectoral Regional Office in Bangkok. She has been working in the areas of HIV prevention education, comprehensive sexuality education, school health and young people\u2019s health and well-being &hellip;<\/div><\/li>\n<li><div class=\"wp-block-latest-posts__featured-image\"><a href=\"https:\/\/unescochair-ghe.org\/fa\/health-through-the-life-course-breaking-down-silos\/\" aria-label=\"16 May 2024 &#8211; Health through the life course: Breaking down silos\"><img decoding=\"async\" width=\"910\" height=\"477\" data-src=\"https:\/\/unescochair-ghe.org\/wp-content\/uploads\/2024\/04\/Visual-Kick-off-webinar.png\" class=\"attachment-large size-large wp-post-image lazyload\" alt=\"\" data-srcset=\"https:\/\/unescochair-ghe.org\/wp-content\/uploads\/2024\/04\/Visual-Kick-off-webinar.png 910w, https:\/\/unescochair-ghe.org\/wp-content\/uploads\/2024\/04\/Visual-Kick-off-webinar-300x157.png 300w, https:\/\/unescochair-ghe.org\/wp-content\/uploads\/2024\/04\/Visual-Kick-off-webinar-768x403.png 768w, https:\/\/unescochair-ghe.org\/wp-content\/uploads\/2024\/04\/Visual-Kick-off-webinar-18x9.png 18w, https:\/\/unescochair-ghe.org\/wp-content\/uploads\/2024\/04\/Visual-Kick-off-webinar-373x196.png 373w\" data-sizes=\"(max-width: 910px) 100vw, 910px\" src=\"data:image\/svg+xml;base64,PHN2ZyB3aWR0aD0iMSIgaGVpZ2h0PSIxIiB4bWxucz0iaHR0cDovL3d3dy53My5vcmcvMjAwMC9zdmciPjwvc3ZnPg==\" style=\"--smush-placeholder-width: 910px; --smush-placeholder-aspect-ratio: 910\/477;\" \/><\/a><\/div><a class=\"wp-block-latest-posts__post-title\" href=\"https:\/\/unescochair-ghe.org\/fa\/health-through-the-life-course-breaking-down-silos\/\">16 May 2024 &#8211; Health through the life course: Breaking down silos<\/a><div class=\"wp-block-latest-posts__post-excerpt\">Kick-off webinar European Public Health Week Speakers Iveta Nagyova, is the President of the European Public Health Association (EUPHA) 2020-2024. She is the Head of the Department of Social and Behavioural Medicine and a Senior Research Leader at Pavol Jozef Safarik University in Kosice, Slovakia (UPJS). She is also a member of several advisory groups &hellip;<\/div><\/li>\n<li><div class=\"wp-block-latest-posts__featured-image\"><a href=\"https:\/\/unescochair-ghe.org\/fa\/digital-tools-for-school-based-health-and-well-being-education\/\" aria-label=\"28 March 2024 &#8211; Digital tools for school-based health and well-being education\"><img decoding=\"async\" width=\"1024\" height=\"536\" data-src=\"https:\/\/unescochair-ghe.org\/wp-content\/uploads\/2024\/03\/Webinar-Digital-tools-for-school-based-health-and-well-being-education-3-1024x536.png\" class=\"attachment-large size-large wp-post-image lazyload\" alt=\"\" data-srcset=\"https:\/\/unescochair-ghe.org\/wp-content\/uploads\/2024\/03\/Webinar-Digital-tools-for-school-based-health-and-well-being-education-3-1024x536.png 1024w, https:\/\/unescochair-ghe.org\/wp-content\/uploads\/2024\/03\/Webinar-Digital-tools-for-school-based-health-and-well-being-education-3-300x157.png 300w, https:\/\/unescochair-ghe.org\/wp-content\/uploads\/2024\/03\/Webinar-Digital-tools-for-school-based-health-and-well-being-education-3-768x402.png 768w, https:\/\/unescochair-ghe.org\/wp-content\/uploads\/2024\/03\/Webinar-Digital-tools-for-school-based-health-and-well-being-education-3-18x9.png 18w, https:\/\/unescochair-ghe.org\/wp-content\/uploads\/2024\/03\/Webinar-Digital-tools-for-school-based-health-and-well-being-education-3-373x195.png 373w, https:\/\/unescochair-ghe.org\/wp-content\/uploads\/2024\/03\/Webinar-Digital-tools-for-school-based-health-and-well-being-education-3.png 1200w\" data-sizes=\"(max-width: 1024px) 100vw, 1024px\" src=\"data:image\/svg+xml;base64,PHN2ZyB3aWR0aD0iMSIgaGVpZ2h0PSIxIiB4bWxucz0iaHR0cDovL3d3dy53My5vcmcvMjAwMC9zdmciPjwvc3ZnPg==\" style=\"--smush-placeholder-width: 1024px; --smush-placeholder-aspect-ratio: 1024\/536;\" \/><\/a><\/div><a class=\"wp-block-latest-posts__post-title\" href=\"https:\/\/unescochair-ghe.org\/fa\/digital-tools-for-school-based-health-and-well-being-education\/\">28 March 2024 &#8211; Digital tools for school-based health and well-being education<\/a><div class=\"wp-block-latest-posts__post-excerpt\">UNESCO IITE and UNESCO Chair Global Health &amp; Education webinar series Speakers Tao Zhan, is the Director of the UNESCO Institute for Information Technologies in Education. Didier Jourdan, is full Professor at the Univerity of Clermont Auvergne and the Co-Chair Holder of the UNESCO Chair \u201cGlobal Health and Education\u201d and Head of the WHO Collaborating &hellip;<\/div><\/li>\n<li><div class=\"wp-block-latest-posts__featured-image\"><a href=\"https:\/\/unescochair-ghe.org\/fa\/6-november-2023-prevention-of-violence-and-bullying-in-school\/\" aria-label=\"6 November 2023 &#8211; Prevention of violence and bullying in school\"><img decoding=\"async\" width=\"1024\" height=\"536\" data-src=\"https:\/\/unescochair-ghe.org\/wp-content\/uploads\/2023\/10\/Webinar-Violence-and-bullying-prevention-in-school-final-2-1024x536.png\" class=\"attachment-large size-large wp-post-image lazyload\" alt=\"\" data-srcset=\"https:\/\/unescochair-ghe.org\/wp-content\/uploads\/2023\/10\/Webinar-Violence-and-bullying-prevention-in-school-final-2-1024x536.png 1024w, https:\/\/unescochair-ghe.org\/wp-content\/uploads\/2023\/10\/Webinar-Violence-and-bullying-prevention-in-school-final-2-300x157.png 300w, https:\/\/unescochair-ghe.org\/wp-content\/uploads\/2023\/10\/Webinar-Violence-and-bullying-prevention-in-school-final-2-768x402.png 768w, https:\/\/unescochair-ghe.org\/wp-content\/uploads\/2023\/10\/Webinar-Violence-and-bullying-prevention-in-school-final-2-18x9.png 18w, https:\/\/unescochair-ghe.org\/wp-content\/uploads\/2023\/10\/Webinar-Violence-and-bullying-prevention-in-school-final-2-373x195.png 373w, https:\/\/unescochair-ghe.org\/wp-content\/uploads\/2023\/10\/Webinar-Violence-and-bullying-prevention-in-school-final-2.png 1200w\" data-sizes=\"(max-width: 1024px) 100vw, 1024px\" src=\"data:image\/svg+xml;base64,PHN2ZyB3aWR0aD0iMSIgaGVpZ2h0PSIxIiB4bWxucz0iaHR0cDovL3d3dy53My5vcmcvMjAwMC9zdmciPjwvc3ZnPg==\" style=\"--smush-placeholder-width: 1024px; --smush-placeholder-aspect-ratio: 1024\/536;\" \/><\/a><\/div><a class=\"wp-block-latest-posts__post-title\" href=\"https:\/\/unescochair-ghe.org\/fa\/6-november-2023-prevention-of-violence-and-bullying-in-school\/\">6 November 2023 &#8211; Prevention of violence and bullying in school<\/a><div class=\"wp-block-latest-posts__post-excerpt\">UNESCO IITE and UNESCO Chair Global Health &amp; Education webinar series Speakers Ms.&nbsp;Frida Warg is the Managing Director of the World Anti-Bullying Forum and Head of Research and Development at the Swedish NGO Friends. She is a licensed teacher and has 15 years of experience from work with children&#8217;s rights and bullying prevention. Friends develops, &hellip;<\/div><\/li>\n<li><div class=\"wp-block-latest-posts__featured-image\"><a href=\"https:\/\/unescochair-ghe.org\/fa\/2-june-2023-one-health-une-seule-sante-des-paroles-aux-actes\/\" aria-label=\"2 June 2023 \u2013 \u201cOne Health\u201d \u201cUne seule Sant\u00e9\u201d : des paroles aux actes\"><img decoding=\"async\" width=\"1024\" height=\"536\" data-src=\"https:\/\/unescochair-ghe.org\/wp-content\/uploads\/2023\/05\/One-health-1024x536.png\" class=\"attachment-large size-large wp-post-image lazyload\" alt=\"\" data-srcset=\"https:\/\/unescochair-ghe.org\/wp-content\/uploads\/2023\/05\/One-health-1024x536.png 1024w, https:\/\/unescochair-ghe.org\/wp-content\/uploads\/2023\/05\/One-health-300x157.png 300w, https:\/\/unescochair-ghe.org\/wp-content\/uploads\/2023\/05\/One-health-768x402.png 768w, https:\/\/unescochair-ghe.org\/wp-content\/uploads\/2023\/05\/One-health-18x9.png 18w, https:\/\/unescochair-ghe.org\/wp-content\/uploads\/2023\/05\/One-health-373x195.png 373w, https:\/\/unescochair-ghe.org\/wp-content\/uploads\/2023\/05\/One-health.png 1200w\" data-sizes=\"(max-width: 1024px) 100vw, 1024px\" src=\"data:image\/svg+xml;base64,PHN2ZyB3aWR0aD0iMSIgaGVpZ2h0PSIxIiB4bWxucz0iaHR0cDovL3d3dy53My5vcmcvMjAwMC9zdmciPjwvc3ZnPg==\" style=\"--smush-placeholder-width: 1024px; --smush-placeholder-aspect-ratio: 1024\/536;\" \/><\/a><\/div><a class=\"wp-block-latest-posts__post-title\" href=\"https:\/\/unescochair-ghe.org\/fa\/2-june-2023-one-health-une-seule-sante-des-paroles-aux-actes\/\">2 June 2023 \u2013 \u201cOne Health\u201d \u201cUne seule Sant\u00e9\u201d : des paroles aux actes<\/a><div class=\"wp-block-latest-posts__post-excerpt\">A day organised by the UNESCO Chair Global Health &amp; Education and the Fabrique des communs p\u00e9dagogiques as part of the Rencontres internationales de la classe dehors. It will take place in Poitiers and will be broadcasted live. The aim of the day is to discuss the various issues involved in the &#8220;One Health&#8221; approach, &hellip;<\/div><\/li>\n<li><div class=\"wp-block-latest-posts__featured-image\"><a href=\"https:\/\/unescochair-ghe.org\/fa\/11-mayo-2023-la-promocion-y-educacion-de-la-salud-sexual-integral-en-los-sistemas-educativos\/\" aria-label=\"11 mayo 2023 &#8211; La promoci\u00f3n y educaci\u00f3n de la salud sexual integral en los sistemas educativos\"><img decoding=\"async\" width=\"1024\" height=\"536\" data-src=\"https:\/\/unescochair-ghe.org\/wp-content\/uploads\/2023\/04\/Webinario-La-promocion-y-educacion-de-la-salud-sexual-integral-en-los-sistemas-educativos-1-2-1024x536.png\" class=\"attachment-large size-large wp-post-image lazyload\" alt=\"\" data-srcset=\"https:\/\/unescochair-ghe.org\/wp-content\/uploads\/2023\/04\/Webinario-La-promocion-y-educacion-de-la-salud-sexual-integral-en-los-sistemas-educativos-1-2-1024x536.png 1024w, https:\/\/unescochair-ghe.org\/wp-content\/uploads\/2023\/04\/Webinario-La-promocion-y-educacion-de-la-salud-sexual-integral-en-los-sistemas-educativos-1-2-300x157.png 300w, https:\/\/unescochair-ghe.org\/wp-content\/uploads\/2023\/04\/Webinario-La-promocion-y-educacion-de-la-salud-sexual-integral-en-los-sistemas-educativos-1-2-768x402.png 768w, https:\/\/unescochair-ghe.org\/wp-content\/uploads\/2023\/04\/Webinario-La-promocion-y-educacion-de-la-salud-sexual-integral-en-los-sistemas-educativos-1-2-18x9.png 18w, https:\/\/unescochair-ghe.org\/wp-content\/uploads\/2023\/04\/Webinario-La-promocion-y-educacion-de-la-salud-sexual-integral-en-los-sistemas-educativos-1-2-373x195.png 373w, https:\/\/unescochair-ghe.org\/wp-content\/uploads\/2023\/04\/Webinario-La-promocion-y-educacion-de-la-salud-sexual-integral-en-los-sistemas-educativos-1-2.png 1200w\" data-sizes=\"(max-width: 1024px) 100vw, 1024px\" src=\"data:image\/svg+xml;base64,PHN2ZyB3aWR0aD0iMSIgaGVpZ2h0PSIxIiB4bWxucz0iaHR0cDovL3d3dy53My5vcmcvMjAwMC9zdmciPjwvc3ZnPg==\" style=\"--smush-placeholder-width: 1024px; --smush-placeholder-aspect-ratio: 1024\/536;\" \/><\/a><\/div><a class=\"wp-block-latest-posts__post-title\" href=\"https:\/\/unescochair-ghe.org\/fa\/11-mayo-2023-la-promocion-y-educacion-de-la-salud-sexual-integral-en-los-sistemas-educativos\/\">11 mayo 2023 &#8211; La promoci\u00f3n y educaci\u00f3n de la salud sexual integral en los sistemas educativos<\/a><div class=\"wp-block-latest-posts__post-excerpt\">Orador Antonio Jim\u00e9nez, M\u00e9xico. Licenciado en Pedagog\u00eda por la Universidad del Golfo de M\u00e9xico; Campus C\u00f3rdoba, Veracruz (2003). Maestro en Administraci\u00f3n y Gesti\u00f3n de Instituciones Educativas por la Universidad Crist\u00f3bal Col\u00f3n (2006). Egresado de la licenciatura en Psicolog\u00eda por Centro Universitario del Pac\u00edfico (2023). Como parte de su experiencia profesional se ha desempe\u00f1ado como consultor &hellip;<\/div><\/li>\n<li><div class=\"wp-block-latest-posts__featured-image\"><a href=\"https:\/\/unescochair-ghe.org\/fa\/25-april-2023-connecting-health-and-education-to-unleash-learners-potential-the-state-of-school-health-and-nutrition-around-the-world\/\" aria-label=\"25 April 2023 &#8211; Connecting health and education to unleash learners\u2019 potential: The state of school health and nutrition around the world\"><img decoding=\"async\" width=\"1024\" height=\"536\" data-src=\"https:\/\/unescochair-ghe.org\/wp-content\/uploads\/2023\/04\/Webinar-Connecting-health-and-education-to-unleash-learners-potential-1024x536.png\" class=\"attachment-large size-large wp-post-image lazyload\" alt=\"\" data-srcset=\"https:\/\/unescochair-ghe.org\/wp-content\/uploads\/2023\/04\/Webinar-Connecting-health-and-education-to-unleash-learners-potential-1024x536.png 1024w, https:\/\/unescochair-ghe.org\/wp-content\/uploads\/2023\/04\/Webinar-Connecting-health-and-education-to-unleash-learners-potential-300x157.png 300w, https:\/\/unescochair-ghe.org\/wp-content\/uploads\/2023\/04\/Webinar-Connecting-health-and-education-to-unleash-learners-potential-768x402.png 768w, https:\/\/unescochair-ghe.org\/wp-content\/uploads\/2023\/04\/Webinar-Connecting-health-and-education-to-unleash-learners-potential-18x9.png 18w, https:\/\/unescochair-ghe.org\/wp-content\/uploads\/2023\/04\/Webinar-Connecting-health-and-education-to-unleash-learners-potential-373x195.png 373w, https:\/\/unescochair-ghe.org\/wp-content\/uploads\/2023\/04\/Webinar-Connecting-health-and-education-to-unleash-learners-potential.png 1200w\" data-sizes=\"(max-width: 1024px) 100vw, 1024px\" src=\"data:image\/svg+xml;base64,PHN2ZyB3aWR0aD0iMSIgaGVpZ2h0PSIxIiB4bWxucz0iaHR0cDovL3d3dy53My5vcmcvMjAwMC9zdmciPjwvc3ZnPg==\" style=\"--smush-placeholder-width: 1024px; --smush-placeholder-aspect-ratio: 1024\/536;\" \/><\/a><\/div><a class=\"wp-block-latest-posts__post-title\" href=\"https:\/\/unescochair-ghe.org\/fa\/25-april-2023-connecting-health-and-education-to-unleash-learners-potential-the-state-of-school-health-and-nutrition-around-the-world\/\">25 April 2023 &#8211; Connecting health and education to unleash learners\u2019 potential: The state of school health and nutrition around the world<\/a><div class=\"wp-block-latest-posts__post-excerpt\">Speakers Christopher Castle has more than 30 years of development experience in the areas of education and health, working at UNESCO since 2004. After holding a position at UNESCO\u2019s International Institute for Educational Planning, he transferred to UNESCO Headquarters where he served as Chief of the Section of Health and Education until November 2022, before &hellip;<\/div><\/li>\n<li><div class=\"wp-block-latest-posts__featured-image\"><a href=\"https:\/\/unescochair-ghe.org\/fa\/22-mars-2023-decoloniser-les-savoirs-et-les-pratiques-un-imperatif-de-justice-sociale-n2\/\" aria-label=\"22 mars 2023 \u2013 D\u00e9coloniser les savoirs et les pratiques : un imp\u00e9ratif de justice sociale \u2013 N\u00b02\"><img decoding=\"async\" width=\"1024\" height=\"536\" data-src=\"https:\/\/unescochair-ghe.org\/wp-content\/uploads\/2023\/03\/Webinaires-decolonisation-des-savoirs_2-1024x536.png\" class=\"attachment-large size-large wp-post-image lazyload\" alt=\"\" data-srcset=\"https:\/\/unescochair-ghe.org\/wp-content\/uploads\/2023\/03\/Webinaires-decolonisation-des-savoirs_2-1024x536.png 1024w, https:\/\/unescochair-ghe.org\/wp-content\/uploads\/2023\/03\/Webinaires-decolonisation-des-savoirs_2-300x157.png 300w, https:\/\/unescochair-ghe.org\/wp-content\/uploads\/2023\/03\/Webinaires-decolonisation-des-savoirs_2-768x402.png 768w, https:\/\/unescochair-ghe.org\/wp-content\/uploads\/2023\/03\/Webinaires-decolonisation-des-savoirs_2-18x9.png 18w, https:\/\/unescochair-ghe.org\/wp-content\/uploads\/2023\/03\/Webinaires-decolonisation-des-savoirs_2-373x195.png 373w, https:\/\/unescochair-ghe.org\/wp-content\/uploads\/2023\/03\/Webinaires-decolonisation-des-savoirs_2.png 1200w\" data-sizes=\"(max-width: 1024px) 100vw, 1024px\" src=\"data:image\/svg+xml;base64,PHN2ZyB3aWR0aD0iMSIgaGVpZ2h0PSIxIiB4bWxucz0iaHR0cDovL3d3dy53My5vcmcvMjAwMC9zdmciPjwvc3ZnPg==\" style=\"--smush-placeholder-width: 1024px; --smush-placeholder-aspect-ratio: 1024\/536;\" \/><\/a><\/div><a class=\"wp-block-latest-posts__post-title\" href=\"https:\/\/unescochair-ghe.org\/fa\/22-mars-2023-decoloniser-les-savoirs-et-les-pratiques-un-imperatif-de-justice-sociale-n2\/\">22 mars 2023 \u2013 D\u00e9coloniser les savoirs et les pratiques : un imp\u00e9ratif de justice sociale \u2013 N\u00b02<\/a><div class=\"wp-block-latest-posts__post-excerpt\">Heure&nbsp;: 16.00 \u2013 17.30 (CET) \u2013 10.00 \u2013 11.30 (HEC) Inscriptions&nbsp;: Les inscriptions sont gratuites. Le lien de connexion au webinaire vous sera communiqu\u00e9 apr\u00e8s votre inscription. Inscrivez-vous ici :&nbsp;https:\/\/bit.ly\/decoloniser-savoirs R\u00e9sum\u00e9 Ce webinaire est le second d\u2019une s\u00e9rie sur le th\u00e8me de la d\u00e9colonisation des savoirs et des pratiques en promotion de la sant\u00e9. L\u2019objectif &hellip;<\/div><\/li>\n<li><div class=\"wp-block-latest-posts__featured-image\"><a href=\"https:\/\/unescochair-ghe.org\/fa\/16-marzo-2023-la-experiencia-curricular-en-promocion-de-la-salud-escolar\/\" aria-label=\"16 marzo 2023 &#8211; La experiencia curricular en Promoci\u00f3n de la Salud Escolar\"><img decoding=\"async\" width=\"1024\" height=\"536\" data-src=\"https:\/\/unescochair-ghe.org\/wp-content\/uploads\/2023\/03\/Webinario-La-experiencia-curricular-en-Promocion-de-la-Salud-Escolar-1024x536.png\" class=\"attachment-large size-large wp-post-image lazyload\" alt=\"\" data-srcset=\"https:\/\/unescochair-ghe.org\/wp-content\/uploads\/2023\/03\/Webinario-La-experiencia-curricular-en-Promocion-de-la-Salud-Escolar-1024x536.png 1024w, https:\/\/unescochair-ghe.org\/wp-content\/uploads\/2023\/03\/Webinario-La-experiencia-curricular-en-Promocion-de-la-Salud-Escolar-300x157.png 300w, https:\/\/unescochair-ghe.org\/wp-content\/uploads\/2023\/03\/Webinario-La-experiencia-curricular-en-Promocion-de-la-Salud-Escolar-768x402.png 768w, https:\/\/unescochair-ghe.org\/wp-content\/uploads\/2023\/03\/Webinario-La-experiencia-curricular-en-Promocion-de-la-Salud-Escolar-18x9.png 18w, https:\/\/unescochair-ghe.org\/wp-content\/uploads\/2023\/03\/Webinario-La-experiencia-curricular-en-Promocion-de-la-Salud-Escolar-373x195.png 373w, https:\/\/unescochair-ghe.org\/wp-content\/uploads\/2023\/03\/Webinario-La-experiencia-curricular-en-Promocion-de-la-Salud-Escolar.png 1200w\" data-sizes=\"(max-width: 1024px) 100vw, 1024px\" src=\"data:image\/svg+xml;base64,PHN2ZyB3aWR0aD0iMSIgaGVpZ2h0PSIxIiB4bWxucz0iaHR0cDovL3d3dy53My5vcmcvMjAwMC9zdmciPjwvc3ZnPg==\" style=\"--smush-placeholder-width: 1024px; --smush-placeholder-aspect-ratio: 1024\/536;\" \/><\/a><\/div><a class=\"wp-block-latest-posts__post-title\" href=\"https:\/\/unescochair-ghe.org\/fa\/16-marzo-2023-la-experiencia-curricular-en-promocion-de-la-salud-escolar\/\">16 marzo 2023 &#8211; La experiencia curricular en Promoci\u00f3n de la Salud Escolar<\/a><div class=\"wp-block-latest-posts__post-excerpt\">Information in English Oradores Facilitadora Prof Dolors Juviny\u00e0 Canal, Directora de la C\u00e1tedra de Promoci\u00f3n de la Salud de la Universidad de Girona creada en el a\u00f1o 2008. Coordinadora del M\u00e1ster Universitario en Promoci\u00f3n de la Salud desde 2007. Coordinadora del grupo de investigaci\u00f3n \u201cSalud y atenci\u00f3n sanitaria\u201d desde el 2002, grupo reconocido como consolidado &hellip;<\/div><\/li>\n<li><div class=\"wp-block-latest-posts__featured-image\"><a href=\"https:\/\/unescochair-ghe.org\/fa\/16-mars-2023-les-1000-premiers-jours-2-4-un-enfant-des-besoins-fondamentaux-une-demarche\/\" aria-label=\"16 mars 2023 \u2013 Les 1000 premiers jours 2\/4 : un enfant, des besoins fondamentaux, une d\u00e9marche\"><img decoding=\"async\" width=\"1024\" height=\"536\" data-src=\"https:\/\/unescochair-ghe.org\/wp-content\/uploads\/2023\/02\/Visuel-Webinaire-1000-jours-2_4-1-1024x536.png\" class=\"attachment-large size-large wp-post-image lazyload\" alt=\"\" data-srcset=\"https:\/\/unescochair-ghe.org\/wp-content\/uploads\/2023\/02\/Visuel-Webinaire-1000-jours-2_4-1-1024x536.png 1024w, https:\/\/unescochair-ghe.org\/wp-content\/uploads\/2023\/02\/Visuel-Webinaire-1000-jours-2_4-1-300x157.png 300w, https:\/\/unescochair-ghe.org\/wp-content\/uploads\/2023\/02\/Visuel-Webinaire-1000-jours-2_4-1-768x402.png 768w, https:\/\/unescochair-ghe.org\/wp-content\/uploads\/2023\/02\/Visuel-Webinaire-1000-jours-2_4-1-18x9.png 18w, https:\/\/unescochair-ghe.org\/wp-content\/uploads\/2023\/02\/Visuel-Webinaire-1000-jours-2_4-1-373x195.png 373w, https:\/\/unescochair-ghe.org\/wp-content\/uploads\/2023\/02\/Visuel-Webinaire-1000-jours-2_4-1.png 1200w\" data-sizes=\"(max-width: 1024px) 100vw, 1024px\" src=\"data:image\/svg+xml;base64,PHN2ZyB3aWR0aD0iMSIgaGVpZ2h0PSIxIiB4bWxucz0iaHR0cDovL3d3dy53My5vcmcvMjAwMC9zdmciPjwvc3ZnPg==\" style=\"--smush-placeholder-width: 1024px; --smush-placeholder-aspect-ratio: 1024\/536;\" \/><\/a><\/div><a class=\"wp-block-latest-posts__post-title\" href=\"https:\/\/unescochair-ghe.org\/fa\/16-mars-2023-les-1000-premiers-jours-2-4-un-enfant-des-besoins-fondamentaux-une-demarche\/\">16 mars 2023 \u2013 Les 1000 premiers jours 2\/4 : un enfant, des besoins fondamentaux, une d\u00e9marche<\/a><div class=\"wp-block-latest-posts__post-excerpt\">Heure&nbsp;: 13.30 \u2013 14.30 CET Inscriptions&nbsp;: Le lien de connexion au webinaire vous sera communiqu\u00e9 apr\u00e8s votre inscription. Inscrivez-vous ici :&nbsp;https:\/\/bit.ly\/besoins-enfant La sant\u00e9 des personnes est fa\u00e7onn\u00e9e par tout un ensemble de d\u00e9terminants d\u2019origine sociale, \u00e9ducative ou environnementale. La p\u00e9riode des \u00ab 1000 premiers jours de la vie \u00bb pr\u00e9sente des sp\u00e9cificit\u00e9s qui la rendent &hellip;<\/div><\/li>\n<li><div class=\"wp-block-latest-posts__featured-image\"><a href=\"https:\/\/unescochair-ghe.org\/fa\/16-febrero-2023-valoracion-y-oportunidades-para-fortalecer-la-investigacion-sobre-el-tema-de-promocion-de-la-salud-de-la-ninez-y-la-adolescencia-en-america-latina\/\" aria-label=\"16 febrero 2023 &#8211; Valoraci\u00f3n y oportunidades para fortalecer la investigaci\u00f3n sobre el tema de Promoci\u00f3n de la Salud de la ni\u00f1ez y la adolescencia en Am\u00e9rica Latina\"><img decoding=\"async\" width=\"1024\" height=\"536\" data-src=\"https:\/\/unescochair-ghe.org\/wp-content\/uploads\/2023\/01\/Webinar-Valoracion-y-oportunidades-para-fortalecer-la-investigacion-v3-1024x536.png\" class=\"attachment-large size-large wp-post-image lazyload\" alt=\"\" data-srcset=\"https:\/\/unescochair-ghe.org\/wp-content\/uploads\/2023\/01\/Webinar-Valoracion-y-oportunidades-para-fortalecer-la-investigacion-v3-1024x536.png 1024w, https:\/\/unescochair-ghe.org\/wp-content\/uploads\/2023\/01\/Webinar-Valoracion-y-oportunidades-para-fortalecer-la-investigacion-v3-300x157.png 300w, https:\/\/unescochair-ghe.org\/wp-content\/uploads\/2023\/01\/Webinar-Valoracion-y-oportunidades-para-fortalecer-la-investigacion-v3-768x402.png 768w, https:\/\/unescochair-ghe.org\/wp-content\/uploads\/2023\/01\/Webinar-Valoracion-y-oportunidades-para-fortalecer-la-investigacion-v3-18x9.png 18w, https:\/\/unescochair-ghe.org\/wp-content\/uploads\/2023\/01\/Webinar-Valoracion-y-oportunidades-para-fortalecer-la-investigacion-v3-373x195.png 373w, https:\/\/unescochair-ghe.org\/wp-content\/uploads\/2023\/01\/Webinar-Valoracion-y-oportunidades-para-fortalecer-la-investigacion-v3.png 1200w\" data-sizes=\"(max-width: 1024px) 100vw, 1024px\" src=\"data:image\/svg+xml;base64,PHN2ZyB3aWR0aD0iMSIgaGVpZ2h0PSIxIiB4bWxucz0iaHR0cDovL3d3dy53My5vcmcvMjAwMC9zdmciPjwvc3ZnPg==\" style=\"--smush-placeholder-width: 1024px; --smush-placeholder-aspect-ratio: 1024\/536;\" \/><\/a><\/div><a class=\"wp-block-latest-posts__post-title\" href=\"https:\/\/unescochair-ghe.org\/fa\/16-febrero-2023-valoracion-y-oportunidades-para-fortalecer-la-investigacion-sobre-el-tema-de-promocion-de-la-salud-de-la-ninez-y-la-adolescencia-en-america-latina\/\">16 febrero 2023 &#8211; Valoraci\u00f3n y oportunidades para fortalecer la investigaci\u00f3n sobre el tema de Promoci\u00f3n de la Salud de la ni\u00f1ez y la adolescencia en Am\u00e9rica Latina<\/a><div class=\"wp-block-latest-posts__post-excerpt\">Information in English Oradores Moderador Dr. Hiram V. Arroyo, Catedr\u00e1tico, Director, Departamento de Ciencias Sociales, Director, Centro Colaborador de la Organizaci\u00f3n Mundial de la Salud&nbsp;(OMS\/OPS) para la Capacitaci\u00f3n e Investigaci\u00f3n en Promoci\u00f3n de la Salud&nbsp;y Educaci\u00f3n para la Salud,&nbsp;Facultad de Ciencias Biosociales y Escuela Graduada de Salud P\u00fablica,&nbsp;Recinto de Ciencias M\u00e9dicas, Universidad de Puerto Rico &hellip;<\/div><\/li>\n<li><div class=\"wp-block-latest-posts__featured-image\"><a href=\"https:\/\/unescochair-ghe.org\/fa\/4-nov-2022-decolonisation-des-savoirs-un-imperatif-de-justice-sociale\/\" aria-label=\"24 November 2022 \u2013 D\u00e9coloniser les savoirs et les pratiques : un imp\u00e9ratif de justice sociale\"><img decoding=\"async\" width=\"1024\" height=\"536\" data-src=\"https:\/\/unescochair-ghe.org\/wp-content\/uploads\/2022\/10\/Webinaires-decolonisation-des-savoirs-1-1024x536.png\" class=\"attachment-large size-large wp-post-image lazyload\" alt=\"\" data-srcset=\"https:\/\/unescochair-ghe.org\/wp-content\/uploads\/2022\/10\/Webinaires-decolonisation-des-savoirs-1-1024x536.png 1024w, https:\/\/unescochair-ghe.org\/wp-content\/uploads\/2022\/10\/Webinaires-decolonisation-des-savoirs-1-300x157.png 300w, https:\/\/unescochair-ghe.org\/wp-content\/uploads\/2022\/10\/Webinaires-decolonisation-des-savoirs-1-768x402.png 768w, https:\/\/unescochair-ghe.org\/wp-content\/uploads\/2022\/10\/Webinaires-decolonisation-des-savoirs-1-18x9.png 18w, https:\/\/unescochair-ghe.org\/wp-content\/uploads\/2022\/10\/Webinaires-decolonisation-des-savoirs-1-373x195.png 373w, https:\/\/unescochair-ghe.org\/wp-content\/uploads\/2022\/10\/Webinaires-decolonisation-des-savoirs-1.png 1200w\" data-sizes=\"(max-width: 1024px) 100vw, 1024px\" src=\"data:image\/svg+xml;base64,PHN2ZyB3aWR0aD0iMSIgaGVpZ2h0PSIxIiB4bWxucz0iaHR0cDovL3d3dy53My5vcmcvMjAwMC9zdmciPjwvc3ZnPg==\" style=\"--smush-placeholder-width: 1024px; --smush-placeholder-aspect-ratio: 1024\/536;\" \/><\/a><\/div><a class=\"wp-block-latest-posts__post-title\" href=\"https:\/\/unescochair-ghe.org\/fa\/4-nov-2022-decolonisation-des-savoirs-un-imperatif-de-justice-sociale\/\">24 November 2022 \u2013 D\u00e9coloniser les savoirs et les pratiques : un imp\u00e9ratif de justice sociale<\/a><div class=\"wp-block-latest-posts__post-excerpt\">Decolonising knowledge and practices: an imperative for social justice Summary The primary objective of this webinar in French is to critically reflect on the hierarchy of knowledge that has continued to prevail in health promotion despite the increasing number of voices calling for a paradigm shift in this regard. Decolonising health promotion knowledge and practice &hellip;<\/div><\/li>\n<li><div class=\"wp-block-latest-posts__featured-image\"><a href=\"https:\/\/unescochair-ghe.org\/fa\/17-noviembre-2022-hacia-una-agenda-regional-de-promocion-de-la-salud-escolar-en-america-latina\/\" aria-label=\"17 noviembre 2022 &#8211; Hacia una agenda regional de Promoci\u00f3n de la Salud Escolar en Am\u00e9rica Latina.\"><img decoding=\"async\" width=\"1024\" height=\"536\" data-src=\"https:\/\/unescochair-ghe.org\/wp-content\/uploads\/2022\/10\/Webinar-Hacia-una-agenda-regional-de-Promocion-de-la-Salud-Escolar-en-America-Latina-1024x536.png\" class=\"attachment-large size-large wp-post-image lazyload\" alt=\"\" data-srcset=\"https:\/\/unescochair-ghe.org\/wp-content\/uploads\/2022\/10\/Webinar-Hacia-una-agenda-regional-de-Promocion-de-la-Salud-Escolar-en-America-Latina-1024x536.png 1024w, https:\/\/unescochair-ghe.org\/wp-content\/uploads\/2022\/10\/Webinar-Hacia-una-agenda-regional-de-Promocion-de-la-Salud-Escolar-en-America-Latina-300x157.png 300w, https:\/\/unescochair-ghe.org\/wp-content\/uploads\/2022\/10\/Webinar-Hacia-una-agenda-regional-de-Promocion-de-la-Salud-Escolar-en-America-Latina-768x402.png 768w, https:\/\/unescochair-ghe.org\/wp-content\/uploads\/2022\/10\/Webinar-Hacia-una-agenda-regional-de-Promocion-de-la-Salud-Escolar-en-America-Latina-18x9.png 18w, https:\/\/unescochair-ghe.org\/wp-content\/uploads\/2022\/10\/Webinar-Hacia-una-agenda-regional-de-Promocion-de-la-Salud-Escolar-en-America-Latina-373x195.png 373w, https:\/\/unescochair-ghe.org\/wp-content\/uploads\/2022\/10\/Webinar-Hacia-una-agenda-regional-de-Promocion-de-la-Salud-Escolar-en-America-Latina.png 1200w\" data-sizes=\"(max-width: 1024px) 100vw, 1024px\" src=\"data:image\/svg+xml;base64,PHN2ZyB3aWR0aD0iMSIgaGVpZ2h0PSIxIiB4bWxucz0iaHR0cDovL3d3dy53My5vcmcvMjAwMC9zdmciPjwvc3ZnPg==\" style=\"--smush-placeholder-width: 1024px; --smush-placeholder-aspect-ratio: 1024\/536;\" \/><\/a><\/div><a class=\"wp-block-latest-posts__post-title\" href=\"https:\/\/unescochair-ghe.org\/fa\/17-noviembre-2022-hacia-una-agenda-regional-de-promocion-de-la-salud-escolar-en-america-latina\/\">17 noviembre 2022 &#8211; Hacia una agenda regional de Promoci\u00f3n de la Salud Escolar en Am\u00e9rica Latina.<\/a><div class=\"wp-block-latest-posts__post-excerpt\">English version Oradores Dr. Hiram V. Arroyo, Puerto Rico.&nbsp;Catedr\u00e1tico, Director, Departamento de Ciencias Sociales, Director, Centro Colaborador de la Organizaci\u00f3n Mundial de la Salud&nbsp;(OMS\/OPS) para la Capacitaci\u00f3n e Investigaci\u00f3n en Promoci\u00f3n de la Salud&nbsp;y Educaci\u00f3n para la Salud,&nbsp;Facultad de Ciencias Biosociales y Escuela Graduada de Salud P\u00fablica,&nbsp;Recinto de Ciencias M\u00e9dicas, Universidad de Puerto Rico Dra. &hellip;<\/div><\/li>\n<li><div class=\"wp-block-latest-posts__featured-image\"><a href=\"https:\/\/unescochair-ghe.org\/fa\/24-february-2022-school-mental-health-whys-and-hows\/\" aria-label=\"24 February 2022 &#8211; School mental health: whys and hows\"><img decoding=\"async\" width=\"1024\" height=\"536\" data-src=\"https:\/\/unescochair-ghe.org\/wp-content\/uploads\/2022\/02\/Webinar-School-Mental-Health-incl-affiliations-1024x536.png\" class=\"attachment-large size-large wp-post-image lazyload\" alt=\"\" data-srcset=\"https:\/\/unescochair-ghe.org\/wp-content\/uploads\/2022\/02\/Webinar-School-Mental-Health-incl-affiliations-1024x536.png 1024w, https:\/\/unescochair-ghe.org\/wp-content\/uploads\/2022\/02\/Webinar-School-Mental-Health-incl-affiliations-300x157.png 300w, https:\/\/unescochair-ghe.org\/wp-content\/uploads\/2022\/02\/Webinar-School-Mental-Health-incl-affiliations-768x402.png 768w, https:\/\/unescochair-ghe.org\/wp-content\/uploads\/2022\/02\/Webinar-School-Mental-Health-incl-affiliations-18x9.png 18w, https:\/\/unescochair-ghe.org\/wp-content\/uploads\/2022\/02\/Webinar-School-Mental-Health-incl-affiliations-373x195.png 373w, https:\/\/unescochair-ghe.org\/wp-content\/uploads\/2022\/02\/Webinar-School-Mental-Health-incl-affiliations.png 1200w\" data-sizes=\"(max-width: 1024px) 100vw, 1024px\" src=\"data:image\/svg+xml;base64,PHN2ZyB3aWR0aD0iMSIgaGVpZ2h0PSIxIiB4bWxucz0iaHR0cDovL3d3dy53My5vcmcvMjAwMC9zdmciPjwvc3ZnPg==\" style=\"--smush-placeholder-width: 1024px; --smush-placeholder-aspect-ratio: 1024\/536;\" \/><\/a><\/div><a class=\"wp-block-latest-posts__post-title\" href=\"https:\/\/unescochair-ghe.org\/fa\/24-february-2022-school-mental-health-whys-and-hows\/\">24 February 2022 &#8211; School mental health: whys and hows<\/a><div class=\"wp-block-latest-posts__post-excerpt\">How to protect and promote school mental health in 21th century? Persian Information in Persian: flyer and animation. Host and coordinator Nastaran Keshavarz Mohammadi, Associate professor of health Promotion of Nastaran Keshavarz Mohammadi&nbsp; Opening Alireza Zali, Chancellor of Shahid Beheshti University of Medical Sciences, Iran Goof Buijs, Manager UNESCO Chair Global Health &amp; Education Speakers &hellip;<\/div><\/li>\n<li><div class=\"wp-block-latest-posts__featured-image\"><a href=\"https:\/\/unescochair-ghe.org\/fa\/17-february-2022-implications-of-adultcentrism-on-the-health-of-children-and-adolescents-in-latin-america\/\" aria-label=\"17 February 2022 &#8211; Implications of adultcentrism on the health of children and adolescents in Latin America\"><img decoding=\"async\" width=\"1024\" height=\"536\" data-src=\"https:\/\/unescochair-ghe.org\/wp-content\/uploads\/2022\/01\/Webinar-Implications-of-adultcentrism-EN-1024x536.png\" class=\"attachment-large size-large wp-post-image lazyload\" alt=\"\" data-srcset=\"https:\/\/unescochair-ghe.org\/wp-content\/uploads\/2022\/01\/Webinar-Implications-of-adultcentrism-EN-1024x536.png 1024w, https:\/\/unescochair-ghe.org\/wp-content\/uploads\/2022\/01\/Webinar-Implications-of-adultcentrism-EN-300x157.png 300w, https:\/\/unescochair-ghe.org\/wp-content\/uploads\/2022\/01\/Webinar-Implications-of-adultcentrism-EN-768x402.png 768w, https:\/\/unescochair-ghe.org\/wp-content\/uploads\/2022\/01\/Webinar-Implications-of-adultcentrism-EN-18x9.png 18w, https:\/\/unescochair-ghe.org\/wp-content\/uploads\/2022\/01\/Webinar-Implications-of-adultcentrism-EN-373x195.png 373w, https:\/\/unescochair-ghe.org\/wp-content\/uploads\/2022\/01\/Webinar-Implications-of-adultcentrism-EN.png 1200w\" data-sizes=\"(max-width: 1024px) 100vw, 1024px\" src=\"data:image\/svg+xml;base64,PHN2ZyB3aWR0aD0iMSIgaGVpZ2h0PSIxIiB4bWxucz0iaHR0cDovL3d3dy53My5vcmcvMjAwMC9zdmciPjwvc3ZnPg==\" style=\"--smush-placeholder-width: 1024px; --smush-placeholder-aspect-ratio: 1024\/536;\" \/><\/a><\/div><a class=\"wp-block-latest-posts__post-title\" href=\"https:\/\/unescochair-ghe.org\/fa\/17-february-2022-implications-of-adultcentrism-on-the-health-of-children-and-adolescents-in-latin-america\/\">17 February 2022 &#8211; Implications of adultcentrism on the health of children and adolescents in Latin America<\/a><div class=\"wp-block-latest-posts__post-excerpt\">Global Health &amp; Education webinar series Versi\u00f3n en espa\u00f1ol Moderator Dr. Marinilda Rivera D\u00edaz, Puerto Rico.&nbsp;Coordinator of the Doctoral Programme in Social Determinants of Health at the Graduate School of Public Health, Department of Social Sciences, Medical Sciences Campus, University of Puerto Rico. Education Delegate for Latin America and the Caribbean of the International Federation &hellip;<\/div><\/li>\n<li><div class=\"wp-block-latest-posts__featured-image\"><a href=\"https:\/\/unescochair-ghe.org\/fa\/9-december-2021-plaidoyer-pour-le-plaidoyer-en-sante-publique-savoir-communiquer-et-argumenter-en-promotion-de-la-sante\/\" aria-label=\"9 December 2021 &#8211; Plaidoyer pour le plaidoyer en sant\u00e9 publique &#8211; Savoir communiquer et argumenter en promotion de la sant\u00e9\"><img decoding=\"async\" width=\"1024\" height=\"536\" data-src=\"https:\/\/unescochair-ghe.org\/wp-content\/uploads\/2021\/11\/Visuel-webinaire-plaidoyer-def-1024x536.png\" class=\"attachment-large size-large wp-post-image lazyload\" alt=\"\" data-srcset=\"https:\/\/unescochair-ghe.org\/wp-content\/uploads\/2021\/11\/Visuel-webinaire-plaidoyer-def-1024x536.png 1024w, https:\/\/unescochair-ghe.org\/wp-content\/uploads\/2021\/11\/Visuel-webinaire-plaidoyer-def-300x157.png 300w, https:\/\/unescochair-ghe.org\/wp-content\/uploads\/2021\/11\/Visuel-webinaire-plaidoyer-def-768x402.png 768w, https:\/\/unescochair-ghe.org\/wp-content\/uploads\/2021\/11\/Visuel-webinaire-plaidoyer-def-18x9.png 18w, https:\/\/unescochair-ghe.org\/wp-content\/uploads\/2021\/11\/Visuel-webinaire-plaidoyer-def-373x195.png 373w, https:\/\/unescochair-ghe.org\/wp-content\/uploads\/2021\/11\/Visuel-webinaire-plaidoyer-def.png 1200w\" data-sizes=\"(max-width: 1024px) 100vw, 1024px\" src=\"data:image\/svg+xml;base64,PHN2ZyB3aWR0aD0iMSIgaGVpZ2h0PSIxIiB4bWxucz0iaHR0cDovL3d3dy53My5vcmcvMjAwMC9zdmciPjwvc3ZnPg==\" style=\"--smush-placeholder-width: 1024px; --smush-placeholder-aspect-ratio: 1024\/536;\" \/><\/a><\/div><a class=\"wp-block-latest-posts__post-title\" href=\"https:\/\/unescochair-ghe.org\/fa\/9-december-2021-plaidoyer-pour-le-plaidoyer-en-sante-publique-savoir-communiquer-et-argumenter-en-promotion-de-la-sante\/\">9 December 2021 &#8211; Plaidoyer pour le plaidoyer en sant\u00e9 publique &#8211; Savoir communiquer et argumenter en promotion de la sant\u00e9<\/a><div class=\"wp-block-latest-posts__post-excerpt\">Advocacy in public health &#8211; Communicating and arguing in health promotion Speakers: Pr. David Hou\u00e9to, Pr\u00e9sident du R\u00c9FIPS international et Ma\u00eetre de Conf\u00e9rences agr\u00e9g\u00e9 en Promotion de la sant\u00e9 \u00e0 l\u2019\u00c9cole de Sant\u00e9 Publique, Universit\u00e9 de Parakou, B\u00e9nin Fannie Dagenais, Directrice de l\u2019Observatoire des tout-petits, Montr\u00e9al, Canada Fran\u00e7ois Lagarde, Professeur associ\u00e9 \u00e0 l\u2019\u00e9cole de sant\u00e9 &hellip;<\/div><\/li>\n<li><div class=\"wp-block-latest-posts__featured-image\"><a href=\"https:\/\/unescochair-ghe.org\/fa\/30-september-2021-strategies-for-school-health-promotion-during-covid-19\/\" aria-label=\"30 September 2021 &#8211; Strategies for school health promotion during COVID-19\"><img decoding=\"async\" width=\"1024\" height=\"536\" data-src=\"https:\/\/unescochair-ghe.org\/wp-content\/uploads\/2021\/09\/Webinar-30-September-2021-def-1-1024x536.png\" class=\"attachment-large size-large wp-post-image lazyload\" alt=\"\" data-srcset=\"https:\/\/unescochair-ghe.org\/wp-content\/uploads\/2021\/09\/Webinar-30-September-2021-def-1-1024x536.png 1024w, https:\/\/unescochair-ghe.org\/wp-content\/uploads\/2021\/09\/Webinar-30-September-2021-def-1-300x157.png 300w, https:\/\/unescochair-ghe.org\/wp-content\/uploads\/2021\/09\/Webinar-30-September-2021-def-1-768x402.png 768w, https:\/\/unescochair-ghe.org\/wp-content\/uploads\/2021\/09\/Webinar-30-September-2021-def-1-18x9.png 18w, https:\/\/unescochair-ghe.org\/wp-content\/uploads\/2021\/09\/Webinar-30-September-2021-def-1-373x195.png 373w, https:\/\/unescochair-ghe.org\/wp-content\/uploads\/2021\/09\/Webinar-30-September-2021-def-1.png 1200w\" data-sizes=\"(max-width: 1024px) 100vw, 1024px\" src=\"data:image\/svg+xml;base64,PHN2ZyB3aWR0aD0iMSIgaGVpZ2h0PSIxIiB4bWxucz0iaHR0cDovL3d3dy53My5vcmcvMjAwMC9zdmciPjwvc3ZnPg==\" style=\"--smush-placeholder-width: 1024px; --smush-placeholder-aspect-ratio: 1024\/536;\" \/><\/a><\/div><a class=\"wp-block-latest-posts__post-title\" href=\"https:\/\/unescochair-ghe.org\/fa\/30-september-2021-strategies-for-school-health-promotion-during-covid-19\/\">30 September 2021 &#8211; Strategies for school health promotion during COVID-19<\/a><div class=\"wp-block-latest-posts__post-excerpt\">SHE and UNESCO Chair Webinar Series 30 September 2021 Speakers Nicola Gray, Affiliated researcher, UNESCO Chair Global Health &amp; Education; Senior Lecturer, University of Huddersfield, UK Veronica Velasco, Assistant professor, Department of Psychology, University of Milano-Bicocca, Italy Moderator Goof Buijs, manager UNESCO Chair Global Health &amp; Education English This webinar is organised by the&nbsp;Schools for &hellip;<\/div><\/li>\n<li><div class=\"wp-block-latest-posts__featured-image\"><a href=\"https:\/\/unescochair-ghe.org\/fa\/9-june-2021-je-te-promeus-le-langage-agir-pour-le-developpement-langagier-tous-concernes\/\" aria-label=\"9 June 2021 &#8211; Je (te) promeus le langage! Agir pour le d\u00e9veloppement langagier: tous concern\u00e9s\"><img decoding=\"async\" width=\"1024\" height=\"536\" data-src=\"https:\/\/unescochair-ghe.org\/wp-content\/uploads\/2021\/06\/Langage.png\" class=\"attachment-large size-large wp-post-image lazyload\" alt=\"\" data-srcset=\"https:\/\/unescochair-ghe.org\/wp-content\/uploads\/2021\/06\/Langage.png 1024w, https:\/\/unescochair-ghe.org\/wp-content\/uploads\/2021\/06\/Langage-300x157.png 300w, https:\/\/unescochair-ghe.org\/wp-content\/uploads\/2021\/06\/Langage-768x402.png 768w, https:\/\/unescochair-ghe.org\/wp-content\/uploads\/2021\/06\/Langage-16x8.png 16w, https:\/\/unescochair-ghe.org\/wp-content\/uploads\/2021\/06\/Langage-373x195.png 373w\" data-sizes=\"(max-width: 1024px) 100vw, 1024px\" src=\"data:image\/svg+xml;base64,PHN2ZyB3aWR0aD0iMSIgaGVpZ2h0PSIxIiB4bWxucz0iaHR0cDovL3d3dy53My5vcmcvMjAwMC9zdmciPjwvc3ZnPg==\" style=\"--smush-placeholder-width: 1024px; --smush-placeholder-aspect-ratio: 1024\/536;\" \/><\/a><\/div><a class=\"wp-block-latest-posts__post-title\" href=\"https:\/\/unescochair-ghe.org\/fa\/9-june-2021-je-te-promeus-le-langage-agir-pour-le-developpement-langagier-tous-concernes\/\">9 June 2021 &#8211; Je (te) promeus le langage! Agir pour le d\u00e9veloppement langagier: tous concern\u00e9s<\/a><div class=\"wp-block-latest-posts__post-excerpt\">I promote language! Acting for language development: everyone involved Speakers: Nathalie Dupeux,\u00a0conseill\u00e8re p\u00e9dagogique et charg\u00e9e de mission dans l\u2019\u00e9quipe promotion de la sant\u00e9 du Vice Rectorat de Nouvelle Cal\u00e9donie. Viviane Le Calvez,\u00a0Orthophoniste et formatrice, Centre de formation universitaire en orthophonie (CFUO) de\u00a0Clermont Ferrand. Alain Douiller,\u00a0Directeur du Comit\u00e9 d\u2019\u00e9ducation pour la sant\u00e9 du Vaucluse Time: 18.30 &hellip;<\/div><\/li>\n<li><div class=\"wp-block-latest-posts__featured-image\"><a href=\"https:\/\/unescochair-ghe.org\/fa\/8-june-2021-soutenir-les-politiques-developper-les-capacites-en-promotion-de-la-sante\/\" aria-label=\"8 June 2021 &#8211; Soutenir les politiques, d\u00e9velopper les capacit\u00e9s en promotion de la sant\u00e9\"><img decoding=\"async\" width=\"1024\" height=\"536\" data-src=\"https:\/\/unescochair-ghe.org\/wp-content\/uploads\/2021\/06\/Webinaire-Promosante\u0301-1024x536-1.png\" class=\"attachment-large size-large wp-post-image lazyload\" alt=\"\" data-srcset=\"https:\/\/unescochair-ghe.org\/wp-content\/uploads\/2021\/06\/Webinaire-Promosante\u0301-1024x536-1.png 1024w, https:\/\/unescochair-ghe.org\/wp-content\/uploads\/2021\/06\/Webinaire-Promosante\u0301-1024x536-1-300x157.png 300w, https:\/\/unescochair-ghe.org\/wp-content\/uploads\/2021\/06\/Webinaire-Promosante\u0301-1024x536-1-768x402.png 768w, https:\/\/unescochair-ghe.org\/wp-content\/uploads\/2021\/06\/Webinaire-Promosante\u0301-1024x536-1-16x8.png 16w, https:\/\/unescochair-ghe.org\/wp-content\/uploads\/2021\/06\/Webinaire-Promosante\u0301-1024x536-1-373x195.png 373w\" data-sizes=\"(max-width: 1024px) 100vw, 1024px\" src=\"data:image\/svg+xml;base64,PHN2ZyB3aWR0aD0iMSIgaGVpZ2h0PSIxIiB4bWxucz0iaHR0cDovL3d3dy53My5vcmcvMjAwMC9zdmciPjwvc3ZnPg==\" style=\"--smush-placeholder-width: 1024px; --smush-placeholder-aspect-ratio: 1024\/536;\" \/><\/a><\/div><a class=\"wp-block-latest-posts__post-title\" href=\"https:\/\/unescochair-ghe.org\/fa\/8-june-2021-soutenir-les-politiques-developper-les-capacites-en-promotion-de-la-sante\/\">8 June 2021 &#8211; Soutenir les politiques, d\u00e9velopper les capacit\u00e9s en promotion de la sant\u00e9<\/a><div class=\"wp-block-latest-posts__post-excerpt\">Supporting policies, building capacity in health promotion Speakers: Pr. Pierre Lombrail,\u00a0Professeur des Universit\u00e9s, Professeur de sant\u00e9 publique, laboratoire \u00e9ducations et pratiques de sant\u00e9 (UR3412), Universit\u00e9 Sorbonne Paris Nord. Pr\u00e9sident du conseil d\u2019administration de PromoSant\u00e9 IdF, pr\u00e9sident de la commission sant\u00e9 de la CRSA d\u2019IdF Dr. Marie-Odile Frattini,\u00a0M\u00e9decin de sant\u00e9 publique ; Directrice de PromoSant\u00e9 \u00cele &hellip;<\/div><\/li>\n<li><div class=\"wp-block-latest-posts__featured-image\"><a href=\"https:\/\/unescochair-ghe.org\/fa\/25-may-2021-dynamics-in-school-health-promotion\/\" aria-label=\"25 May 2021 &#8211; Dynamics in School Health Promotion\"><img decoding=\"async\" width=\"1024\" height=\"536\" data-src=\"https:\/\/unescochair-ghe.org\/wp-content\/uploads\/2021\/05\/Webinar-25-May-2021-1024x536.png\" class=\"attachment-large size-large wp-post-image lazyload\" alt=\"\" data-srcset=\"https:\/\/unescochair-ghe.org\/wp-content\/uploads\/2021\/05\/Webinar-25-May-2021-1024x536.png 1024w, https:\/\/unescochair-ghe.org\/wp-content\/uploads\/2021\/05\/Webinar-25-May-2021-300x157.png 300w, https:\/\/unescochair-ghe.org\/wp-content\/uploads\/2021\/05\/Webinar-25-May-2021-768x402.png 768w, https:\/\/unescochair-ghe.org\/wp-content\/uploads\/2021\/05\/Webinar-25-May-2021-16x8.png 16w, https:\/\/unescochair-ghe.org\/wp-content\/uploads\/2021\/05\/Webinar-25-May-2021-373x195.png 373w, https:\/\/unescochair-ghe.org\/wp-content\/uploads\/2021\/05\/Webinar-25-May-2021.png 1200w\" data-sizes=\"(max-width: 1024px) 100vw, 1024px\" src=\"data:image\/svg+xml;base64,PHN2ZyB3aWR0aD0iMSIgaGVpZ2h0PSIxIiB4bWxucz0iaHR0cDovL3d3dy53My5vcmcvMjAwMC9zdmciPjwvc3ZnPg==\" style=\"--smush-placeholder-width: 1024px; --smush-placeholder-aspect-ratio: 1024\/536;\" \/><\/a><\/div><a class=\"wp-block-latest-posts__post-title\" href=\"https:\/\/unescochair-ghe.org\/fa\/25-may-2021-dynamics-in-school-health-promotion\/\">25 May 2021 &#8211; Dynamics in School Health Promotion<\/a><div class=\"wp-block-latest-posts__post-excerpt\">SHE and UNESCO Chair Webinar Series 25 May 2021 Speakers Dr. Nina Bartelink \u2013 Researcher, Health promotion; School for Public Health and Primary Care; Faculty of Health, Medicine and Life Sciences; Maastricht University, the Netherlands Dr. Kathelijne Bessems \u2013 Senior Researcher and Lecturer, NUTRIM School of Nutrition and Translational Research in Metabolism; Department of Health &hellip;<\/div><\/li>\n<li><div class=\"wp-block-latest-posts__featured-image\"><a href=\"https:\/\/unescochair-ghe.org\/fa\/12-may-2021-education-sante-social-travailler-ensemble-au-service-de-la-sante-de-tous\/\" aria-label=\"12 May 2021 &#8211; \u00c9ducation, sant\u00e9, social : travailler ensemble au service de la sant\u00e9 de tous\"><img decoding=\"async\" width=\"1024\" height=\"536\" data-src=\"https:\/\/unescochair-ghe.org\/wp-content\/uploads\/2021\/05\/Webinaire-intersectorialite\u0301-1024x536-1.png\" class=\"attachment-large size-large wp-post-image lazyload\" alt=\"\" data-srcset=\"https:\/\/unescochair-ghe.org\/wp-content\/uploads\/2021\/05\/Webinaire-intersectorialite\u0301-1024x536-1.png 1024w, https:\/\/unescochair-ghe.org\/wp-content\/uploads\/2021\/05\/Webinaire-intersectorialite\u0301-1024x536-1-300x157.png 300w, https:\/\/unescochair-ghe.org\/wp-content\/uploads\/2021\/05\/Webinaire-intersectorialite\u0301-1024x536-1-768x402.png 768w, https:\/\/unescochair-ghe.org\/wp-content\/uploads\/2021\/05\/Webinaire-intersectorialite\u0301-1024x536-1-16x8.png 16w, https:\/\/unescochair-ghe.org\/wp-content\/uploads\/2021\/05\/Webinaire-intersectorialite\u0301-1024x536-1-373x195.png 373w\" data-sizes=\"(max-width: 1024px) 100vw, 1024px\" src=\"data:image\/svg+xml;base64,PHN2ZyB3aWR0aD0iMSIgaGVpZ2h0PSIxIiB4bWxucz0iaHR0cDovL3d3dy53My5vcmcvMjAwMC9zdmciPjwvc3ZnPg==\" style=\"--smush-placeholder-width: 1024px; --smush-placeholder-aspect-ratio: 1024\/536;\" \/><\/a><\/div><a class=\"wp-block-latest-posts__post-title\" href=\"https:\/\/unescochair-ghe.org\/fa\/12-may-2021-education-sante-social-travailler-ensemble-au-service-de-la-sante-de-tous\/\">12 May 2021 &#8211; \u00c9ducation, sant\u00e9, social : travailler ensemble au service de la sant\u00e9 de tous<\/a><div class=\"wp-block-latest-posts__post-excerpt\">Education, health, society: working together for the health of all Speakers: Louise Potvin, Directrice du centre de recherche en sant\u00e9 publique (CReSP) de l\u2019Ecole de Sant\u00e9 Publique de l\u2019Universit\u00e9 de Montr\u00e9al (ESPUM), titulaire de la chaire de recherche du Canada sur les approches communautaires et les in\u00e9galit\u00e9s dans le domaine de la sant\u00e9. R\u00e9dactrice en &hellip;<\/div><\/li>\n<li><div class=\"wp-block-latest-posts__featured-image\"><a href=\"https:\/\/unescochair-ghe.org\/fa\/11-may-2021-school-health-promotion-in-latin-america-lessons-learned\/\" aria-label=\"11 May 2021 &#8211; School Health Promotion in Latin America: Lessons Learned\"><img decoding=\"async\" width=\"1024\" height=\"536\" data-src=\"https:\/\/unescochair-ghe.org\/wp-content\/uploads\/2021\/04\/Webinar-School-Health-Promotion-in-Latin-America-2-1024x536.png\" class=\"attachment-large size-large wp-post-image lazyload\" alt=\"\" data-srcset=\"https:\/\/unescochair-ghe.org\/wp-content\/uploads\/2021\/04\/Webinar-School-Health-Promotion-in-Latin-America-2-1024x536.png 1024w, https:\/\/unescochair-ghe.org\/wp-content\/uploads\/2021\/04\/Webinar-School-Health-Promotion-in-Latin-America-2-300x157.png 300w, https:\/\/unescochair-ghe.org\/wp-content\/uploads\/2021\/04\/Webinar-School-Health-Promotion-in-Latin-America-2-768x402.png 768w, https:\/\/unescochair-ghe.org\/wp-content\/uploads\/2021\/04\/Webinar-School-Health-Promotion-in-Latin-America-2-16x8.png 16w, https:\/\/unescochair-ghe.org\/wp-content\/uploads\/2021\/04\/Webinar-School-Health-Promotion-in-Latin-America-2-373x195.png 373w, https:\/\/unescochair-ghe.org\/wp-content\/uploads\/2021\/04\/Webinar-School-Health-Promotion-in-Latin-America-2.png 1200w\" data-sizes=\"(max-width: 1024px) 100vw, 1024px\" src=\"data:image\/svg+xml;base64,PHN2ZyB3aWR0aD0iMSIgaGVpZ2h0PSIxIiB4bWxucz0iaHR0cDovL3d3dy53My5vcmcvMjAwMC9zdmciPjwvc3ZnPg==\" style=\"--smush-placeholder-width: 1024px; --smush-placeholder-aspect-ratio: 1024\/536;\" \/><\/a><\/div><a class=\"wp-block-latest-posts__post-title\" href=\"https:\/\/unescochair-ghe.org\/fa\/11-may-2021-school-health-promotion-in-latin-america-lessons-learned\/\">11 May 2021 &#8211; School Health Promotion in Latin America: Lessons Learned<\/a><div class=\"wp-block-latest-posts__post-excerpt\">Global Health &amp; Education webinar series 11 May 2021 Versi\u00f3n en espag\u00f1ol Moderator Dr. Hiram V. Arroyo, Professor, Director, Department of Social Sciences, Director, World Health Organization (WHO\/PAHO) Collaborating Centre for Training and Research in Health Promotion and Health Education, Faculty of Biosocial Sciences and Graduate School of Public Health, Medical Sciences Campus, University of &hellip;<\/div><\/li>\n<li><div class=\"wp-block-latest-posts__featured-image\"><a href=\"https:\/\/unescochair-ghe.org\/fa\/exploring-global-inequalities-in-adolescent-health-and-healthcare\/\" aria-label=\"25 March 2021 &#8211; Exploring Global Inequalities in Adolescent Health and Healthcare\"><img decoding=\"async\" width=\"1024\" height=\"536\" data-src=\"https:\/\/unescochair-ghe.org\/wp-content\/uploads\/2021\/03\/Webinar-Health-Inequalities-in-Adolescents-1024x536.png\" class=\"attachment-large size-large wp-post-image lazyload\" alt=\"\" data-srcset=\"https:\/\/unescochair-ghe.org\/wp-content\/uploads\/2021\/03\/Webinar-Health-Inequalities-in-Adolescents-1024x536.png 1024w, https:\/\/unescochair-ghe.org\/wp-content\/uploads\/2021\/03\/Webinar-Health-Inequalities-in-Adolescents-300x157.png 300w, https:\/\/unescochair-ghe.org\/wp-content\/uploads\/2021\/03\/Webinar-Health-Inequalities-in-Adolescents-768x402.png 768w, https:\/\/unescochair-ghe.org\/wp-content\/uploads\/2021\/03\/Webinar-Health-Inequalities-in-Adolescents-16x8.png 16w, https:\/\/unescochair-ghe.org\/wp-content\/uploads\/2021\/03\/Webinar-Health-Inequalities-in-Adolescents-570x298.png 570w, https:\/\/unescochair-ghe.org\/wp-content\/uploads\/2021\/03\/Webinar-Health-Inequalities-in-Adolescents.png 1200w\" data-sizes=\"(max-width: 1024px) 100vw, 1024px\" src=\"data:image\/svg+xml;base64,PHN2ZyB3aWR0aD0iMSIgaGVpZ2h0PSIxIiB4bWxucz0iaHR0cDovL3d3dy53My5vcmcvMjAwMC9zdmciPjwvc3ZnPg==\" style=\"--smush-placeholder-width: 1024px; --smush-placeholder-aspect-ratio: 1024\/536;\" \/><\/a><\/div><a class=\"wp-block-latest-posts__post-title\" href=\"https:\/\/unescochair-ghe.org\/fa\/exploring-global-inequalities-in-adolescent-health-and-healthcare\/\">25 March 2021 &#8211; Exploring Global Inequalities in Adolescent Health and Healthcare<\/a><div class=\"wp-block-latest-posts__post-excerpt\">Global Health &amp; Education webinar series 25 March 2021 Introduction Sir Michael Marmot, Professor of Epidemiology, University College London; Director of the UCL Institute of Health Equity Speakers Professor Susan Sawyer, president International Association for Adolescent Health, The University of Melbourne, Australia Associated professor Danielle Jansen, immediate past president EUPHA Section on Child and Adolescent &hellip;<\/div><\/li>\n<li><div class=\"wp-block-latest-posts__featured-image\"><a href=\"https:\/\/unescochair-ghe.org\/fa\/24-march-2021-la-sante-au-quotidien-dans-les-etablissements-scolaires-everyday-health-in-schools\/\" aria-label=\"24 March 2021 &#8211; La sant\u00e9 au quotidien dans les \u00e9tablissements scolaires (Everyday Health in Schools)\"><img decoding=\"async\" width=\"1024\" height=\"536\" data-src=\"https:\/\/unescochair-ghe.org\/wp-content\/uploads\/2021\/03\/La-sante-au-quotidien-dans-les-1024x536.png\" class=\"attachment-large size-large wp-post-image lazyload\" alt=\"\" data-srcset=\"https:\/\/unescochair-ghe.org\/wp-content\/uploads\/2021\/03\/La-sante-au-quotidien-dans-les-1024x536.png 1024w, https:\/\/unescochair-ghe.org\/wp-content\/uploads\/2021\/03\/La-sante-au-quotidien-dans-les-300x157.png 300w, https:\/\/unescochair-ghe.org\/wp-content\/uploads\/2021\/03\/La-sante-au-quotidien-dans-les-768x402.png 768w, https:\/\/unescochair-ghe.org\/wp-content\/uploads\/2021\/03\/La-sante-au-quotidien-dans-les-16x8.png 16w, https:\/\/unescochair-ghe.org\/wp-content\/uploads\/2021\/03\/La-sante-au-quotidien-dans-les-570x298.png 570w, https:\/\/unescochair-ghe.org\/wp-content\/uploads\/2021\/03\/La-sante-au-quotidien-dans-les.png 1200w\" data-sizes=\"(max-width: 1024px) 100vw, 1024px\" src=\"data:image\/svg+xml;base64,PHN2ZyB3aWR0aD0iMSIgaGVpZ2h0PSIxIiB4bWxucz0iaHR0cDovL3d3dy53My5vcmcvMjAwMC9zdmciPjwvc3ZnPg==\" style=\"--smush-placeholder-width: 1024px; --smush-placeholder-aspect-ratio: 1024\/536;\" \/><\/a><\/div><a class=\"wp-block-latest-posts__post-title\" href=\"https:\/\/unescochair-ghe.org\/fa\/24-march-2021-la-sante-au-quotidien-dans-les-etablissements-scolaires-everyday-health-in-schools\/\">24 March 2021 &#8211; La sant\u00e9 au quotidien dans les \u00e9tablissements scolaires (Everyday Health in Schools)<\/a><div class=\"wp-block-latest-posts__post-excerpt\">Speakers: Val\u00e9rie Et\u00e9ocle, Cheffe d\u2019\u00e9tablissement, Coll\u00e8ge Jules Romain, Acad\u00e9mie de Clermont-Ferrand V\u00e9ronique Baranska, Infirmi\u00e8re \u00c9ducation Nationale, sexologue clinicienne, licenci\u00e9e en psychologie et personne ressource du site www.pratiquesensante.org Sourour Memdouh, professeure de Lettres modernes au coll\u00e8ge Lucie Aubrac de Clermont Ferrand et Docteur en Litt\u00e9rature fran\u00e7aise. Porteuse du projet &#8220;Les Explorh\u00e9teurs, b\u00e2tisseurs du coll\u00e8ge du futur&#8221;. &hellip;<\/div><\/li>\n<li><div class=\"wp-block-latest-posts__featured-image\"><a href=\"https:\/\/unescochair-ghe.org\/fa\/16-march-2021-pour-des-ecoles-en-sante-et-durables-enjeux-et-outils-pour-les-equipes-detablissements-towards-healthy-and-sustainable-schools-issues-and-tools-for-school-teams\/\" aria-label=\"16 March 2021 &#8211; Pour des \u00e9coles en sant\u00e9 et durables \u2013 Enjeux et outils pour les \u00e9quipes d\u2019\u00e9tablissements (Towards healthy and sustainable schools &#8211; Issues and tools for school teams)\"><img decoding=\"async\" width=\"1024\" height=\"536\" data-src=\"https:\/\/unescochair-ghe.org\/wp-content\/uploads\/2021\/03\/Webinaire-EducationS-Sante-Ecoles-en-sante-1024x536.png\" class=\"attachment-large size-large wp-post-image lazyload\" alt=\"\" data-srcset=\"https:\/\/unescochair-ghe.org\/wp-content\/uploads\/2021\/03\/Webinaire-EducationS-Sante-Ecoles-en-sante-1024x536.png 1024w, https:\/\/unescochair-ghe.org\/wp-content\/uploads\/2021\/03\/Webinaire-EducationS-Sante-Ecoles-en-sante-300x157.png 300w, https:\/\/unescochair-ghe.org\/wp-content\/uploads\/2021\/03\/Webinaire-EducationS-Sante-Ecoles-en-sante-768x402.png 768w, https:\/\/unescochair-ghe.org\/wp-content\/uploads\/2021\/03\/Webinaire-EducationS-Sante-Ecoles-en-sante-16x8.png 16w, https:\/\/unescochair-ghe.org\/wp-content\/uploads\/2021\/03\/Webinaire-EducationS-Sante-Ecoles-en-sante-570x298.png 570w, https:\/\/unescochair-ghe.org\/wp-content\/uploads\/2021\/03\/Webinaire-EducationS-Sante-Ecoles-en-sante.png 1200w\" data-sizes=\"(max-width: 1024px) 100vw, 1024px\" src=\"data:image\/svg+xml;base64,PHN2ZyB3aWR0aD0iMSIgaGVpZ2h0PSIxIiB4bWxucz0iaHR0cDovL3d3dy53My5vcmcvMjAwMC9zdmciPjwvc3ZnPg==\" style=\"--smush-placeholder-width: 1024px; --smush-placeholder-aspect-ratio: 1024\/536;\" \/><\/a><\/div><a class=\"wp-block-latest-posts__post-title\" href=\"https:\/\/unescochair-ghe.org\/fa\/16-march-2021-pour-des-ecoles-en-sante-et-durables-enjeux-et-outils-pour-les-equipes-detablissements-towards-healthy-and-sustainable-schools-issues-and-tools-for-school-teams\/\">16 March 2021 &#8211; Pour des \u00e9coles en sant\u00e9 et durables \u2013 Enjeux et outils pour les \u00e9quipes d\u2019\u00e9tablissements (Towards healthy and sustainable schools &#8211; Issues and tools for school teams)<\/a><div class=\"wp-block-latest-posts__post-excerpt\">Speaker: Ga\u00ebl-Anne PANNATIER, Collaboratrice scientifique, Fondation RADIX; R\u00e9seau d\u2019\u00e9coles21 \u2013 r\u00e9seau suisse d\u2019\u00e9coles en sant\u00e9 et durables. Suisse Time: 15.30 &#8211; 16.30 CET Language: French More information (in French) Webinar link<\/div><\/li>\n<li><div class=\"wp-block-latest-posts__featured-image\"><a href=\"https:\/\/unescochair-ghe.org\/fa\/10-march-2021-les-competences-psychosociales-en-pratiques-psychosocial-skills-in-practice\/\" aria-label=\"10 March 2021 &#8211; Les comp\u00e9tences psychosociales en pratiqueS (Psychosocial skills in practice)\"><img decoding=\"async\" width=\"1024\" height=\"536\" data-src=\"https:\/\/unescochair-ghe.org\/wp-content\/uploads\/2021\/03\/Visuel-Webinaire-CPS-1-1024x536.png\" class=\"attachment-large size-large wp-post-image lazyload\" alt=\"\" data-srcset=\"https:\/\/unescochair-ghe.org\/wp-content\/uploads\/2021\/03\/Visuel-Webinaire-CPS-1-1024x536.png 1024w, https:\/\/unescochair-ghe.org\/wp-content\/uploads\/2021\/03\/Visuel-Webinaire-CPS-1-300x157.png 300w, https:\/\/unescochair-ghe.org\/wp-content\/uploads\/2021\/03\/Visuel-Webinaire-CPS-1-768x402.png 768w, https:\/\/unescochair-ghe.org\/wp-content\/uploads\/2021\/03\/Visuel-Webinaire-CPS-1-16x8.png 16w, https:\/\/unescochair-ghe.org\/wp-content\/uploads\/2021\/03\/Visuel-Webinaire-CPS-1-570x298.png 570w, https:\/\/unescochair-ghe.org\/wp-content\/uploads\/2021\/03\/Visuel-Webinaire-CPS-1.png 1200w\" data-sizes=\"(max-width: 1024px) 100vw, 1024px\" src=\"data:image\/svg+xml;base64,PHN2ZyB3aWR0aD0iMSIgaGVpZ2h0PSIxIiB4bWxucz0iaHR0cDovL3d3dy53My5vcmcvMjAwMC9zdmciPjwvc3ZnPg==\" style=\"--smush-placeholder-width: 1024px; --smush-placeholder-aspect-ratio: 1024\/536;\" \/><\/a><\/div><a class=\"wp-block-latest-posts__post-title\" href=\"https:\/\/unescochair-ghe.org\/fa\/10-march-2021-les-competences-psychosociales-en-pratiques-psychosocial-skills-in-practice\/\">10 March 2021 &#8211; Les comp\u00e9tences psychosociales en pratiqueS (Psychosocial skills in practice)<\/a><div class=\"wp-block-latest-posts__post-excerpt\">Speakers: Corinne Roehrig,&nbsp;M\u00e9decin de Sant\u00e9 Publique, Th\u00e9rapeute familiale syst\u00e9micienne \u00e0 Nice au COmit\u00e9 D\u00e9partemental d\u2019Education pour la Sant\u00e9 (CODES 06) Didier Jourdan, professeur des Universit\u00e9s et Directeur de la chaire UNESCO et centre collaborateur OMS \u00ab EducationS et sant\u00e9 \u00bb \u00c9ric Dugas, professeur des Universit\u00e9s et charg\u00e9 de mission handicap \u00e0 l\u2019universit\u00e9 de Bordeaux, membre &hellip;<\/div><\/li>\n<li><div class=\"wp-block-latest-posts__featured-image\"><a href=\"https:\/\/unescochair-ghe.org\/fa\/23-february-2021-promouvoir-la-sante-orale-de-tous-les-enfants-promoting-the-oral-health-of-all-children\/\" aria-label=\"23 February 2021 &#8211; Promouvoir la sant\u00e9 orale de tous les enfants (Promoting the oral health of all children)\"><img decoding=\"async\" width=\"720\" height=\"405\" data-src=\"https:\/\/unescochair-ghe.org\/wp-content\/uploads\/2021\/02\/Visuel-webinaire-sante\u0301-orale.jpg\" class=\"attachment-large size-large wp-post-image lazyload\" alt=\"\" data-srcset=\"https:\/\/unescochair-ghe.org\/wp-content\/uploads\/2021\/02\/Visuel-webinaire-sante\u0301-orale.jpg 720w, https:\/\/unescochair-ghe.org\/wp-content\/uploads\/2021\/02\/Visuel-webinaire-sante\u0301-orale-300x169.jpg 300w, https:\/\/unescochair-ghe.org\/wp-content\/uploads\/2021\/02\/Visuel-webinaire-sante\u0301-orale-16x9.jpg 16w, https:\/\/unescochair-ghe.org\/wp-content\/uploads\/2021\/02\/Visuel-webinaire-sante\u0301-orale-533x300.jpg 533w\" data-sizes=\"(max-width: 720px) 100vw, 720px\" src=\"data:image\/svg+xml;base64,PHN2ZyB3aWR0aD0iMSIgaGVpZ2h0PSIxIiB4bWxucz0iaHR0cDovL3d3dy53My5vcmcvMjAwMC9zdmciPjwvc3ZnPg==\" style=\"--smush-placeholder-width: 720px; --smush-placeholder-aspect-ratio: 720\/405;\" \/><\/a><\/div><a class=\"wp-block-latest-posts__post-title\" href=\"https:\/\/unescochair-ghe.org\/fa\/23-february-2021-promouvoir-la-sante-orale-de-tous-les-enfants-promoting-the-oral-health-of-all-children\/\">23 February 2021 &#8211; Promouvoir la sant\u00e9 orale de tous les enfants (Promoting the oral health of all children)<\/a><div class=\"wp-block-latest-posts__post-excerpt\">Speakers: St\u00e9phanie TUBERT-JEANNIN, Professeur des Universit\u00e9s \u2013 Praticien Hospitalier en Sant\u00e9 Publique Orale, Facult\u00e9 de Chirurgie Dentaire, Universit\u00e9 Clermont-Auvergne\u00a0 Jean-Christophe AZORIN, Professeur Associ\u00e9 Global Health &amp; Education Unesco Chair, Facult\u00e9 d\u2019\u00c9ducation Montpellier Eric LENFANT, Docteur Chirurgien Dentiste, Pr\u00e9sident de l\u2019Union R\u00e9gionale des Professions de Sant\u00e9 Chirurgiens-Dentistes Auvergne-Rh\u00f4ne-Alpes (URPS CD ARA) Time: 18.00 &#8211; 19.00 CET &hellip;<\/div><\/li>\n<li><div class=\"wp-block-latest-posts__featured-image\"><a href=\"https:\/\/unescochair-ghe.org\/fa\/20-january-2021-la-sante-au-plus-pres-des-gens\/\" aria-label=\"20 January 2021 &#8211; La sant\u00e9 au plus pr\u00e8s des gens\"><img decoding=\"async\" width=\"720\" height=\"405\" data-src=\"https:\/\/unescochair-ghe.org\/wp-content\/uploads\/2021\/01\/Visuel-webinaire-sante-au-plus-pres-des-gens.jpg\" class=\"attachment-large size-large wp-post-image lazyload\" alt=\"\" data-srcset=\"https:\/\/unescochair-ghe.org\/wp-content\/uploads\/2021\/01\/Visuel-webinaire-sante-au-plus-pres-des-gens.jpg 720w, https:\/\/unescochair-ghe.org\/wp-content\/uploads\/2021\/01\/Visuel-webinaire-sante-au-plus-pres-des-gens-300x169.jpg 300w, https:\/\/unescochair-ghe.org\/wp-content\/uploads\/2021\/01\/Visuel-webinaire-sante-au-plus-pres-des-gens-16x9.jpg 16w, https:\/\/unescochair-ghe.org\/wp-content\/uploads\/2021\/01\/Visuel-webinaire-sante-au-plus-pres-des-gens-533x300.jpg 533w\" data-sizes=\"(max-width: 720px) 100vw, 720px\" src=\"data:image\/svg+xml;base64,PHN2ZyB3aWR0aD0iMSIgaGVpZ2h0PSIxIiB4bWxucz0iaHR0cDovL3d3dy53My5vcmcvMjAwMC9zdmciPjwvc3ZnPg==\" style=\"--smush-placeholder-width: 720px; --smush-placeholder-aspect-ratio: 720\/405;\" \/><\/a><\/div><a class=\"wp-block-latest-posts__post-title\" href=\"https:\/\/unescochair-ghe.org\/fa\/20-january-2021-la-sante-au-plus-pres-des-gens\/\">20 January 2021 &#8211; La sant\u00e9 au plus pr\u00e8s des gens<\/a><div class=\"wp-block-latest-posts__post-excerpt\">Speakers: Martine Antoine, Co-pr\u00e9sidente de l\u2019Institut Renaudot Philippe Lef\u00e8vre, Co-pr\u00e9sident de l\u2019Institut Renaudot Nathalie Bacq, Ergoth\u00e9rapeute \u00e0 l\u2019Association Vaudoise d\u2019Aide et de Soins \u00e0 Domicile (AVASAD) Sophie Progin-Batalla, Di\u00e9t\u00e9ticienne \u00e0 l\u2019Association Vaudoise d\u2019Aide et de Soins \u00e0 Domicile (AVASAD) Time: 18:00 &#8211; 19:00 CET Language: French More information (in French) Webinar link<\/div><\/li>\n<li><div class=\"wp-block-latest-posts__featured-image\"><a href=\"https:\/\/unescochair-ghe.org\/fa\/health-literacy-an-education-asset-in-the-21st-century\/\" aria-label=\"Health literacy in schools: an education asset in the 21st century\"><img decoding=\"async\" width=\"1024\" height=\"576\" data-src=\"https:\/\/unescochair-ghe.org\/wp-content\/uploads\/2021\/01\/Image-webinar-21-January-2021-def-2-1024x576.jpg\" class=\"attachment-large size-large wp-post-image lazyload\" alt=\"\" data-srcset=\"https:\/\/unescochair-ghe.org\/wp-content\/uploads\/2021\/01\/Image-webinar-21-January-2021-def-2-1024x576.jpg 1024w, https:\/\/unescochair-ghe.org\/wp-content\/uploads\/2021\/01\/Image-webinar-21-January-2021-def-2-300x169.jpg 300w, https:\/\/unescochair-ghe.org\/wp-content\/uploads\/2021\/01\/Image-webinar-21-January-2021-def-2-768x432.jpg 768w, https:\/\/unescochair-ghe.org\/wp-content\/uploads\/2021\/01\/Image-webinar-21-January-2021-def-2-16x9.jpg 16w, https:\/\/unescochair-ghe.org\/wp-content\/uploads\/2021\/01\/Image-webinar-21-January-2021-def-2-533x300.jpg 533w, https:\/\/unescochair-ghe.org\/wp-content\/uploads\/2021\/01\/Image-webinar-21-January-2021-def-2.jpg 1280w\" data-sizes=\"(max-width: 1024px) 100vw, 1024px\" src=\"data:image\/svg+xml;base64,PHN2ZyB3aWR0aD0iMSIgaGVpZ2h0PSIxIiB4bWxucz0iaHR0cDovL3d3dy53My5vcmcvMjAwMC9zdmciPjwvc3ZnPg==\" style=\"--smush-placeholder-width: 1024px; --smush-placeholder-aspect-ratio: 1024\/576;\" \/><\/a><\/div><a class=\"wp-block-latest-posts__post-title\" href=\"https:\/\/unescochair-ghe.org\/fa\/health-literacy-an-education-asset-in-the-21st-century\/\">Health literacy in schools: an education asset in the 21st century<\/a><div class=\"wp-block-latest-posts__post-excerpt\">Global Health &amp; Education webinar series 21 January 2020 Speakers Associated Professor Leena Paakkari, University of Jyv\u00e4skyl\u00e4, Faculty of Sport and Health Sciences, Finland Doctor Orkan Okan, Bielefeld University, Faculty of Educational Science, Interdisciplinary Centre for Health Literacy Research, Germany Professor doctor Kevin Dadaczynski, Fulda University of Applied Science, Fulda Public Health Centre, Leuphana University &hellip;<\/div><\/li>\n<li><div class=\"wp-block-latest-posts__featured-image\"><a href=\"https:\/\/unescochair-ghe.org\/fa\/13-january-2021-la-sante-un-enjeu-educatif-health-an-educational-issue\/\" aria-label=\"13 January 2021 &#8211; La sant\u00e9, un enjeu \u00e9ducatif (Health, an educational issue)\"><img decoding=\"async\" width=\"720\" height=\"405\" data-src=\"https:\/\/unescochair-ghe.org\/wp-content\/uploads\/2021\/01\/Visuel-webinaire-la-sante-un-enjeu-educatif.jpg\" class=\"attachment-large size-large wp-post-image lazyload\" alt=\"\" data-srcset=\"https:\/\/unescochair-ghe.org\/wp-content\/uploads\/2021\/01\/Visuel-webinaire-la-sante-un-enjeu-educatif.jpg 720w, https:\/\/unescochair-ghe.org\/wp-content\/uploads\/2021\/01\/Visuel-webinaire-la-sante-un-enjeu-educatif-300x169.jpg 300w, https:\/\/unescochair-ghe.org\/wp-content\/uploads\/2021\/01\/Visuel-webinaire-la-sante-un-enjeu-educatif-16x9.jpg 16w, https:\/\/unescochair-ghe.org\/wp-content\/uploads\/2021\/01\/Visuel-webinaire-la-sante-un-enjeu-educatif-533x300.jpg 533w\" data-sizes=\"(max-width: 720px) 100vw, 720px\" src=\"data:image\/svg+xml;base64,PHN2ZyB3aWR0aD0iMSIgaGVpZ2h0PSIxIiB4bWxucz0iaHR0cDovL3d3dy53My5vcmcvMjAwMC9zdmciPjwvc3ZnPg==\" style=\"--smush-placeholder-width: 720px; --smush-placeholder-aspect-ratio: 720\/405;\" \/><\/a><\/div><a class=\"wp-block-latest-posts__post-title\" href=\"https:\/\/unescochair-ghe.org\/fa\/13-january-2021-la-sante-un-enjeu-educatif-health-an-educational-issue\/\">13 January 2021 &#8211; La sant\u00e9, un enjeu \u00e9ducatif (Health, an educational issue)<\/a><div class=\"wp-block-latest-posts__post-excerpt\">Speakers: Nathalie DUPEUX, Professeur des \u00e9coles et Conseill\u00e8re p\u00e9dagogique, Direction de l\u2019Enseignement de la Nouvelle-Cal\u00e9donie. Brice BENARD, Inspecteur d\u2019acad\u00e9mie \u2013 Inspecteur p\u00e9dagogique r\u00e9gional EPS Acad\u00e9mie d\u2019Orl\u00e9ans-Tours. Didier JOURDAN, Professeur des Universit\u00e9s, Titulaire de la Chaire UNESCO \u00c9ducationS &amp; Sant\u00e9.&nbsp; Time: 18.00 \u2013 19.00 CET.&nbsp;&nbsp; Language: French More information (in French) Webinar link<\/div><\/li>\n<li><div class=\"wp-block-latest-posts__featured-image\"><a href=\"https:\/\/unescochair-ghe.org\/fa\/education-as-a-social-vaccine-against-covid-19\/\" aria-label=\"Education as a &#8220;social vaccine&#8221; against COVID-19\"><img decoding=\"async\" width=\"1024\" height=\"576\" data-src=\"https:\/\/unescochair-ghe.org\/wp-content\/uploads\/2020\/11\/Image-webinar-10-December-2020-1-1024x576.jpg\" class=\"attachment-large size-large wp-post-image lazyload\" alt=\"\" data-srcset=\"https:\/\/unescochair-ghe.org\/wp-content\/uploads\/2020\/11\/Image-webinar-10-December-2020-1-1024x576.jpg 1024w, https:\/\/unescochair-ghe.org\/wp-content\/uploads\/2020\/11\/Image-webinar-10-December-2020-1-300x169.jpg 300w, https:\/\/unescochair-ghe.org\/wp-content\/uploads\/2020\/11\/Image-webinar-10-December-2020-1-768x432.jpg 768w, https:\/\/unescochair-ghe.org\/wp-content\/uploads\/2020\/11\/Image-webinar-10-December-2020-1-16x9.jpg 16w, https:\/\/unescochair-ghe.org\/wp-content\/uploads\/2020\/11\/Image-webinar-10-December-2020-1-533x300.jpg 533w, https:\/\/unescochair-ghe.org\/wp-content\/uploads\/2020\/11\/Image-webinar-10-December-2020-1.jpg 1280w\" data-sizes=\"(max-width: 1024px) 100vw, 1024px\" src=\"data:image\/svg+xml;base64,PHN2ZyB3aWR0aD0iMSIgaGVpZ2h0PSIxIiB4bWxucz0iaHR0cDovL3d3dy53My5vcmcvMjAwMC9zdmciPjwvc3ZnPg==\" style=\"--smush-placeholder-width: 1024px; --smush-placeholder-aspect-ratio: 1024\/576;\" \/><\/a><\/div><a class=\"wp-block-latest-posts__post-title\" href=\"https:\/\/unescochair-ghe.org\/fa\/education-as-a-social-vaccine-against-covid-19\/\">Education as a &#8220;social vaccine&#8221; against COVID-19<\/a><div class=\"wp-block-latest-posts__post-excerpt\">Global Health &amp; Education webinar series 10 December 2020 Speakers Professor Terje Andreas Eikemo, Professor of Sociology, Centre for Global Health Inequalities Research (CHAIN), Dept of Sociology and Political Science, Norwegian University of Science and Technology, Norway Photo: Elin Iversen\/ NTNU Professor Clare Bambra, Professor of Public Health,&nbsp;Population Health Sciences Institute, Faculty of Medical Sciences, &hellip;<\/div><\/li>\n<li><div class=\"wp-block-latest-posts__featured-image\"><a href=\"https:\/\/unescochair-ghe.org\/fa\/health-and-education-in-persian-speaking-countries-achievements-challenges-and-the-link\/\" aria-label=\"\u0633\u0644\u0627\u0645\u062a\u060c \u0633\u0648\u0627\u062f \u0648 \u0622\u0645\u0648\u0632\u0634 \u062f\u0631 \u06a9\u0634\u0648\u0631\u0647\u0627\u06cc \u0641\u0627\u0631\u0633\u06cc \u0632\u0628\u0627\u0646: \u062f\u0633\u062a\u0627\u0648\u0631\u062f\u0647\u0627\u060c \u0686\u0627\u0644\u0634 \u0647\u0627 \u0648 \u0634\u0648\u0627\u0647\u062f \u0645\u062d\u0644\u06cc \u0627\u0631\u062a\u0628\u0627\u0637 \u0628\u06cc\u0646 \u0622\u0646\u0647\u0627\"><img decoding=\"async\" width=\"1024\" height=\"576\" data-src=\"https:\/\/unescochair-ghe.org\/wp-content\/uploads\/2020\/11\/Image-webinar-03-December-2020-def-in-Eng-with-you-tube-link-1024x576.jpg\" class=\"attachment-large size-large wp-post-image lazyload\" alt=\"\" data-srcset=\"https:\/\/unescochair-ghe.org\/wp-content\/uploads\/2020\/11\/Image-webinar-03-December-2020-def-in-Eng-with-you-tube-link-1024x576.jpg 1024w, https:\/\/unescochair-ghe.org\/wp-content\/uploads\/2020\/11\/Image-webinar-03-December-2020-def-in-Eng-with-you-tube-link-300x169.jpg 300w, https:\/\/unescochair-ghe.org\/wp-content\/uploads\/2020\/11\/Image-webinar-03-December-2020-def-in-Eng-with-you-tube-link-768x432.jpg 768w, https:\/\/unescochair-ghe.org\/wp-content\/uploads\/2020\/11\/Image-webinar-03-December-2020-def-in-Eng-with-you-tube-link-373x210.jpg 373w, https:\/\/unescochair-ghe.org\/wp-content\/uploads\/2020\/11\/Image-webinar-03-December-2020-def-in-Eng-with-you-tube-link.jpg 1280w\" data-sizes=\"(max-width: 1024px) 100vw, 1024px\" src=\"data:image\/svg+xml;base64,PHN2ZyB3aWR0aD0iMSIgaGVpZ2h0PSIxIiB4bWxucz0iaHR0cDovL3d3dy53My5vcmcvMjAwMC9zdmciPjwvc3ZnPg==\" style=\"--smush-placeholder-width: 1024px; --smush-placeholder-aspect-ratio: 1024\/576;\" \/><\/a><\/div><a class=\"wp-block-latest-posts__post-title\" href=\"https:\/\/unescochair-ghe.org\/fa\/health-and-education-in-persian-speaking-countries-achievements-challenges-and-the-link\/\">\u0633\u0644\u0627\u0645\u062a\u060c \u0633\u0648\u0627\u062f \u0648 \u0622\u0645\u0648\u0632\u0634 \u062f\u0631 \u06a9\u0634\u0648\u0631\u0647\u0627\u06cc \u0641\u0627\u0631\u0633\u06cc \u0632\u0628\u0627\u0646: \u062f\u0633\u062a\u0627\u0648\u0631\u062f\u0647\u0627\u060c \u0686\u0627\u0644\u0634 \u0647\u0627 \u0648 \u0634\u0648\u0627\u0647\u062f \u0645\u062d\u0644\u06cc \u0627\u0631\u062a\u0628\u0627\u0637 \u0628\u06cc\u0646 \u0622\u0646\u0647\u0627<\/a><div class=\"wp-block-latest-posts__post-excerpt\">Do we really acknowledge the health-education co-evolution in health promotion research, policy and practice? Global Health &amp; Education webinar series Persian version 3 December 2020 Openings Prof. Alireza Zali, Vice-chancellor of Shahid Beheshti University of Medical Sciences, Iran Dr. Mojtaba Zeinivand, Vice Minister of Education, Iran Prof. Didier Jourdan, UNESCO Chair Global Health &amp; Education, &hellip;<\/div><\/li>\n<li><div class=\"wp-block-latest-posts__featured-image\"><a href=\"https:\/\/unescochair-ghe.org\/fa\/neoliberal-globalization-and-migrant-childrens-right-to-health-in-latin-america\/\" aria-label=\"Neoliberal globalization and migrant children\u2019s right to health in Latin America\"><img decoding=\"async\" width=\"1024\" height=\"691\" data-src=\"https:\/\/unescochair-ghe.org\/wp-content\/uploads\/2020\/11\/Webinar-18-November-EN-incl-link-1024x691.png\" class=\"attachment-large size-large wp-post-image lazyload\" alt=\"\" data-srcset=\"https:\/\/unescochair-ghe.org\/wp-content\/uploads\/2020\/11\/Webinar-18-November-EN-incl-link-1024x691.png 1024w, https:\/\/unescochair-ghe.org\/wp-content\/uploads\/2020\/11\/Webinar-18-November-EN-incl-link-300x202.png 300w, https:\/\/unescochair-ghe.org\/wp-content\/uploads\/2020\/11\/Webinar-18-November-EN-incl-link-768x518.png 768w, https:\/\/unescochair-ghe.org\/wp-content\/uploads\/2020\/11\/Webinar-18-November-EN-incl-link-16x12.png 16w, https:\/\/unescochair-ghe.org\/wp-content\/uploads\/2020\/11\/Webinar-18-November-EN-incl-link-444x300.png 444w, https:\/\/unescochair-ghe.org\/wp-content\/uploads\/2020\/11\/Webinar-18-November-EN-incl-link.png 1089w\" data-sizes=\"(max-width: 1024px) 100vw, 1024px\" src=\"data:image\/svg+xml;base64,PHN2ZyB3aWR0aD0iMSIgaGVpZ2h0PSIxIiB4bWxucz0iaHR0cDovL3d3dy53My5vcmcvMjAwMC9zdmciPjwvc3ZnPg==\" style=\"--smush-placeholder-width: 1024px; --smush-placeholder-aspect-ratio: 1024\/691;\" \/><\/a><\/div><a class=\"wp-block-latest-posts__post-title\" href=\"https:\/\/unescochair-ghe.org\/fa\/neoliberal-globalization-and-migrant-childrens-right-to-health-in-latin-america\/\">Neoliberal globalization and migrant children\u2019s right to health in Latin America<\/a><div class=\"wp-block-latest-posts__post-excerpt\">Global health &amp; Education webinar series 18 November 2020 Versi\u00f3n en espa\u00f1ol Facilitator &nbsp;Dr. Hiram V. Arroyo, Puerto Rico. Professor, Director, Department of Social Sciences, Director, World Health Organization (WHO\/PAHO) Collaborating Centre for Training and Research in Health Promotion and Health Education, Faculty of Biosocial Sciences and Graduate School of Public Health, Medical Sciences Campus, &hellip;<\/div><\/li>\n<li><div class=\"wp-block-latest-posts__featured-image\"><a href=\"https:\/\/unescochair-ghe.org\/fa\/the-covid-19-pandemic-better-aligning-education-and-health\/\" aria-label=\"The COVID-19 pandemic: better aligning education and health\"><img decoding=\"async\" width=\"1024\" height=\"692\" data-src=\"https:\/\/unescochair-ghe.org\/wp-content\/uploads\/2020\/07\/Image-webinar-13-July-1-1024x692.png\" class=\"attachment-large size-large wp-post-image lazyload\" alt=\"\" data-srcset=\"https:\/\/unescochair-ghe.org\/wp-content\/uploads\/2020\/07\/Image-webinar-13-July-1-1024x692.png 1024w, https:\/\/unescochair-ghe.org\/wp-content\/uploads\/2020\/07\/Image-webinar-13-July-1-300x203.png 300w, https:\/\/unescochair-ghe.org\/wp-content\/uploads\/2020\/07\/Image-webinar-13-July-1-768x519.png 768w, https:\/\/unescochair-ghe.org\/wp-content\/uploads\/2020\/07\/Image-webinar-13-July-1-373x252.png 373w, https:\/\/unescochair-ghe.org\/wp-content\/uploads\/2020\/07\/Image-webinar-13-July-1.png 1091w\" data-sizes=\"(max-width: 1024px) 100vw, 1024px\" src=\"data:image\/svg+xml;base64,PHN2ZyB3aWR0aD0iMSIgaGVpZ2h0PSIxIiB4bWxucz0iaHR0cDovL3d3dy53My5vcmcvMjAwMC9zdmciPjwvc3ZnPg==\" style=\"--smush-placeholder-width: 1024px; --smush-placeholder-aspect-ratio: 1024\/692;\" \/><\/a><\/div><a class=\"wp-block-latest-posts__post-title\" href=\"https:\/\/unescochair-ghe.org\/fa\/the-covid-19-pandemic-better-aligning-education-and-health\/\">The COVID-19 pandemic: better aligning education and health<\/a><div class=\"wp-block-latest-posts__post-excerpt\">Global Health &amp; Education webinar series 13 July 2020 Nicola Gray, on behalf of UNESCO Chair Global Health &amp; Education and International Association for Adolescent Health (IAAH) Sean Slade, Senior Director of Global Outreach ASCD Antonia Wulff, COVID 19 Policy Co-ordinator Education International (EI) English, simultaneous translation in French (francais) and Spanish (espa\u00f1ol). The journal&nbsp;Health &hellip;<\/div><\/li>\n<li><div class=\"wp-block-latest-posts__featured-image\"><a href=\"https:\/\/unescochair-ghe.org\/fa\/health-promotion-responses-to-the-covid-19-pandemic\/\" aria-label=\"Health promotion responses to the COVID-19 pandemic\"><img decoding=\"async\" width=\"960\" height=\"720\" data-src=\"https:\/\/unescochair-ghe.org\/wp-content\/uploads\/2020\/06\/Webinar-Stephan-Van-den-Broucke.jpg\" class=\"attachment-large size-large wp-post-image lazyload\" alt=\"\" data-srcset=\"https:\/\/unescochair-ghe.org\/wp-content\/uploads\/2020\/06\/Webinar-Stephan-Van-den-Broucke.jpg 960w, https:\/\/unescochair-ghe.org\/wp-content\/uploads\/2020\/06\/Webinar-Stephan-Van-den-Broucke-300x225.jpg 300w, https:\/\/unescochair-ghe.org\/wp-content\/uploads\/2020\/06\/Webinar-Stephan-Van-den-Broucke-768x576.jpg 768w, https:\/\/unescochair-ghe.org\/wp-content\/uploads\/2020\/06\/Webinar-Stephan-Van-den-Broucke-373x280.jpg 373w\" data-sizes=\"(max-width: 960px) 100vw, 960px\" src=\"data:image\/svg+xml;base64,PHN2ZyB3aWR0aD0iMSIgaGVpZ2h0PSIxIiB4bWxucz0iaHR0cDovL3d3dy53My5vcmcvMjAwMC9zdmciPjwvc3ZnPg==\" style=\"--smush-placeholder-width: 960px; --smush-placeholder-aspect-ratio: 960\/720;\" \/><\/a><\/div><a class=\"wp-block-latest-posts__post-title\" href=\"https:\/\/unescochair-ghe.org\/fa\/health-promotion-responses-to-the-covid-19-pandemic\/\">Health promotion responses to the COVID-19 pandemic<\/a><div class=\"wp-block-latest-posts__post-excerpt\">Global Health &amp; Education webinar series 22 June 2020 Stephan Van den Broucke, Vice-Dean of the Catholic University of Leuven and Vice-President for Scientific Affairs of the International Union for Health Promotion and Education (IUHPE) English Summary:&nbsp;In response to the current pandemic, governments around the world have taken unprecedented actions. Health (or more precisely the &hellip;<\/div><\/li>\n<\/ul>\n\n\n<div style=\"height:20px\" aria-hidden=\"true\" class=\"wp-block-spacer\"><\/div>\n\n\n\n<p><\/p>","protected":false},"excerpt":{"rendered":"<p>&#8220;Sharing knowledge to support the global community of everyone with an interest in the education and health of children and young people.&#8221; This is the objective of the webinar series &hellip;<\/p>","protected":false},"author":1,"featured_media":0,"parent":0,"menu_order":0,"comment_status":"closed","ping_status":"closed","template":"templates\/template-page-with-intro.php","meta":{"footnotes":"","_links_to":"","_links_to_target":""},"class_list":["post-2500","page","type-page","status-publish","hentry"],"_links":{"self":[{"href":"https:\/\/unescochair-ghe.org\/fa\/wp-json\/wp\/v2\/pages\/2500","targetHints":{"allow":["GET"]}}],"collection":[{"href":"https:\/\/unescochair-ghe.org\/fa\/wp-json\/wp\/v2\/pages"}],"about":[{"href":"https:\/\/unescochair-ghe.org\/fa\/wp-json\/wp\/v2\/types\/page"}],"author":[{"embeddable":true,"href":"https:\/\/unescochair-ghe.org\/fa\/wp-json\/wp\/v2\/users\/1"}],"replies":[{"embeddable":true,"href":"https:\/\/unescochair-ghe.org\/fa\/wp-json\/wp\/v2\/comments?post=2500"}],"version-history":[{"count":20,"href":"https:\/\/unescochair-ghe.org\/fa\/wp-json\/wp\/v2\/pages\/2500\/revisions"}],"predecessor-version":[{"id":5939,"href":"https:\/\/unescochair-ghe.org\/fa\/wp-json\/wp\/v2\/pages\/2500\/revisions\/5939"}],"wp:attachment":[{"href":"https:\/\/unescochair-ghe.org\/fa\/wp-json\/wp\/v2\/media?parent=2500"}],"curies":[{"name":"wp","href":"https:\/\/api.w.org\/{rel}","templated":true}]}}