{"id":18,"date":"2017-12-24T13:39:54","date_gmt":"2017-12-24T13:39:54","guid":{"rendered":"https:\/\/unescochair-ghe.org\/?page_id=18"},"modified":"2025-11-20T13:26:59","modified_gmt":"2025-11-20T12:26:59","slug":"partners","status":"publish","type":"page","link":"https:\/\/unescochair-ghe.org\/fa\/the-chairs-community\/partners\/","title":{"rendered":"Partners"},"content":{"rendered":"<p>The work of the UNESCO Chair is embedded in relevant international networks. The Chair positions itself as a strategic partner in producing and sharing knowledge, training, development of intervention tools and support for developing intersectoral policies.<\/p>\n\n\n\n<p>The UNESCO Chair operates as a think-tank, a knowledge hub, a mediator between the academic world and institutions, trade unions, international networks, professional communities, regional or local authorities.<\/p>\n\n\n\n<p>The UNESCO Chair is structured around five types of partnerships:<\/p>\n\n\n\n<ul class=\"wp-block-list\">\n<li>A network of universities from the Global South and the Global North<\/li>\n\n\n\n<li>A close link with UNESCO and WHO<\/li>\n\n\n\n<li>Formalized collaboration with relevant global and regional networks involved in the field of health promotion and schools<\/li>\n\n\n\n<li>A link with national institutions<\/li>\n\n\n\n<li>Partnerships with private actors in the field of research and intervention, associations, foundations, companies<\/li>\n<\/ul>\n\n\n\n<h3 class=\"wp-block-heading tw-data-text tw-ta tw-text-medium\" id=\"tw-target-text\"><span lang=\"en\">Academic institutions<\/span><\/h3>\n\n\n\n<h4 class=\"wp-block-heading\">Europe<\/h4>\n\n\n\n<ul class=\"wp-block-list\">\n<li><a rel=\"noopener noreferrer\" href=\"http:\/\/www.uca.fr\/\" target=\"_blank\">Universit\u00e9 Clermont Auvergne (France)<\/a><\/li>\n\n\n\n<li><a rel=\"noopener noreferrer\" href=\"http:\/\/www.universite-lyon.fr\/\" target=\"_blank\">Universit\u00e9 de Lyon (France)<\/a><\/li>\n\n\n\n<li><a href=\"https:\/\/www.chu-tours.fr\/\">CHRU Hopitaux de Tours (France)<\/a><\/li>\n\n\n\n<li><a href=\"https:\/\/www.ehesp.fr\/en\/\">Ecole des Hautes Etudes Sant\u00e9 Publique, Rennes (France)<\/a><\/li>\n\n\n\n<li><a rel=\"noopener noreferrer\" href=\"http:\/\/www.espe-aquitaine.fr\/\" target=\"_blank\">\u00c9cole Sup\u00e9rieure du Professorat et de l\u2019\u00c9ducation, Universit\u00e9 de Bordeaux (France)<\/a><\/li>\n\n\n\n<li><a rel=\"noopener noreferrer\" href=\"http:\/\/espe.u-bourgogne.fr\/\" target=\"_blank\">\u00c9cole Sup\u00e9rieure du Professorat et de l\u2019\u00c9ducation, Universit\u00e9 de Bourgogne (France)<\/a><\/li>\n\n\n\n<li><a rel=\"noopener noreferrer\" href=\"http:\/\/espe.univ-reunion.fr\/\" target=\"_blank\">\u00c9cole Sup\u00e9rieure du Professorat et de l\u2019\u00c9ducation, Universit\u00e9 de la R\u00e9union (France)<\/a><\/li>\n\n\n\n<li><a rel=\"noopener noreferrer\" href=\"http:\/\/www.espe-lnf.fr\/\" target=\"_blank\">\u00c9cole Sup\u00e9rieure du Professorat et de l\u2019\u00c9ducation, Universit\u00e9 de Lille (France)<\/a><\/li>\n\n\n\n<li><a rel=\"noopener noreferrer\" href=\"http:\/\/www.espe-lr.fr\/\" target=\"_blank\">\u00c9cole Sup\u00e9rieure du Professorat et de l\u2019\u00c9ducation, Universit\u00e9 de Montpellier (France)<\/a><\/li>\n\n\n\n<li><a rel=\"noopener noreferrer\" href=\"http:\/\/www.univ-reims.fr\/minisite_108\/\" target=\"_blank\">\u00c9cole Sup\u00e9rieure du Professorat et de l\u2019\u00c9ducation, Universit\u00e9 de Reims Champagne-Ardenne (France)<\/a><\/li>\n\n\n\n<li><a rel=\"noopener noreferrer\" href=\"https:\/\/leps.univ-paris13.fr\/index.php\/en\/\" target=\"_blank\">Laboratoire \u00c9ducations et Pratiques de Sant\u00e9, Universit\u00e9 Paris 13 (France)<\/a><\/li>\n\n\n\n<li><a rel=\"noopener noreferrer\" href=\"https:\/\/experice.univ-paris13.fr\/\" target=\"_blank\">Laboratoire EXPERICE, Universit\u00e9s Paris 8 et Paris 13 (France)<\/a><\/li>\n\n\n\n<li><a rel=\"noopener noreferrer\" href=\"https:\/\/www.unilim.fr\/fred\/\" target=\"_blank\">Laboratoire Francophonie, \u00c9ducation, Diversit\u00e9, Universit\u00e9 de Limoges (France)<\/a><\/li>\n\n\n\n<li><a rel=\"noopener noreferrer\" href=\"http:\/\/recherche.parisdescartes.fr\/tec\" target=\"_blank\">Laboratoire Techniques et Enjeux du corps, Universit\u00e9&nbsp; Paris Descartes (France)<\/a><\/li>\n\n\n\n<li><a href=\"https:\/\/www.univ-smb.fr\/en\/universite\/\">Universit\u00e9 Savoie Mont Blanc (France)<\/a><\/li>\n\n\n\n<li><a rel=\"noreferrer noopener\" href=\"http:\/\/www.ac-clermont.fr\/\" target=\"_blank\">Rectorat de l\u2019acad\u00e9mie de Clermont-Ferrand (France)<\/a><\/li>\n\n\n\n<li><a rel=\"noreferrer noopener\" href=\"http:\/\/solidarites-sante.gouv.fr\/ministere\/organisation\/directions\/article\/dgs-direction-generale-de-la-sante\" target=\"_blank\">Direction g\u00e9n\u00e9rale de la sant\u00e9 (France)<\/a><\/li>\n<\/ul>\n\n\n\n<ul class=\"wp-block-list\">\n<li><a href=\"https:\/\/www.uni-bielefeld.de\/\">Bielefeld University (Germany)<\/a><\/li>\n\n\n\n<li><a href=\"https:\/\/www.leuphana.de\/en\/\">Leuphana University L\u00fcneburg (Germany)<\/a><\/li>\n\n\n\n<li><a href=\"https:\/\/www.uni-hamburg.de\/en.html\">Universit\u00e4t Hamburg (Germany)<\/a><\/li>\n<\/ul>\n\n\n\n<ul class=\"wp-block-list\">\n<li><a href=\"https:\/\/www.maastrichtuniversity.nl\/\">Maastricht University (Netherlands)<\/a><\/li>\n\n\n\n<li><a href=\"https:\/\/www.wur.nl\/en.htm\">Wageningen University &amp; Research (Netherlands)<\/a><\/li>\n<\/ul>\n\n\n\n<ul class=\"wp-block-list\">\n<li><a href=\"https:\/\/sigarra.up.pt\/up\/en\/web_base.gera_pagina?p_pagina=universidade\">Universidade do Porto (Portugal)<\/a><\/li>\n\n\n\n<li><a rel=\"noreferrer noopener\" href=\"https:\/\/www.uminho.pt\/EN\" target=\"_blank\">University of Minho (Portugal)<\/a><\/li>\n<\/ul>\n\n\n\n<ul class=\"wp-block-list\">\n<li><a rel=\"noreferrer noopener\" href=\"http:\/\/www.umfcluj.ro\/fr\/\" target=\"_blank\">University of Cluj-Napoca (Roumania)<\/a><\/li>\n<\/ul>\n\n\n\n<ul class=\"wp-block-list\">\n<li><a href=\"https:\/\/www.unibas.ch\/en.html\">University of Basel (Switzerland)<\/a><\/li>\n\n\n\n<li><a href=\"https:\/\/www.unine.ch\/etudier\/en\/home.html\">University of Neuch\u00e2tel (Switzerland)<\/a><\/li>\n<\/ul>\n\n\n\n<ul class=\"wp-block-list\">\n<li><a href=\"https:\/\/www.ed.ac.uk\/\">The University of Edinburgh (UK)<\/a><\/li>\n\n\n\n<li><a href=\"https:\/\/www.hud.ac.uk\/\">University of Huddersfield (UK)<\/a><\/li>\n<\/ul>\n\n\n\n<h4 class=\"wp-block-heading\">Africa<\/h4>\n\n\n\n<ul class=\"wp-block-list\">\n<li><a rel=\"noreferrer noopener\" href=\"http:\/\/www.univ-alger3.dz\/\" target=\"_blank\">Facult\u00e9 d\u2019\u00c9ducation Physique, Universit\u00e9 Alger 3 (Algeria)<\/a><\/li>\n\n\n\n<li><a href=\"https:\/\/www.univ-oran1.dz\/\">Universit\u00e9 d\u2019Oran 1 Ahmed Ben Bella (Algeria)<\/a><\/li>\n<\/ul>\n\n\n\n<ul class=\"wp-block-list\">\n<li><a rel=\"noreferrer noopener\" href=\"http:\/\/www.univ-koudougou.bf\/\" target=\"_blank\">Universit\u00e9 de Koudougou (Burkina Faso)<\/a><\/li>\n<\/ul>\n\n\n\n<ul class=\"wp-block-list\">\n<li><a rel=\"noreferrer noopener\" href=\"http:\/\/www.iford-cm.org\/\" target=\"_blank\">Institut de formation et de recherche d\u00e9mographiques, Universit\u00e9 de Yaound\u00e9 1 (Cameroon)<\/a><\/li>\n<\/ul>\n\n\n\n<ul class=\"wp-block-list\">\n<li><a href=\"http:\/\/univ-fhb.edu.ci\/\">Facult\u00e9 des Sciences de l\u2019\u00c9ducation, Universit\u00e9 Felix Houphou\u00ebt-Boigny d\u2019Abidjan (Ivory Coast)<\/a><\/li>\n<\/ul>\n\n\n\n<ul class=\"wp-block-list\">\n<li><a rel=\"noreferrer noopener\" href=\"http:\/\/www.ens-marrakech.ac.ma\/\" target=\"_blank\">\u00c9cole Normale Sup\u00e9rieure de Marrakech (Morocco)<\/a><\/li>\n<\/ul>\n\n\n\n<ul class=\"wp-block-list\">\n<li><a rel=\"noreferrer noopener\" href=\"http:\/\/uam.refer.ne\/\" target=\"_blank\">Universit\u00e9 Abdou Moumouni (Niger)<\/a><\/li>\n<\/ul>\n\n\n\n<ul class=\"wp-block-list\">\n<li><a href=\"http:\/\/www.itecom.sn\/\">Institut de Technologie de Dakar (Senegal)<\/a><\/li>\n\n\n\n<li><a rel=\"noreferrer noopener\" href=\"https:\/\/www.ucad.sn\/\" target=\"_blank\">Universit\u00e9 Cheikh Anta Diop de Dakar (Senegal)<\/a><\/li>\n<\/ul>\n\n\n\n<ul class=\"wp-block-list\">\n<li><a rel=\"noreferrer noopener\" href=\"http:\/\/www.cbbc.rnrt.tn\/\" target=\"_blank\">Centre de Biotechnologie de Borj C\u00e9dria (Tunisia)<\/a><\/li>\n\n\n\n<li><a rel=\"noreferrer noopener\" href=\"http:\/\/www.esstst.tn\/\" target=\"_blank\">\u00c9cole Sup\u00e9rieure des Sciences et Techniques de la Sant\u00e9 de Tunis (Tunisia)<\/a><\/li>\n\n\n\n<li><a href=\"http:\/\/www.universitecentrale.net\/fr\/\">Universit\u00e9 centrale (Tunisia)<\/a><\/li>\n<\/ul>\n\n\n\n<h4 class=\"wp-block-heading\">Asia<\/h4>\n\n\n\n<ul class=\"wp-block-list\">\n<li><a href=\"https:\/\/english.pku.edu.cn\/\">Peking University (China)<\/a><\/li>\n<\/ul>\n\n\n\n<ul class=\"wp-block-list\">\n<li><a rel=\"noreferrer noopener\" href=\"http:\/\/www.cuhk.edu.hk\/med\/hep\/e_index.html\" target=\"_blank\">Centre for Health Education and Health Promotion, Chinese University of Hong Kong (Hong Kong)<\/a> <\/li>\n<\/ul>\n\n\n\n<ul class=\"wp-block-list\">\n<li><a href=\"https:\/\/en.sbmu.ac.ir\/\">Shahid Beheshti University of Medical Sciences, Tehran (Iran)<\/a><\/li>\n<\/ul>\n\n\n\n<ul class=\"wp-block-list\">\n<li><a href=\"https:\/\/www.osakafu-u.ac.jp\/en\/\">Osaka Prefecture University (Japan)<\/a><\/li>\n<\/ul>\n\n\n\n<ul class=\"wp-block-list\">\n<li><a rel=\"noreferrer noopener\" href=\"https:\/\/ceedd-fondation-diane.usj.edu.lb\/\" target=\"_blank\">Chaire en \u00e9ducation \u00e0 l&#8217;\u00e9co-citoyennet\u00e9 et au d\u00e9veloppement durable de l&#8217;Universit\u00e9 Saint-Joseph de Beyrouth (Lebanon)<\/a><\/li>\n<\/ul>\n\n\n\n<ul class=\"wp-block-list\">\n<li><a href=\"https:\/\/www.fju.edu.tw\/indexEN.jsp\">Fu Jen Catholic University (Taipei)<\/a><\/li>\n<\/ul>\n\n\n\n<h4 class=\"wp-block-heading\">North America<\/h4>\n\n\n\n<ul class=\"wp-block-list\">\n<li><a href=\"https:\/\/uqam.ca\/en\/information\/about\/\">Universit\u00e9 du Qu\u00e9bec \u00e0 Montr\u00e9al (Canada)<\/a><\/li>\n\n\n\n<li><a href=\"https:\/\/www.sgs.utoronto.ca\/2021\/04\/20\/kalonde-malama\/\">University of Toronto, Canada research chair in &#8220;Global Health Equity &amp; Social Justice with marginalized populations&#8221; (Canada)<\/a><\/li>\n<\/ul>\n\n\n\n<h4 class=\"wp-block-heading\">South America<\/h4>\n\n\n\n<ul class=\"wp-block-list\">\n<li><a href=\"https:\/\/www5.usp.br\/#english\">University of S\u00e3o Paulo (Brazil)<\/a><\/li>\n<\/ul>\n\n\n\n<ul class=\"wp-block-list\">\n<li><a href=\"https:\/\/www.urh-isag.org\/\">Universit\u00e9 de la Renaissance d&#8217;Ha\u00efti (Ha\u00efti)<\/a><\/li>\n<\/ul>\n\n\n\n<ul class=\"wp-block-list\">\n<li><a href=\"https:\/\/www.cayetano.edu.pe\/cayetano\/en\">Universidad Peruana Cayetano Heredia (Peru)<\/a><\/li>\n<\/ul>\n\n\n\n<ul class=\"wp-block-list\">\n<li><a href=\"http:\/\/www.ucv.ve\/\">Universidad Central de Venezuela (Venezuela)<\/a><\/li>\n<\/ul>\n\n\n\n<h3 class=\"wp-block-heading\">Organisations<\/h3>\n\n\n\n<h4 class=\"wp-block-heading\">Founding organisations<\/h4>\n\n\n\n<div class=\"wp-block-columns is-layout-flex wp-container-core-columns-is-layout-9d6595d7 wp-block-columns-is-layout-flex\">\n<div class=\"wp-block-column is-vertically-aligned-center is-layout-flow wp-block-column-is-layout-flow\" style=\"flex-basis:33.33%\">\n<figure class=\"wp-block-image size-large is-resized\"><img decoding=\"async\" width=\"826\" height=\"1024\" data-src=\"https:\/\/unescochair-ghe.org\/wp-content\/uploads\/2019\/09\/logo-mgen_Groupe_VYV_-_RVB-826x1024.jpg\" alt=\"\" class=\"wp-image-585 lazyload\" style=\"--smush-placeholder-width: 826px; --smush-placeholder-aspect-ratio: 826\/1024;width:207px;height:256px\" data-srcset=\"https:\/\/unescochair-ghe.org\/wp-content\/uploads\/2019\/09\/logo-mgen_Groupe_VYV_-_RVB-826x1024.jpg 826w, https:\/\/unescochair-ghe.org\/wp-content\/uploads\/2019\/09\/logo-mgen_Groupe_VYV_-_RVB-242x300.jpg 242w, https:\/\/unescochair-ghe.org\/wp-content\/uploads\/2019\/09\/logo-mgen_Groupe_VYV_-_RVB-768x952.jpg 768w, https:\/\/unescochair-ghe.org\/wp-content\/uploads\/2019\/09\/logo-mgen_Groupe_VYV_-_RVB-323x400.jpg 323w, https:\/\/unescochair-ghe.org\/wp-content\/uploads\/2019\/09\/logo-mgen_Groupe_VYV_-_RVB.jpg 1097w\" data-sizes=\"(max-width: 826px) 100vw, 826px\" src=\"data:image\/svg+xml;base64,PHN2ZyB3aWR0aD0iMSIgaGVpZ2h0PSIxIiB4bWxucz0iaHR0cDovL3d3dy53My5vcmcvMjAwMC9zdmciPjwvc3ZnPg==\" \/><\/figure>\n<\/div>\n\n\n\n<div class=\"wp-block-column is-vertically-aligned-center is-layout-flow wp-block-column-is-layout-flow\" style=\"flex-basis:66.66%\">\n<p>The development of the UNESCO Chair Global Health &amp; Education community and the implementation of it\u2019s activities are made possible thanks to the support of two of it\u2019s founding organisations:&nbsp;<a rel=\"noreferrer noopener\" href=\"https:\/\/www.mgen.fr\/\" target=\"_blank\">MGEN&nbsp;<\/a>\u0648&nbsp;<a href=\"https:\/\/www.groupe-vyv.fr\/\">Groupe&nbsp;<\/a><a rel=\"noreferrer noopener\" href=\"https:\/\/www.groupe-vyv.fr\/\" target=\"_blank\">Vyv<\/a>. With nearly 4 million people insured,&nbsp;<a rel=\"noreferrer noopener\" href=\"https:\/\/www.mgen.fr\/\" target=\"_blank\">the MGEN group<\/a>&nbsp;is a major player in social protection and the leading public service mutual. As the leading mutual in health and social protection in France,&nbsp;<a rel=\"noreferrer noopener\" href=\"https:\/\/www.groupe-vyv.fr\/\" target=\"_blank\">the VYV group<\/a>&nbsp;has a real social commitment, capable of providing ever more supportive and innovative solutions to build a more equitable and socially responsible society.<\/p>\n<\/div>\n<\/div>\n\n\n\n<h4 class=\"wp-block-heading\">Foundations<\/h4>\n\n\n\n<div class=\"wp-block-columns is-layout-flex wp-container-core-columns-is-layout-9d6595d7 wp-block-columns-is-layout-flex\">\n<div class=\"wp-block-column is-vertically-aligned-center is-layout-flow wp-block-column-is-layout-flow\" style=\"flex-basis:33.33%\">\n<figure class=\"wp-block-image size-full is-resized\"><img decoding=\"async\" width=\"212\" height=\"187\" data-src=\"https:\/\/unescochair-ghe.org\/wp-content\/uploads\/2021\/06\/Logo-UCA-foundation.png\" alt=\"\" class=\"wp-image-3954 lazyload\" style=\"--smush-placeholder-width: 212px; --smush-placeholder-aspect-ratio: 212\/187;width:225px\" data-srcset=\"https:\/\/unescochair-ghe.org\/wp-content\/uploads\/2021\/06\/Logo-UCA-foundation.png 212w, https:\/\/unescochair-ghe.org\/wp-content\/uploads\/2021\/06\/Logo-UCA-foundation-14x12.png 14w\" data-sizes=\"(max-width: 212px) 100vw, 212px\" src=\"data:image\/svg+xml;base64,PHN2ZyB3aWR0aD0iMSIgaGVpZ2h0PSIxIiB4bWxucz0iaHR0cDovL3d3dy53My5vcmcvMjAwMC9zdmciPjwvc3ZnPg==\" \/><\/figure>\n<\/div>\n\n\n\n<div class=\"wp-block-column is-vertically-aligned-center is-layout-flow wp-block-column-is-layout-flow\" style=\"flex-basis:66.66%\">\n<p>The objective of the <a href=\"https:\/\/www.uca-fondation.fr\/la-fondation\/\" target=\"_blank\" rel=\"noreferrer noopener\">University of Clermont Auvergne Foundation<\/a> is to support actions in the following priority areas:<\/p>\n\n\n\n<ul class=\"wp-block-list\">\n<li>supporting and promoting excellence in research<\/li>\n\n\n\n<li>optimising student integration into the world of work<\/li>\n\n\n\n<li>developing innovation and creating businesses<\/li>\n\n\n\n<li>increasing the international recognition and appeal of the University of Clermont Auvergne<\/li>\n<\/ul>\n\n\n\n<p><\/p>\n<\/div>\n<\/div>\n\n\n\n<div class=\"wp-block-columns is-layout-flex wp-container-core-columns-is-layout-9d6595d7 wp-block-columns-is-layout-flex\">\n<div class=\"wp-block-column is-vertically-aligned-center is-layout-flow wp-block-column-is-layout-flow\" style=\"flex-basis:33.33%\">\n<figure class=\"wp-block-image size-medium is-resized\"><img decoding=\"async\" width=\"300\" height=\"300\" data-src=\"https:\/\/unescochair-ghe.org\/wp-content\/uploads\/2021\/06\/LOGO-FONDATION-MGEN-300x300.png\" alt=\"\" class=\"wp-image-3919 lazyload\" style=\"--smush-placeholder-width: 300px; --smush-placeholder-aspect-ratio: 300\/300;width:225px;height:225px\" data-srcset=\"https:\/\/unescochair-ghe.org\/wp-content\/uploads\/2021\/06\/LOGO-FONDATION-MGEN-300x300.png 300w, https:\/\/unescochair-ghe.org\/wp-content\/uploads\/2021\/06\/LOGO-FONDATION-MGEN-150x150.png 150w, https:\/\/unescochair-ghe.org\/wp-content\/uploads\/2021\/06\/LOGO-FONDATION-MGEN-12x12.png 12w, https:\/\/unescochair-ghe.org\/wp-content\/uploads\/2021\/06\/LOGO-FONDATION-MGEN-512x512.png 512w, https:\/\/unescochair-ghe.org\/wp-content\/uploads\/2021\/06\/LOGO-FONDATION-MGEN.png 722w\" data-sizes=\"(max-width: 300px) 100vw, 300px\" src=\"data:image\/svg+xml;base64,PHN2ZyB3aWR0aD0iMSIgaGVpZ2h0PSIxIiB4bWxucz0iaHR0cDovL3d3dy53My5vcmcvMjAwMC9zdmciPjwvc3ZnPg==\" \/><\/figure>\n<\/div>\n\n\n\n<div class=\"wp-block-column is-vertically-aligned-center is-layout-flow wp-block-column-is-layout-flow\" style=\"flex-basis:66.66%\">\n<p>The&nbsp;<a rel=\"noreferrer noopener\" href=\"https:\/\/www.fondationmgen.fr\/\" target=\"_blank\">MGEN Foundation for Public Health<\/a>&nbsp;was created in 2002 by the MGEN, a French mutual health insurer. The Foundation\u2019s multidisciplinary team conducts scientific research in four areas of public health: \u201cHealth economics\u201d, \u201cOccupational health\u201d, \u201cPrevention and health promotion \u201d and \u201cCognitive and functional ageing\u201d. The research studies, some of which are carried out in partnership with other research teams, are published in both national or international scientific journals.<\/p>\n<\/div>\n<\/div>\n\n\n\n<div class=\"wp-block-columns is-layout-flex wp-container-core-columns-is-layout-9d6595d7 wp-block-columns-is-layout-flex\">\n<div class=\"wp-block-column is-vertically-aligned-center is-layout-flow wp-block-column-is-layout-flow\" style=\"flex-basis:33.33%\">\n<figure class=\"wp-block-image size-full is-resized\"><img decoding=\"async\" data-src=\"https:\/\/unescochair-ghe.org\/wp-content\/uploads\/2019\/07\/SANOFI.png\" alt=\"\" class=\"wp-image-552 lazyload\" width=\"225\" height=\"37\" src=\"data:image\/svg+xml;base64,PHN2ZyB3aWR0aD0iMSIgaGVpZ2h0PSIxIiB4bWxucz0iaHR0cDovL3d3dy53My5vcmcvMjAwMC9zdmciPjwvc3ZnPg==\" style=\"--smush-placeholder-width: 225px; --smush-placeholder-aspect-ratio: 225\/37;\" \/><\/figure>\n\n\n\n<p><\/p>\n<\/div>\n\n\n\n<div class=\"wp-block-column is-vertically-aligned-center is-layout-flow wp-block-column-is-layout-flow\" style=\"flex-basis:66.66%\">\n<p>The mission of the <a href=\"https:\/\/www.fondation-sanofi-espoir.com\/en\" target=\"_blank\" rel=\"noreferrer noopener\">Sanofi Espoir Foundation<\/a> is to contribute to reducing health inequalities among populations that need it most by applying a socially responsible approach.&nbsp;<\/p>\n<\/div>\n<\/div>\n\n\n\n<div class=\"wp-block-columns is-layout-flex wp-container-core-columns-is-layout-9d6595d7 wp-block-columns-is-layout-flex\">\n<div class=\"wp-block-column is-vertically-aligned-center is-layout-flow wp-block-column-is-layout-flow\" style=\"flex-basis:33.33%\"><div class=\"wp-block-image\">\n<figure class=\"alignleft size-medium is-resized\"><img decoding=\"async\" width=\"300\" height=\"213\" data-src=\"https:\/\/unescochair-ghe.org\/wp-content\/uploads\/2021\/09\/trinity-care-logo-01-1-300x213.png\" alt=\"\" class=\"wp-image-4443 lazyload\" style=\"--smush-placeholder-width: 300px; --smush-placeholder-aspect-ratio: 300\/213;width:225px;height:160px\" data-srcset=\"https:\/\/unescochair-ghe.org\/wp-content\/uploads\/2021\/09\/trinity-care-logo-01-1-300x213.png 300w, https:\/\/unescochair-ghe.org\/wp-content\/uploads\/2021\/09\/trinity-care-logo-01-1-1024x728.png 1024w, https:\/\/unescochair-ghe.org\/wp-content\/uploads\/2021\/09\/trinity-care-logo-01-1-768x546.png 768w, https:\/\/unescochair-ghe.org\/wp-content\/uploads\/2021\/09\/trinity-care-logo-01-1-1536x1092.png 1536w, https:\/\/unescochair-ghe.org\/wp-content\/uploads\/2021\/09\/trinity-care-logo-01-1-2048x1456.png 2048w, https:\/\/unescochair-ghe.org\/wp-content\/uploads\/2021\/09\/trinity-care-logo-01-1-18x12.png 18w, https:\/\/unescochair-ghe.org\/wp-content\/uploads\/2021\/09\/trinity-care-logo-01-1-373x265.png 373w\" data-sizes=\"(max-width: 300px) 100vw, 300px\" src=\"data:image\/svg+xml;base64,PHN2ZyB3aWR0aD0iMSIgaGVpZ2h0PSIxIiB4bWxucz0iaHR0cDovL3d3dy53My5vcmcvMjAwMC9zdmciPjwvc3ZnPg==\" \/><\/figure>\n<\/div><\/div>\n\n\n\n<div class=\"wp-block-column is-vertically-aligned-center is-layout-flow wp-block-column-is-layout-flow\" style=\"flex-basis:66.66%\">\n<p>The main focus of <a href=\"http:\/\/trinitycarefoundation.org\/\" target=\"_blank\" rel=\"noreferrer noopener\">Trinity Care Foundation<\/a> is on enhancing the public programs effectiveness and strengthening the community programs by reaching out to the socially and economically underprivileged sections of the society both in rural ans urban India. <\/p>\n<\/div>\n<\/div>\n\n\n\n<div class=\"wp-block-columns is-layout-flex wp-container-core-columns-is-layout-9d6595d7 wp-block-columns-is-layout-flex\">\n<div class=\"wp-block-column is-vertically-aligned-center is-layout-flow wp-block-column-is-layout-flow\" style=\"flex-basis:33.33%\">\n<figure class=\"wp-block-image size-full\"><img decoding=\"async\" width=\"167\" height=\"167\" data-src=\"https:\/\/unescochair-ghe.org\/wp-content\/uploads\/2022\/04\/Vulnerable-Empowerment-Foundation-International-Liberia-Inc.-VEFIL.png\" alt=\"\" class=\"wp-image-5205 lazyload\" data-srcset=\"https:\/\/unescochair-ghe.org\/wp-content\/uploads\/2022\/04\/Vulnerable-Empowerment-Foundation-International-Liberia-Inc.-VEFIL.png 167w, https:\/\/unescochair-ghe.org\/wp-content\/uploads\/2022\/04\/Vulnerable-Empowerment-Foundation-International-Liberia-Inc.-VEFIL-150x150.png 150w, https:\/\/unescochair-ghe.org\/wp-content\/uploads\/2022\/04\/Vulnerable-Empowerment-Foundation-International-Liberia-Inc.-VEFIL-12x12.png 12w\" data-sizes=\"(max-width: 167px) 100vw, 167px\" src=\"data:image\/svg+xml;base64,PHN2ZyB3aWR0aD0iMSIgaGVpZ2h0PSIxIiB4bWxucz0iaHR0cDovL3d3dy53My5vcmcvMjAwMC9zdmciPjwvc3ZnPg==\" style=\"--smush-placeholder-width: 167px; --smush-placeholder-aspect-ratio: 167\/167;\" \/><\/figure>\n<\/div>\n\n\n\n<div class=\"wp-block-column is-vertically-aligned-center is-layout-flow wp-block-column-is-layout-flow\" style=\"flex-basis:66.66%\">\n<p>The <a href=\"https:\/\/vefil-liberia.org\/\" target=\"_blank\" rel=\"noreferrer noopener\">Vulnerable Empowerment Foundation International Liberia Inc. (VEFIL)<\/a> is committed to strengthening the public healthcare system so that every person, regardless of ability to pay, has access to affordable and good quality health care services.<\/p>\n<\/div>\n<\/div>\n\n\n\n<h4 class=\"wp-block-heading\">Companies<\/h4>\n\n\n\n<div class=\"wp-block-columns is-layout-flex wp-container-core-columns-is-layout-9d6595d7 wp-block-columns-is-layout-flex\">\n<div class=\"wp-block-column is-vertically-aligned-center is-layout-flow wp-block-column-is-layout-flow\" style=\"flex-basis:33.33%\">\n<figure class=\"wp-block-image size-medium is-resized\"><img decoding=\"async\" width=\"300\" height=\"187\" data-src=\"https:\/\/unescochair-ghe.org\/wp-content\/uploads\/2022\/11\/03-WELBIN-COLOR-FONDO-BLANCO-300x187.png\" alt=\"\" class=\"wp-image-5900 lazyload\" style=\"--smush-placeholder-width: 300px; --smush-placeholder-aspect-ratio: 300\/187;width:300px;height:187px\" data-srcset=\"https:\/\/unescochair-ghe.org\/wp-content\/uploads\/2022\/11\/03-WELBIN-COLOR-FONDO-BLANCO-300x187.png 300w, https:\/\/unescochair-ghe.org\/wp-content\/uploads\/2022\/11\/03-WELBIN-COLOR-FONDO-BLANCO-768x479.png 768w, https:\/\/unescochair-ghe.org\/wp-content\/uploads\/2022\/11\/03-WELBIN-COLOR-FONDO-BLANCO-18x12.png 18w, https:\/\/unescochair-ghe.org\/wp-content\/uploads\/2022\/11\/03-WELBIN-COLOR-FONDO-BLANCO-373x233.png 373w, https:\/\/unescochair-ghe.org\/wp-content\/uploads\/2022\/11\/03-WELBIN-COLOR-FONDO-BLANCO-640x400.png 640w, https:\/\/unescochair-ghe.org\/wp-content\/uploads\/2022\/11\/03-WELBIN-COLOR-FONDO-BLANCO.png 842w\" data-sizes=\"(max-width: 300px) 100vw, 300px\" src=\"data:image\/svg+xml;base64,PHN2ZyB3aWR0aD0iMSIgaGVpZ2h0PSIxIiB4bWxucz0iaHR0cDovL3d3dy53My5vcmcvMjAwMC9zdmciPjwvc3ZnPg==\" \/><\/figure>\n<\/div>\n\n\n\n<div class=\"wp-block-column is-vertically-aligned-center is-layout-flow wp-block-column-is-layout-flow\" style=\"flex-basis:66.66%\">\n<p><a rel=\"noreferrer noopener\" href=\"https:\/\/escalando.co\/\" target=\"_blank\"><\/a><strong><a href=\"http:\/\/www.welbin.org\" target=\"_blank\" rel=\"noreferrer noopener\">Welbin<\/a><\/strong> works with schools, non-governmental organizations and governments worried about improving the health and wellbeing conditions of schools given their influence on school attendance, performance, and quality of life. It does so by providing technology-powered tools, like the&nbsp;<a href=\"https:\/\/welbin.org\/\" target=\"_blank\" rel=\"noreferrer noopener\">Welbin&nbsp;<\/a>index, to make evidence-based decisions and conduct monitoring and evaluation.<\/p>\n<\/div>\n<\/div>\n\n\n\n\n\n<h4 class=\"wp-block-heading\">NGO&#8217;s<\/h4>\n\n\n\n<div class=\"wp-block-columns is-layout-flex wp-container-core-columns-is-layout-9d6595d7 wp-block-columns-is-layout-flex\">\n<div class=\"wp-block-column is-vertically-aligned-center is-layout-flow wp-block-column-is-layout-flow\" style=\"flex-basis:33.33%\"><div class=\"wp-block-image\">\n<figure class=\"alignleft size-full is-resized\"><img decoding=\"async\" width=\"241\" height=\"230\" data-src=\"https:\/\/unescochair-ghe.org\/wp-content\/uploads\/2023\/08\/BCIDE.png\" alt=\"\" class=\"wp-image-6806 lazyload\" style=\"--smush-placeholder-width: 241px; --smush-placeholder-aspect-ratio: 241\/230;width:225px;height:230px\" data-srcset=\"https:\/\/unescochair-ghe.org\/wp-content\/uploads\/2023\/08\/BCIDE.png 241w, https:\/\/unescochair-ghe.org\/wp-content\/uploads\/2023\/08\/BCIDE-13x12.png 13w\" data-sizes=\"(max-width: 241px) 100vw, 241px\" src=\"data:image\/svg+xml;base64,PHN2ZyB3aWR0aD0iMSIgaGVpZ2h0PSIxIiB4bWxucz0iaHR0cDovL3d3dy53My5vcmcvMjAwMC9zdmciPjwvc3ZnPg==\" \/><\/figure>\n<\/div><\/div>\n\n\n\n<div class=\"wp-block-column is-layout-flow wp-block-column-is-layout-flow\" style=\"flex-basis:66.66%\">\n<p><a rel=\"noreferrer noopener\" href=\"https:\/\/bcidecontact4.wixsite.com\/bcidecontact4\" target=\"_blank\">B<\/a><a rel=\"noreferrer noopener\" href=\"https:\/\/bcidecontact4.wixsite.com\/bcidecontact4\" target=\"_blank\">u<\/a><a rel=\"noreferrer noopener\" href=\"https:\/\/bcidecontact4.wixsite.com\/bcidecontact4\" target=\"_blank\">r<\/a><a rel=\"noreferrer noopener\" href=\"https:\/\/bcidecontact4.wixsite.com\/bcidecontact4\" target=\"_blank\">e<\/a><a rel=\"noreferrer noopener\" href=\"https:\/\/bcidecontact4.wixsite.com\/bcidecontact4\" target=\"_blank\">a<\/a><a rel=\"noreferrer noopener\" href=\"https:\/\/bcidecontact4.wixsite.com\/bcidecontact4\" target=\"_blank\">u<\/a><a rel=\"noreferrer noopener\" href=\"https:\/\/bcidecontact4.wixsite.com\/bcidecontact4\" target=\"_blank\"> p<\/a><a rel=\"noreferrer noopener\" href=\"https:\/\/bcidecontact4.wixsite.com\/bcidecontact4\" target=\"_blank\">o<\/a><a rel=\"noreferrer noopener\" href=\"https:\/\/bcidecontact4.wixsite.com\/bcidecontact4\" target=\"_blank\">u<\/a><a rel=\"noreferrer noopener\" href=\"https:\/\/bcidecontact4.wixsite.com\/bcidecontact4\" target=\"_blank\">r<\/a><a rel=\"noreferrer noopener\" href=\"https:\/\/bcidecontact4.wixsite.com\/bcidecontact4\" target=\"_blank\"> <\/a><a rel=\"noreferrer noopener\" href=\"https:\/\/bcidecontact4.wixsite.com\/bcidecontact4\" target=\"_blank\">l<\/a><a rel=\"noreferrer noopener\" href=\"https:\/\/bcidecontact4.wixsite.com\/bcidecontact4\" target=\"_blank\">a<\/a><a rel=\"noreferrer noopener\" href=\"https:\/\/bcidecontact4.wixsite.com\/bcidecontact4\" target=\"_blank\"> Croissance Integrale et al Dignite de l&#8217;Enfant<\/a>, abbreviated BCIDE, is a Non-Governmental Organisation in the Democratic Republic of Congo, whose mission is to protect and defend the rights of the child; to educate, instruct, supervise and popularise through its actions children in different areas of life and help them to grow in dignity and respect for human rights, and to increase their intellectual and technical capacity for self-promotion and \/ or self-support for a better future. Its scope of action extends to human rights, the fight against corruption, the promotion of the environment and international labour standards.<\/p>\n\n\n\n<p><em><a href=\"https:\/\/bcidecontact4.wixsite.com\/bcidecontact4\" target=\"_blank\" rel=\"noreferrer noopener\"><a rel=\"noreferrer noopener\" href=\"https:\/\/bcidecontact4.wixsite.com\/bcidecontact4\" target=\"_blank\">Bureau pour la Croissance Integrale et al Dignite de l&#8217;Enfant<\/a> <\/a>en sigle BCIDE<strong>,<\/strong>\u00a0 est une Organisation Non Gouvernementale de la R\u00e9publique D\u00e9mocratique du Congo, qui a pour mission, de prot\u00e9ger et d\u00e9fendre les droits de l\u2019enfant; d\u2019\u00e9duquer, d\u2019instruire, d\u2019encadrer et de vulgariser \u00e0 travers ses actions les enfants dans diff\u00e9rents domaines de la vie et les aider \u00e0 cro\u00eetre dans la dignit\u00e9 et dans le respect des droits humains, et en vue d\u2019augmenter leur capacit\u00e9 intellectuelle et technique pour leur autopromotion et\/ou leur auto prise en charge pour un avenir meilleur. Son champ d\u2019action s\u2019\u00e9tend sur les droits de l\u2019homme, la lutte contre la corruption, la promotion de l\u2019environnement et les normes internationales du travail.\u00a0<\/em><\/p>\n<\/div>\n<\/div>\n\n\n\n<div class=\"wp-block-columns is-layout-flex wp-container-core-columns-is-layout-9d6595d7 wp-block-columns-is-layout-flex\">\n<div class=\"wp-block-column is-vertically-aligned-center is-layout-flow wp-block-column-is-layout-flow\" style=\"flex-basis:33.33%\"><div class=\"wp-block-image\">\n<figure class=\"alignleft size-large is-resized\"><img decoding=\"async\" width=\"1024\" height=\"536\" data-src=\"https:\/\/unescochair-ghe.org\/wp-content\/uploads\/2022\/09\/CPRG-1024x536.jpg\" alt=\"\" class=\"wp-image-5740 lazyload\" style=\"--smush-placeholder-width: 1024px; --smush-placeholder-aspect-ratio: 1024\/536;width:225px;height:134px\" data-srcset=\"https:\/\/unescochair-ghe.org\/wp-content\/uploads\/2022\/09\/CPRG-1024x536.jpg 1024w, https:\/\/unescochair-ghe.org\/wp-content\/uploads\/2022\/09\/CPRG-300x157.jpg 300w, https:\/\/unescochair-ghe.org\/wp-content\/uploads\/2022\/09\/CPRG-768x402.jpg 768w, https:\/\/unescochair-ghe.org\/wp-content\/uploads\/2022\/09\/CPRG-18x9.jpg 18w, https:\/\/unescochair-ghe.org\/wp-content\/uploads\/2022\/09\/CPRG-373x195.jpg 373w, https:\/\/unescochair-ghe.org\/wp-content\/uploads\/2022\/09\/CPRG.jpg 1200w\" data-sizes=\"(max-width: 1024px) 100vw, 1024px\" src=\"data:image\/svg+xml;base64,PHN2ZyB3aWR0aD0iMSIgaGVpZ2h0PSIxIiB4bWxucz0iaHR0cDovL3d3dy53My5vcmcvMjAwMC9zdmciPjwvc3ZnPg==\" \/><\/figure>\n<\/div><\/div>\n\n\n\n<div class=\"wp-block-column is-layout-flow wp-block-column-is-layout-flow\" style=\"flex-basis:66.66%\">\n<p>The NGO <a href=\"https:\/\/www.cprggreece.org\/\" target=\"_blank\" rel=\"noreferrer noopener\">Cancer Prevention Research Group in Greece<\/a> aims at the scientific understanding, studying and informing the public of the factors, which play an important role in the increasing &amp; reducing of cancer. The main goal of the CPRGGreece is the study of cancer prevention, through a multi-disciplinary prism of multiple scientific fields and specializations.<\/p>\n<\/div>\n<\/div>\n\n\n\n<div class=\"wp-block-columns is-layout-flex wp-container-core-columns-is-layout-9d6595d7 wp-block-columns-is-layout-flex\">\n<div class=\"wp-block-column is-vertically-aligned-center is-layout-flow wp-block-column-is-layout-flow\" style=\"flex-basis:33.33%\">\n<figure class=\"wp-block-image size-medium is-resized\"><img decoding=\"async\" width=\"300\" height=\"98\" data-src=\"https:\/\/unescochair-ghe.org\/wp-content\/uploads\/2021\/06\/HP-Logo-Transparant-300x98.png\" alt=\"\" class=\"wp-image-3947 lazyload\" style=\"--smush-placeholder-width: 300px; --smush-placeholder-aspect-ratio: 300\/98;width:225px;height:74px\" data-srcset=\"https:\/\/unescochair-ghe.org\/wp-content\/uploads\/2021\/06\/HP-Logo-Transparant-300x98.png 300w, https:\/\/unescochair-ghe.org\/wp-content\/uploads\/2021\/06\/HP-Logo-Transparant-1024x334.png 1024w, https:\/\/unescochair-ghe.org\/wp-content\/uploads\/2021\/06\/HP-Logo-Transparant-768x251.png 768w, https:\/\/unescochair-ghe.org\/wp-content\/uploads\/2021\/06\/HP-Logo-Transparant-1536x501.png 1536w, https:\/\/unescochair-ghe.org\/wp-content\/uploads\/2021\/06\/HP-Logo-Transparant-2048x668.png 2048w, https:\/\/unescochair-ghe.org\/wp-content\/uploads\/2021\/06\/HP-Logo-Transparant-16x5.png 16w, https:\/\/unescochair-ghe.org\/wp-content\/uploads\/2021\/06\/HP-Logo-Transparant-373x122.png 373w\" data-sizes=\"(max-width: 300px) 100vw, 300px\" src=\"data:image\/svg+xml;base64,PHN2ZyB3aWR0aD0iMSIgaGVpZ2h0PSIxIiB4bWxucz0iaHR0cDovL3d3dy53My5vcmcvMjAwMC9zdmciPjwvc3ZnPg==\" \/><\/figure>\n<\/div>\n\n\n\n<div class=\"wp-block-column is-vertically-aligned-center is-layout-flow wp-block-column-is-layout-flow\" style=\"flex-basis:66.66%\">\n<p>The mission of <a href=\"https:\/\/healthpromoters.co.za\/\" target=\"_blank\" rel=\"noreferrer noopener\">Health Promotion South Africa Trust<\/a> (HPSA), a registered non-profit organization, is to educate and promote health and well-being at the individual and community level in South Africa.<\/p>\n<\/div>\n<\/div>\n\n\n\n<div class=\"wp-block-columns is-layout-flex wp-container-core-columns-is-layout-9d6595d7 wp-block-columns-is-layout-flex\">\n<div class=\"wp-block-column is-vertically-aligned-center is-layout-flow wp-block-column-is-layout-flow\" style=\"flex-basis:33.33%\">\n<figure class=\"wp-block-image size-medium is-resized\"><img decoding=\"async\" width=\"300\" height=\"175\" data-src=\"https:\/\/unescochair-ghe.org\/wp-content\/uploads\/2021\/06\/Tarang-logo-300x175.jpg\" alt=\"\" class=\"wp-image-3948 lazyload\" style=\"--smush-placeholder-width: 300px; --smush-placeholder-aspect-ratio: 300\/175;width:225px;height:131px\" data-srcset=\"https:\/\/unescochair-ghe.org\/wp-content\/uploads\/2021\/06\/Tarang-logo-300x175.jpg 300w, https:\/\/unescochair-ghe.org\/wp-content\/uploads\/2021\/06\/Tarang-logo-768x447.jpg 768w, https:\/\/unescochair-ghe.org\/wp-content\/uploads\/2021\/06\/Tarang-logo-16x9.jpg 16w, https:\/\/unescochair-ghe.org\/wp-content\/uploads\/2021\/06\/Tarang-logo-373x217.jpg 373w, https:\/\/unescochair-ghe.org\/wp-content\/uploads\/2021\/06\/Tarang-logo-512x300.jpg 512w, https:\/\/unescochair-ghe.org\/wp-content\/uploads\/2021\/06\/Tarang-logo.jpg 956w\" data-sizes=\"(max-width: 300px) 100vw, 300px\" src=\"data:image\/svg+xml;base64,PHN2ZyB3aWR0aD0iMSIgaGVpZ2h0PSIxIiB4bWxucz0iaHR0cDovL3d3dy53My5vcmcvMjAwMC9zdmciPjwvc3ZnPg==\" \/><\/figure>\n<\/div>\n\n\n\n<div class=\"wp-block-column is-vertically-aligned-center is-layout-flow wp-block-column-is-layout-flow\" style=\"flex-basis:66.66%\">\n<p>The goal&nbsp; of the NGO <a href=\"https:\/\/taranghealthalliance.org\/\" target=\"_blank\" rel=\"noreferrer noopener\">Tarang Health Alliance<\/a> is to influence Education Policy so that Health Education is mandatory in every school in India.<\/p>\n<\/div>\n<\/div>\n\n\n\n<h4 class=\"wp-block-heading\">UNESCO Chairs<\/h4>\n\n\n\n<ul class=\"wp-block-list\">\n<li>Chaire UNESCO en Culture des droits de l\u2019homme et \u00e9ducation au d\u00e9veloppement durable dans l\u2019enseignement pr\u00e9scolaire et primaire, Universit\u00e9 Chr\u00e9tienne &#8220;Dimitrie Cantemir&#8221;, Roumania<\/li>\n\n\n\n<li>Chaire UNESCO en Education, formation et recherche en d\u00e9veloppement durable, Institut Polytechnique de Bordeaux, France<\/li>\n\n\n\n<li>UNESCO Chair on Global Understanding for Sustainability, Institute of Geography,&nbsp;Friedrich Schiller University Jena, Germany<\/li>\n\n\n\n<li>UNESCO Chair in Healthy Life for Sustainable Development, Moscow State University of medicine and dentistry, Russia<\/li>\n\n\n\n<li>UNESCO Chair on Global Health &amp; Education,&nbsp;Osaka University, Japan<\/li>\n\n\n\n<li><a href=\"https:\/\/santesexuelle-droitshumains.org\/\">Chaire <\/a><a href=\"https:\/\/santesexuelle-droitshumains.org\/\">UNESCO<\/a><a href=\"https:\/\/santesexuelle-droitshumains.org\/\"> en Sant\u00e9 sexuelle &amp; droits humains, Universit\u00e9 de Paris, UFR M\u00e9decine Paris Nord, France<\/a><\/li>\n\n\n\n<li>UNESCO Chair on Training and empowering Human ressources for Health Development in Resource-limited Countries, Brescia University, Italy<\/li>\n<\/ul>\n\n\n\n<h4 class=\"wp-block-heading\">Networks<\/h4>\n\n\n\n<div class=\"wp-block-columns is-layout-flex wp-container-core-columns-is-layout-9d6595d7 wp-block-columns-is-layout-flex\">\n<div class=\"wp-block-column is-layout-flow wp-block-column-is-layout-flow\" style=\"flex-basis:33.33%\"><\/div>\n\n\n\n<div class=\"wp-block-column is-layout-flow wp-block-column-is-layout-flow\" style=\"flex-basis:66.66%\">\n<p><a href=\"https:\/\/www.ashaweb.org\/about\/\">American School Health Association (ASHA)<\/a><\/p>\n\n\n\n<p><a href=\"https:\/\/arab-adolescents.org\/\">Arab Coalition for Adolescent Health &amp; Medicine (ACAHM)<\/a><\/p>\n\n\n\n<div class=\"wp-block-columns is-layout-flex wp-container-core-columns-is-layout-9d6595d7 wp-block-columns-is-layout-flex\"><\/div>\n\n\n\n<p><a rel=\"noreferrer noopener\" href=\"https:\/\/www.adee.org\/\" target=\"_blank\">Association for Dental Education in Europe<\/a><\/p>\n\n\n\n<p><a href=\"http:\/\/www.ascd.org\/Default.aspx\">Association for Supervision and Curriculum Development (ASCD)<\/a><\/p>\n\n\n\n<p><a href=\"https:\/\/www.ntnu.edu\/chain\">CHAIN \u2013 Centre for Global Health Inequalities Research<\/a><\/p>\n\n\n\n<p><a href=\"http:\/\/www.esam-eg.org\/index.php\/\">Egyptian Society for Adolescent Medicine (ESAM)<\/a><\/p>\n<\/div>\n<\/div>\n\n\n\n<div class=\"wp-block-columns is-layout-flex wp-container-core-columns-is-layout-9d6595d7 wp-block-columns-is-layout-flex\">\n<div class=\"wp-block-column is-vertically-aligned-center is-layout-flow wp-block-column-is-layout-flow\" style=\"flex-basis:33.33%\">\n<figure class=\"wp-block-image size-large is-resized\"><img decoding=\"async\" width=\"1024\" height=\"330\" data-src=\"https:\/\/unescochair-ghe.org\/wp-content\/uploads\/2025\/11\/0_2-ASEC-1024x330.png\" alt=\"\" class=\"wp-image-9921 lazyload\" style=\"--smush-placeholder-width: 1024px; --smush-placeholder-aspect-ratio: 1024\/330;width:225px;height:158px\" data-srcset=\"https:\/\/unescochair-ghe.org\/wp-content\/uploads\/2025\/11\/0_2-ASEC-1024x330.png 1024w, https:\/\/unescochair-ghe.org\/wp-content\/uploads\/2025\/11\/0_2-ASEC-300x97.png 300w, https:\/\/unescochair-ghe.org\/wp-content\/uploads\/2025\/11\/0_2-ASEC-768x248.png 768w, https:\/\/unescochair-ghe.org\/wp-content\/uploads\/2025\/11\/0_2-ASEC-1536x495.png 1536w, https:\/\/unescochair-ghe.org\/wp-content\/uploads\/2025\/11\/0_2-ASEC-2048x660.png 2048w, https:\/\/unescochair-ghe.org\/wp-content\/uploads\/2025\/11\/0_2-ASEC-18x6.png 18w, https:\/\/unescochair-ghe.org\/wp-content\/uploads\/2025\/11\/0_2-ASEC-494x159.png 494w\" data-sizes=\"(max-width: 1024px) 100vw, 1024px\" src=\"data:image\/svg+xml;base64,PHN2ZyB3aWR0aD0iMSIgaGVpZ2h0PSIxIiB4bWxucz0iaHR0cDovL3d3dy53My5vcmcvMjAwMC9zdmciPjwvc3ZnPg==\" \/><\/figure>\n<\/div>\n\n\n\n<div class=\"wp-block-column is-vertically-aligned-center is-layout-flow wp-block-column-is-layout-flow\" style=\"flex-basis:66.66%\">\n<p><a href=\"https:\/\/asecbrasil.org.br\/\" target=\"_blank\" rel=\"noreferrer noopener\">ASEc+, Association for Emotional Health, in Brazil<\/a> promotes mental health and well-being through the development of life skills and healthy relationship environments, mainly in school and youth communities.<\/p>\n<\/div>\n<\/div>\n\n\n\n<div class=\"wp-block-columns is-layout-flex wp-container-core-columns-is-layout-9d6595d7 wp-block-columns-is-layout-flex\">\n<div class=\"wp-block-column is-vertically-aligned-center is-layout-flow wp-block-column-is-layout-flow\" style=\"flex-basis:33.33%\">\n<figure class=\"wp-block-image size-large is-resized\"><img decoding=\"async\" width=\"497\" height=\"316\" data-src=\"https:\/\/unescochair-ghe.org\/wp-content\/uploads\/2021\/11\/EUPHA-HP.png\" alt=\"\" class=\"wp-image-4609 lazyload\" style=\"--smush-placeholder-width: 497px; --smush-placeholder-aspect-ratio: 497\/316;width:225px;height:158px\" data-srcset=\"https:\/\/unescochair-ghe.org\/wp-content\/uploads\/2021\/11\/EUPHA-HP.png 497w, https:\/\/unescochair-ghe.org\/wp-content\/uploads\/2021\/11\/EUPHA-HP-300x191.png 300w, https:\/\/unescochair-ghe.org\/wp-content\/uploads\/2021\/11\/EUPHA-HP-18x12.png 18w, https:\/\/unescochair-ghe.org\/wp-content\/uploads\/2021\/11\/EUPHA-HP-373x237.png 373w\" data-sizes=\"(max-width: 497px) 100vw, 497px\" src=\"data:image\/svg+xml;base64,PHN2ZyB3aWR0aD0iMSIgaGVpZ2h0PSIxIiB4bWxucz0iaHR0cDovL3d3dy53My5vcmcvMjAwMC9zdmciPjwvc3ZnPg==\" \/><\/figure>\n<\/div>\n\n\n\n<div class=\"wp-block-column is-vertically-aligned-center is-layout-flow wp-block-column-is-layout-flow\" style=\"flex-basis:66.66%\">\n<p><a href=\"https:\/\/eupha.org\/health-promotion\">European Public Health Association (EUPHA), Health Promotion section<\/a><\/p>\n<\/div>\n<\/div>\n\n\n\n<div class=\"wp-block-columns is-layout-flex wp-container-core-columns-is-layout-9d6595d7 wp-block-columns-is-layout-flex\">\n<div class=\"wp-block-column is-layout-flow wp-block-column-is-layout-flow\" style=\"flex-basis:33.33%\"><\/div>\n\n\n\n<div class=\"wp-block-column is-layout-flow wp-block-column-is-layout-flow\" style=\"flex-basis:66.66%\">\n<p><a href=\"https:\/\/eupha.org\/child-and-adolescent-public-health\">European Public Health Association (EUPHA), Child and adolescent public health section<\/a><\/p>\n\n\n\n<p><a href=\"https:\/\/iahpeds.org\/\">International Alliance of Health Physical Education Dance and Sport (IAHPEDS)<\/a><\/p>\n<\/div>\n<\/div>\n\n\n\n<div class=\"wp-block-columns is-layout-flex wp-container-core-columns-is-layout-9d6595d7 wp-block-columns-is-layout-flex\">\n<div class=\"wp-block-column is-vertically-aligned-center is-layout-flow wp-block-column-is-layout-flow\" style=\"flex-basis:33.33%\">\n<figure class=\"wp-block-image size-large is-resized\"><img decoding=\"async\" width=\"300\" height=\"145\" data-src=\"https:\/\/unescochair-ghe.org\/wp-content\/uploads\/2021\/11\/IAAH-Logo-final.jpg\" alt=\"\" class=\"wp-image-4610 lazyload\" style=\"--smush-placeholder-width: 300px; --smush-placeholder-aspect-ratio: 300\/145;width:225px\" data-srcset=\"https:\/\/unescochair-ghe.org\/wp-content\/uploads\/2021\/11\/IAAH-Logo-final.jpg 300w, https:\/\/unescochair-ghe.org\/wp-content\/uploads\/2021\/11\/IAAH-Logo-final-18x9.jpg 18w\" data-sizes=\"(max-width: 300px) 100vw, 300px\" src=\"data:image\/svg+xml;base64,PHN2ZyB3aWR0aD0iMSIgaGVpZ2h0PSIxIiB4bWxucz0iaHR0cDovL3d3dy53My5vcmcvMjAwMC9zdmciPjwvc3ZnPg==\" \/><\/figure>\n<\/div>\n\n\n\n<div class=\"wp-block-column is-vertically-aligned-center is-layout-flow wp-block-column-is-layout-flow\" style=\"flex-basis:66.66%\">\n<p><a href=\"https:\/\/iaah.org\/\">International Association for Adolescent Health (IAAH)<\/a><\/p>\n<\/div>\n<\/div>\n\n\n\n<div class=\"wp-block-columns is-layout-flex wp-container-core-columns-is-layout-9d6595d7 wp-block-columns-is-layout-flex\">\n<div class=\"wp-block-column is-vertically-aligned-center is-layout-flow wp-block-column-is-layout-flow\" style=\"flex-basis:33.33%\">\n<figure class=\"wp-block-image size-large is-resized\"><img decoding=\"async\" width=\"1024\" height=\"694\" data-src=\"https:\/\/unescochair-ghe.org\/wp-content\/uploads\/2021\/11\/Logo-IUHPE-1024x694.jpg\" alt=\"\" class=\"wp-image-4611 lazyload\" style=\"--smush-placeholder-width: 1024px; --smush-placeholder-aspect-ratio: 1024\/694;width:225px\" data-srcset=\"https:\/\/unescochair-ghe.org\/wp-content\/uploads\/2021\/11\/Logo-IUHPE-1024x694.jpg 1024w, https:\/\/unescochair-ghe.org\/wp-content\/uploads\/2021\/11\/Logo-IUHPE-300x203.jpg 300w, https:\/\/unescochair-ghe.org\/wp-content\/uploads\/2021\/11\/Logo-IUHPE-768x520.jpg 768w, https:\/\/unescochair-ghe.org\/wp-content\/uploads\/2021\/11\/Logo-IUHPE-1536x1040.jpg 1536w, https:\/\/unescochair-ghe.org\/wp-content\/uploads\/2021\/11\/Logo-IUHPE-2048x1387.jpg 2048w, https:\/\/unescochair-ghe.org\/wp-content\/uploads\/2021\/11\/Logo-IUHPE-18x12.jpg 18w, https:\/\/unescochair-ghe.org\/wp-content\/uploads\/2021\/11\/Logo-IUHPE-373x253.jpg 373w\" data-sizes=\"(max-width: 1024px) 100vw, 1024px\" src=\"data:image\/svg+xml;base64,PHN2ZyB3aWR0aD0iMSIgaGVpZ2h0PSIxIiB4bWxucz0iaHR0cDovL3d3dy53My5vcmcvMjAwMC9zdmciPjwvc3ZnPg==\" \/><\/figure>\n<\/div>\n\n\n\n<div class=\"wp-block-column is-vertically-aligned-center is-layout-flow wp-block-column-is-layout-flow\" style=\"flex-basis:66.66%\">\n<p>The <a rel=\"noreferrer noopener\" href=\"http:\/\/www.iuhpe.org\/index.php\/en\/\" target=\"_blank\">International Union for Health Promotion and Education (IUHPE)<\/a> &nbsp;is a global professional non-governmental organisation dedicated to health promotion around the world.&nbsp;<\/p>\n<\/div>\n<\/div>\n\n\n\n<div class=\"wp-block-columns is-layout-flex wp-container-core-columns-is-layout-9d6595d7 wp-block-columns-is-layout-flex\">\n<div class=\"wp-block-column is-vertically-aligned-center is-layout-flow wp-block-column-is-layout-flow\" style=\"flex-basis:33.33%\">\n<figure class=\"wp-block-image size-large is-resized\"><img decoding=\"async\" width=\"1024\" height=\"721\" data-src=\"https:\/\/unescochair-ghe.org\/wp-content\/uploads\/2022\/05\/NASN-logo-web-use-1024x721.png\" alt=\"\" class=\"wp-image-5225 lazyload\" style=\"--smush-placeholder-width: 1024px; --smush-placeholder-aspect-ratio: 1024\/721;width:225px;height:180px\" data-srcset=\"https:\/\/unescochair-ghe.org\/wp-content\/uploads\/2022\/05\/NASN-logo-web-use-1024x721.png 1024w, https:\/\/unescochair-ghe.org\/wp-content\/uploads\/2022\/05\/NASN-logo-web-use-300x211.png 300w, https:\/\/unescochair-ghe.org\/wp-content\/uploads\/2022\/05\/NASN-logo-web-use-768x541.png 768w, https:\/\/unescochair-ghe.org\/wp-content\/uploads\/2022\/05\/NASN-logo-web-use-18x12.png 18w, https:\/\/unescochair-ghe.org\/wp-content\/uploads\/2022\/05\/NASN-logo-web-use-373x263.png 373w, https:\/\/unescochair-ghe.org\/wp-content\/uploads\/2022\/05\/NASN-logo-web-use.png 1120w\" data-sizes=\"(max-width: 1024px) 100vw, 1024px\" src=\"data:image\/svg+xml;base64,PHN2ZyB3aWR0aD0iMSIgaGVpZ2h0PSIxIiB4bWxucz0iaHR0cDovL3d3dy53My5vcmcvMjAwMC9zdmciPjwvc3ZnPg==\" \/><\/figure>\n<\/div>\n\n\n\n<div class=\"wp-block-column is-vertically-aligned-center is-layout-flow wp-block-column-is-layout-flow\" style=\"flex-basis:66.66%\">\n<p>The <a href=\"http:\/\/www.nasn.org\" target=\"_blank\" rel=\"noreferrer noopener\">National Association of School Nurses (NASN)<\/a> envisions all students healthy, safe, and ready to learn. NASN\u2019s mission is to optimize student health and learning by advancing the practice of school nursing.<\/p>\n<\/div>\n<\/div>\n\n\n\n<div class=\"wp-block-columns is-layout-flex wp-container-core-columns-is-layout-9d6595d7 wp-block-columns-is-layout-flex\">\n<div class=\"wp-block-column is-layout-flow wp-block-column-is-layout-flow\" style=\"flex-basis:33.33%\"><\/div>\n\n\n\n<div class=\"wp-block-column is-layout-flow wp-block-column-is-layout-flow\" style=\"flex-basis:66.66%\">\n<p><a href=\"https:\/\/www.ncdchild.org\/\">NCD Child<\/a><\/p>\n<\/div>\n<\/div>\n\n\n\n<div class=\"wp-block-columns is-layout-flex wp-container-core-columns-is-layout-9d6595d7 wp-block-columns-is-layout-flex\">\n<div class=\"wp-block-column is-vertically-aligned-center is-layout-flow wp-block-column-is-layout-flow\" style=\"flex-basis:33.33%\">\n<figure class=\"wp-block-image size-full is-resized\"><img decoding=\"async\" width=\"514\" height=\"371\" data-src=\"https:\/\/unescochair-ghe.org\/wp-content\/uploads\/2022\/05\/SHE-logo-screen-transparent.png\" alt=\"\" class=\"wp-image-5227 lazyload\" style=\"--smush-placeholder-width: 514px; --smush-placeholder-aspect-ratio: 514\/371;width:225px;height:186px\" data-srcset=\"https:\/\/unescochair-ghe.org\/wp-content\/uploads\/2022\/05\/SHE-logo-screen-transparent.png 514w, https:\/\/unescochair-ghe.org\/wp-content\/uploads\/2022\/05\/SHE-logo-screen-transparent-300x217.png 300w, https:\/\/unescochair-ghe.org\/wp-content\/uploads\/2022\/05\/SHE-logo-screen-transparent-18x12.png 18w, https:\/\/unescochair-ghe.org\/wp-content\/uploads\/2022\/05\/SHE-logo-screen-transparent-373x269.png 373w, https:\/\/unescochair-ghe.org\/wp-content\/uploads\/2022\/05\/SHE-logo-screen-transparent-512x371.png 512w\" data-sizes=\"(max-width: 514px) 100vw, 514px\" src=\"data:image\/svg+xml;base64,PHN2ZyB3aWR0aD0iMSIgaGVpZ2h0PSIxIiB4bWxucz0iaHR0cDovL3d3dy53My5vcmcvMjAwMC9zdmciPjwvc3ZnPg==\" \/><\/figure>\n<\/div>\n\n\n\n<div class=\"wp-block-column is-vertically-aligned-center is-layout-flow wp-block-column-is-layout-flow\" style=\"flex-basis:66.66%\">\n<p>The overall aim of the <a href=\"https:\/\/www.schoolsforhealth.org\/\">Schools for Health in Europe Network Foundation (SHE)<\/a> is to improve the health of children and young people in Europe, including reducing health inequalities, through a specific setting focus on schools. SHE supports its members to further develop and sustain school health promotion in each country by providing a European platform for school health promotion.<\/p>\n<\/div>\n<\/div>\n\n\n\n<div class=\"wp-block-columns is-layout-flex wp-container-core-columns-is-layout-9d6595d7 wp-block-columns-is-layout-flex\">\n<div class=\"wp-block-column is-layout-flow wp-block-column-is-layout-flow\" style=\"flex-basis:33.33%\"><\/div>\n\n\n\n<div class=\"wp-block-column is-layout-flow wp-block-column-is-layout-flow\" style=\"flex-basis:66.66%\">\n<p><a href=\"https:\/\/www.sophe.org\/\">Society for Public Health Education (SOPHE)<\/a><\/p>\n<\/div>\n<\/div>\n\n\n\n<div class=\"wp-block-columns is-layout-flex wp-container-core-columns-is-layout-9d6595d7 wp-block-columns-is-layout-flex\">\n<div class=\"wp-block-column is-vertically-aligned-center is-layout-flow wp-block-column-is-layout-flow\" style=\"flex-basis:33.33%\">\n<figure class=\"wp-block-image size-medium is-resized\"><img decoding=\"async\" width=\"300\" height=\"54\" data-src=\"https:\/\/unescochair-ghe.org\/wp-content\/uploads\/2021\/11\/SAS_Logo_Purple-300x54.png\" alt=\"\" class=\"wp-image-4608 lazyload\" style=\"--smush-placeholder-width: 300px; --smush-placeholder-aspect-ratio: 300\/54;width:225px;height:41px\" data-srcset=\"https:\/\/unescochair-ghe.org\/wp-content\/uploads\/2021\/11\/SAS_Logo_Purple-300x54.png 300w, https:\/\/unescochair-ghe.org\/wp-content\/uploads\/2021\/11\/SAS_Logo_Purple-1024x184.png 1024w, https:\/\/unescochair-ghe.org\/wp-content\/uploads\/2021\/11\/SAS_Logo_Purple-768x138.png 768w, https:\/\/unescochair-ghe.org\/wp-content\/uploads\/2021\/11\/SAS_Logo_Purple-1536x276.png 1536w, https:\/\/unescochair-ghe.org\/wp-content\/uploads\/2021\/11\/SAS_Logo_Purple-2048x369.png 2048w, https:\/\/unescochair-ghe.org\/wp-content\/uploads\/2021\/11\/SAS_Logo_Purple-18x3.png 18w, https:\/\/unescochair-ghe.org\/wp-content\/uploads\/2021\/11\/SAS_Logo_Purple-373x67.png 373w\" data-sizes=\"(max-width: 300px) 100vw, 300px\" src=\"data:image\/svg+xml;base64,PHN2ZyB3aWR0aD0iMSIgaGVpZ2h0PSIxIiB4bWxucz0iaHR0cDovL3d3dy53My5vcmcvMjAwMC9zdmciPjwvc3ZnPg==\" \/><\/figure>\n<\/div>\n\n\n\n<div class=\"wp-block-column is-vertically-aligned-center is-layout-flow wp-block-column-is-layout-flow\" style=\"flex-basis:66.66%\">\n<p><a rel=\"noreferrer noopener\" href=\"https:\/\/societyaustraliansexologists.org.au\/\" target=\"_blank\">Society of Australian sexologists<\/a><\/p>\n<\/div>\n<\/div>\n\n\n\n<div class=\"wp-block-columns is-layout-flex wp-container-core-columns-is-layout-9d6595d7 wp-block-columns-is-layout-flex\">\n<div class=\"wp-block-column is-layout-flow wp-block-column-is-layout-flow\" style=\"flex-basis:33.33%\"><\/div>\n\n\n\n<div class=\"wp-block-column is-layout-flow wp-block-column-is-layout-flow\" style=\"flex-basis:66.66%\">\n<p><a href=\"https:\/\/thesociety.org\/\">The Society of State Leaders of Health and Physical Education<\/a><\/p>\n\n\n\n<p><a rel=\"noreferrer noopener\" href=\"http:\/\/www.dentairesantepublique.fr\/\" target=\"_blank\">Coll\u00e8ge National des Chirurgiens-Dentistes Universitaires en Sant\u00e9 Publique<\/a><\/p>\n\n\n\n<p><a rel=\"noreferrer noopener\" href=\"http:\/\/www.cifeodd.org\/\" target=\"_blank\">Conf\u00e9rence Internationale Francophone des \u00c9tablissements d\u2019enseignement sup\u00e9rieur et Organismes sur le D\u00e9veloppement Durable<\/a><\/p>\n\n\n\n<p><a rel=\"noreferrer noopener\" href=\"http:\/\/www.fnes.fr\/\" target=\"_blank\">F\u00e9d\u00e9ration nationale d\u2019\u00e9ducation et de promotion de la sant\u00e9<\/a><\/p>\n\n\n\n<p><a rel=\"noreferrer noopener\" href=\"https:\/\/www.ligue-cancer.net\/\" target=\"_blank\">Ligue contre le cancer<\/a><\/p>\n\n\n\n<p><a rel=\"noreferrer noopener\" href=\"http:\/\/pratiquesensante.eu\/\" target=\"_blank\">Pratiques en sant\u00e9<\/a><\/p>\n\n\n\n<p><a rel=\"noreferrer noopener\" href=\"http:\/\/unires-edusante.fr\/\" target=\"_blank\">R\u00e9seau des universit\u00e9s pour l&#8217;\u00e9ducation \u00e0 la sant\u00e9<\/a><\/p>\n\n\n\n<p><a rel=\"noreferrer noopener\" href=\"http:\/\/rifeff.org\/\" target=\"_blank\">R\u00e9seau international francophone des \u00e9tablissements de formation de formateurs<\/a><\/p>\n\n\n\n<p><a rel=\"noreferrer noopener\" href=\"http:\/\/www.sfsp.fr\/\" target=\"_blank\">Soci\u00e9t\u00e9 Fran\u00e7aise de Sant\u00e9 Publique<\/a><\/p>\n<\/div>\n<\/div>\n\n\n\n<div class=\"wp-block-columns is-layout-flex wp-container-core-columns-is-layout-9d6595d7 wp-block-columns-is-layout-flex\">\n<div class=\"wp-block-column is-layout-flow wp-block-column-is-layout-flow\" style=\"flex-basis:33.33%\">\n<figure class=\"wp-block-image size-medium is-resized\"><img decoding=\"async\" width=\"300\" height=\"300\" data-src=\"https:\/\/unescochair-ghe.org\/wp-content\/uploads\/2022\/12\/tamam-1-1-300x300.png\" alt=\"\" class=\"wp-image-6002 lazyload\" style=\"--smush-placeholder-width: 300px; --smush-placeholder-aspect-ratio: 300\/300;width:225px;height:225px\" data-srcset=\"https:\/\/unescochair-ghe.org\/wp-content\/uploads\/2022\/12\/tamam-1-1-300x300.png 300w, https:\/\/unescochair-ghe.org\/wp-content\/uploads\/2022\/12\/tamam-1-1-1024x1024.png 1024w, https:\/\/unescochair-ghe.org\/wp-content\/uploads\/2022\/12\/tamam-1-1-150x150.png 150w, https:\/\/unescochair-ghe.org\/wp-content\/uploads\/2022\/12\/tamam-1-1-768x768.png 768w, https:\/\/unescochair-ghe.org\/wp-content\/uploads\/2022\/12\/tamam-1-1-1536x1536.png 1536w, https:\/\/unescochair-ghe.org\/wp-content\/uploads\/2022\/12\/tamam-1-1-2048x2048.png 2048w, https:\/\/unescochair-ghe.org\/wp-content\/uploads\/2022\/12\/tamam-1-1-12x12.png 12w, https:\/\/unescochair-ghe.org\/wp-content\/uploads\/2022\/12\/tamam-1-1-512x512.png 512w\" data-sizes=\"(max-width: 300px) 100vw, 300px\" src=\"data:image\/svg+xml;base64,PHN2ZyB3aWR0aD0iMSIgaGVpZ2h0PSIxIiB4bWxucz0iaHR0cDovL3d3dy53My5vcmcvMjAwMC9zdmciPjwvc3ZnPg==\" \/><\/figure>\n<\/div>\n\n\n\n<div class=\"wp-block-column is-vertically-aligned-center is-layout-flow wp-block-column-is-layout-flow\" style=\"flex-basis:66.66%\">\n<p>The vision of the <a rel=\"noreferrer noopener\" href=\"http:\/\/www.worldfederationofmassage.org\" target=\"_blank\">World Federation of Massage<\/a> is to unite the massage community, become a trusted authority on massage, achieve professional excellence in massage and set higher standards for the massage industry worldwide. So that through massage we can be a bridge to improve health and education for future generations and make the world a better place to live.<\/p>\n<\/div>\n<\/div>\n\n\n\n<h4 class=\"wp-block-heading\">Unions for professionals<\/h4>\n\n\n\n<ul class=\"wp-block-list\">\n<li>Association des Conseillers Techniques Infirmiers de l\u2019\u00c9ducation Nationale<\/li>\n\n\n\n<li><a href=\"http:\/\/www.ascomed.fr\/\" target=\"_blank\" rel=\"noopener noreferrer\">Association des M\u00e9decins Conseillers Techniques de l\u2019\u00c9ducation Nationale<\/a><\/li>\n\n\n\n<li><a href=\"http:\/\/www.snics.org\/\" target=\"_blank\" rel=\"noopener noreferrer\">Syndicat national des infirmier(e)s conseiller(e)s de sant\u00e9<\/a><\/li>\n\n\n\n<li><a href=\"http:\/\/www.snies-unsa-education.org\/\" target=\"_blank\" rel=\"noopener noreferrer\">Syndicat national des infirmiers et infirmi\u00e8re \u00e9ducateurs de sant\u00e9<\/a><\/li>\n\n\n\n<li><a href=\"https:\/\/urps-cd-ara.fr\/\" target=\"_blank\" rel=\"noopener noreferrer\">Union r\u00e9gionale des professionnels de sant\u00e9 \u2013 Chirurgiens dentistes Auvergne Rh\u00f4ne Alpes (URPS \u2013 CD ARA)<\/a><\/li>\n<\/ul>\n\n\n\n<h4 class=\"wp-block-heading\">Communities<\/h4>\n\n\n\n<ul class=\"wp-block-list\">\n<li>R\u00e9gion Auvergne-Rh\u00f4ne-Alpes (France)<\/li>\n\n\n\n<li>Ville de Thi\u00e8s (S\u00e9n\u00e9gal)<\/li>\n\n\n\n<li><a href=\"https:\/\/clermont-ferrand.fr\/\" target=\"_blank\" rel=\"noopener noreferrer\">Ville de Clermont-Ferrand (France)<\/a><\/li>\n<\/ul>\n\n\n\n<p><strong>Schools<\/strong><\/p>\n\n\n\n<div class=\"wp-block-columns is-layout-flex wp-container-core-columns-is-layout-9d6595d7 wp-block-columns-is-layout-flex\">\n<div class=\"wp-block-column is-layout-flow wp-block-column-is-layout-flow\" style=\"flex-basis:33.33%\">\n<figure class=\"wp-block-image size-large is-resized\"><img decoding=\"async\" width=\"1080\" height=\"608\" data-src=\"https:\/\/unescochair-ghe.org\/wp-content\/uploads\/2024\/07\/LEARN-edited.png\" alt=\"\" class=\"wp-image-8123 lazyload\" style=\"--smush-placeholder-width: 1080px; --smush-placeholder-aspect-ratio: 1080\/608;width:225px\" data-srcset=\"https:\/\/unescochair-ghe.org\/wp-content\/uploads\/2024\/07\/LEARN-edited.png 1080w, https:\/\/unescochair-ghe.org\/wp-content\/uploads\/2024\/07\/LEARN-edited-300x169.png 300w, https:\/\/unescochair-ghe.org\/wp-content\/uploads\/2024\/07\/LEARN-edited-1024x576.png 1024w, https:\/\/unescochair-ghe.org\/wp-content\/uploads\/2024\/07\/LEARN-edited-768x432.png 768w, https:\/\/unescochair-ghe.org\/wp-content\/uploads\/2024\/07\/LEARN-edited-18x10.png 18w, https:\/\/unescochair-ghe.org\/wp-content\/uploads\/2024\/07\/LEARN-edited-494x278.png 494w\" data-sizes=\"(max-width: 1080px) 100vw, 1080px\" src=\"data:image\/svg+xml;base64,PHN2ZyB3aWR0aD0iMSIgaGVpZ2h0PSIxIiB4bWxucz0iaHR0cDovL3d3dy53My5vcmcvMjAwMC9zdmciPjwvc3ZnPg==\" \/><\/figure>\n<\/div>\n\n\n\n<div class=\"wp-block-column is-layout-flow wp-block-column-is-layout-flow\" style=\"flex-basis:66.66%\">\n<p>L.E.A.R.N. Multilingual school. Our mission is to raise awareness in our community about aspects that we believe<br>the future of young people and the civilisation of tomorrow. Our vision is &#8220;Think Global, Act Local&#8221; and<br>to find ways of integrating psychophysical well-being into the school context.<\/p>\n<\/div>\n<\/div>\n\n\n\n<p><\/p>","protected":false},"excerpt":{"rendered":"<p>The work of the UNESCO Chair is embedded in relevant international networks. The Chair positions itself as a strategic partner in producing and sharing knowledge, training, development of intervention tools &hellip;<\/p>","protected":false},"author":1,"featured_media":0,"parent":1870,"menu_order":0,"comment_status":"closed","ping_status":"closed","template":"","meta":{"footnotes":"","_links_to":"","_links_to_target":""},"class_list":["post-18","page","type-page","status-publish","hentry"],"_links":{"self":[{"href":"https:\/\/unescochair-ghe.org\/fa\/wp-json\/wp\/v2\/pages\/18","targetHints":{"allow":["GET"]}}],"collection":[{"href":"https:\/\/unescochair-ghe.org\/fa\/wp-json\/wp\/v2\/pages"}],"about":[{"href":"https:\/\/unescochair-ghe.org\/fa\/wp-json\/wp\/v2\/types\/page"}],"author":[{"embeddable":true,"href":"https:\/\/unescochair-ghe.org\/fa\/wp-json\/wp\/v2\/users\/1"}],"replies":[{"embeddable":true,"href":"https:\/\/unescochair-ghe.org\/fa\/wp-json\/wp\/v2\/comments?post=18"}],"version-history":[{"count":75,"href":"https:\/\/unescochair-ghe.org\/fa\/wp-json\/wp\/v2\/pages\/18\/revisions"}],"predecessor-version":[{"id":9922,"href":"https:\/\/unescochair-ghe.org\/fa\/wp-json\/wp\/v2\/pages\/18\/revisions\/9922"}],"up":[{"embeddable":true,"href":"https:\/\/unescochair-ghe.org\/fa\/wp-json\/wp\/v2\/pages\/1870"}],"wp:attachment":[{"href":"https:\/\/unescochair-ghe.org\/fa\/wp-json\/wp\/v2\/media?parent=18"}],"curies":[{"name":"wp","href":"https:\/\/api.w.org\/{rel}","templated":true}]}}